{"version":"1.0","provider_name":"Escuela de fotograf\u00eda en Barcelona | DateCuenta","provider_url":"https:\/\/www.datecuenta.org\/escuelalibre","author_name":"Date Cuenta","author_url":"https:\/\/www.datecuenta.org\/escuelalibre\/author\/administrador\/","title":"La calle es tuya: fin de curso de fotograf\u00eda en la calle en el festival Despla\u00e7a't","type":"rich","width":600,"height":338,"html":"<blockquote class=\"wp-embedded-content\" data-secret=\"KmkC4LMDQZ\"><a href=\"https:\/\/www.datecuenta.org\/escuelalibre\/fin-curso-escuela-fotografia-datecuenta\/\">La calle es tuya: fin de curso de fotograf\u00eda en la calle en el festival Despla\u00e7a&#8217;t<\/a><\/blockquote><iframe sandbox=\"allow-scripts\" security=\"restricted\" src=\"https:\/\/www.datecuenta.org\/escuelalibre\/fin-curso-escuela-fotografia-datecuenta\/embed\/#?secret=KmkC4LMDQZ\" width=\"600\" height=\"338\" title=\"\u00abLa calle es tuya: fin de curso de fotograf\u00eda en la calle en el festival Despla\u00e7a&#8217;t\u00bb \u2014 Escuela de fotograf\u00eda en Barcelona | DateCuenta\" data-secret=\"KmkC4LMDQZ\" frameborder=\"0\" marginwidth=\"0\" marginheight=\"0\" scrolling=\"no\" class=\"wp-embedded-content\"><\/iframe><script type=\"text\/javascript\">\n\/* <![CDATA[ *\/\n\/*! This file is auto-generated *\/\n!function(d,l){\"use strict\";l.querySelector&&d.addEventListener&&\"undefined\"!=typeof URL&&(d.wp=d.wp||{},d.wp.receiveEmbedMessage||(d.wp.receiveEmbedMessage=function(e){var t=e.data;if((t||t.secret||t.message||t.value)&&!\/[^a-zA-Z0-9]\/.test(t.secret)){for(var s,r,n,a=l.querySelectorAll('iframe[data-secret=\"'+t.secret+'\"]'),o=l.querySelectorAll('blockquote[data-secret=\"'+t.secret+'\"]'),c=new RegExp(\"^https?:$\",\"i\"),i=0;i<o.length;i++)o[i].style.display=\"none\";for(i=0;i<a.length;i++)s=a[i],e.source===s.contentWindow&&(s.removeAttribute(\"style\"),\"height\"===t.message?(1e3<(r=parseInt(t.value,10))?r=1e3:~~r<200&&(r=200),s.height=r):\"link\"===t.message&&(r=new URL(s.getAttribute(\"src\")),n=new URL(t.value),c.test(n.protocol))&&n.host===r.host&&l.activeElement===s&&(d.top.location.href=t.value))}},d.addEventListener(\"message\",d.wp.receiveEmbedMessage,!1),l.addEventListener(\"DOMContentLoaded\",function(){for(var e,t,s=l.querySelectorAll(\"iframe.wp-embedded-content\"),r=0;r<s.length;r++)(t=(e=s[r]).getAttribute(\"data-secret\"))||(t=Math.random().toString(36).substring(2,12),e.src+=\"#?secret=\"+t,e.setAttribute(\"data-secret\",t)),e.contentWindow.postMessage({message:\"ready\",secret:t},\"*\")},!1)))}(window,document);\n\/\/# sourceURL=https:\/\/www.datecuenta.org\/escuelalibre\/wp-includes\/js\/wp-embed.min.js\n\/* ]]> *\/\n<\/script>\n","thumbnail_url":"https:\/\/www.datecuenta.org\/escuelalibre\/wp-content\/uploads\/2021\/05\/Marta-Reig.jpg","thumbnail_width":1334,"thumbnail_height":890,"description":"Ha sido un a\u00f1o dif\u00edcil, pero lo hemos sobrevivido y por eso lo celebramos, como siempre, con nuestro fin de curso. Y este a\u00f1o estamos especialmente felices de anunciaros que ser\u00e1, de nuevo, como m\u00e1s nos gusta, en la calle. El pr\u00f3ximo 5 y 6 de junio, en el marco del 17\u00ba Festival Despla\u00e7a&#8217;t d&#8217;Arts [&hellip;]"}