{"version":"1.0","provider_name":"Escuela de fotograf\u00eda en Barcelona | DateCuenta","provider_url":"https:\/\/www.datecuenta.org\/escuelalibre","author_name":"Date Cuenta","author_url":"https:\/\/www.datecuenta.org\/escuelalibre\/author\/administrador\/","title":"La fotograf\u00eda editorial y la empat\u00eda de Xavier Torres-Bacchetta","type":"rich","width":600,"height":338,"html":"<blockquote class=\"wp-embedded-content\" data-secret=\"cfDnDZKCCN\"><a href=\"https:\/\/www.datecuenta.org\/escuelalibre\/xavier-torres-bacchetta-fotografia-editorial\/\">La fotograf\u00eda editorial y la empat\u00eda de Xavier Torres-Bacchetta<\/a><\/blockquote><iframe sandbox=\"allow-scripts\" security=\"restricted\" src=\"https:\/\/www.datecuenta.org\/escuelalibre\/xavier-torres-bacchetta-fotografia-editorial\/embed\/#?secret=cfDnDZKCCN\" width=\"600\" height=\"338\" title=\"\u00abLa fotograf\u00eda editorial y la empat\u00eda de Xavier Torres-Bacchetta\u00bb \u2014 Escuela de fotograf\u00eda en Barcelona | DateCuenta\" data-secret=\"cfDnDZKCCN\" frameborder=\"0\" marginwidth=\"0\" marginheight=\"0\" scrolling=\"no\" class=\"wp-embedded-content\"><\/iframe><script type=\"text\/javascript\">\n\/* <![CDATA[ *\/\n\/*! This file is auto-generated *\/\n!function(d,l){\"use strict\";l.querySelector&&d.addEventListener&&\"undefined\"!=typeof URL&&(d.wp=d.wp||{},d.wp.receiveEmbedMessage||(d.wp.receiveEmbedMessage=function(e){var t=e.data;if((t||t.secret||t.message||t.value)&&!\/[^a-zA-Z0-9]\/.test(t.secret)){for(var s,r,n,a=l.querySelectorAll('iframe[data-secret=\"'+t.secret+'\"]'),o=l.querySelectorAll('blockquote[data-secret=\"'+t.secret+'\"]'),c=new RegExp(\"^https?:$\",\"i\"),i=0;i<o.length;i++)o[i].style.display=\"none\";for(i=0;i<a.length;i++)s=a[i],e.source===s.contentWindow&&(s.removeAttribute(\"style\"),\"height\"===t.message?(1e3<(r=parseInt(t.value,10))?r=1e3:~~r<200&&(r=200),s.height=r):\"link\"===t.message&&(r=new URL(s.getAttribute(\"src\")),n=new URL(t.value),c.test(n.protocol))&&n.host===r.host&&l.activeElement===s&&(d.top.location.href=t.value))}},d.addEventListener(\"message\",d.wp.receiveEmbedMessage,!1),l.addEventListener(\"DOMContentLoaded\",function(){for(var e,t,s=l.querySelectorAll(\"iframe.wp-embedded-content\"),r=0;r<s.length;r++)(t=(e=s[r]).getAttribute(\"data-secret\"))||(t=Math.random().toString(36).substring(2,12),e.src+=\"#?secret=\"+t,e.setAttribute(\"data-secret\",t)),e.contentWindow.postMessage({message:\"ready\",secret:t},\"*\")},!1)))}(window,document);\n\/\/# sourceURL=https:\/\/www.datecuenta.org\/escuelalibre\/wp-includes\/js\/wp-embed.min.js\n\/* ]]> *\/\n<\/script>\n","thumbnail_url":"https:\/\/www.datecuenta.org\/escuelalibre\/wp-content\/uploads\/2017\/12\/Sin-ti\u0301tulo-1.jpg","thumbnail_width":774,"thumbnail_height":431,"description":"Xavier Torres-Bacchetta (Barcelona, 1975) es un profesional freelance de la fotograf\u00eda editorial. Su trayectoria profesional se ha forjado en festivales donde tiene que resolver im\u00e1genes de celebrities que tendr\u00e1n un largo recorrido promocional. El problema: s\u00f3lo dispone de cinco minutos para poder resolverlas. \u00abLas relaciones humanas son las que hacen que la fotograf\u00eda valga la [&hellip;]"}