{"id":132,"date":"2016-05-22T14:01:44","date_gmt":"2016-05-22T14:01:44","guid":{"rendered":"http:\/\/www.datecuenta.org\/escuelalibre\/?page_id=132"},"modified":"2025-07-02T13:37:16","modified_gmt":"2025-07-02T13:37:16","slug":"equipo-docente","status":"publish","type":"page","link":"https:\/\/www.datecuenta.org\/escuelalibre\/equipo-docente\/","title":{"rendered":"DOCENTES"},"content":{"rendered":"<p>[et_pb_section fb_built=\u00bb1&#8243; disabled_on=\u00bboff|off|off\u00bb _builder_version=\u00bb4.16&#8243; _module_preset=\u00bbdefault\u00bb custom_margin=\u00bb40px||40px||true|false\u00bb custom_padding=\u00bb40px||40px||true|false\u00bb global_colors_info=\u00bb{}\u00bb][et_pb_row column_structure=\u00bb1_2,1_2&#8243; use_custom_gutter=\u00bbon\u00bb make_equal=\u00bbon\u00bb _builder_version=\u00bb4.16&#8243; _module_preset=\u00bbdefault\u00bb background_color=\u00bbRGBA(255,255,255,0)\u00bb width=\u00bb90%\u00bb max_width=\u00bb1725px\u00bb module_alignment=\u00bbcenter\u00bb custom_padding=\u00bb0px||0px||false|false\u00bb border_color_bottom=\u00bb#000000&#8243; global_colors_info=\u00bb{}\u00bb][et_pb_column type=\u00bb1_2&#8243; _builder_version=\u00bb4.16&#8243; _module_preset=\u00bbdefault\u00bb background_color=\u00bbRGBA(255,255,255,0)\u00bb custom_padding=\u00bb||||false|false\u00bb border_color_right=\u00bb#000000&#8243; global_colors_info=\u00bb{}\u00bb][et_pb_text disabled_on=\u00bboff|off|off\u00bb _builder_version=\u00bb4.25.1&#8243; _module_preset=\u00bbdefault\u00bb text_line_height=\u00bb1.6em\u00bb header_2_font=\u00bbInter|900|||||||\u00bb header_2_font_size=\u00bb53px\u00bb header_2_line_height=\u00bb1.1em\u00bb header_3_font_size=\u00bb32px\u00bb custom_margin=\u00bb0px||12px||false|false\u00bb header_2_font_size_tablet=\u00bb45px\u00bb header_2_font_size_phone=\u00bb33px\u00bb header_2_font_size_last_edited=\u00bbon|phone\u00bb header_2_line_height_tablet=\u00bb1.1em\u00bb header_2_line_height_phone=\u00bb1.1em\u00bb header_2_line_height_last_edited=\u00bbon|desktop\u00bb global_colors_info=\u00bb{}\u00bb]<\/p>\n<h1>LOS PROFESORES DE NUESTROS CURSOS DE FOTOGRAF\u00cdA Y COMUNICACI\u00d3N AUDIOVISUAL<span style=\"color: #988cbe;\"> SON PROFESIONALES EN EL D\u00cdA A D\u00cdA<\/span><\/h1>\n<p>[\/et_pb_text][\/et_pb_column][et_pb_column type=\u00bb1_2&#8243; _builder_version=\u00bb4.16&#8243; _module_preset=\u00bbdefault\u00bb custom_padding=\u00bb||||false|false\u00bb border_color_right=\u00bb#000000&#8243; global_colors_info=\u00bb{}\u00bb][et_pb_text _builder_version=\u00bb4.16&#8243; _module_preset=\u00bbdefault\u00bb text_font_size=\u00bb19px\u00bb text_line_height=\u00bb1.6em\u00bb header_2_font=\u00bbInter|900|||||||\u00bb header_2_font_size=\u00bb42px\u00bb header_3_font_size=\u00bb32px\u00bb custom_margin=\u00bb||0px||false|false\u00bb text_font_size_tablet=\u00bb19px\u00bb text_font_size_phone=\u00bb19px\u00bb text_font_size_last_edited=\u00bbon|phone\u00bb global_colors_info=\u00bb{}\u00bb]<\/p>\n<p>Los profesores de nuestra <strong>escuela de fotograf\u00eda<\/strong> y comunicaci\u00f3n son profesionales activos y en constante renovaci\u00f3n. La <a href=\"http:\/\/www.datecuenta.org\/escuelalibre\">escuela DateCuenta<\/a> se cre\u00f3 para poder acercar las profesiones al alumnado de forma cr\u00edtica, econ\u00f3mica y atendiendo a los retos actuales de la profesi\u00f3n.<\/p>\n<p>La escuela DateCuenta <strong>certifica todos sus cursos<\/strong> con un documento propio de capacitaci\u00f3n profesional..<\/p>\n<p>[\/et_pb_text][\/et_pb_column][\/et_pb_row][\/et_pb_section][et_pb_section fb_built=\u00bb1&#8243; disabled_on=\u00bboff|off|off\u00bb _builder_version=\u00bb4.16&#8243; _module_preset=\u00bbdefault\u00bb width=\u00bb99.8%\u00bb custom_margin=\u00bb-4px||-4px||true|false\u00bb custom_padding=\u00bb6px||6px||true|false\u00bb global_colors_info=\u00bb{}\u00bb][et_pb_row column_structure=\u00bb1_4,1_4,1_4,1_4&#8243; use_custom_gutter=\u00bbon\u00bb make_equal=\u00bbon\u00bb _builder_version=\u00bb4.25.1&#8243; _module_preset=\u00bbdefault\u00bb background_color=\u00bbRGBA(255,255,255,0)\u00bb width=\u00bb90%\u00bb max_width=\u00bb1725px\u00bb module_alignment=\u00bbcenter\u00bb custom_margin=\u00bb|10px|38px||false|false\u00bb custom_margin_tablet=\u00bb||38px||false|false\u00bb custom_margin_phone=\u00bb||22px||false|false\u00bb custom_margin_last_edited=\u00bbon|phone\u00bb custom_padding=\u00bb0px||0px||false|false\u00bb border_color_bottom=\u00bb#000000&#8243; global_colors_info=\u00bb{}\u00bb][et_pb_column type=\u00bb1_4&#8243; _builder_version=\u00bb4.25.1&#8243; _module_preset=\u00bbdefault\u00bb global_colors_info=\u00bb{}\u00bb][et_pb_text _builder_version=\u00bb4.25.1&#8243; _module_preset=\u00bbdefault\u00bb text_line_height=\u00bb1.5em\u00bb header_4_font_size=\u00bb27px\u00bb header_4_line_height=\u00bb1.2em\u00bb text_font_size_tablet=\u00bb\u00bb text_font_size_phone=\u00bb16px\u00bb text_font_size_last_edited=\u00bbon|phone\u00bb header_4_font_size_tablet=\u00bb27px\u00bb header_4_font_size_phone=\u00bb24px\u00bb header_4_font_size_last_edited=\u00bbon|desktop\u00bb global_colors_info=\u00bb{}\u00bb]<\/p>\n<h4>PEDRO VIDAL<\/h4>\n<p><strong><a href=\"https:\/\/www.pedrovidal.com.br\/\">Web<\/a> | <a rel=\"noopener noreferrer\" href=\"https:\/\/www.youtube.com\/channel\/UCtTUUwTXleP_GPsyaH5c3SA\" target=\"_blank\">Youtube<\/a><\/strong><\/p>\n<p><strong>Fot\u00f3grafo documental<br \/><\/strong><\/p>\n<p>[\/et_pb_text][et_pb_text _builder_version=\u00bb4.25.1&#8243; _module_preset=\u00bbdefault\u00bb global_colors_info=\u00bb{}\u00bb]<\/p>\n<blockquote class=\"instagram-media\" data-instgrm-permalink=\"https:\/\/www.instagram.com\/reel\/DA6Zus6KSUO\/?utm_source=ig_embed&amp;utm_campaign=loading\" data-instgrm-version=\"14\" style=\"background: #FFF; border: 0; border-radius: 3px; box-shadow: 0 0 1px 0 rgba(0,0,0,0.5),0 1px 10px 0 rgba(0,0,0,0.15); margin: 1px; max-width: 540px; min-width: 326px; padding: 0; width: calc(100% - 2px);\">\n<div style=\"padding: 16px;\">\n<p><a href=\"https:\/\/www.instagram.com\/reel\/DA6Zus6KSUO\/?utm_source=ig_embed&amp;utm_campaign=loading\" style=\"background: #FFFFFF; line-height: 0; padding: 0 0; text-align: center; text-decoration: none; width: 100%;\" target=\"_blank\" rel=\"noopener\"><\/a><\/p>\n<div style=\"display: flex; flex-direction: row; align-items: center;\">\n<div style=\"background-color: #f4f4f4; border-radius: 50%; flex-grow: 0; height: 40px; margin-right: 14px; width: 40px;\"><\/div>\n<div style=\"display: flex; flex-direction: column; flex-grow: 1; justify-content: center;\">\n<div style=\"background-color: #f4f4f4; border-radius: 4px; flex-grow: 0; height: 14px; margin-bottom: 6px; width: 100px;\"><\/div>\n<div style=\"background-color: #f4f4f4; border-radius: 4px; flex-grow: 0; height: 14px; width: 60px;\"><\/div>\n<\/div>\n<\/div>\n<div style=\"padding: 19% 0;\"><\/div>\n<div style=\"display: block; height: 50px; margin: 0 auto 12px; width: 50px;\"><svg width=\"50px\" height=\"50px\" viewbox=\"0 0 60 60\" version=\"1.1\" xmlns=\"https:\/\/www.w3.org\/2000\/svg\" xmlns:xlink=\"https:\/\/www.w3.org\/1999\/xlink\"><g stroke=\"none\" stroke-width=\"1\" fill=\"none\" fill-rule=\"evenodd\"><g transform=\"translate(-511.000000, -20.000000)\" fill=\"#000000\"><g><path d=\"M556.869,30.41 C554.814,30.41 553.148,32.076 553.148,34.131 C553.148,36.186 554.814,37.852 556.869,37.852 C558.924,37.852 560.59,36.186 560.59,34.131 C560.59,32.076 558.924,30.41 556.869,30.41 M541,60.657 C535.114,60.657 530.342,55.887 530.342,50 C530.342,44.114 535.114,39.342 541,39.342 C546.887,39.342 551.658,44.114 551.658,50 C551.658,55.887 546.887,60.657 541,60.657 M541,33.886 C532.1,33.886 524.886,41.1 524.886,50 C524.886,58.899 532.1,66.113 541,66.113 C549.9,66.113 557.115,58.899 557.115,50 C557.115,41.1 549.9,33.886 541,33.886 M565.378,62.101 C565.244,65.022 564.756,66.606 564.346,67.663 C563.803,69.06 563.154,70.057 562.106,71.106 C561.058,72.155 560.06,72.803 558.662,73.347 C557.607,73.757 556.021,74.244 553.102,74.378 C549.944,74.521 548.997,74.552 541,74.552 C533.003,74.552 532.056,74.521 528.898,74.378 C525.979,74.244 524.393,73.757 523.338,73.347 C521.94,72.803 520.942,72.155 519.894,71.106 C518.846,70.057 518.197,69.06 517.654,67.663 C517.244,66.606 516.755,65.022 516.623,62.101 C516.479,58.943 516.448,57.996 516.448,50 C516.448,42.003 516.479,41.056 516.623,37.899 C516.755,34.978 517.244,33.391 517.654,32.338 C518.197,30.938 518.846,29.942 519.894,28.894 C520.942,27.846 521.94,27.196 523.338,26.654 C524.393,26.244 525.979,25.756 528.898,25.623 C532.057,25.479 533.004,25.448 541,25.448 C548.997,25.448 549.943,25.479 553.102,25.623 C556.021,25.756 557.607,26.244 558.662,26.654 C560.06,27.196 561.058,27.846 562.106,28.894 C563.154,29.942 563.803,30.938 564.346,32.338 C564.756,33.391 565.244,34.978 565.378,37.899 C565.522,41.056 565.552,42.003 565.552,50 C565.552,57.996 565.522,58.943 565.378,62.101 M570.82,37.631 C570.674,34.438 570.167,32.258 569.425,30.349 C568.659,28.377 567.633,26.702 565.965,25.035 C564.297,23.368 562.623,22.342 560.652,21.575 C558.743,20.834 556.562,20.326 553.369,20.18 C550.169,20.033 549.148,20 541,20 C532.853,20 531.831,20.033 528.631,20.18 C525.438,20.326 523.257,20.834 521.349,21.575 C519.376,22.342 517.703,23.368 516.035,25.035 C514.368,26.702 513.342,28.377 512.574,30.349 C511.834,32.258 511.326,34.438 511.181,37.631 C511.035,40.831 511,41.851 511,50 C511,58.147 511.035,59.17 511.181,62.369 C511.326,65.562 511.834,67.743 512.574,69.651 C513.342,71.625 514.368,73.296 516.035,74.965 C517.703,76.634 519.376,77.658 521.349,78.425 C523.257,79.167 525.438,79.673 528.631,79.82 C531.831,79.965 532.853,80.001 541,80.001 C549.148,80.001 550.169,79.965 553.369,79.82 C556.562,79.673 558.743,79.167 560.652,78.425 C562.623,77.658 564.297,76.634 565.965,74.965 C567.633,73.296 568.659,71.625 569.425,69.651 C570.167,67.743 570.674,65.562 570.82,62.369 C570.966,59.17 571,58.147 571,50 C571,41.851 570.966,40.831 570.82,37.631\"><\/path><\/g><\/g><\/g><\/svg><\/div>\n<div style=\"padding-top: 8px;\">\n<div style=\"color: #3897f0; font-family: Arial,sans-serif; font-size: 14px; font-style: normal; font-weight: 550; line-height: 18px;\">View this post on Instagram<\/div>\n<\/div>\n<p><a href=\"https:\/\/www.instagram.com\/reel\/DA6Zus6KSUO\/?utm_source=ig_embed&amp;utm_campaign=loading\" style=\"background: #FFFFFF; line-height: 0; padding: 0 0; text-align: center; text-decoration: none; width: 100%;\" target=\"_blank\" rel=\"noopener\"><\/a><\/p>\n<p style=\"color: #c9c8cd; font-family: Arial,sans-serif; font-size: 14px; line-height: 17px; margin-bottom: 0; margin-top: 8px; overflow: hidden; padding: 8px 0 7px; text-align: center; text-overflow: ellipsis; white-space: nowrap;\"><a href=\"https:\/\/www.instagram.com\/reel\/DA6Zus6KSUO\/?utm_source=ig_embed&amp;utm_campaign=loading\" style=\"color: #c9c8cd; font-family: Arial,sans-serif; font-size: 14px; font-style: normal; font-weight: normal; line-height: 17px; text-decoration: none;\" target=\"_blank\" rel=\"noopener\">A post shared by DateCuenta Escuela Fotografi\u0301a (@date.cuenta)<\/a><\/p>\n<\/div>\n<p><script async=\"\" src=\"\/\/www.instagram.com\/embed.js\"><\/script>\n<\/p>\n<\/blockquote>\n<p>[\/et_pb_text][et_pb_text _builder_version=\u00bb4.25.1&#8243; _module_preset=\u00bbdefault\u00bb global_colors_info=\u00bb{}\u00bb]<\/p>\n<p>\u00abLa fotograf\u00eda lleg\u00f3 tarde en mi vida, pero siempre estuve conectado con el arte. Encontr\u00e9 en la fotograf\u00eda una forma de acercarme a aquellas cosas que me parecieron espl\u00e9ndidas, un pasaporte a lugares y situaciones en las que no hubiese estado si no fuera por la fotograf\u00eda\u00bb<\/p>\n<p>Pedro Vidal es graduado en Relaciones Internacionales, <strong>graduado en Fotograf\u00eda Digital Profesional en SENAC Brasil<\/strong>, el <strong>Posgrado en Fotograf\u00eda Avanzada<\/strong> en IDEP Barcelona.<\/p>\n<p>Ha cubierto diferentes espect\u00e1culos del Ballet Nacional de Cuba o el Ballet Nacional de Espa\u00f1a. Su trabajo ha sido publicado en medios como Elle, El Peri\u00f3dico, F-Stop o <strong>National Geographic Brasil<\/strong>.<\/p>\n<p><strong>Curso impartido:<\/strong><\/p>\n<ul>\n<li><a href=\"https:\/\/www.datecuenta.org\/escuelalibre\/curso-avanzado-fotografia\/\" target=\"_blank\" rel=\"noreferrer noopener\"><\/a><a rel=\"noreferrer noopener\" href=\"https:\/\/www.datecuenta.org\/escuelalibre\/curso-iniciacion-fotografia\/\" target=\"_blank\">Curso de iniciaci\u00f3n a la fotograf\u00eda<\/a><\/li>\n<\/ul>\n<p>[\/et_pb_text][\/et_pb_column][et_pb_column type=\u00bb1_4&#8243; _builder_version=\u00bb4.16&#8243; _module_preset=\u00bbdefault\u00bb background_color=\u00bbRGBA(255,255,255,0)\u00bb custom_padding=\u00bb||||false|false\u00bb border_color_right=\u00bb#000000&#8243; global_colors_info=\u00bb{}\u00bb][et_pb_text _builder_version=\u00bb4.25.1&#8243; _module_preset=\u00bbdefault\u00bb text_line_height=\u00bb1.5em\u00bb header_4_font_size=\u00bb27px\u00bb header_4_line_height=\u00bb1.2em\u00bb text_font_size_tablet=\u00bb\u00bb text_font_size_phone=\u00bb16px\u00bb text_font_size_last_edited=\u00bbon|phone\u00bb header_4_font_size_tablet=\u00bb27px\u00bb header_4_font_size_phone=\u00bb24px\u00bb header_4_font_size_last_edited=\u00bbon|desktop\u00bb global_colors_info=\u00bb{}\u00bb]<\/p>\n<h4>LUKAS ROMERO<\/h4>\n<p><strong><a href=\"https:\/\/mediocrestudio.com\/\" target=\"_blank\" rel=\"noopener\">Web<\/a> | <a href=\"https:\/\/www.instagram.com\/mediocrestudio\/\" target=\"_blank\" rel=\"noopener\">Instagram<\/a><\/strong><strong><\/strong><strong><\/strong><\/p>\n<p><strong>Fot\u00f3grafa profesional<br \/><\/strong><\/p>\n<p>[\/et_pb_text][et_pb_text _builder_version=\u00bb4.25.1&#8243; _module_preset=\u00bbdefault\u00bb global_colors_info=\u00bb{}\u00bb]<\/p>\n<blockquote class=\"instagram-media\" data-instgrm-permalink=\"https:\/\/www.instagram.com\/reel\/DAgreseKBbF\/?utm_source=ig_embed&amp;utm_campaign=loading\" data-instgrm-version=\"14\" style=\" background:#FFF; border:0; border-radius:3px; box-shadow:0 0 1px 0 rgba(0,0,0,0.5),0 1px 10px 0 rgba(0,0,0,0.15); margin: 1px; max-width:540px; min-width:326px; padding:0; width:99.375%; width:-webkit-calc(100% - 2px); width:calc(100% - 2px);\">\n<div style=\"padding:16px;\"> <a href=\"https:\/\/www.instagram.com\/reel\/DAgreseKBbF\/?utm_source=ig_embed&amp;utm_campaign=loading\" style=\" background:#FFFFFF; line-height:0; padding:0 0; text-align:center; text-decoration:none; width:100%;\" target=\"_blank\"> <\/p>\n<div style=\" display: flex; flex-direction: row; align-items: center;\">\n<div style=\"background-color: #F4F4F4; border-radius: 50%; flex-grow: 0; height: 40px; margin-right: 14px; width: 40px;\"><\/div>\n<div style=\"display: flex; flex-direction: column; flex-grow: 1; justify-content: center;\">\n<div style=\" background-color: #F4F4F4; border-radius: 4px; flex-grow: 0; height: 14px; margin-bottom: 6px; width: 100px;\"><\/div>\n<div style=\" background-color: #F4F4F4; border-radius: 4px; flex-grow: 0; height: 14px; width: 60px;\"><\/div>\n<\/div>\n<\/div>\n<div style=\"padding: 19% 0;\"><\/div>\n<div style=\"display:block; height:50px; margin:0 auto 12px; width:50px;\"><svg width=\"50px\" height=\"50px\" viewBox=\"0 0 60 60\" version=\"1.1\" xmlns=\"https:\/\/www.w3.org\/2000\/svg\" xmlns:xlink=\"https:\/\/www.w3.org\/1999\/xlink\"><g stroke=\"none\" stroke-width=\"1\" fill=\"none\" fill-rule=\"evenodd\"><g transform=\"translate(-511.000000, -20.000000)\" fill=\"#000000\"><g><path d=\"M556.869,30.41 C554.814,30.41 553.148,32.076 553.148,34.131 C553.148,36.186 554.814,37.852 556.869,37.852 C558.924,37.852 560.59,36.186 560.59,34.131 C560.59,32.076 558.924,30.41 556.869,30.41 M541,60.657 C535.114,60.657 530.342,55.887 530.342,50 C530.342,44.114 535.114,39.342 541,39.342 C546.887,39.342 551.658,44.114 551.658,50 C551.658,55.887 546.887,60.657 541,60.657 M541,33.886 C532.1,33.886 524.886,41.1 524.886,50 C524.886,58.899 532.1,66.113 541,66.113 C549.9,66.113 557.115,58.899 557.115,50 C557.115,41.1 549.9,33.886 541,33.886 M565.378,62.101 C565.244,65.022 564.756,66.606 564.346,67.663 C563.803,69.06 563.154,70.057 562.106,71.106 C561.058,72.155 560.06,72.803 558.662,73.347 C557.607,73.757 556.021,74.244 553.102,74.378 C549.944,74.521 548.997,74.552 541,74.552 C533.003,74.552 532.056,74.521 528.898,74.378 C525.979,74.244 524.393,73.757 523.338,73.347 C521.94,72.803 520.942,72.155 519.894,71.106 C518.846,70.057 518.197,69.06 517.654,67.663 C517.244,66.606 516.755,65.022 516.623,62.101 C516.479,58.943 516.448,57.996 516.448,50 C516.448,42.003 516.479,41.056 516.623,37.899 C516.755,34.978 517.244,33.391 517.654,32.338 C518.197,30.938 518.846,29.942 519.894,28.894 C520.942,27.846 521.94,27.196 523.338,26.654 C524.393,26.244 525.979,25.756 528.898,25.623 C532.057,25.479 533.004,25.448 541,25.448 C548.997,25.448 549.943,25.479 553.102,25.623 C556.021,25.756 557.607,26.244 558.662,26.654 C560.06,27.196 561.058,27.846 562.106,28.894 C563.154,29.942 563.803,30.938 564.346,32.338 C564.756,33.391 565.244,34.978 565.378,37.899 C565.522,41.056 565.552,42.003 565.552,50 C565.552,57.996 565.522,58.943 565.378,62.101 M570.82,37.631 C570.674,34.438 570.167,32.258 569.425,30.349 C568.659,28.377 567.633,26.702 565.965,25.035 C564.297,23.368 562.623,22.342 560.652,21.575 C558.743,20.834 556.562,20.326 553.369,20.18 C550.169,20.033 549.148,20 541,20 C532.853,20 531.831,20.033 528.631,20.18 C525.438,20.326 523.257,20.834 521.349,21.575 C519.376,22.342 517.703,23.368 516.035,25.035 C514.368,26.702 513.342,28.377 512.574,30.349 C511.834,32.258 511.326,34.438 511.181,37.631 C511.035,40.831 511,41.851 511,50 C511,58.147 511.035,59.17 511.181,62.369 C511.326,65.562 511.834,67.743 512.574,69.651 C513.342,71.625 514.368,73.296 516.035,74.965 C517.703,76.634 519.376,77.658 521.349,78.425 C523.257,79.167 525.438,79.673 528.631,79.82 C531.831,79.965 532.853,80.001 541,80.001 C549.148,80.001 550.169,79.965 553.369,79.82 C556.562,79.673 558.743,79.167 560.652,78.425 C562.623,77.658 564.297,76.634 565.965,74.965 C567.633,73.296 568.659,71.625 569.425,69.651 C570.167,67.743 570.674,65.562 570.82,62.369 C570.966,59.17 571,58.147 571,50 C571,41.851 570.966,40.831 570.82,37.631\"><\/path><\/g><\/g><\/g><\/svg><\/div>\n<div style=\"padding-top: 8px;\">\n<div style=\" color:#3897f0; font-family:Arial,sans-serif; font-size:14px; font-style:normal; font-weight:550; line-height:18px;\">View this post on Instagram<\/div>\n<\/div>\n<div style=\"padding: 12.5% 0;\"><\/div>\n<div style=\"display: flex; flex-direction: row; margin-bottom: 14px; align-items: center;\">\n<div>\n<div style=\"background-color: #F4F4F4; border-radius: 50%; height: 12.5px; width: 12.5px; transform: translateX(0px) translateY(7px);\"><\/div>\n<div style=\"background-color: #F4F4F4; height: 12.5px; transform: rotate(-45deg) translateX(3px) translateY(1px); width: 12.5px; flex-grow: 0; margin-right: 14px; margin-left: 2px;\"><\/div>\n<div style=\"background-color: #F4F4F4; border-radius: 50%; height: 12.5px; width: 12.5px; transform: translateX(9px) translateY(-18px);\"><\/div>\n<\/div>\n<div style=\"margin-left: 8px;\">\n<div style=\" background-color: #F4F4F4; border-radius: 50%; flex-grow: 0; height: 20px; width: 20px;\"><\/div>\n<div style=\" width: 0; height: 0; border-top: 2px solid transparent; border-left: 6px solid #f4f4f4; border-bottom: 2px solid transparent; transform: translateX(16px) translateY(-4px) rotate(30deg)\"><\/div>\n<\/div>\n<div style=\"margin-left: auto;\">\n<div style=\" width: 0px; border-top: 8px solid #F4F4F4; border-right: 8px solid transparent; transform: translateY(16px);\"><\/div>\n<div style=\" background-color: #F4F4F4; flex-grow: 0; height: 12px; width: 16px; transform: translateY(-4px);\"><\/div>\n<div style=\" width: 0; height: 0; border-top: 8px solid #F4F4F4; border-left: 8px solid transparent; transform: translateY(-4px) translateX(8px);\"><\/div>\n<\/div>\n<\/div>\n<div style=\"display: flex; flex-direction: column; flex-grow: 1; justify-content: center; margin-bottom: 24px;\">\n<div style=\" background-color: #F4F4F4; border-radius: 4px; flex-grow: 0; height: 14px; margin-bottom: 6px; width: 224px;\"><\/div>\n<div style=\" background-color: #F4F4F4; border-radius: 4px; flex-grow: 0; height: 14px; width: 144px;\"><\/div>\n<\/div>\n<p><\/a><\/p>\n<p style=\" color:#c9c8cd; font-family:Arial,sans-serif; font-size:14px; line-height:17px; margin-bottom:0; margin-top:8px; overflow:hidden; padding:8px 0 7px; text-align:center; text-overflow:ellipsis; white-space:nowrap;\"><a href=\"https:\/\/www.instagram.com\/reel\/DAgreseKBbF\/?utm_source=ig_embed&amp;utm_campaign=loading\" style=\" color:#c9c8cd; font-family:Arial,sans-serif; font-size:14px; font-style:normal; font-weight:normal; line-height:17px; text-decoration:none;\" target=\"_blank\">A post shared by DateCuenta Escuela Fotografi\u0301a (@date.cuenta)<\/a><\/p>\n<\/div>\n<\/blockquote>\n<p><script async src=\"\/\/www.instagram.com\/embed.js\"><\/script>[\/et_pb_text][et_pb_text _builder_version=\u00bb4.17.4&#8243; _module_preset=\u00bbdefault\u00bb global_colors_info=\u00bb{}\u00bb]<\/p>\n<p>Graduada como <strong>T<\/strong><strong>\u00e9cnica Superior en Imagen y Direcci\u00f3n de Fotograf\u00eda <\/strong>y exalumna de la escuela DateCuenta<strong>,<\/strong> usa la fotograf\u00eda a todo color como denuncia para acercarse de una manera diferente a lo que la rodea.<\/p>\n<p>Inici\u00f3 su experiencia profesional en televisi\u00f3n y en productoras internacionales. En 2020 funda el estudio de fotograf\u00eda <strong>MediocreStudio<\/strong>, donde a\u00fana sus conocimientos fotogr\u00e1ficos, gr\u00e1ficos y una cuidada direcci\u00f3n de arte para crear soluciones visuales de alto impacto y as\u00ed cambiar el valor mundano que tiene hoy en d\u00eda la fotograf\u00eda.<\/p>\n<p>Es docente en <strong>Barcelona Activa<\/strong> o CEMFO L\u2019Hospitalet, entre otros.<\/p>\n<p><strong>Cursos impartidos:<\/strong><\/p>\n<ul>\n<li><a href=\"https:\/\/www.datecuenta.org\/escuelalibre\/curso-iniciacion-fotografia\/\" target=\"_blank\" rel=\"noopener\">Curso de iniciaci\u00f3n a la fotograf\u00eda<\/a><\/li>\n<li><a href=\"https:\/\/www.datecuenta.org\/escuelalibre\/curso-de-iluminacion-en-estudio\/\">Curso de iluminaci\u00f3n en estudio y en exterior<\/a><\/li>\n<li><a href=\"https:\/\/www.datecuenta.org\/escuelalibre\/curso-avanzado-fotografia\/\" target=\"_blank\" rel=\"noopener\">Curso de profesionalizaci\u00f3n en fotograf\u00eda<\/a><\/li>\n<\/ul>\n<p>[\/et_pb_text][\/et_pb_column][et_pb_column type=\u00bb1_4&#8243; _builder_version=\u00bb4.16&#8243; _module_preset=\u00bbdefault\u00bb custom_padding=\u00bb||||false|false\u00bb border_color_right=\u00bb#000000&#8243; global_colors_info=\u00bb{}\u00bb][et_pb_text _builder_version=\u00bb4.25.1&#8243; _module_preset=\u00bbdefault\u00bb text_line_height=\u00bb1.5em\u00bb header_4_font_size=\u00bb27px\u00bb header_4_line_height=\u00bb1.2em\u00bb custom_margin_tablet=\u00bb||||false|false\u00bb custom_margin_phone=\u00bb||||false|false\u00bb custom_margin_last_edited=\u00bbon|phone\u00bb custom_padding_tablet=\u00bb\u00bb custom_padding_phone=\u00bb\u00bb custom_padding_last_edited=\u00bbon|desktop\u00bb text_font_size_tablet=\u00bb\u00bb text_font_size_phone=\u00bb16px\u00bb text_font_size_last_edited=\u00bbon|phone\u00bb header_4_font_size_tablet=\u00bb27px\u00bb header_4_font_size_phone=\u00bb24px\u00bb header_4_font_size_last_edited=\u00bbon|desktop\u00bb global_colors_info=\u00bb{}\u00bb]<\/p>\n<h4>PAULO CACAIS<\/h4>\n<p><a href=\"https:\/\/paulocacais.com\/\" target=\"_blank\" rel=\"noopener noreferrer\"><strong>Web<\/strong><\/a><\/p>\n<p><strong>Artista visual y gestor cultural<\/strong><\/p>\n<p>[\/et_pb_text][et_pb_text _builder_version=\u00bb4.25.1&#8243; _module_preset=\u00bbdefault\u00bb global_colors_info=\u00bb{}\u00bb]<\/p>\n<blockquote class=\"instagram-media\" data-instgrm-permalink=\"https:\/\/www.instagram.com\/reel\/DAq_NwEq0wD\/?utm_source=ig_embed&amp;utm_campaign=loading\" data-instgrm-version=\"14\" style=\" background:#FFF; border:0; border-radius:3px; box-shadow:0 0 1px 0 rgba(0,0,0,0.5),0 1px 10px 0 rgba(0,0,0,0.15); margin: 1px; max-width:540px; min-width:326px; padding:0; width:99.375%; width:-webkit-calc(100% - 2px); width:calc(100% - 2px);\">\n<div style=\"padding:16px;\"> <a href=\"https:\/\/www.instagram.com\/reel\/DAq_NwEq0wD\/?utm_source=ig_embed&amp;utm_campaign=loading\" style=\" background:#FFFFFF; line-height:0; padding:0 0; text-align:center; text-decoration:none; width:100%;\" target=\"_blank\"> <\/p>\n<div style=\" display: flex; flex-direction: row; align-items: center;\">\n<div style=\"background-color: #F4F4F4; border-radius: 50%; flex-grow: 0; height: 40px; margin-right: 14px; width: 40px;\"><\/div>\n<div style=\"display: flex; flex-direction: column; flex-grow: 1; justify-content: center;\">\n<div style=\" background-color: #F4F4F4; border-radius: 4px; flex-grow: 0; height: 14px; margin-bottom: 6px; width: 100px;\"><\/div>\n<div style=\" background-color: #F4F4F4; border-radius: 4px; flex-grow: 0; height: 14px; width: 60px;\"><\/div>\n<\/div>\n<\/div>\n<div style=\"padding: 19% 0;\"><\/div>\n<div style=\"display:block; height:50px; margin:0 auto 12px; width:50px;\"><svg width=\"50px\" height=\"50px\" viewBox=\"0 0 60 60\" version=\"1.1\" xmlns=\"https:\/\/www.w3.org\/2000\/svg\" xmlns:xlink=\"https:\/\/www.w3.org\/1999\/xlink\"><g stroke=\"none\" stroke-width=\"1\" fill=\"none\" fill-rule=\"evenodd\"><g transform=\"translate(-511.000000, -20.000000)\" fill=\"#000000\"><g><path d=\"M556.869,30.41 C554.814,30.41 553.148,32.076 553.148,34.131 C553.148,36.186 554.814,37.852 556.869,37.852 C558.924,37.852 560.59,36.186 560.59,34.131 C560.59,32.076 558.924,30.41 556.869,30.41 M541,60.657 C535.114,60.657 530.342,55.887 530.342,50 C530.342,44.114 535.114,39.342 541,39.342 C546.887,39.342 551.658,44.114 551.658,50 C551.658,55.887 546.887,60.657 541,60.657 M541,33.886 C532.1,33.886 524.886,41.1 524.886,50 C524.886,58.899 532.1,66.113 541,66.113 C549.9,66.113 557.115,58.899 557.115,50 C557.115,41.1 549.9,33.886 541,33.886 M565.378,62.101 C565.244,65.022 564.756,66.606 564.346,67.663 C563.803,69.06 563.154,70.057 562.106,71.106 C561.058,72.155 560.06,72.803 558.662,73.347 C557.607,73.757 556.021,74.244 553.102,74.378 C549.944,74.521 548.997,74.552 541,74.552 C533.003,74.552 532.056,74.521 528.898,74.378 C525.979,74.244 524.393,73.757 523.338,73.347 C521.94,72.803 520.942,72.155 519.894,71.106 C518.846,70.057 518.197,69.06 517.654,67.663 C517.244,66.606 516.755,65.022 516.623,62.101 C516.479,58.943 516.448,57.996 516.448,50 C516.448,42.003 516.479,41.056 516.623,37.899 C516.755,34.978 517.244,33.391 517.654,32.338 C518.197,30.938 518.846,29.942 519.894,28.894 C520.942,27.846 521.94,27.196 523.338,26.654 C524.393,26.244 525.979,25.756 528.898,25.623 C532.057,25.479 533.004,25.448 541,25.448 C548.997,25.448 549.943,25.479 553.102,25.623 C556.021,25.756 557.607,26.244 558.662,26.654 C560.06,27.196 561.058,27.846 562.106,28.894 C563.154,29.942 563.803,30.938 564.346,32.338 C564.756,33.391 565.244,34.978 565.378,37.899 C565.522,41.056 565.552,42.003 565.552,50 C565.552,57.996 565.522,58.943 565.378,62.101 M570.82,37.631 C570.674,34.438 570.167,32.258 569.425,30.349 C568.659,28.377 567.633,26.702 565.965,25.035 C564.297,23.368 562.623,22.342 560.652,21.575 C558.743,20.834 556.562,20.326 553.369,20.18 C550.169,20.033 549.148,20 541,20 C532.853,20 531.831,20.033 528.631,20.18 C525.438,20.326 523.257,20.834 521.349,21.575 C519.376,22.342 517.703,23.368 516.035,25.035 C514.368,26.702 513.342,28.377 512.574,30.349 C511.834,32.258 511.326,34.438 511.181,37.631 C511.035,40.831 511,41.851 511,50 C511,58.147 511.035,59.17 511.181,62.369 C511.326,65.562 511.834,67.743 512.574,69.651 C513.342,71.625 514.368,73.296 516.035,74.965 C517.703,76.634 519.376,77.658 521.349,78.425 C523.257,79.167 525.438,79.673 528.631,79.82 C531.831,79.965 532.853,80.001 541,80.001 C549.148,80.001 550.169,79.965 553.369,79.82 C556.562,79.673 558.743,79.167 560.652,78.425 C562.623,77.658 564.297,76.634 565.965,74.965 C567.633,73.296 568.659,71.625 569.425,69.651 C570.167,67.743 570.674,65.562 570.82,62.369 C570.966,59.17 571,58.147 571,50 C571,41.851 570.966,40.831 570.82,37.631\"><\/path><\/g><\/g><\/g><\/svg><\/div>\n<div style=\"padding-top: 8px;\">\n<div style=\" color:#3897f0; font-family:Arial,sans-serif; font-size:14px; font-style:normal; font-weight:550; line-height:18px;\">View this post on Instagram<\/div>\n<\/div>\n<div style=\"padding: 12.5% 0;\"><\/div>\n<div style=\"display: flex; flex-direction: row; margin-bottom: 14px; align-items: center;\">\n<div>\n<div style=\"background-color: #F4F4F4; border-radius: 50%; height: 12.5px; width: 12.5px; transform: translateX(0px) translateY(7px);\"><\/div>\n<div style=\"background-color: #F4F4F4; height: 12.5px; transform: rotate(-45deg) translateX(3px) translateY(1px); width: 12.5px; flex-grow: 0; margin-right: 14px; margin-left: 2px;\"><\/div>\n<div style=\"background-color: #F4F4F4; border-radius: 50%; height: 12.5px; width: 12.5px; transform: translateX(9px) translateY(-18px);\"><\/div>\n<\/div>\n<div style=\"margin-left: 8px;\">\n<div style=\" background-color: #F4F4F4; border-radius: 50%; flex-grow: 0; height: 20px; width: 20px;\"><\/div>\n<div style=\" width: 0; height: 0; border-top: 2px solid transparent; border-left: 6px solid #f4f4f4; border-bottom: 2px solid transparent; transform: translateX(16px) translateY(-4px) rotate(30deg)\"><\/div>\n<\/div>\n<div style=\"margin-left: auto;\">\n<div style=\" width: 0px; border-top: 8px solid #F4F4F4; border-right: 8px solid transparent; transform: translateY(16px);\"><\/div>\n<div style=\" background-color: #F4F4F4; flex-grow: 0; height: 12px; width: 16px; transform: translateY(-4px);\"><\/div>\n<div style=\" width: 0; height: 0; border-top: 8px solid #F4F4F4; border-left: 8px solid transparent; transform: translateY(-4px) translateX(8px);\"><\/div>\n<\/div>\n<\/div>\n<div style=\"display: flex; flex-direction: column; flex-grow: 1; justify-content: center; margin-bottom: 24px;\">\n<div style=\" background-color: #F4F4F4; border-radius: 4px; flex-grow: 0; height: 14px; margin-bottom: 6px; width: 224px;\"><\/div>\n<div style=\" background-color: #F4F4F4; border-radius: 4px; flex-grow: 0; height: 14px; width: 144px;\"><\/div>\n<\/div>\n<p><\/a><\/p>\n<p style=\" color:#c9c8cd; font-family:Arial,sans-serif; font-size:14px; line-height:17px; margin-bottom:0; margin-top:8px; overflow:hidden; padding:8px 0 7px; text-align:center; text-overflow:ellipsis; white-space:nowrap;\"><a href=\"https:\/\/www.instagram.com\/reel\/DAq_NwEq0wD\/?utm_source=ig_embed&amp;utm_campaign=loading\" style=\" color:#c9c8cd; font-family:Arial,sans-serif; font-size:14px; font-style:normal; font-weight:normal; line-height:17px; text-decoration:none;\" target=\"_blank\">A post shared by DateCuenta Escuela Fotografi\u0301a (@date.cuenta)<\/a><\/p>\n<\/div>\n<\/blockquote>\n<p><script async src=\"\/\/www.instagram.com\/embed.js\"><\/script>[\/et_pb_text][et_pb_text _builder_version=\u00bb4.25.1&#8243; _module_preset=\u00bbdefault\u00bb global_colors_info=\u00bb{}\u00bb]<\/p>\n<p>Fot\u00f3grafo de formaci\u00f3n, compagina su producci\u00f3n art\u00edstica con la <strong>gesti\u00f3n cultural vinculada a las artes visuales<\/strong>.<\/p>\n<p>Cocreador en 2024 del Estudio Tigomigo, un espacio dedicado a la difusi\u00f3n y programaci\u00f3n de arte contempor\u00e1neo, y director de su programaci\u00f3n hasta 2020.<\/p>\n<p>Ha comisariado en salas p\u00fablicas y privadas alrededor de 150 exposiciones durante la \u00faltima d\u00e9cada.<\/p>\n<p><strong>Director art\u00edstico<\/strong> de <a href=\"https:\/\/festivalalbum.com\">\u00c1lbum, festival de imagen y fotograf\u00eda<\/a> en las ediciones 2023 y 2024 y de Emotiva Festival Internacional de Fotograf\u00eda Contempor\u00e1nea en 2021 y 2022. Ha sido tambi\u00e9n visionador y jurado de premios como el Galicia de Fotograf\u00eda, el Discovery Awards o el Encontros da Imagem.<\/p>\n<p><strong>Curso impartido:<\/strong><\/p>\n<ul>\n<li><a href=\"https:\/\/www.datecuenta.org\/escuelalibre\/curso-avanzado-fotografia\/\" target=\"_blank\" rel=\"noreferrer noopener\"><\/a><a href=\"https:\/\/www.datecuenta.org\/escuelalibre\/curso-avanzado-fotografia\/\" target=\"_blank\" rel=\"noreferrer noopener\">Curso de fotograf\u00eda avanzada<\/a><\/li>\n<li><a href=\"https:\/\/www.datecuenta.org\/escuelalibre\/curso-fotografia-artistica\/\" target=\"_blank\" rel=\"noreferrer noopener\">Curso de fotograf\u00eda art\u00edstica<\/a><\/li>\n<li><a href=\"https:\/\/www.datecuenta.org\/escuelalibre\/curso-avanzado-fotografia\/\" target=\"_blank\" rel=\"noopener\">Curso de profesionalizaci\u00f3n en fotograf\u00eda<\/a><\/li>\n<\/ul>\n<p>[\/et_pb_text][\/et_pb_column][et_pb_column type=\u00bb1_4&#8243; _builder_version=\u00bb4.16&#8243; _module_preset=\u00bbdefault\u00bb custom_padding=\u00bb||||false|false\u00bb border_color_right=\u00bb#000000&#8243; global_colors_info=\u00bb{}\u00bb][et_pb_text _builder_version=\u00bb4.25.1&#8243; _module_preset=\u00bbdefault\u00bb text_line_height=\u00bb1.5em\u00bb header_4_font_size=\u00bb27px\u00bb header_4_line_height=\u00bb1.2em\u00bb text_font_size_tablet=\u00bb\u00bb text_font_size_phone=\u00bb16px\u00bb text_font_size_last_edited=\u00bbon|phone\u00bb header_4_font_size_tablet=\u00bb27px\u00bb header_4_font_size_phone=\u00bb24px\u00bb header_4_font_size_last_edited=\u00bbon|desktop\u00bb global_colors_info=\u00bb{}\u00bb]<\/p>\n<h4>JAVIER GUERRA<\/h4>\n<p><a href=\"https:\/\/www.jgguerra.com\/\" target=\"_blank\" rel=\"noopener noreferrer\"><strong>Web<\/strong><\/a> | <a href=\"https:\/\/www.instagram.com\/_jgguerra\/?hl=es\" target=\"_blank\" rel=\"noopener noreferrer\"><strong>Instagram<\/strong><\/a><\/p>\n<p><strong>Cineasta documental<\/strong><\/p>\n<p>[\/et_pb_text][et_pb_text _builder_version=\u00bb4.25.1&#8243; _module_preset=\u00bbdefault\u00bb global_colors_info=\u00bb{}\u00bb]<\/p>\n<blockquote class=\"instagram-media\" data-instgrm-permalink=\"https:\/\/www.instagram.com\/reel\/DBehbuhqPzG\/?utm_source=ig_embed&amp;utm_campaign=loading\" data-instgrm-version=\"14\" style=\" background:#FFF; border:0; border-radius:3px; box-shadow:0 0 1px 0 rgba(0,0,0,0.5),0 1px 10px 0 rgba(0,0,0,0.15); margin: 1px; max-width:540px; min-width:326px; padding:0; width:99.375%; width:-webkit-calc(100% - 2px); width:calc(100% - 2px);\">\n<div style=\"padding:16px;\"> <a href=\"https:\/\/www.instagram.com\/reel\/DBehbuhqPzG\/?utm_source=ig_embed&amp;utm_campaign=loading\" style=\" background:#FFFFFF; line-height:0; padding:0 0; text-align:center; text-decoration:none; width:100%;\" target=\"_blank\"> <\/p>\n<div style=\" display: flex; flex-direction: row; align-items: center;\">\n<div style=\"background-color: #F4F4F4; border-radius: 50%; flex-grow: 0; height: 40px; margin-right: 14px; width: 40px;\"><\/div>\n<div style=\"display: flex; flex-direction: column; flex-grow: 1; justify-content: center;\">\n<div style=\" background-color: #F4F4F4; border-radius: 4px; flex-grow: 0; height: 14px; margin-bottom: 6px; width: 100px;\"><\/div>\n<div style=\" background-color: #F4F4F4; border-radius: 4px; flex-grow: 0; height: 14px; width: 60px;\"><\/div>\n<\/div>\n<\/div>\n<div style=\"padding: 19% 0;\"><\/div>\n<div style=\"display:block; height:50px; margin:0 auto 12px; width:50px;\"><svg width=\"50px\" height=\"50px\" viewBox=\"0 0 60 60\" version=\"1.1\" xmlns=\"https:\/\/www.w3.org\/2000\/svg\" xmlns:xlink=\"https:\/\/www.w3.org\/1999\/xlink\"><g stroke=\"none\" stroke-width=\"1\" fill=\"none\" fill-rule=\"evenodd\"><g transform=\"translate(-511.000000, -20.000000)\" fill=\"#000000\"><g><path d=\"M556.869,30.41 C554.814,30.41 553.148,32.076 553.148,34.131 C553.148,36.186 554.814,37.852 556.869,37.852 C558.924,37.852 560.59,36.186 560.59,34.131 C560.59,32.076 558.924,30.41 556.869,30.41 M541,60.657 C535.114,60.657 530.342,55.887 530.342,50 C530.342,44.114 535.114,39.342 541,39.342 C546.887,39.342 551.658,44.114 551.658,50 C551.658,55.887 546.887,60.657 541,60.657 M541,33.886 C532.1,33.886 524.886,41.1 524.886,50 C524.886,58.899 532.1,66.113 541,66.113 C549.9,66.113 557.115,58.899 557.115,50 C557.115,41.1 549.9,33.886 541,33.886 M565.378,62.101 C565.244,65.022 564.756,66.606 564.346,67.663 C563.803,69.06 563.154,70.057 562.106,71.106 C561.058,72.155 560.06,72.803 558.662,73.347 C557.607,73.757 556.021,74.244 553.102,74.378 C549.944,74.521 548.997,74.552 541,74.552 C533.003,74.552 532.056,74.521 528.898,74.378 C525.979,74.244 524.393,73.757 523.338,73.347 C521.94,72.803 520.942,72.155 519.894,71.106 C518.846,70.057 518.197,69.06 517.654,67.663 C517.244,66.606 516.755,65.022 516.623,62.101 C516.479,58.943 516.448,57.996 516.448,50 C516.448,42.003 516.479,41.056 516.623,37.899 C516.755,34.978 517.244,33.391 517.654,32.338 C518.197,30.938 518.846,29.942 519.894,28.894 C520.942,27.846 521.94,27.196 523.338,26.654 C524.393,26.244 525.979,25.756 528.898,25.623 C532.057,25.479 533.004,25.448 541,25.448 C548.997,25.448 549.943,25.479 553.102,25.623 C556.021,25.756 557.607,26.244 558.662,26.654 C560.06,27.196 561.058,27.846 562.106,28.894 C563.154,29.942 563.803,30.938 564.346,32.338 C564.756,33.391 565.244,34.978 565.378,37.899 C565.522,41.056 565.552,42.003 565.552,50 C565.552,57.996 565.522,58.943 565.378,62.101 M570.82,37.631 C570.674,34.438 570.167,32.258 569.425,30.349 C568.659,28.377 567.633,26.702 565.965,25.035 C564.297,23.368 562.623,22.342 560.652,21.575 C558.743,20.834 556.562,20.326 553.369,20.18 C550.169,20.033 549.148,20 541,20 C532.853,20 531.831,20.033 528.631,20.18 C525.438,20.326 523.257,20.834 521.349,21.575 C519.376,22.342 517.703,23.368 516.035,25.035 C514.368,26.702 513.342,28.377 512.574,30.349 C511.834,32.258 511.326,34.438 511.181,37.631 C511.035,40.831 511,41.851 511,50 C511,58.147 511.035,59.17 511.181,62.369 C511.326,65.562 511.834,67.743 512.574,69.651 C513.342,71.625 514.368,73.296 516.035,74.965 C517.703,76.634 519.376,77.658 521.349,78.425 C523.257,79.167 525.438,79.673 528.631,79.82 C531.831,79.965 532.853,80.001 541,80.001 C549.148,80.001 550.169,79.965 553.369,79.82 C556.562,79.673 558.743,79.167 560.652,78.425 C562.623,77.658 564.297,76.634 565.965,74.965 C567.633,73.296 568.659,71.625 569.425,69.651 C570.167,67.743 570.674,65.562 570.82,62.369 C570.966,59.17 571,58.147 571,50 C571,41.851 570.966,40.831 570.82,37.631\"><\/path><\/g><\/g><\/g><\/svg><\/div>\n<div style=\"padding-top: 8px;\">\n<div style=\" color:#3897f0; font-family:Arial,sans-serif; font-size:14px; font-style:normal; font-weight:550; line-height:18px;\">View this post on Instagram<\/div>\n<\/div>\n<div style=\"padding: 12.5% 0;\"><\/div>\n<div style=\"display: flex; flex-direction: row; margin-bottom: 14px; align-items: center;\">\n<div>\n<div style=\"background-color: #F4F4F4; border-radius: 50%; height: 12.5px; width: 12.5px; transform: translateX(0px) translateY(7px);\"><\/div>\n<div style=\"background-color: #F4F4F4; height: 12.5px; transform: rotate(-45deg) translateX(3px) translateY(1px); width: 12.5px; flex-grow: 0; margin-right: 14px; margin-left: 2px;\"><\/div>\n<div style=\"background-color: #F4F4F4; border-radius: 50%; height: 12.5px; width: 12.5px; transform: translateX(9px) translateY(-18px);\"><\/div>\n<\/div>\n<div style=\"margin-left: 8px;\">\n<div style=\" background-color: #F4F4F4; border-radius: 50%; flex-grow: 0; height: 20px; width: 20px;\"><\/div>\n<div style=\" width: 0; height: 0; border-top: 2px solid transparent; border-left: 6px solid #f4f4f4; border-bottom: 2px solid transparent; transform: translateX(16px) translateY(-4px) rotate(30deg)\"><\/div>\n<\/div>\n<div style=\"margin-left: auto;\">\n<div style=\" width: 0px; border-top: 8px solid #F4F4F4; border-right: 8px solid transparent; transform: translateY(16px);\"><\/div>\n<div style=\" background-color: #F4F4F4; flex-grow: 0; height: 12px; width: 16px; transform: translateY(-4px);\"><\/div>\n<div style=\" width: 0; height: 0; border-top: 8px solid #F4F4F4; border-left: 8px solid transparent; transform: translateY(-4px) translateX(8px);\"><\/div>\n<\/div>\n<\/div>\n<div style=\"display: flex; flex-direction: column; flex-grow: 1; justify-content: center; margin-bottom: 24px;\">\n<div style=\" background-color: #F4F4F4; border-radius: 4px; flex-grow: 0; height: 14px; margin-bottom: 6px; width: 224px;\"><\/div>\n<div style=\" background-color: #F4F4F4; border-radius: 4px; flex-grow: 0; height: 14px; width: 144px;\"><\/div>\n<\/div>\n<p><\/a><\/p>\n<p style=\" color:#c9c8cd; font-family:Arial,sans-serif; font-size:14px; line-height:17px; margin-bottom:0; margin-top:8px; overflow:hidden; padding:8px 0 7px; text-align:center; text-overflow:ellipsis; white-space:nowrap;\"><a href=\"https:\/\/www.instagram.com\/reel\/DBehbuhqPzG\/?utm_source=ig_embed&amp;utm_campaign=loading\" style=\" color:#c9c8cd; font-family:Arial,sans-serif; font-size:14px; font-style:normal; font-weight:normal; line-height:17px; text-decoration:none;\" target=\"_blank\">A post shared by DateCuenta Escuela Fotografi\u0301a (@date.cuenta)<\/a><\/p>\n<\/div>\n<\/blockquote>\n<p><script async src=\"\/\/www.instagram.com\/embed.js\"><\/script>[\/et_pb_text][et_pb_text _builder_version=\u00bb4.25.1&#8243; _module_preset=\u00bbdefault\u00bb global_colors_info=\u00bb{}\u00bb]<\/p>\n<p><span class=\"gmail-il\">Titulado en Direcci\u00f3n Cinematogr\u00e1fica y en <\/span>Historia del arte, su principal inter\u00e9s ha sido el documental y el cine de ensayo.<\/p>\n<p>Ha grabado diversos cortometrajes y a finales de 2014 finaliz\u00f3 su primer largometraje \u2018Antolog\u00eda de Taillet\u2019. Forma parte de <a href=\"http:\/\/plat.tv\/\">PLAT.tv<\/a>, un archivo f\u00edlmico online.<\/p>\n<p><strong>Docente en fotograf\u00eda documental y cine documental en diversas escuelas de Barcelona<\/strong>, ha colaborado con\u00a0\u00a0 Universidad de Barcelona, la\u00a0 Barcelona Academy of Art o Can Carol de Vallcarca. Es uno de los creadores de \u2018Cultura Film (revista filmada)\u2019.<\/p>\n<p><strong>Curso impartido:<\/strong><\/p>\n<ul>\n<li><a rel=\"noreferrer noopener\" href=\"https:\/\/www.datecuenta.org\/escuelalibre\/curso-fotografia-documental\/\" target=\"_blank\">Curso de fotograf\u00eda documental y reportaje audiovisual<\/a><\/li>\n<li><a href=\"https:\/\/www.datecuenta.org\/escuelalibre\/curso-avanzado-fotografia\/\" target=\"_blank\" rel=\"noopener\">Curso de profesionalizaci\u00f3n en fotograf\u00eda<\/a><\/li>\n<\/ul>\n<p>[\/et_pb_text][\/et_pb_column][\/et_pb_row][et_pb_row column_structure=\u00bb1_4,1_4,1_4,1_4&#8243; use_custom_gutter=\u00bbon\u00bb make_equal=\u00bbon\u00bb _builder_version=\u00bb4.17.4&#8243; _module_preset=\u00bbdefault\u00bb background_color=\u00bbRGBA(255,255,255,0)\u00bb width=\u00bb90%\u00bb max_width=\u00bb1725px\u00bb module_alignment=\u00bbcenter\u00bb custom_margin=\u00bb||38px||false|false\u00bb custom_margin_tablet=\u00bb||38px||false|false\u00bb custom_margin_phone=\u00bb||22px||false|false\u00bb custom_margin_last_edited=\u00bbon|phone\u00bb custom_padding=\u00bb0px||0px||false|false\u00bb border_color_bottom=\u00bb#000000&#8243; global_colors_info=\u00bb{}\u00bb][et_pb_column type=\u00bb1_4&#8243; _builder_version=\u00bb4.16&#8243; _module_preset=\u00bbdefault\u00bb background_color=\u00bbRGBA(255,255,255,0)\u00bb custom_padding=\u00bb||||false|false\u00bb border_color_right=\u00bb#000000&#8243; global_colors_info=\u00bb{}\u00bb][et_pb_text _builder_version=\u00bb4.25.1&#8243; _module_preset=\u00bbdefault\u00bb text_line_height=\u00bb1.5em\u00bb header_4_font_size=\u00bb27px\u00bb header_4_line_height=\u00bb1.2em\u00bb custom_margin_tablet=\u00bb||||false|false\u00bb custom_margin_phone=\u00bb||||false|false\u00bb custom_margin_last_edited=\u00bbon|phone\u00bb custom_padding_tablet=\u00bb\u00bb custom_padding_phone=\u00bb\u00bb custom_padding_last_edited=\u00bbon|desktop\u00bb text_font_size_tablet=\u00bb\u00bb text_font_size_phone=\u00bb16px\u00bb text_font_size_last_edited=\u00bbon|phone\u00bb header_4_font_size_tablet=\u00bb27px\u00bb header_4_font_size_phone=\u00bb24px\u00bb header_4_font_size_last_edited=\u00bbon|desktop\u00bb global_colors_info=\u00bb{}\u00bb]<\/p>\n<h4>SONIA GIM\u00c9NEZ<\/h4>\n<p><a href=\"https:\/\/instagram.com\/soniagimenezbellaescusa\" target=\"_blank\" rel=\"noopener noreferrer\"><strong>Instagram<\/strong><\/a><\/p>\n<p><strong>Fot\u00f3grafa profesional y documental<\/strong><\/p>\n<p>[\/et_pb_text][et_pb_image src=\u00bbhttp:\/\/www.datecuenta.org\/escuelalibre\/wp-content\/uploads\/2025\/05\/Sonia-Gimenez-DateCuenta.jpg\u00bb title_text=\u00bbSonia-Gimenez-DateCuenta\u00bb _builder_version=\u00bb4.25.1&#8243; _module_preset=\u00bbdefault\u00bb global_colors_info=\u00bb{}\u00bb][\/et_pb_image][et_pb_text _builder_version=\u00bb4.25.1&#8243; _module_preset=\u00bbdefault\u00bb global_colors_info=\u00bb{}\u00bb]<\/p>\n<p><strong>Fot\u00f3grafa documental, <\/strong>centra su mirada en lo cotidiano y cree en la fotograf\u00eda como herramienta para pensar y como un lenguaje vivo que puede reinventarse.<strong><br \/><\/strong><\/p>\n<p>Desde 2012 trabaja como <strong>fot\u00f3grafa freelance, gestionando <a href=\"https:\/\/www.emocionat.net\/\" target=\"_blank\" rel=\"noopener\">su propio estudio<\/a> <\/strong>y abordando encargos de fotoperiodismo, fotograf\u00eda social, arquitect\u00f3nica y de eventos, as\u00ed como tambi\u00e9n a la formaci\u00f3n en fotograf\u00eda. Su experiencia en el aula est\u00e1 atravesada por una visi\u00f3n humanista y reflexiva de la fotograf\u00eda.<\/p>\n<p>Parte de su trabajo ha sido expuesto en muestras individuales y colectivas con un <strong>marcado enfoque social y comunitario<\/strong>, tanto en centros culturales como en espacios alternativos.<\/p>\n<p>Su formaci\u00f3n en fotograf\u00eda culmin\u00f3 con el Posgrado de Fotoperiodismo de la UAB y diversas formaciones en la escuela Ruido Photo.<\/p>\n<ul>\n<li><a href=\"https:\/\/www.datecuenta.org\/escuelalibre\/curso-avanzado-fotografia\/\" target=\"_blank\" rel=\"noopener\">Curso de fotograf\u00eda avanzada<\/a><\/li>\n<\/ul>\n<p>[\/et_pb_text][\/et_pb_column][et_pb_column type=\u00bb1_4&#8243; _builder_version=\u00bb4.16&#8243; _module_preset=\u00bbdefault\u00bb custom_padding=\u00bb||||false|false\u00bb border_color_right=\u00bb#000000&#8243; global_colors_info=\u00bb{}\u00bb][et_pb_text _builder_version=\u00bb4.25.1&#8243; _module_preset=\u00bbdefault\u00bb text_line_height=\u00bb1.5em\u00bb header_4_font_size=\u00bb27px\u00bb header_4_line_height=\u00bb1.2em\u00bb custom_margin_tablet=\u00bb||||false|false\u00bb custom_margin_phone=\u00bb||||false|false\u00bb custom_margin_last_edited=\u00bbon|phone\u00bb custom_padding_tablet=\u00bb\u00bb custom_padding_phone=\u00bb\u00bb custom_padding_last_edited=\u00bbon|desktop\u00bb text_font_size_tablet=\u00bb\u00bb text_font_size_phone=\u00bb16px\u00bb text_font_size_last_edited=\u00bbon|phone\u00bb header_4_font_size_tablet=\u00bb27px\u00bb header_4_font_size_phone=\u00bb24px\u00bb header_4_font_size_last_edited=\u00bbon|desktop\u00bb global_colors_info=\u00bb{}\u00bb]<\/p>\n<h4>IVAN BASSOLS<\/h4>\n<p><a href=\"https:\/\/www.instagram.com\/ivanbassols\/\" target=\"_blank\" rel=\"noopener noreferrer\"><strong>Instagram<\/strong><\/a><\/p>\n<p><strong>Fot\u00f3grafo corporativo<br \/><\/strong><\/p>\n<p>[\/et_pb_text][et_pb_image src=\u00bbhttp:\/\/www.datecuenta.org\/escuelalibre\/wp-content\/uploads\/2025\/07\/IvanBassols-DateCuenta.jpg\u00bb alt=\u00bbIvan Bassols DateCuenta\u00bb title_text=\u00bbIvanBassols-DateCuenta\u00bb _builder_version=\u00bb4.25.1&#8243; _module_preset=\u00bbdefault\u00bb global_colors_info=\u00bb{}\u00bb][\/et_pb_image][et_pb_text _builder_version=\u00bb4.25.1&#8243; _module_preset=\u00bbdefault\u00bb global_colors_info=\u00bb{}\u00bb]<\/p>\n<p><strong>Fot\u00f3grafo corporativo <\/strong>formado en IEFC con dos d\u00e9cadas de experiencia en el laboratorio qu\u00edmico blanco y negro.<strong><br \/><\/strong><\/p>\n<p>Desde 2012 trabaja profesionalmente como <strong>fot\u00f3grafo y vide\u00f3grafo freelance, <\/strong>especializ\u00e1ndose en la realizaci\u00f3n de reportajes de procesos productivos, de cat\u00e1logo y e-commerce, publicando imagen de producto en magazine (La Vanguardia), Elle Decor, AD Espa\u00f1a, Marie Claire, Phillips Espa\u00f1a o The Guardian. Adem\u00e1s, ha colaborado con entidades como C\u00e1ritas.<span style=\"caret-color: #000000; color: #000000; font-family: Helvetica; font-size: 12px; font-style: normal; font-variant-caps: normal; font-weight: normal; letter-spacing: normal; orphans: auto; text-align: start; text-indent: 0px; text-transform: none; white-space: normal; widows: auto; word-spacing: 0px; -webkit-text-size-adjust: auto; -webkit-text-stroke-width: 0px; text-decoration: none; display: inline !important; float: none;\"><\/span><\/p>\n<p>En el \u00e1mbito audiovisual, es miembro de la asociaci\u00f3n Telenoika y colaborador de televisiones comunitarias. En el terreno documental, ha colaborado con 3Cat con un largo y, en la actualidad, con una serie documental.<\/p>\n<ul>\n<li><a href=\"https:\/\/www.datecuenta.org\/escuelalibre\/curso-avanzado-fotografia\/\" target=\"_blank\" rel=\"noopener\">Curso de profesionalizaci\u00f3n en fotograf\u00eda<\/a><\/li>\n<\/ul>\n<p>[\/et_pb_text][\/et_pb_column][et_pb_column type=\u00bb1_4&#8243; _builder_version=\u00bb4.16&#8243; _module_preset=\u00bbdefault\u00bb custom_padding=\u00bb||||false|false\u00bb border_color_right=\u00bb#000000&#8243; global_colors_info=\u00bb{}\u00bb][et_pb_text _builder_version=\u00bb4.25.1&#8243; _module_preset=\u00bbdefault\u00bb text_line_height=\u00bb1.5em\u00bb header_4_font_size=\u00bb27px\u00bb header_4_line_height=\u00bb1.2em\u00bb custom_margin_tablet=\u00bb||||false|false\u00bb custom_margin_phone=\u00bb||||false|false\u00bb custom_margin_last_edited=\u00bbon|phone\u00bb custom_padding_tablet=\u00bb\u00bb custom_padding_phone=\u00bb\u00bb custom_padding_last_edited=\u00bbon|desktop\u00bb text_font_size_tablet=\u00bb\u00bb text_font_size_phone=\u00bb16px\u00bb text_font_size_last_edited=\u00bbon|phone\u00bb header_4_font_size_tablet=\u00bb27px\u00bb header_4_font_size_phone=\u00bb24px\u00bb header_4_font_size_last_edited=\u00bbon|desktop\u00bb global_colors_info=\u00bb{}\u00bb]<\/p>\n<h4>AITOR FERN\u00c1NDEZ<\/h4>\n<p><a href=\"https:\/\/aitorfernandez.eu\" target=\"_blank\" rel=\"noopener noreferrer\"><strong>Web<\/strong><\/a> | <a href=\"https:\/\/instagram.com\/aitorrfe\" target=\"_blank\" rel=\"noopener noreferrer\"><strong>Instagram<\/strong><\/a><\/p>\n<p><strong>Fot\u00f3grafo profesional y documental<\/strong><\/p>\n<p>[\/et_pb_text][et_pb_text _builder_version=\u00bb4.25.1&#8243; _module_preset=\u00bbdefault\u00bb global_colors_info=\u00bb{}\u00bb]<\/p>\n<blockquote class=\"instagram-media\" data-instgrm-permalink=\"https:\/\/www.instagram.com\/reel\/DAOsNzFq_mD\/?utm_source=ig_embed&amp;utm_campaign=loading\" data-instgrm-version=\"14\" style=\" background:#FFF; border:0; border-radius:3px; box-shadow:0 0 1px 0 rgba(0,0,0,0.5),0 1px 10px 0 rgba(0,0,0,0.15); margin: 1px; max-width:540px; min-width:326px; padding:0; width:99.375%; width:-webkit-calc(100% - 2px); width:calc(100% - 2px);\">\n<div style=\"padding:16px;\"> <a href=\"https:\/\/www.instagram.com\/reel\/DAOsNzFq_mD\/?utm_source=ig_embed&amp;utm_campaign=loading\" style=\" background:#FFFFFF; line-height:0; padding:0 0; text-align:center; text-decoration:none; width:100%;\" target=\"_blank\"> <\/p>\n<div style=\" display: flex; flex-direction: row; align-items: center;\">\n<div style=\"background-color: #F4F4F4; border-radius: 50%; flex-grow: 0; height: 40px; margin-right: 14px; width: 40px;\"><\/div>\n<div style=\"display: flex; flex-direction: column; flex-grow: 1; justify-content: center;\">\n<div style=\" background-color: #F4F4F4; border-radius: 4px; flex-grow: 0; height: 14px; margin-bottom: 6px; width: 100px;\"><\/div>\n<div style=\" background-color: #F4F4F4; border-radius: 4px; flex-grow: 0; height: 14px; width: 60px;\"><\/div>\n<\/div>\n<\/div>\n<div style=\"padding: 19% 0;\"><\/div>\n<div style=\"display:block; height:50px; margin:0 auto 12px; width:50px;\"><svg width=\"50px\" height=\"50px\" viewBox=\"0 0 60 60\" version=\"1.1\" xmlns=\"https:\/\/www.w3.org\/2000\/svg\" xmlns:xlink=\"https:\/\/www.w3.org\/1999\/xlink\"><g stroke=\"none\" stroke-width=\"1\" fill=\"none\" fill-rule=\"evenodd\"><g transform=\"translate(-511.000000, -20.000000)\" fill=\"#000000\"><g><path d=\"M556.869,30.41 C554.814,30.41 553.148,32.076 553.148,34.131 C553.148,36.186 554.814,37.852 556.869,37.852 C558.924,37.852 560.59,36.186 560.59,34.131 C560.59,32.076 558.924,30.41 556.869,30.41 M541,60.657 C535.114,60.657 530.342,55.887 530.342,50 C530.342,44.114 535.114,39.342 541,39.342 C546.887,39.342 551.658,44.114 551.658,50 C551.658,55.887 546.887,60.657 541,60.657 M541,33.886 C532.1,33.886 524.886,41.1 524.886,50 C524.886,58.899 532.1,66.113 541,66.113 C549.9,66.113 557.115,58.899 557.115,50 C557.115,41.1 549.9,33.886 541,33.886 M565.378,62.101 C565.244,65.022 564.756,66.606 564.346,67.663 C563.803,69.06 563.154,70.057 562.106,71.106 C561.058,72.155 560.06,72.803 558.662,73.347 C557.607,73.757 556.021,74.244 553.102,74.378 C549.944,74.521 548.997,74.552 541,74.552 C533.003,74.552 532.056,74.521 528.898,74.378 C525.979,74.244 524.393,73.757 523.338,73.347 C521.94,72.803 520.942,72.155 519.894,71.106 C518.846,70.057 518.197,69.06 517.654,67.663 C517.244,66.606 516.755,65.022 516.623,62.101 C516.479,58.943 516.448,57.996 516.448,50 C516.448,42.003 516.479,41.056 516.623,37.899 C516.755,34.978 517.244,33.391 517.654,32.338 C518.197,30.938 518.846,29.942 519.894,28.894 C520.942,27.846 521.94,27.196 523.338,26.654 C524.393,26.244 525.979,25.756 528.898,25.623 C532.057,25.479 533.004,25.448 541,25.448 C548.997,25.448 549.943,25.479 553.102,25.623 C556.021,25.756 557.607,26.244 558.662,26.654 C560.06,27.196 561.058,27.846 562.106,28.894 C563.154,29.942 563.803,30.938 564.346,32.338 C564.756,33.391 565.244,34.978 565.378,37.899 C565.522,41.056 565.552,42.003 565.552,50 C565.552,57.996 565.522,58.943 565.378,62.101 M570.82,37.631 C570.674,34.438 570.167,32.258 569.425,30.349 C568.659,28.377 567.633,26.702 565.965,25.035 C564.297,23.368 562.623,22.342 560.652,21.575 C558.743,20.834 556.562,20.326 553.369,20.18 C550.169,20.033 549.148,20 541,20 C532.853,20 531.831,20.033 528.631,20.18 C525.438,20.326 523.257,20.834 521.349,21.575 C519.376,22.342 517.703,23.368 516.035,25.035 C514.368,26.702 513.342,28.377 512.574,30.349 C511.834,32.258 511.326,34.438 511.181,37.631 C511.035,40.831 511,41.851 511,50 C511,58.147 511.035,59.17 511.181,62.369 C511.326,65.562 511.834,67.743 512.574,69.651 C513.342,71.625 514.368,73.296 516.035,74.965 C517.703,76.634 519.376,77.658 521.349,78.425 C523.257,79.167 525.438,79.673 528.631,79.82 C531.831,79.965 532.853,80.001 541,80.001 C549.148,80.001 550.169,79.965 553.369,79.82 C556.562,79.673 558.743,79.167 560.652,78.425 C562.623,77.658 564.297,76.634 565.965,74.965 C567.633,73.296 568.659,71.625 569.425,69.651 C570.167,67.743 570.674,65.562 570.82,62.369 C570.966,59.17 571,58.147 571,50 C571,41.851 570.966,40.831 570.82,37.631\"><\/path><\/g><\/g><\/g><\/svg><\/div>\n<div style=\"padding-top: 8px;\">\n<div style=\" color:#3897f0; font-family:Arial,sans-serif; font-size:14px; font-style:normal; font-weight:550; line-height:18px;\">View this post on Instagram<\/div>\n<\/div>\n<div style=\"padding: 12.5% 0;\"><\/div>\n<div style=\"display: flex; flex-direction: row; margin-bottom: 14px; align-items: center;\">\n<div>\n<div style=\"background-color: #F4F4F4; border-radius: 50%; height: 12.5px; width: 12.5px; transform: translateX(0px) translateY(7px);\"><\/div>\n<div style=\"background-color: #F4F4F4; height: 12.5px; transform: rotate(-45deg) translateX(3px) translateY(1px); width: 12.5px; flex-grow: 0; margin-right: 14px; margin-left: 2px;\"><\/div>\n<div style=\"background-color: #F4F4F4; border-radius: 50%; height: 12.5px; width: 12.5px; transform: translateX(9px) translateY(-18px);\"><\/div>\n<\/div>\n<div style=\"margin-left: 8px;\">\n<div style=\" background-color: #F4F4F4; border-radius: 50%; flex-grow: 0; height: 20px; width: 20px;\"><\/div>\n<div style=\" width: 0; height: 0; border-top: 2px solid transparent; border-left: 6px solid #f4f4f4; border-bottom: 2px solid transparent; transform: translateX(16px) translateY(-4px) rotate(30deg)\"><\/div>\n<\/div>\n<div style=\"margin-left: auto;\">\n<div style=\" width: 0px; border-top: 8px solid #F4F4F4; border-right: 8px solid transparent; transform: translateY(16px);\"><\/div>\n<div style=\" background-color: #F4F4F4; flex-grow: 0; height: 12px; width: 16px; transform: translateY(-4px);\"><\/div>\n<div style=\" width: 0; height: 0; border-top: 8px solid #F4F4F4; border-left: 8px solid transparent; transform: translateY(-4px) translateX(8px);\"><\/div>\n<\/div>\n<\/div>\n<div style=\"display: flex; flex-direction: column; flex-grow: 1; justify-content: center; margin-bottom: 24px;\">\n<div style=\" background-color: #F4F4F4; border-radius: 4px; flex-grow: 0; height: 14px; margin-bottom: 6px; width: 224px;\"><\/div>\n<div style=\" background-color: #F4F4F4; border-radius: 4px; flex-grow: 0; height: 14px; width: 144px;\"><\/div>\n<\/div>\n<p><\/a><\/p>\n<p style=\" color:#c9c8cd; font-family:Arial,sans-serif; font-size:14px; line-height:17px; margin-bottom:0; margin-top:8px; overflow:hidden; padding:8px 0 7px; text-align:center; text-overflow:ellipsis; white-space:nowrap;\"><a href=\"https:\/\/www.instagram.com\/reel\/DAOsNzFq_mD\/?utm_source=ig_embed&amp;utm_campaign=loading\" style=\" color:#c9c8cd; font-family:Arial,sans-serif; font-size:14px; font-style:normal; font-weight:normal; line-height:17px; text-decoration:none;\" target=\"_blank\">A post shared by DateCuenta Escuela Fotografi\u0301a (@date.cuenta)<\/a><\/p>\n<\/div>\n<\/blockquote>\n<p><script async src=\"\/\/www.instagram.com\/embed.js\"><\/script>[\/et_pb_text][et_pb_text _builder_version=\u00bb4.25.1&#8243; _module_preset=\u00bbdefault\u00bb global_colors_info=\u00bb{}\u00bb]<\/p>\n<p><strong>Fund\u00f3 DateCuenta<\/strong> como oposici\u00f3n al funcionamiento del massmedia y las escuelas de fotograf\u00eda a precios inalcanzables. Fot\u00f3grafo profesional y documental.<\/p>\n<p>Autor de <strong>proyectos freelance <\/strong>como\u00a0 \u00ab<a href=\"http:\/\/www.vencidxs.com\">Vencidxs<\/a>\u00bb o \u00abTen\u00edamos miedo pero hab\u00eda que salir\u00bb, su trabajo ha sido presentado por organizaciones como Amnist\u00eda Internacional y galardonado por festivales como el de Derechos Humanos de Barcelona.<\/p>\n<p>Ha sido tambi\u00e9n colaborador de medios como El Peri\u00f3dico de Catalunya, Peri\u00f3dico Diagonal, Gara o Vice News Espa\u00f1a. Graduado en Fotograf\u00eda en la Universitat Polit\u00e8cnica de Catalunya, especializado en Fotograf\u00eda Profesional y Fotoperiodismo.<\/p>\n<ul>\n<li>Coordinaci\u00f3n de la escuela<\/li>\n<li><a href=\"https:\/\/www.datecuenta.org\/escuelalibre\/curso-avanzado-fotografia\/\" target=\"_blank\" rel=\"noopener\">Curso de profesionalizaci\u00f3n en fotograf\u00eda<\/a><\/li>\n<\/ul>\n<p>[\/et_pb_text][\/et_pb_column][et_pb_column type=\u00bb1_4&#8243; _builder_version=\u00bb4.17.4&#8243; _module_preset=\u00bbdefault\u00bb global_colors_info=\u00bb{}\u00bb][et_pb_text _builder_version=\u00bb4.25.1&#8243; _module_preset=\u00bbdefault\u00bb text_line_height=\u00bb1.5em\u00bb header_4_font_size=\u00bb27px\u00bb header_4_line_height=\u00bb1.2em\u00bb text_font_size_tablet=\u00bb\u00bb text_font_size_phone=\u00bb16px\u00bb text_font_size_last_edited=\u00bbon|phone\u00bb header_4_font_size_tablet=\u00bb27px\u00bb header_4_font_size_phone=\u00bb24px\u00bb header_4_font_size_last_edited=\u00bbon|desktop\u00bb global_colors_info=\u00bb{}\u00bb]<\/p>\n<h4>M\u00d3NICA SOLANAS<\/h4>\n<p><strong><a href=\"https:\/\/otrasrelecturas.com\/\">Web<\/a> | <a rel=\"noopener noreferrer\" href=\"http:\/\/www.twitter.com\/monicontomate\" target=\"_blank\">Twitter<\/a><\/strong><\/p>\n<p><strong>Periodista<\/strong><\/p>\n<p>\u201cNac\u00ed con un l\u00e1piz y una libreta en una mano, mientras con la otra arrastraba alg\u00fan libro. La curiosidad hizo el resto.\u201d<\/p>\n<p><strong>Licenciada en Publicidad y Periodismo<\/strong>, es formadora habitual en centros como la <a href=\"https:\/\/web.archive.org\/web\/20230924102322\/http:\/\/www.protocolo.com\/\">Escuela Internacional de Protocolo<\/a>, el <a href=\"https:\/\/web.archive.org\/web\/20230924102322\/http:\/\/guia.barcelona.cat\/es\/detall\/centre-civic-pati-llimona_92086035951.html\">Centre C\u00edvic Pati Llimona<\/a> o la <a href=\"https:\/\/web.archive.org\/web\/20230924102322\/http:\/\/guia.barcelona.cat\/es\/detall\/centre-civic-la-casa-elizalde_92086007784.html\">Casa Elizalde<\/a>.<\/p>\n<p>Una de las miembros m\u00e1s activas de DateCuenta, participando en la gesti\u00f3n de la escuela, periodismo de investigaci\u00f3n o en proyectos como \u00abVencidxs\u00bb.<\/p>\n<ul>\n<li>Apoyo de coordinaci\u00f3n<\/li>\n<\/ul>\n<p>&nbsp;<\/p>\n<p>[\/et_pb_text][\/et_pb_column][\/et_pb_row][\/et_pb_section][et_pb_section fb_built=\u00bb1&#8243; disabled_on=\u00bboff|off|off\u00bb _builder_version=\u00bb4.16&#8243; _module_preset=\u00bbdefault\u00bb custom_margin=\u00bb0px||0px||false|false\u00bb custom_padding=\u00bb0px||0px||false|false\u00bb global_colors_info=\u00bb{}\u00bb][et_pb_row use_custom_gutter=\u00bbon\u00bb make_equal=\u00bbon\u00bb _builder_version=\u00bb4.16&#8243; _module_preset=\u00bbdefault\u00bb background_color=\u00bbRGBA(255,255,255,0)\u00bb width=\u00bb90%\u00bb max_width=\u00bb1725px\u00bb module_alignment=\u00bbcenter\u00bb custom_padding=\u00bb0px||0px||false|false\u00bb border_color_bottom=\u00bb#000000&#8243; global_colors_info=\u00bb{}\u00bb][et_pb_column type=\u00bb4_4&#8243; _builder_version=\u00bb4.16&#8243; _module_preset=\u00bbdefault\u00bb background_color=\u00bbRGBA(255,255,255,0)\u00bb custom_padding=\u00bb||||false|false\u00bb border_color_right=\u00bb#000000&#8243; global_colors_info=\u00bb{}\u00bb][et_pb_divider color=\u00bb#000000&#8243; divider_position=\u00bbcenter\u00bb divider_weight=\u00bb6px\u00bb _builder_version=\u00bb4.16&#8243; _module_preset=\u00bbdefault\u00bb custom_margin=\u00bb31px||31px||true|false\u00bb custom_margin_tablet=\u00bb31px||31px||true|false\u00bb custom_margin_phone=\u00bb23px||23px||true|false\u00bb custom_margin_last_edited=\u00bbon|tablet\u00bb global_colors_info=\u00bb{}\u00bb][\/et_pb_divider][\/et_pb_column][\/et_pb_row][\/et_pb_section][et_pb_section fb_built=\u00bb1&#8243; disabled_on=\u00bboff|off|off\u00bb _builder_version=\u00bb4.16&#8243; _module_preset=\u00bbdefault\u00bb custom_margin=\u00bb34px||34px||true|false\u00bb custom_padding=\u00bb21px||21px||true|false\u00bb global_colors_info=\u00bb{}\u00bb][et_pb_row column_structure=\u00bb1_2,1_2&#8243; use_custom_gutter=\u00bbon\u00bb make_equal=\u00bbon\u00bb _builder_version=\u00bb4.16&#8243; _module_preset=\u00bbdefault\u00bb background_color=\u00bbRGBA(255,255,255,0)\u00bb width=\u00bb90%\u00bb max_width=\u00bb1725px\u00bb module_alignment=\u00bbcenter\u00bb custom_padding=\u00bb0px||0px||false|false\u00bb border_color_bottom=\u00bb#000000&#8243; global_colors_info=\u00bb{}\u00bb][et_pb_column type=\u00bb1_2&#8243; _builder_version=\u00bb4.16&#8243; _module_preset=\u00bbdefault\u00bb background_color=\u00bbRGBA(255,255,255,0)\u00bb custom_padding=\u00bb||||false|false\u00bb border_color_right=\u00bb#000000&#8243; global_colors_info=\u00bb{}\u00bb][et_pb_text disabled_on=\u00bboff|off|off\u00bb _builder_version=\u00bb4.25.1&#8243; _module_preset=\u00bbdefault\u00bb text_line_height=\u00bb1.6em\u00bb header_2_font=\u00bbInter|900|||||||\u00bb header_2_font_size=\u00bb47px\u00bb header_2_line_height=\u00bb1.2em\u00bb header_3_font_size=\u00bb47px\u00bb header_3_line_height=\u00bb1.1em\u00bb min_height=\u00bb114.2px\u00bb custom_margin=\u00bb0px||12px||false|false\u00bb header_2_font_size_tablet=\u00bb45px\u00bb header_2_font_size_phone=\u00bb33px\u00bb header_2_font_size_last_edited=\u00bbon|phone\u00bb header_2_line_height_tablet=\u00bb1.1em\u00bb header_2_line_height_phone=\u00bb1.1em\u00bb header_2_line_height_last_edited=\u00bbon|desktop\u00bb header_3_font_size_tablet=\u00bb45px\u00bb header_3_font_size_phone=\u00bb33px\u00bb header_3_font_size_last_edited=\u00bbon|phone\u00bb global_colors_info=\u00bb{}\u00bb]<\/p>\n<h3><span style=\"text-decoration: underline;\">COLABORADORAS Y\u00a0<\/span><span style=\"color: #988cbe;\"> COLABORADORES<\/span><\/h3>\n<p>&nbsp;<\/p>\n<p>[\/et_pb_text][\/et_pb_column][et_pb_column type=\u00bb1_2&#8243; _builder_version=\u00bb4.16&#8243; _module_preset=\u00bbdefault\u00bb background_color=\u00bbRGBA(255,255,255,0)\u00bb custom_padding=\u00bb||||false|false\u00bb border_color_right=\u00bb#000000&#8243; global_colors_info=\u00bb{}\u00bb][et_pb_text _builder_version=\u00bb4.25.1&#8243; _module_preset=\u00bbdefault\u00bb global_colors_info=\u00bb{}\u00bb]<\/p>\n<p>Por la escuela DateCuenta han pasado decenas de colaboradores y colaboradoras que nos han ayudado puntualmente como profesores, talleristas o ponentes de masterclases. Algunas de las muchas colaboradoras que han pasado han sido:<\/p>\n<p>[\/et_pb_text][\/et_pb_column][\/et_pb_row][et_pb_row column_structure=\u00bb1_2,1_2&#8243; use_custom_gutter=\u00bbon\u00bb make_equal=\u00bbon\u00bb _builder_version=\u00bb4.16&#8243; _module_preset=\u00bbdefault\u00bb background_color=\u00bbRGBA(255,255,255,0)\u00bb width=\u00bb90%\u00bb max_width=\u00bb1725px\u00bb module_alignment=\u00bbcenter\u00bb custom_margin=\u00bb|auto|-3px|auto||\u00bb custom_padding=\u00bb0px||0px||false|false\u00bb border_color_bottom=\u00bb#000000&#8243; global_colors_info=\u00bb{}\u00bb][et_pb_column type=\u00bb1_2&#8243; _builder_version=\u00bb4.16&#8243; _module_preset=\u00bbdefault\u00bb background_color=\u00bbRGBA(255,255,255,0)\u00bb custom_padding=\u00bb||||false|false\u00bb border_color_right=\u00bb#000000&#8243; global_colors_info=\u00bb{}\u00bb][et_pb_text _builder_version=\u00bb4.16&#8243; _module_preset=\u00bbdefault\u00bb text_font_size=\u00bb19px\u00bb text_line_height=\u00bb1.6em\u00bb header_2_font=\u00bbInter|900|||||||\u00bb header_2_font_size=\u00bb42px\u00bb header_3_font_size=\u00bb32px\u00bb custom_margin=\u00bb||0px||false|false\u00bb text_font_size_tablet=\u00bb19px\u00bb text_font_size_phone=\u00bb19px\u00bb text_font_size_last_edited=\u00bbon|phone\u00bb global_colors_info=\u00bb{}\u00bb]<\/p>\n<ul>\n<li>Fot\u00f3grafas como <strong><a href=\"https:\/\/www.datecuenta.org\/escuelalibre\/amor-cronica-ana-alvarez-errecalde\/\" target=\"_blank\" rel=\"noreferrer noopener\">Cecilia Coca (artista), Ana \u00c1lvarez-Errecalde (artista)<\/a><\/strong>, Lourdes Segade (arte terapia), <strong>Noem\u00ed El\u00edas, <\/strong><strong>Inma Alcario<\/strong> y <strong>Anna Biosca (publicidad)<\/strong>, <strong>Laura de Benito (moda)<\/strong>, <strong>Albert Mas\u00f3<\/strong> (naturaleza), <strong><a href=\"https:\/\/www.datecuenta.org\/escuelalibre\/xavier-torres-bacchetta-fotografia-editorial\/\" target=\"_blank\" rel=\"noreferrer noopener\">Xavier Torres Bachetta<\/a><\/strong> (retrato editorial), <a href=\"https:\/\/www.datecuenta.org\/escuelalibre\/carmen-aguado-espinosa-fotografia-espejo\/\" target=\"_blank\" rel=\"noreferrer noopener\"><strong><span style=\"color: #000000;\">Carmen Aguado Espinosa<\/span><\/strong><\/a> o <a href=\"https:\/\/www.datecuenta.org\/escuelalibre\/paula-artes-arte-contra-el-poder-y-el-abuso\/\"><strong>Paula Art\u00e9s<\/strong><\/a> (art\u00edstica) o <strong><a href=\"https:\/\/www.datecuenta.org\/escuelalibre\/sofia-moro-entrevista\/\" target=\"_blank\" rel=\"noreferrer noopener\">Sof\u00eda Moro<\/a><\/strong> (retrato editorial).<\/li>\n<li><strong>Realizadores y cineastas <\/strong>como <strong><a href=\"https:\/\/www.datecuenta.org\/escuelalibre\/masterclase-cineasta-lluis-escartin\/\" target=\"_blank\" rel=\"noreferrer noopener\">Luis Escart\u00edn<\/a><\/strong> (cineasta), <strong>Paco Poch <\/strong>(productor), <strong>Amanda Villavieja<\/strong> (sonidista), <strong>Anna Giralt<\/strong> (documentalista) o la productora <strong><a href=\"https:\/\/www.datecuenta.org\/escuelalibre\/namussfilms-curso-cine-documental\/\" target=\"_blank\" rel=\"noreferrer noopener\">Namuss Films<\/a><\/strong> (documentalistas).<\/li>\n<li><strong>Fotoperiodistas<\/strong> como <strong>Sandra Balsells <\/strong>(documental), <a href=\"https:\/\/oscardhooge.com\/\" target=\"_blank\" rel=\"noreferrer noopener\"><strong><\/strong><\/a> <strong>Elisenda Pons <\/strong>(prensa), <strong>Anna Boy\u00e9<\/strong> (documental), <strong>Manel Armengol<\/strong> (prensa), <strong>David Meseguer<\/strong> (editor), <strong>Joan Guerrero<\/strong> (freelance), <strong>Jordi Cotrina<\/strong> (deportes), <strong><a href=\"https:\/\/www.datecuenta.org\/escuelalibre\/fotoperiodismo-conflictos\/\" target=\"_blank\" rel=\"noreferrer noopener\">Anna Surinyach<\/a><\/strong> (editora), <strong><a href=\"https:\/\/www.datecuenta.org\/escuelalibre\/fotoperiodismo-conflictos\/\" target=\"_blank\" rel=\"noreferrer noopener\">Juan Carlos Tomasi<\/a><\/strong> (fotograf\u00eda humanitaria).<\/li>\n<\/ul>\n<p>[\/et_pb_text][\/et_pb_column][et_pb_column type=\u00bb1_2&#8243; _builder_version=\u00bb4.16&#8243; _module_preset=\u00bbdefault\u00bb custom_padding=\u00bb||||false|false\u00bb border_color_right=\u00bb#000000&#8243; global_colors_info=\u00bb{}\u00bb][et_pb_text _builder_version=\u00bb4.25.1&#8243; _module_preset=\u00bbdefault\u00bb text_font_size=\u00bb19px\u00bb text_line_height=\u00bb1.6em\u00bb header_2_font=\u00bbInter|900|||||||\u00bb header_2_font_size=\u00bb42px\u00bb header_3_font_size=\u00bb32px\u00bb custom_margin=\u00bb||0px||false|false\u00bb custom_padding=\u00bb0px|||||\u00bb text_font_size_tablet=\u00bb19px\u00bb text_font_size_phone=\u00bb19px\u00bb text_font_size_last_edited=\u00bbon|phone\u00bb global_colors_info=\u00bb{}\u00bb]<\/p>\n<ul>\n<li><strong>Periodistas internacionales<\/strong> como <strong><a href=\"https:\/\/www.datecuenta.org\/escuelalibre\/mujeres-periodistas\/\" target=\"_blank\" rel=\"noreferrer noopener\">Montse Santolino<\/a><\/strong>, <strong><a href=\"https:\/\/www.reporterojesus.com\/\" target=\"_blank\" rel=\"noreferrer noopener\">Jes\u00fas Mart\u00ednez<\/a><\/strong>, <strong><a href=\"https:\/\/www.datecuenta.org\/escuelalibre\/periodistas-asesinados-mexico\/\" target=\"_blank\" rel=\"noreferrer noopener\">Ali Pacheco o N\u00e9stor Troncoso<\/a><\/strong>.<strong><\/strong><\/li>\n<li><strong>Medios de comunicaci\u00f3n<\/strong> como <strong>La Marea, La Directa, Catalunya Plural-Eldiario.es, Revista 5W, Districte15, Sicom televisi\u00f3<\/strong> <strong>y colectivos como<\/strong> <strong>Fotomovimiento, Foto Colectania<\/strong>, <strong>Taula per M\u00e8xic<\/strong> o <strong>Photographic Social Vision<\/strong>.<\/li>\n<\/ul>\n<p>[\/et_pb_text][\/et_pb_column][\/et_pb_row][\/et_pb_section][et_pb_section fb_built=\u00bb1&#8243; disabled_on=\u00bboff|off|off\u00bb _builder_version=\u00bb4.16&#8243; _module_preset=\u00bbdefault\u00bb custom_margin=\u00bb0px||0px||false|false\u00bb custom_padding=\u00bb0px||0px||false|false\u00bb global_colors_info=\u00bb{}\u00bb][et_pb_row use_custom_gutter=\u00bbon\u00bb make_equal=\u00bbon\u00bb _builder_version=\u00bb4.16&#8243; _module_preset=\u00bbdefault\u00bb background_color=\u00bbRGBA(255,255,255,0)\u00bb width=\u00bb90%\u00bb max_width=\u00bb1725px\u00bb module_alignment=\u00bbcenter\u00bb custom_padding=\u00bb0px||0px||false|false\u00bb border_color_bottom=\u00bb#000000&#8243; global_colors_info=\u00bb{}\u00bb][et_pb_column type=\u00bb4_4&#8243; _builder_version=\u00bb4.16&#8243; _module_preset=\u00bbdefault\u00bb background_color=\u00bbRGBA(255,255,255,0)\u00bb custom_padding=\u00bb||||false|false\u00bb border_color_right=\u00bb#000000&#8243; global_colors_info=\u00bb{}\u00bb][et_pb_divider color=\u00bb#000000&#8243; divider_position=\u00bbcenter\u00bb divider_weight=\u00bb6px\u00bb _builder_version=\u00bb4.16&#8243; _module_preset=\u00bbdefault\u00bb custom_margin=\u00bb31px||31px||true|false\u00bb custom_margin_tablet=\u00bb31px||31px||true|false\u00bb custom_margin_phone=\u00bb23px||23px||true|false\u00bb custom_margin_last_edited=\u00bbon|tablet\u00bb global_colors_info=\u00bb{}\u00bb][\/et_pb_divider][\/et_pb_column][\/et_pb_row][\/et_pb_section][et_pb_section fb_built=\u00bb1&#8243; disabled_on=\u00bboff|off|off\u00bb _builder_version=\u00bb4.16&#8243; _module_preset=\u00bbdefault\u00bb custom_margin=\u00bb40px||40px||true|false\u00bb custom_padding=\u00bb21px||21px||true|false\u00bb global_colors_info=\u00bb{}\u00bb][et_pb_row column_structure=\u00bb1_2,1_2&#8243; use_custom_gutter=\u00bbon\u00bb make_equal=\u00bbon\u00bb _builder_version=\u00bb4.16&#8243; _module_preset=\u00bbdefault\u00bb background_color=\u00bbRGBA(255,255,255,0)\u00bb width=\u00bb90%\u00bb max_width=\u00bb1725px\u00bb module_alignment=\u00bbcenter\u00bb custom_padding=\u00bb0px||0px||false|false\u00bb border_color_bottom=\u00bb#000000&#8243; global_colors_info=\u00bb{}\u00bb][et_pb_column type=\u00bb1_2&#8243; _builder_version=\u00bb4.16&#8243; _module_preset=\u00bbdefault\u00bb background_color=\u00bbRGBA(255,255,255,0)\u00bb custom_padding=\u00bb||||false|false\u00bb border_color_right=\u00bb#000000&#8243; global_colors_info=\u00bb{}\u00bb][et_pb_text disabled_on=\u00bboff|off|off\u00bb _builder_version=\u00bb4.25.1&#8243; _module_preset=\u00bbdefault\u00bb text_line_height=\u00bb1.6em\u00bb header_2_font=\u00bbInter|900|||||||\u00bb header_2_font_size=\u00bb47px\u00bb header_2_line_height=\u00bb1.2em\u00bb header_3_font_size=\u00bb47px\u00bb header_3_line_height=\u00bb1.1em\u00bb custom_margin=\u00bb0px||12px||false|false\u00bb header_2_font_size_tablet=\u00bb45px\u00bb header_2_font_size_phone=\u00bb33px\u00bb header_2_font_size_last_edited=\u00bbon|phone\u00bb header_2_line_height_tablet=\u00bb1.1em\u00bb header_2_line_height_phone=\u00bb1.1em\u00bb header_2_line_height_last_edited=\u00bbon|desktop\u00bb header_3_font_size_tablet=\u00bb45px\u00bb header_3_font_size_phone=\u00bb33px\u00bb header_3_font_size_last_edited=\u00bbon|phone\u00bb global_colors_info=\u00bb{}\u00bb]<\/p>\n<h3>UNA ENTIDAD RECONOCIDA <span style=\"color: #988cbe;\"> POR SU VERTIENTE SOCIAL<\/span><\/h3>\n<p>[\/et_pb_text][\/et_pb_column][et_pb_column type=\u00bb1_2&#8243; _builder_version=\u00bb4.16&#8243; _module_preset=\u00bbdefault\u00bb custom_padding=\u00bb||||false|false\u00bb border_color_right=\u00bb#000000&#8243; global_colors_info=\u00bb{}\u00bb][et_pb_text _builder_version=\u00bb4.16&#8243; _module_preset=\u00bbdefault\u00bb text_font_size=\u00bb19px\u00bb text_line_height=\u00bb1.6em\u00bb header_2_font=\u00bbInter|900|||||||\u00bb header_2_font_size=\u00bb42px\u00bb header_3_font_size=\u00bb32px\u00bb custom_margin=\u00bb||0px||false|false\u00bb text_font_size_tablet=\u00bb19px\u00bb text_font_size_phone=\u00bb19px\u00bb text_font_size_last_edited=\u00bbon|phone\u00bb global_colors_info=\u00bb{}\u00bb]<\/p>\n<p>La Asociaci\u00f3n DateCuenta combina su labor formativa con la realizaci\u00f3n de decenas de trabajos period\u00edsticos, expuestos y difundidos en centenares de ocasiones. La entidad ha sido reconocida<strong> con premios a su trayectoria o por trabajos concretos, <\/strong>como el <strong>Mejor Documental<\/strong> en el Festival de Cine de Drets Humans de Barcelona o el <strong>Premio a la Recuperaci\u00f3n de la Memoria Hist\u00f3rica<\/strong> &#8216;Luis Romero Solano&#8217;. Los proyectos de DateCuenta han sido presentados por entidades como Amnist\u00eda Internacional Catalunya y la entidad colabora con todo tipo entidades \u00e9ticas como M\u00e9dicos sin Fronteras o la Taula Eix Pere IV.<\/p>\n<p>[\/et_pb_text][\/et_pb_column][\/et_pb_row][\/et_pb_section][et_pb_section fb_built=\u00bb1&#8243; disabled_on=\u00bboff|off|off\u00bb _builder_version=\u00bb4.16&#8243; _module_preset=\u00bbdefault\u00bb custom_margin=\u00bb0px||0px||false|false\u00bb custom_padding=\u00bb0px||0px||false|false\u00bb global_colors_info=\u00bb{}\u00bb][et_pb_row use_custom_gutter=\u00bbon\u00bb make_equal=\u00bbon\u00bb _builder_version=\u00bb4.16&#8243; _module_preset=\u00bbdefault\u00bb background_color=\u00bbRGBA(255,255,255,0)\u00bb width=\u00bb90%\u00bb max_width=\u00bb1725px\u00bb module_alignment=\u00bbcenter\u00bb custom_padding=\u00bb0px||0px||false|false\u00bb border_color_bottom=\u00bb#000000&#8243; global_colors_info=\u00bb{}\u00bb][et_pb_column type=\u00bb4_4&#8243; _builder_version=\u00bb4.16&#8243; _module_preset=\u00bbdefault\u00bb background_color=\u00bbRGBA(255,255,255,0)\u00bb custom_padding=\u00bb||||false|false\u00bb border_color_right=\u00bb#000000&#8243; global_colors_info=\u00bb{}\u00bb][et_pb_divider color=\u00bb#000000&#8243; divider_position=\u00bbcenter\u00bb divider_weight=\u00bb6px\u00bb _builder_version=\u00bb4.16&#8243; _module_preset=\u00bbdefault\u00bb custom_margin=\u00bb31px||31px||true|false\u00bb custom_margin_tablet=\u00bb31px||31px||true|false\u00bb custom_margin_phone=\u00bb23px||23px||true|false\u00bb custom_margin_last_edited=\u00bbon|tablet\u00bb global_colors_info=\u00bb{}\u00bb][\/et_pb_divider][\/et_pb_column][\/et_pb_row][\/et_pb_section][et_pb_section fb_built=\u00bb1&#8243; disabled_on=\u00bboff|off|off\u00bb _builder_version=\u00bb4.16&#8243; _module_preset=\u00bbdefault\u00bb custom_margin=\u00bb40px||40px||true|false\u00bb custom_padding=\u00bb21px||21px||true|false\u00bb global_colors_info=\u00bb{}\u00bb][et_pb_row column_structure=\u00bb1_2,1_2&#8243; use_custom_gutter=\u00bbon\u00bb make_equal=\u00bbon\u00bb _builder_version=\u00bb4.16&#8243; _module_preset=\u00bbdefault\u00bb background_color=\u00bbRGBA(255,255,255,0)\u00bb width=\u00bb90%\u00bb max_width=\u00bb1725px\u00bb module_alignment=\u00bbcenter\u00bb custom_padding=\u00bb0px||0px||false|false\u00bb border_color_bottom=\u00bb#000000&#8243; global_colors_info=\u00bb{}\u00bb][et_pb_column type=\u00bb1_2&#8243; _builder_version=\u00bb4.16&#8243; _module_preset=\u00bbdefault\u00bb background_color=\u00bbRGBA(255,255,255,0)\u00bb custom_padding=\u00bb||||false|false\u00bb border_color_right=\u00bb#000000&#8243; global_colors_info=\u00bb{}\u00bb][et_pb_text disabled_on=\u00bboff|off|off\u00bb _builder_version=\u00bb4.25.1&#8243; _module_preset=\u00bbdefault\u00bb text_line_height=\u00bb1.6em\u00bb header_2_font=\u00bbInter|900|||||||\u00bb header_2_font_size=\u00bb47px\u00bb header_2_line_height=\u00bb1.2em\u00bb header_3_font_size=\u00bb47px\u00bb header_3_line_height=\u00bb1.1em\u00bb custom_margin=\u00bb0px||12px||false|false\u00bb header_2_font_size_tablet=\u00bb45px\u00bb header_2_font_size_phone=\u00bb33px\u00bb header_2_font_size_last_edited=\u00bbon|phone\u00bb header_2_line_height_tablet=\u00bb1.1em\u00bb header_2_line_height_phone=\u00bb1.1em\u00bb header_2_line_height_last_edited=\u00bbon|desktop\u00bb header_3_font_size_tablet=\u00bb45px\u00bb header_3_font_size_phone=\u00bb33px\u00bb header_3_font_size_last_edited=\u00bbon|phone\u00bb global_colors_info=\u00bb{}\u00bb]<\/p>\n<h3>PODCAST <br \/><span style=\"color: #988cbe;\">15 ANIVERSARIO DATECUENTA<br \/><\/span><\/h3>\n<p>[\/et_pb_text][et_pb_text _builder_version=\u00bb4.25.1&#8243; _module_preset=\u00bbdefault\u00bb global_colors_info=\u00bb{}\u00bb]<\/p>\n<p>\u00bfQuieres conocer m\u00e1s sobre nuestro equipo docente? En 2025 publicamos este podcast coincidiendo con nuestro 15 aniversario.<\/p>\n<p><span class=\"yt-core-attributed-string yt-core-attributed-string--white-space-pre-wrap\" dir=\"auto\"><span class=\"yt-core-attributed-string--link-inherit-color\" style=\"color: #131313;\" dir=\"auto\">Pasaporte, motor de cambio, llave de muchas puertas, \u00bfqu\u00e9 aporta la fotograf\u00eda en sus vidas? \u00bfQu\u00e9 les aporta ense\u00f1ar fotograf\u00eda? \u00bfC\u00f3mo ven el futuro de la fotograf\u00eda?<\/span><\/span><\/p>\n<p>[\/et_pb_text][\/et_pb_column][et_pb_column type=\u00bb1_2&#8243; _builder_version=\u00bb4.16&#8243; _module_preset=\u00bbdefault\u00bb custom_padding=\u00bb||||false|false\u00bb border_color_right=\u00bb#000000&#8243; global_colors_info=\u00bb{}\u00bb][et_pb_text _builder_version=\u00bb4.25.1&#8243; _module_preset=\u00bbdefault\u00bb text_font_size=\u00bb19px\u00bb text_line_height=\u00bb1.6em\u00bb header_2_font=\u00bbInter|900|||||||\u00bb header_2_font_size=\u00bb42px\u00bb header_3_font_size=\u00bb32px\u00bb custom_margin=\u00bb||0px||false|false\u00bb text_font_size_tablet=\u00bb19px\u00bb text_font_size_phone=\u00bb19px\u00bb text_font_size_last_edited=\u00bbon|phone\u00bb global_colors_info=\u00bb{}\u00bb]<iframe loading=\"lazy\" width=\"560\" height=\"315\" src=\"https:\/\/www.youtube.com\/embed\/dptshn2swvY?si=JISl9movfdVI8W5H\" title=\"YouTube video player\" frameborder=\"0\" allow=\"accelerometer; autoplay; clipboard-write; encrypted-media; gyroscope; picture-in-picture; web-share\" referrerpolicy=\"strict-origin-when-cross-origin\" allowfullscreen><\/iframe>[\/et_pb_text][\/et_pb_column][\/et_pb_row][\/et_pb_section]<\/p>\n","protected":false},"excerpt":{"rendered":"<p>LOS PROFESORES DE NUESTROS CURSOS DE FOTOGRAF\u00cdA Y COMUNICACI\u00d3N AUDIOVISUAL SON PROFESIONALES EN EL D\u00cdA A D\u00cdALos profesores de nuestra escuela de fotograf\u00eda y comunicaci\u00f3n son profesionales activos y en constante renovaci\u00f3n. La escuela DateCuenta se cre\u00f3 para poder acercar las profesiones al alumnado de forma cr\u00edtica, econ\u00f3mica y atendiendo a los retos actuales de [&hellip;]<\/p>\n","protected":false},"author":1001003,"featured_media":0,"parent":0,"menu_order":2,"comment_status":"closed","ping_status":"closed","template":"","meta":{"_et_pb_use_builder":"on","_et_pb_old_content":"<!-- wp:heading -->\n<h2 class=\"wp-block-heading\">Los profesores de los cursos de fotograf\u00eda y comunicaci\u00f3n son profesionales en el d\u00eda a d\u00eda<\/h2>\n<!-- \/wp:heading -->\n\n<!-- wp:paragraph -->\n<p>Los profesores de nuestra <strong>escuela de fotograf\u00eda<\/strong> y comunicaci\u00f3n son profesionales activos y en constante renovaci\u00f3n. La <a href=\"http:\/\/www.datecuenta.org\/escuelalibre\">escuela DateCuenta<\/a> se cre\u00f3 para poder acercar las profesiones al alumnado de forma cr\u00edtica, actual y econ\u00f3mica.<\/p>\n<!-- \/wp:paragraph -->\n\n<!-- wp:heading -->\n<h2 class=\"wp-block-heading\">Estos son los docentes de los cursos anuales<\/h2>\n<!-- \/wp:heading -->\n\n<!-- wp:columns -->\n<div class=\"wp-block-columns\"><!-- wp:column -->\n<div class=\"wp-block-column\"><!-- wp:heading {\"level\":4} -->\n<h4 class=\"wp-block-heading\">WAYRA FICAPAL<\/h4>\n<!-- \/wp:heading -->\n\n<!-- wp:paragraph -->\n<p><a rel=\"noreferrer noopener\" href=\"https:\/\/www.instagram.com\/wayraficapal\/\" target=\"_blank\"><strong>Twitter<\/strong><\/a><\/p>\n<!-- \/wp:paragraph -->\n\n<!-- wp:paragraph -->\n<p><strong>Editora gr\u00e1fica, fot\u00f3grafa y periodista<\/strong><\/p>\n<!-- \/wp:paragraph -->\n\n<!-- wp:image {\"id\":3071,\"sizeSlug\":\"large\"} -->\n<figure class=\"wp-block-image size-large\"><img src=\"http:\/\/www.datecuenta.org\/escuelalibre\/wp-content\/uploads\/2018\/07\/wayra_bio.jpg\" alt=\"Wayra Ficapal profesora DateCuenta\" class=\"wp-image-3071\"\/><\/figure>\n<!-- \/wp:image -->\n\n<!-- wp:paragraph -->\n<p>Cree en la <strong>funci\u00f3n social de la fotograf\u00eda<\/strong> y el periodismo como herramienta para cambiar conciencias y derribar prejuicios. Ha <strong>publicado en medios<\/strong> como La Vanguardia, Ara, El Peri\u00f3dico, Gara y La Llan\u00e7a.&nbsp;Ha trabajado en el diari Ara como <strong>editora gr\u00e1fica. <\/strong>Ha desarrollado proyectos sobre el genocidio ind\u00edgena en Bolivia, violencia machista o identidad de g\u00e9nero. Graduada en Periodismo y m\u00e1ster en Periodismo y Relaciones Internacionales por la Facultad de Comunicaci\u00f3n Blanquerna \u2013 URL. Titulada en el Curso de Especializaci\u00f3n en Fotoperiodismo por el Institut d\u2019Estudis Fotogr\u00e0fics de Catalunya.&nbsp;Beca Clic Fotoperiodisme Jove 2019 y Beca Albarrac\u00edn 2018. Finalista en el 15\u00e8 F\u00f2rum Fotogr\u00e0fic Can Bast\u00e9 y finalista en la Beca Photon 2019.<\/p>\n<!-- \/wp:paragraph -->\n\n<!-- wp:paragraph -->\n<p><strong>Cursos impartidos:<\/strong><\/p>\n<!-- \/wp:paragraph -->\n\n<!-- wp:list -->\n<ul><!-- wp:list-item -->\n<li><a href=\"https:\/\/www.datecuenta.org\/escuelalibre\/curso-iniciacion-fotografia\/\" target=\"_blank\" rel=\"noreferrer noopener\">Curso de iniciaci\u00f3n a la fotograf\u00eda<\/a><\/li>\n<!-- \/wp:list-item --><\/ul>\n<!-- \/wp:list --><\/div>\n<!-- \/wp:column -->\n\n<!-- wp:column -->\n<div class=\"wp-block-column\"><!-- wp:heading {\"level\":4} -->\n<h4 class=\"wp-block-heading\"><strong>D\u00cdDAC SALAU<\/strong><\/h4>\n<!-- \/wp:heading -->\n\n<!-- wp:paragraph -->\n<p><a rel=\"noreferrer noopener\" href=\"http:\/\/instagram.com\/alupitasupostalita\" target=\"_blank\"><strong>Instagram<\/strong><\/a><br><br><strong>Fot\u00f3grafo art\u00edstico y fotoperiodista<\/strong><\/p>\n<!-- \/wp:paragraph -->\n\n<!-- wp:image {\"id\":4067,\"sizeSlug\":\"large\"} -->\n<figure class=\"wp-block-image size-large\"><img src=\"http:\/\/www.datecuenta.org\/escuelalibre\/wp-content\/uploads\/2020\/06\/Didac-Salau-docente-iluminacio\u0301n-escuela-datecuenta.jpg\" alt=\"Didac Salau docente de iluminacion datecuenta\" class=\"wp-image-4067\"\/><\/figure>\n<!-- \/wp:image -->\n\n<!-- wp:paragraph -->\n<p>Fot\u00f3grafo dedicado a la fotograf\u00eda documental y de autor. Iniciado en el freelancismo <strong>fotoperiod\u00edstico<\/strong>, tras colaborar con diferentes medios de comunicaci\u00f3n y editoriales, trabaj\u00f3 como <strong>fot\u00f3grafo en plantilla<\/strong> del rotativo \"Diari d\u2019Andorra\". Desde entonces ha evolucionado hacia una <strong>fotograf\u00eda m\u00e1s reflexiva<\/strong>, y actualmente compagina proyectos relacionados con la pedagog\u00eda de la imagen y la fotograf\u00eda de autor con otros trabajos propios del estudio fotogr\u00e1fico. \u201cNi el cazar fotoperiod\u00edstico ni el pescar art\u00edstico. A mi modo de ver, la fotograf\u00eda m\u00e1s bien trata de un atrapar que lleve al imaginar\"<\/p>\n<!-- \/wp:paragraph -->\n\n<!-- wp:paragraph -->\n<p><strong>Curso impartido:<\/strong><\/p>\n<!-- \/wp:paragraph -->\n\n<!-- wp:list -->\n<ul><!-- wp:list-item -->\n<li><a href=\"https:\/\/www.datecuenta.org\/escuelalibre\/curso-de-iluminacion-en-estudio\/\" target=\"_blank\" rel=\"noreferrer noopener\">Curso de iluminaci\u00f3n en estudio y en exterior<\/a><\/li>\n<!-- \/wp:list-item --><\/ul>\n<!-- \/wp:list --><\/div>\n<!-- \/wp:column -->\n\n<!-- wp:column -->\n<div class=\"wp-block-column\"><!-- wp:heading {\"level\":4} -->\n<h4 class=\"wp-block-heading\">MARIONA GINER<\/h4>\n<!-- \/wp:heading -->\n\n<!-- wp:paragraph -->\n<p><strong><a rel=\"noreferrer noopener\" href=\"https:\/\/visura.co\/giner\" target=\"_blank\">Web<\/a> | <a rel=\"noreferrer noopener\" href=\"https:\/\/www.instagram.com\/mariona_giner\" target=\"_blank\">Instagram<\/a><\/strong><\/p>\n<!-- \/wp:paragraph -->\n\n<!-- wp:paragraph -->\n<p><strong>Fot\u00f3grafa<\/strong><\/p>\n<!-- \/wp:paragraph -->\n\n<!-- wp:image {\"id\":4112,\"sizeSlug\":\"large\"} -->\n<figure class=\"wp-block-image size-large\"><img src=\"https:\/\/www.datecuenta.org\/escuelalibre\/wp-content\/uploads\/2020\/06\/Mariona-Giner-docente-DateCuent.jpg\" alt=\"\" class=\"wp-image-4112\"\/><\/figure>\n<!-- \/wp:image -->\n\n<!-- wp:paragraph -->\n<p>Especializada en campa\u00f1as de sensibilizaci\u00f3n y acciones fotogr\u00e1ficas para ONG y en desarrollar proyectos de fotograf\u00eda participativa, entendiendo que la fotograf\u00eda puede cumplir diversas funciones para el progreso y la<br>igualdad sociocultural. Coordina el concurso fotogr\u00e1fico \u2018Mirades amb Veu\u2019 de <strong>Metges del M\u00f3n Catalunya<\/strong>. Es licenciada en <strong>Bellas Artes<\/strong> y <strong>doctorada en Comunicaci\u00f3n Audiovisual<\/strong> por la Universitat Ramon Llull. Ha expuesto su trabajo en diferentes ciudades europeas y publicado su trabajo de autor en ediciones como La F\u00e1brica Editorial y Woman.<\/p>\n<!-- \/wp:paragraph -->\n\n<!-- wp:paragraph -->\n<p><strong>Curso impartido:<\/strong><\/p>\n<!-- \/wp:paragraph -->\n\n<!-- wp:list -->\n<ul><!-- wp:list-item -->\n<li><a href=\"https:\/\/www.datecuenta.org\/escuelalibre\/curso-fotografia-artistica\/\" target=\"_blank\" rel=\"noreferrer noopener\">Curso de fotograf\u00eda art\u00edstica<\/a><\/li>\n<!-- \/wp:list-item --><\/ul>\n<!-- \/wp:list --><\/div>\n<!-- \/wp:column --><\/div>\n<!-- \/wp:columns -->\n\n<!-- wp:columns -->\n<div class=\"wp-block-columns\"><!-- wp:column -->\n<div class=\"wp-block-column\"><!-- wp:heading {\"level\":4} -->\n<h4 class=\"wp-block-heading\">M\u00d3NICA SOLANAS<\/h4>\n<!-- \/wp:heading -->\n\n<!-- wp:paragraph -->\n<p><strong><a href=\"https:\/\/otrasrelecturas.com\/\">Web<\/a> | <a rel=\"noreferrer noopener\" href=\"http:\/\/www.twitter.com\/monicontomate\" target=\"_blank\">Twitter<\/a><\/strong><\/p>\n<!-- \/wp:paragraph -->\n\n<!-- wp:paragraph -->\n<p><strong>Periodista<\/strong><\/p>\n<!-- \/wp:paragraph -->\n\n<!-- wp:image {\"id\":2551,\"sizeSlug\":\"large\"} -->\n<figure class=\"wp-block-image size-large\"><img src=\"http:\/\/www.datecuenta.org\/escuelalibre\/wp-content\/uploads\/MoniConTomate-Foto-de-Manuel-Rolda\u0301n.jpg\" alt=\"M\u00f3nica Solanas, de DateCuenta, foto de Manuel Rold\u00e1n\" class=\"wp-image-2551\"\/><\/figure>\n<!-- \/wp:image -->\n\n<!-- wp:paragraph -->\n<p>\u201cNac\u00ed con un l\u00e1piz y una libreta en una mano, mientras con la otra arrastraba alg\u00fan libro. La curiosidad hizo el resto.\u201d <strong>Licenciada en Publicidad y Periodismo<\/strong>, es formadora habitual en centros como la <a href=\"http:\/\/www.protocolo.com\">Escuela Internacional de Protocolo<\/a>, el <a href=\"http:\/\/guia.barcelona.cat\/es\/detall\/centre-civic-pati-llimona_92086035951.html\">Centre C\u00edvic Pati Llimona<\/a> o la <a href=\"http:\/\/guia.barcelona.cat\/es\/detall\/centre-civic-la-casa-elizalde_92086007784.html\">Casa Elizalde<\/a>. <\/p>\n<!-- \/wp:paragraph -->\n\n<!-- wp:paragraph -->\n<p><strong>Curso impartido:<\/strong><\/p>\n<!-- \/wp:paragraph -->\n\n<!-- wp:list -->\n<ul><!-- wp:list-item -->\n<li><a href=\"https:\/\/www.datecuenta.org\/escuelalibre\/curso-escritura-no-ficcion\/\" target=\"_blank\" rel=\"noreferrer noopener\">Curso de escritura de no ficci\u00f3n<\/a><\/li>\n<!-- \/wp:list-item --><\/ul>\n<!-- \/wp:list --><\/div>\n<!-- \/wp:column -->\n\n<!-- wp:column -->\n<div class=\"wp-block-column\"><!-- wp:heading {\"level\":4} -->\n<h4 class=\"wp-block-heading\">JAVIER GUERRA<\/h4>\n<!-- \/wp:heading -->\n\n<!-- wp:paragraph -->\n<p><strong><a rel=\"noreferrer noopener\" href=\"http:\/\/plat.tv\/authors\/javier-gonzalez-guerra\" target=\"_blank\">Plat.tv<\/a><\/strong><\/p>\n<!-- \/wp:paragraph -->\n\n<!-- wp:paragraph -->\n<p><strong>Cineasta<\/strong><\/p>\n<!-- \/wp:paragraph -->\n\n<!-- wp:image {\"id\":2858,\"sizeSlug\":\"large\"} -->\n<figure class=\"wp-block-image size-large\"><img src=\"http:\/\/www.datecuenta.org\/escuelalibre\/wp-content\/uploads\/2016\/05\/javier-guerra-date-cuenta.jpg\" alt=\"javier guerra cineasta docente datecuenta curso cine documental\" class=\"wp-image-2858\"\/><\/figure>\n<!-- \/wp:image -->\n\n<!-- wp:paragraph -->\n<p>Estudia <strong>direcci\u00f3n cinematogr\u00e1fica<\/strong>. Cursa Grado en Historia del arte. Su principal inter\u00e9s dentro del cine es el <strong>documental y cine de ensayo<\/strong>. Ha grabado diversos cortometrajes y a finales de 2014 finaliza su primer largometraje \u2018Antolog\u00eda de Taillet\u2019. Forma parte de PLAT.tv, un archivo f\u00edlmico online. Colabora y organiza el <strong>cinef\u00f3rum en la Universidad de Barcelona y en la Barcelona Academy of Art<\/strong>. Es uno de los impulsores del proyecto colaborativo \u2018<a rel=\"noreferrer noopener\" href=\"https:\/\/vimeo.com\/culturafilmrevista\" target=\"_blank\">Cultura Film (revista filmada)<\/a>\u2019 donde organiza y colabora activamente.<\/p>\n<!-- \/wp:paragraph -->\n\n<!-- wp:paragraph -->\n<p><strong>Cursos impartidos:<\/strong><\/p>\n<!-- \/wp:paragraph -->\n\n<!-- wp:list -->\n<ul><!-- wp:list-item -->\n<li><a href=\"https:\/\/www.datecuenta.org\/escuelalibre\/curso-cine\/\" target=\"_blank\" rel=\"noreferrer noopener\">Curso de realizaci\u00f3n y gui\u00f3n enfocado al cine documental<\/a><\/li>\n<!-- \/wp:list-item --><\/ul>\n<!-- \/wp:list --><\/div>\n<!-- \/wp:column -->\n\n<!-- wp:column -->\n<div class=\"wp-block-column\"><!-- wp:heading {\"level\":4} -->\n<h4 class=\"wp-block-heading\">ANA \u00c1LVAREZ-ERRECALDE<\/h4>\n<!-- \/wp:heading -->\n\n<!-- wp:paragraph -->\n<p><a href=\"http:\/\/www.alvarezerrecalde.com\" target=\"_blank\" rel=\"noreferrer noopener\"><strong>Web<\/strong><\/a> | <a href=\"https:\/\/www.instagram.com\/anaalvarezerrecalde\/\" target=\"_blank\" rel=\"noreferrer noopener\"><strong>Instagram<\/strong><\/a><\/p>\n<!-- \/wp:paragraph -->\n\n<!-- wp:paragraph -->\n<p><strong>Artista visual, fot\u00f3grafa y escritora<\/strong><\/p>\n<!-- \/wp:paragraph -->\n\n<!-- wp:image {\"id\":4853,\"sizeSlug\":\"large\",\"linkDestination\":\"none\"} -->\n<figure class=\"wp-block-image size-large\"><img src=\"https:\/\/www.datecuenta.org\/escuelalibre\/wp-content\/uploads\/2021\/09\/Ana-Alvarez-Errecalde-escuela-DateCuenta.jpg\" alt=\"\" class=\"wp-image-4853\"\/><\/figure>\n<!-- \/wp:image -->\n\n<!-- wp:paragraph -->\n<p>Con su obra busca crear nuevos referentes visuales para aquellas <strong>tem\u00e1ticas que considera silenciadas<\/strong>. Su trabajo -que incluye fotograf\u00eda, video e instalaciones- ha sido expuesto en el Royal College of Arts (London), el Centro de Cultura Contempor\u00e1nea de Barcelona (CCCB) en Barcelona, el Canal de Isabel II (Madrid), el European Women Lobby (Bruselas), el MET QUITO Centro Cultural Metropolitano (Ecuador) o el Museo de Arte Latinoamericano de Buenos Aires (MALBA), entre otros. <a href=\"http:\/\/museo.deteruel.es\/museoprovincial\/exposiciones\/exposiciones-actuales-morir-y-renacer-1\/\" target=\"_blank\" rel=\"noreferrer noopener\">\"<\/a><a href=\"http:\/\/museo.deteruel.es\/museoprovincial\/2021\/05\/18\/morir-y-renacer\/\" target=\"_blank\" rel=\"noreferrer noopener\">Morir y Renacer\",<\/a> su \u00faltima exposici\u00f3n individual, es una retrospectiva en el Museo de Teruel dentro del marco del festival Teruel Punto Photo 2021. Obtuvo numerosos premios y becas de investigaci\u00f3n y ha publicado dos libros fotogr\u00e1ficos <a href=\"https:\/\/alvarezerrecalde.com\/portfolio\/cesarea-mas-alla-de-la-herida\/\" target=\"_blank\" rel=\"noreferrer noopener\">\"Ces\u00e1rea, m\u00e1s all\u00e1 de la Herida\"<\/a> y <a href=\"https:\/\/care.alvarezerrecalde.com\/\" target=\"_blank\" rel=\"noreferrer noopener\">\"CARE, cuidar importa\"<\/a>, \u00e9ste \u00faltimo proyecto fue merecedor de la <a href=\"https:\/\/www.redleonardo.es\/beneficiario\/ana-alvarez-errecalde\/\" target=\"_blank\" rel=\"noreferrer noopener\">Beca Leonardo a Investigadores y Creadores Culturales 2019<\/a><\/p>\n<!-- \/wp:paragraph -->\n\n<!-- wp:paragraph -->\n<p><strong>Curso impartido:<\/strong><\/p>\n<!-- \/wp:paragraph -->\n\n<!-- wp:list -->\n<ul><!-- wp:list-item -->\n<li><a href=\"https:\/\/www.datecuenta.org\/escuelalibre\/curso-avanzado-fotografia\/\" target=\"_blank\" rel=\"noreferrer noopener\">Curso avanzado de fotograf\u00eda<\/a><\/li>\n<!-- \/wp:list-item --><\/ul>\n<!-- \/wp:list --><\/div>\n<!-- \/wp:column -->\n\n<!-- wp:column -->\n<div class=\"wp-block-column\"><!-- wp:heading {\"level\":4} -->\n<h4 class=\"wp-block-heading\"><strong>AITOR FERN\u00c1NDEZ<\/strong><\/h4>\n<!-- \/wp:heading -->\n\n<!-- wp:paragraph -->\n<p><a href=\"https:\/\/aitorfernandez.eu\" target=\"_blank\" rel=\"noreferrer noopener\"><strong>Web<\/strong><\/a> | <a href=\"https:\/\/instagram.com\/aitorrfe\" target=\"_blank\" rel=\"noreferrer noopener\"><strong>Instagram<\/strong><\/a><\/p>\n<!-- \/wp:paragraph -->\n\n<!-- wp:paragraph -->\n<p><strong>Fot\u00f3grafo y fotoperiodista<\/strong><\/p>\n<!-- \/wp:paragraph -->\n\n<!-- wp:image {\"id\":2543,\"sizeSlug\":\"large\"} -->\n<figure class=\"wp-block-image size-large\"><img src=\"http:\/\/www.datecuenta.org\/escuelalibre\/wp-content\/uploads\/aitor-fernandez-datecuenta-1.jpg\" alt=\"Aitor Fern\u00e1ndez es docente en DateCuenta\" class=\"wp-image-2543\"\/><\/figure>\n<!-- \/wp:image -->\n\n<!-- wp:paragraph -->\n<p><strong>Fund\u00f3 DateCuenta<\/strong> como oposici\u00f3n al funcionamiento del massmedia y formativos a precios inalcanzables. Fot\u00f3grafo profesional de reportaje y fotograf\u00eda de producto. Autor de <strong>proyectos freelance <\/strong>como \"<a href=\"https:\/\/vimeo.com\/28672829\">Mujeres valientes<\/a>\", \"Las voces de los cayucos\" o \"<a href=\"http:\/\/www.vencidxs.com\">Vencidxs<\/a>\", ha sido tambi\u00e9n colaborador de medios como El Peri\u00f3dico de Catalunya, Peri\u00f3dico Diagonal, Gara o Vice News Espa\u00f1a. Graduado en Fotograf\u00eda en la Universitat Polit\u00e8cnica de Catalunya y especializado en Fotoperiodismo<\/p>\n<!-- \/wp:paragraph -->\n\n<!-- wp:paragraph -->\n<p><strong>Cursos impartidos:<\/strong><\/p>\n<!-- \/wp:paragraph -->\n\n<!-- wp:list -->\n<ul><!-- wp:list-item -->\n<li><a href=\"https:\/\/www.datecuenta.org\/escuelalibre\/curso-avanzado-fotografia\/\" target=\"_blank\" rel=\"noreferrer noopener\"><\/a><a href=\"https:\/\/www.datecuenta.org\/escuelalibre\/curso-iniciacion-fotografia\/\" target=\"_blank\" rel=\"noreferrer noopener\">Curso de iniciaci\u00f3n a la fotograf\u00eda<\/a><\/li>\n<!-- \/wp:list-item -->\n\n<!-- wp:list-item -->\n<li><a href=\"https:\/\/www.datecuenta.org\/escuelalibre\/curso-avanzado-fotografia\/\" target=\"_blank\" rel=\"noreferrer noopener\"><\/a><a href=\"https:\/\/www.datecuenta.org\/escuelalibre\/curso-avanzado-fotografia\/\" target=\"_blank\" rel=\"noreferrer noopener\">Curso avanzado de fotograf\u00eda <\/a><\/li>\n<!-- \/wp:list-item -->\n\n<!-- wp:list-item -->\n<li><a href=\"https:\/\/www.datecuenta.org\/escuelalibre\/curso-avanzado-fotografia\/\" target=\"_blank\" rel=\"noreferrer noopener\"><\/a><a href=\"https:\/\/www.datecuenta.org\/escuelalibre\/curso-fotografia-documental\/\" target=\"_blank\" rel=\"noreferrer noopener\">Curso de fotograf\u00eda documental, fotoperiodismo y reportaje<\/a><\/li>\n<!-- \/wp:list-item --><\/ul>\n<!-- \/wp:list --><\/div>\n<!-- \/wp:column --><\/div>\n<!-- \/wp:columns -->\n\n<!-- wp:heading {\"level\":3} -->\n<h3 class=\"wp-block-heading\">Otros colaboradores<\/h3>\n<!-- \/wp:heading -->\n\n<!-- wp:paragraph -->\n<p>Forman parte habitual de nuestra escuela o nos han ayudado puntualmente como profesores, talleristas o ponentes de masterclases:<\/p>\n<!-- \/wp:paragraph -->\n\n<!-- wp:list -->\n<ul><!-- wp:list-item -->\n<li><strong>Fot\u00f3grafas<\/strong> como <strong>Sara Vel\u00e1zquez<\/strong>, <strong><a href=\"https:\/\/www.datecuenta.org\/escuelalibre\/amor-cronica-ana-alvarez-errecalde\/\" target=\"_blank\" rel=\"noreferrer noopener\">Ana \u00c1lvarez-Errecalde<\/a><\/strong> (artista), <a href=\"https:\/\/www.massimilianomaddalena.com\" target=\"_blank\" rel=\"noreferrer noopener\"><strong>Massimiliano Maddalena<\/strong><\/a> (artista), <strong>Noem\u00ed El\u00edas Bascu\u00f1ana<\/strong> (<em>freelance,<\/em> editorial y art\u00edstica), <strong>H\u00e9ctor Flores<\/strong> (<em>freelance<\/em>, social y eventos) <strong>Inma Alcario y Anna Biosca<\/strong> (<em>WeStudio<\/em>, fotograf\u00eda profesional), <strong>Laura de Benito<\/strong> (<em>freelance,<\/em> moda), <strong>Oriana Eli\u00e7abe<\/strong> (<em>EnMedio<\/em>, artista-activista), <strong>Carlos Su\u00e1rez<\/strong> (<em>freelance<\/em>, fotograf\u00eda profesional y posicionador web), <strong><a href=\"https:\/\/www.datecuenta.org\/escuelalibre\/xavier-torres-bacchetta-fotografia-editorial\/\" target=\"_blank\" rel=\"noreferrer noopener\">Xavier Torres Bachetta<\/a><\/strong> (<em>Corbis<\/em>, fotograf\u00eda editorial),\u00a0<strong>Iv\u00e1n Bassols<\/strong>, <strong><a href=\"https:\/\/www.datecuenta.org\/escuelalibre\/carmen-aguado-espinosa-fotografia-espejo\/\" target=\"_blank\" rel=\"noreferrer noopener\">Carmen Aguado Espinosa<\/a> <\/strong>o <strong><a href=\"https:\/\/www.datecuenta.org\/escuelalibre\/sofia-moro-entrevista\/\" target=\"_blank\" rel=\"noreferrer noopener\">Sof\u00eda Moro<\/a><\/strong> (<em>El Pa\u00eds<\/em>, fotograf\u00eda editorial).<\/li>\n<!-- \/wp:list-item -->\n\n<!-- wp:list-item -->\n<li><strong>Realizadores y cineastas <\/strong>como <strong><a href=\"https:\/\/www.datecuenta.org\/escuelalibre\/masterclase-cineasta-lluis-escartin\/\" target=\"_blank\" rel=\"noreferrer noopener\">Luis Escart\u00edn<\/a><\/strong> (cineasta), <strong>Paco Poch <\/strong>(productor), <strong>Amanda Villavieja<\/strong> (sonidista), <strong>Pablo Rogero<\/strong> (realizador),<strong> Albert Cap\u00f3<\/strong> (<em>r<\/em>ealizador), <strong>Anna Giralt<\/strong> (documentalista) o la productora <strong><a href=\"https:\/\/www.datecuenta.org\/escuelalibre\/namussfilms-curso-cine-documental\/\" target=\"_blank\" rel=\"noreferrer noopener\">Namuss Films<\/a><\/strong> (documentalistas).<\/li>\n<!-- \/wp:list-item -->\n\n<!-- wp:list-item -->\n<li><strong>Fotoperiodistas<\/strong> como <strong>Sandra Balsells<\/strong> (<em>freelance<\/em>, docente en Blanquerna-URL), <a href=\"https:\/\/oscardhooge.com\/\" target=\"_blank\" rel=\"noreferrer noopener\"><strong>Oscar Dhooge<\/strong>, <\/a><strong><a href=\"https:\/\/www.patriciabobillorodriguez.com\/\" target=\"_blank\" rel=\"noreferrer noopener\">Patricia Bobillo<\/a><\/strong> (<em>freelance<\/em>), <strong>Lourdes Segade<\/strong> (<em>The New York Times<\/em>, docente), <strong>Elisenda Pons <\/strong><em>(El Peri\u00f3dico de Catalunya)<\/em>, <strong>Anna Boy\u00e9<\/strong> (<em>freelance<\/em>), <strong>Manel Armengol<\/strong> (<em>freelance<\/em>), <strong>Llu\u00eds Salom<\/strong> (Sindicat de la Imatge-UPIFC), <strong>David Meseguer<\/strong> (<em>freelance<\/em>, editor Vice News Espa\u00f1a), <strong>Joan Guerrero<\/strong> (<em>freelance<\/em>), <strong>Jordi Cotrina<\/strong> (El Peri\u00f3dico de Catalunya), <strong><a href=\"https:\/\/www.datecuenta.org\/escuelalibre\/fotoperiodismo-conflictos\/\" target=\"_blank\" rel=\"noreferrer noopener\">Anna Surinyach<\/a><\/strong> (Revista 5W), <strong><a href=\"https:\/\/www.datecuenta.org\/escuelalibre\/fotoperiodismo-conflictos\/\" target=\"_blank\" rel=\"noreferrer noopener\">Juan Carlos Tomasi<\/a><\/strong> (M\u00e9dicos Sin Fronteras) o <strong><a href=\"https:\/\/www.datecuenta.org\/escuelalibre\/si-quiero-algo-voy-a-por-ello-el-no-ya-lo-tengo\/\" target=\"_blank\" rel=\"noreferrer noopener\">Daniela Frechero<\/a><\/strong> (<em>freelance<\/em>).<\/li>\n<!-- \/wp:list-item -->\n\n<!-- wp:list-item -->\n<li><strong>Periodistas<\/strong> como <strong><a href=\"https:\/\/www.datecuenta.org\/escuelalibre\/mujeres-periodistas\/\" target=\"_blank\" rel=\"noreferrer noopener\">Montse Santolino<\/a><\/strong> (Lafede.cat), <strong>Ver\u00f3nica Taranilla<\/strong> (<em>freelance<\/em>), <strong><a href=\"https:\/\/www.reporterojesus.com\/\" target=\"_blank\" rel=\"noreferrer noopener\">Jes\u00fas Mart\u00ednez<\/a><\/strong>, <strong><a href=\"https:\/\/www.datecuenta.org\/escuelalibre\/periodistas-asesinados-mexico\/\" target=\"_blank\" rel=\"noreferrer noopener\">Ali Pacheco o N\u00e9stor Troncoso<\/a><\/strong>.<\/li>\n<!-- \/wp:list-item -->\n\n<!-- wp:list-item -->\n<li><strong>Gestoras culturales<\/strong> como <strong>Miriam Manyari<\/strong>.<\/li>\n<!-- \/wp:list-item -->\n\n<!-- wp:list-item -->\n<li>Facilitadores de la <strong>comunicaci\u00f3n consciente<\/strong> como <strong>L\u00eda Cort\u00e9s<\/strong>.<\/li>\n<!-- \/wp:list-item -->\n\n<!-- wp:list-item -->\n<li><strong>Dise\u00f1adores gr\u00e1ficos<\/strong> como <strong><a href=\"https:\/\/jmsalmerondisseny.com\" target=\"_blank\" rel=\"noreferrer noopener\">Jos\u00e9 Manuel Salmer\u00f3n<\/a><\/strong>.<\/li>\n<!-- \/wp:list-item -->\n\n<!-- wp:list-item -->\n<li><strong>Medios de comunicaci\u00f3n<\/strong>\u00a0 como <strong>La Marea, La Directa, Catalunya Plural-Eldiario.es, Revista 5W, Districte15, Sicom televisi\u00f3<\/strong> <strong>y colectivos como<\/strong> <strong>Fotomovimiento, Foto Colectania<\/strong>, <strong>Taula per M\u00e8xic<\/strong> o <strong>Photographic Social Vision<\/strong>.<\/li>\n<!-- \/wp:list-item --><\/ul>\n<!-- \/wp:list -->\n\n<!-- wp:heading {\"level\":3} -->\n<h3 class=\"wp-block-heading\">Una entidad reconocida por su vertiente social<\/h3>\n<!-- \/wp:heading -->\n\n<!-- wp:paragraph -->\n<p>DateCuenta ha sido reconocida en m\u00faltiples ocasiones, por ejemplo, en el Festival Terra Gollut, donde se le otorg\u00f3 un <strong>premio de reconocimiento social a su trayectoria<\/strong>. Asimismo, el documental Vencidxs ha obtenido premios como el de <strong>Mejor Documental<\/strong> en el Festival de Cine de Drets Humans de Barcelona. Los proyectos de DateCuenta han sido presentados por entidades como Amnist\u00eda Internacional Catalunya y la entidad ha colaborado y colabora con entidades como M\u00e9dicos Sin Fronteras o la Coordinadora por la Prevenci\u00f3n y la Denuncia de la Tortura, entre otras. Desde el a\u00f1o 2017, la escuela DateCuenta forma parte activa del <strong>Sindicat de la Imatge-UPIFC<\/strong> como secci\u00f3n sindical propia, y el sindicato reconoce y certifica el programa formativo de la escuela.<\/p>\n<!-- \/wp:paragraph -->","_et_gb_content_width":"","content-type":"","_monsterinsights_skip_tracking":false,"_monsterinsights_sitenote_active":false,"_monsterinsights_sitenote_note":"","_monsterinsights_sitenote_category":0,"_joinchat":[],"footnotes":""},"class_list":["post-132","page","type-page","status-publish","hentry"],"yoast_head":"<!-- This site is optimized with the Yoast SEO plugin v26.9 - https:\/\/yoast.com\/product\/yoast-seo-wordpress\/ -->\n<title>Conoce a los profesores de nuestra escuela | Escuela Date Cuenta<\/title>\n<meta name=\"description\" content=\"El equipo de profesores de nuestra escuela de fotograf\u00eda y comunicaci\u00f3n est\u00e1 formado por profesionales activos y en constante renovaci\u00f3n.\" \/>\n<meta name=\"robots\" content=\"index, nofollow, max-snippet:-1, max-image-preview:large, max-video-preview:-1\" \/>\n<link rel=\"canonical\" href=\"https:\/\/www.datecuenta.org\/escuelalibre\/equipo-docente\/\" \/>\n<meta property=\"og:locale\" content=\"es_ES\" \/>\n<meta property=\"og:type\" content=\"article\" \/>\n<meta property=\"og:title\" content=\"Conoce a los profesores de nuestra escuela | Escuela Date Cuenta\" \/>\n<meta property=\"og:description\" content=\"El equipo de profesores de nuestra escuela de fotograf\u00eda y comunicaci\u00f3n est\u00e1 formado por profesionales activos y en constante renovaci\u00f3n.\" \/>\n<meta property=\"og:url\" content=\"https:\/\/www.datecuenta.org\/escuelalibre\/equipo-docente\/\" \/>\n<meta property=\"og:site_name\" content=\"Escuela de fotograf\u00eda en Barcelona | DateCuenta\" \/>\n<meta property=\"article:modified_time\" content=\"2025-07-02T13:37:16+00:00\" \/>\n<meta name=\"twitter:card\" content=\"summary_large_image\" \/>\n<meta name=\"twitter:label1\" content=\"Tiempo de lectura\" \/>\n\t<meta name=\"twitter:data1\" content=\"7 minutos\" \/>\n<script type=\"application\/ld+json\" class=\"yoast-schema-graph\">{\"@context\":\"https:\/\/schema.org\",\"@graph\":[{\"@type\":\"WebPage\",\"@id\":\"https:\/\/www.datecuenta.org\/escuelalibre\/equipo-docente\/\",\"url\":\"https:\/\/www.datecuenta.org\/escuelalibre\/equipo-docente\/\",\"name\":\"Conoce a los profesores de nuestra escuela | Escuela Date Cuenta\",\"isPartOf\":{\"@id\":\"https:\/\/www.datecuenta.org\/escuelalibre\/#website\"},\"datePublished\":\"2016-05-22T14:01:44+00:00\",\"dateModified\":\"2025-07-02T13:37:16+00:00\",\"description\":\"El equipo de profesores de nuestra escuela de fotograf\u00eda y comunicaci\u00f3n est\u00e1 formado por profesionales activos y en constante renovaci\u00f3n.\",\"breadcrumb\":{\"@id\":\"https:\/\/www.datecuenta.org\/escuelalibre\/equipo-docente\/#breadcrumb\"},\"inLanguage\":\"es\",\"potentialAction\":[{\"@type\":\"ReadAction\",\"target\":[\"https:\/\/www.datecuenta.org\/escuelalibre\/equipo-docente\/\"]}]},{\"@type\":\"BreadcrumbList\",\"@id\":\"https:\/\/www.datecuenta.org\/escuelalibre\/equipo-docente\/#breadcrumb\",\"itemListElement\":[{\"@type\":\"ListItem\",\"position\":1,\"name\":\"Portada\",\"item\":\"https:\/\/www.datecuenta.org\/escuelalibre\/\"},{\"@type\":\"ListItem\",\"position\":2,\"name\":\"DOCENTES\"}]},{\"@type\":\"WebSite\",\"@id\":\"https:\/\/www.datecuenta.org\/escuelalibre\/#website\",\"url\":\"https:\/\/www.datecuenta.org\/escuelalibre\/\",\"name\":\"Escuela de fotograf\u00eda en Barcelona | DateCuenta\",\"description\":\"\",\"potentialAction\":[{\"@type\":\"SearchAction\",\"target\":{\"@type\":\"EntryPoint\",\"urlTemplate\":\"https:\/\/www.datecuenta.org\/escuelalibre\/?s={search_term_string}\"},\"query-input\":{\"@type\":\"PropertyValueSpecification\",\"valueRequired\":true,\"valueName\":\"search_term_string\"}}],\"inLanguage\":\"es\"}]}<\/script>\n<!-- \/ Yoast SEO plugin. -->","yoast_head_json":{"title":"Conoce a los profesores de nuestra escuela | Escuela Date Cuenta","description":"El equipo de profesores de nuestra escuela de fotograf\u00eda y comunicaci\u00f3n est\u00e1 formado por profesionales activos y en constante renovaci\u00f3n.","robots":{"index":"index","follow":"nofollow","max-snippet":"max-snippet:-1","max-image-preview":"max-image-preview:large","max-video-preview":"max-video-preview:-1"},"canonical":"https:\/\/www.datecuenta.org\/escuelalibre\/equipo-docente\/","og_locale":"es_ES","og_type":"article","og_title":"Conoce a los profesores de nuestra escuela | Escuela Date Cuenta","og_description":"El equipo de profesores de nuestra escuela de fotograf\u00eda y comunicaci\u00f3n est\u00e1 formado por profesionales activos y en constante renovaci\u00f3n.","og_url":"https:\/\/www.datecuenta.org\/escuelalibre\/equipo-docente\/","og_site_name":"Escuela de fotograf\u00eda en Barcelona | DateCuenta","article_modified_time":"2025-07-02T13:37:16+00:00","twitter_card":"summary_large_image","twitter_misc":{"Tiempo de lectura":"7 minutos"},"schema":{"@context":"https:\/\/schema.org","@graph":[{"@type":"WebPage","@id":"https:\/\/www.datecuenta.org\/escuelalibre\/equipo-docente\/","url":"https:\/\/www.datecuenta.org\/escuelalibre\/equipo-docente\/","name":"Conoce a los profesores de nuestra escuela | Escuela Date Cuenta","isPartOf":{"@id":"https:\/\/www.datecuenta.org\/escuelalibre\/#website"},"datePublished":"2016-05-22T14:01:44+00:00","dateModified":"2025-07-02T13:37:16+00:00","description":"El equipo de profesores de nuestra escuela de fotograf\u00eda y comunicaci\u00f3n est\u00e1 formado por profesionales activos y en constante renovaci\u00f3n.","breadcrumb":{"@id":"https:\/\/www.datecuenta.org\/escuelalibre\/equipo-docente\/#breadcrumb"},"inLanguage":"es","potentialAction":[{"@type":"ReadAction","target":["https:\/\/www.datecuenta.org\/escuelalibre\/equipo-docente\/"]}]},{"@type":"BreadcrumbList","@id":"https:\/\/www.datecuenta.org\/escuelalibre\/equipo-docente\/#breadcrumb","itemListElement":[{"@type":"ListItem","position":1,"name":"Portada","item":"https:\/\/www.datecuenta.org\/escuelalibre\/"},{"@type":"ListItem","position":2,"name":"DOCENTES"}]},{"@type":"WebSite","@id":"https:\/\/www.datecuenta.org\/escuelalibre\/#website","url":"https:\/\/www.datecuenta.org\/escuelalibre\/","name":"Escuela de fotograf\u00eda en Barcelona | DateCuenta","description":"","potentialAction":[{"@type":"SearchAction","target":{"@type":"EntryPoint","urlTemplate":"https:\/\/www.datecuenta.org\/escuelalibre\/?s={search_term_string}"},"query-input":{"@type":"PropertyValueSpecification","valueRequired":true,"valueName":"search_term_string"}}],"inLanguage":"es"}]}},"_links":{"self":[{"href":"https:\/\/www.datecuenta.org\/escuelalibre\/wp-json\/wp\/v2\/pages\/132","targetHints":{"allow":["GET"]}}],"collection":[{"href":"https:\/\/www.datecuenta.org\/escuelalibre\/wp-json\/wp\/v2\/pages"}],"about":[{"href":"https:\/\/www.datecuenta.org\/escuelalibre\/wp-json\/wp\/v2\/types\/page"}],"author":[{"embeddable":true,"href":"https:\/\/www.datecuenta.org\/escuelalibre\/wp-json\/wp\/v2\/users\/1001003"}],"replies":[{"embeddable":true,"href":"https:\/\/www.datecuenta.org\/escuelalibre\/wp-json\/wp\/v2\/comments?post=132"}],"version-history":[{"count":277,"href":"https:\/\/www.datecuenta.org\/escuelalibre\/wp-json\/wp\/v2\/pages\/132\/revisions"}],"predecessor-version":[{"id":7593,"href":"https:\/\/www.datecuenta.org\/escuelalibre\/wp-json\/wp\/v2\/pages\/132\/revisions\/7593"}],"wp:attachment":[{"href":"https:\/\/www.datecuenta.org\/escuelalibre\/wp-json\/wp\/v2\/media?parent=132"}],"curies":[{"name":"wp","href":"https:\/\/api.w.org\/{rel}","templated":true}]}}