{"id":1416,"date":"2016-05-28T11:55:02","date_gmt":"2016-05-28T11:55:02","guid":{"rendered":"http:\/\/www.datecuenta.org\/escuelalibre\/?page_id=1416"},"modified":"2025-07-02T13:38:01","modified_gmt":"2025-07-02T13:38:01","slug":"curso-fotografia-profesional","status":"publish","type":"page","link":"https:\/\/www.datecuenta.org\/escuelalibre\/curso-fotografia-profesional\/","title":{"rendered":"CURSO DE PROFESIONALIZACI\u00d3N EN FOTOGRAF\u00cdA"},"content":{"rendered":"<p>[et_pb_section fb_built=\u00bb1&#8243; custom_padding_last_edited=\u00bbon|desktop\u00bb disabled_on=\u00bboff|off|off\u00bb _builder_version=\u00bb4.16&#8243; _module_preset=\u00bbdefault\u00bb min_height=\u00bb6568.4px\u00bb custom_margin=\u00bb40px||40px||true|false\u00bb custom_margin_tablet=\u00bb10px||||false|false\u00bb custom_margin_phone=\u00bb0px||||false|false\u00bb custom_margin_last_edited=\u00bbon|phone\u00bb custom_padding=\u00bb40px||40px||true|false\u00bb custom_padding_tablet=\u00bb10px||10px||true|false\u00bb custom_padding_phone=\u00bb0px||||false|false\u00bb locked=\u00bboff\u00bb global_colors_info=\u00bb{}\u00bb][et_pb_row column_structure=\u00bb3_5,2_5&#8243; use_custom_gutter=\u00bbon\u00bb make_equal=\u00bbon\u00bb _builder_version=\u00bb4.16&#8243; _module_preset=\u00bbdefault\u00bb background_color=\u00bbRGBA(255,255,255,0)\u00bb width=\u00bb90%\u00bb max_width=\u00bb1725px\u00bb module_alignment=\u00bbcenter\u00bb custom_padding=\u00bb0px||0px||false|false\u00bb border_color_bottom=\u00bb#000000&#8243; collapsed=\u00bbon\u00bb global_colors_info=\u00bb{}\u00bb][et_pb_column type=\u00bb3_5&#8243; _builder_version=\u00bb4.16&#8243; _module_preset=\u00bbdefault\u00bb background_color=\u00bbRGBA(255,255,255,0)\u00bb custom_padding=\u00bb||||false|false\u00bb border_color_right=\u00bb#000000&#8243; global_colors_info=\u00bb{}\u00bb][et_pb_text disabled_on=\u00bboff|off|off\u00bb _builder_version=\u00bb4.16&#8243; _module_preset=\u00bbdefault\u00bb text_line_height=\u00bb1.6em\u00bb header_2_font=\u00bbInter|900|||||||\u00bb header_2_font_size=\u00bb53px\u00bb header_2_line_height=\u00bb1.1em\u00bb header_3_font_size=\u00bb32px\u00bb custom_margin=\u00bb0px||12px||false|false\u00bb header_2_font_size_tablet=\u00bb45px\u00bb header_2_font_size_phone=\u00bb33px\u00bb header_2_font_size_last_edited=\u00bbon|phone\u00bb header_2_line_height_tablet=\u00bb1.1em\u00bb header_2_line_height_phone=\u00bb1.1em\u00bb header_2_line_height_last_edited=\u00bbon|desktop\u00bb global_colors_info=\u00bb{}\u00bb]<\/p>\n<h1><span style=\"text-decoration: underline;\">CURSO DE PROFESIONALIZACI\u00d3N EN FOTOGRAF\u00cdA<\/span><span style=\"text-decoration: underline;\"><\/span><span style=\"color: #c20f2c;\"><\/span><\/h1>\n<p>[\/et_pb_text][et_pb_text disabled_on=\u00bboff|off|off\u00bb _builder_version=\u00bb4.25.1&#8243; _module_preset=\u00bbdefault\u00bb text_line_height=\u00bb1.6em\u00bb header_2_font=\u00bbInter|900|||||||\u00bb header_2_font_size=\u00bb53px\u00bb header_2_line_height=\u00bb1.1em\u00bb header_3_font_size=\u00bb32px\u00bb custom_margin=\u00bb0px||12px||false|false\u00bb header_2_font_size_tablet=\u00bb45px\u00bb header_2_font_size_phone=\u00bb33px\u00bb header_2_font_size_last_edited=\u00bbon|phone\u00bb header_2_line_height_tablet=\u00bb1.1em\u00bb header_2_line_height_phone=\u00bb1.1em\u00bb header_2_line_height_last_edited=\u00bbon|desktop\u00bb global_colors_info=\u00bb{}\u00bb]<\/p>\n<h2>UN CURSO PARA ACOMPA\u00d1ARTE<span style=\"color: #988cbe;\"> EN TU IMPULSO COMO FOT\u00d3GRAFO\/A PROFESIONAL<br \/><\/span><\/h2>\n<p>[\/et_pb_text][et_pb_text _builder_version=\u00bb4.25.1&#8243; _module_preset=\u00bbdefault\u00bb text_font_size=\u00bb19px\u00bb text_line_height=\u00bb1.6em\u00bb header_2_font=\u00bbInter|900|||||||\u00bb header_2_font_size=\u00bb42px\u00bb header_3_font_size=\u00bb32px\u00bb custom_margin=\u00bb||40px||false|false\u00bb global_colors_info=\u00bb{}\u00bb]<\/p>\n<p>El <strong>Curso de Profesionalizaci\u00f3n en fotograf\u00eda<\/strong> es la nueva apuesta de la escuela DateCuenta y se ha dise\u00f1ado a petici\u00f3n del alumnado ya formado en la escuela para poder acompa\u00f1arlo en su carrera de emprendimiento como fot\u00f3grafo\/a profesional, art\u00edstico o documental.<\/p>\n<p>Se trata de un curso coral <strong>acompa\u00f1ado por todo el equipo docente de la escuela<\/strong> con el objetivo de que el alumnado pueda ordenar su trabajo, proponer un proyecto correctamente o moverse en la b\u00fasqueda de <strong>financiaci\u00f3n y de clientes<\/strong> mediante diversos recursos y herramientas.<\/p>\n<p>El curso tambi\u00e9n profundiza en algunos aspectos que suelen quedar menos atendidos en la profesi\u00f3n fotogr\u00e1fica, como son el <strong>tratamiento de la imagen profesional y el trabajo con v\u00eddeo<\/strong>.<\/p>\n<p>Se trata de conocer estas herramientas con el objetivo de resolver los problemas que se dan a nivel profesional para <strong>mejorar y vender mejor el producto<\/strong> que estamos ofreciendo.<\/p>\n<p>Adem\u00e1s del temario impartido, el curso constar\u00e1 de <strong>tutor\u00edas grupales<\/strong> realizadas por el coordinador del curso en las que se realizar\u00e1 el seguimiento del proyecto de cada uno de los alumnos.<\/p>\n<p>El objetivo final del Curso de Profesionalizaci\u00f3n en fotograf\u00eda es que cada persona asistente al curso consiga <strong>materializar su oferta fotogr\u00e1fica en el mercado real<\/strong>, sea profesional, art\u00edstico o documental, y desde ya empiece a ver los resultados.<\/p>\n<p>[\/et_pb_text][et_pb_image src=\u00bbhttp:\/\/www.datecuenta.org\/escuelalibre\/wp-content\/uploads\/2025\/05\/curso-avanzado-fotografia-barcelona.jpg\u00bb alt=\u00bbCurso avanzado de fotograf\u00eda en Barcelona Escuela DateCuenta\u00bb title_text=\u00bbcurso-avanzado-fotografia-barcelona\u00bb _builder_version=\u00bb4.25.1&#8243; _module_preset=\u00bbdefault\u00bb global_colors_info=\u00bb{}\u00bb][\/et_pb_image][et_pb_button button_url=\u00bbhttps:\/\/www.datecuenta.org\/escuelalibre\/inscripciones\/\u00bb button_text=\u00bbQUIERO INSCRIBIRME AL CURSO\u00bb button_alignment=\u00bbcenter\u00bb admin_label=\u00bbBoton inscripcion\u00bb _builder_version=\u00bb4.25.1&#8243; _module_preset=\u00bbdefault\u00bb custom_button=\u00bbon\u00bb button_text_size=\u00bb22px\u00bb button_text_color=\u00bb#FFFFFF\u00bb button_bg_color=\u00bb#988cbe\u00bb button_border_radius=\u00bb11px\u00bb button_letter_spacing=\u00bb0px\u00bb button_font=\u00bb|700|||||||\u00bb box_shadow_style=\u00bbpreset2&#8243; global_colors_info=\u00bb{}\u00bb][\/et_pb_button][et_pb_text disabled_on=\u00bboff|off|off\u00bb _builder_version=\u00bb4.25.1&#8243; _module_preset=\u00bbdefault\u00bb text_line_height=\u00bb1.6em\u00bb header_2_font=\u00bbInter|900|||||||\u00bb header_2_font_size=\u00bb42px\u00bb header_2_line_height=\u00bb1.1em\u00bb header_3_font_size=\u00bb32px\u00bb custom_margin=\u00bb0px||12px||false|false\u00bb custom_margin_tablet=\u00bb0px||12px||false|false\u00bb custom_margin_phone=\u00bb0px||0px||false|false\u00bb custom_margin_last_edited=\u00bbon|phone\u00bb header_2_font_size_tablet=\u00bb38px\u00bb header_2_font_size_phone=\u00bb29px\u00bb header_2_font_size_last_edited=\u00bbon|phone\u00bb header_2_line_height_tablet=\u00bb1.1em\u00bb header_2_line_height_phone=\u00bb1.1em\u00bb header_2_line_height_last_edited=\u00bbon|desktop\u00bb global_colors_info=\u00bb{}\u00bb]<\/p>\n<h2>DATOS DE NUESTRO CURSO DE<span style=\"color: #988cbe;\"> PROFESIONALIZACI\u00d3N EN FOTOGRAF\u00cdA<\/span>:<\/h2>\n<p>[\/et_pb_text][et_pb_text _builder_version=\u00bb4.25.1&#8243; _module_preset=\u00bbdefault\u00bb hover_enabled=\u00bb0&#8243; global_colors_info=\u00bb{}\u00bb sticky_enabled=\u00bb0&#8243;]<\/p>\n<ul>\n<li><strong>Duraci\u00f3n del curso<\/strong>: 60 horas lectivas (necesitas dedicarle m\u00e1s horas para realizar los ejercicios y proyectos) desde el 28 octubre de 2025 hasta el 5 junio de 2026 (<a href=\"https:\/\/www.datecuenta.org\/escuelalibre\/programacion-2024\/\" target=\"_blank\" rel=\"noopener\">consulta aqu\u00ed el calendario<\/a>)<\/li>\n<li><strong>Metodolog\u00eda<\/strong>: 100% presencial y te\u00f3rico-pr\u00e1ctico (con acceso online al material pedag\u00f3gico durante todo el curso)<\/li>\n<li>Horarios:<strong> martes de 16:50-18:50h + 3 s\u00e1bados<\/strong><\/li>\n<li><strong>Grupos reducidos<\/strong>: de 8 a 12 personas<\/li>\n<li><strong>Docentes<\/strong>:\u00a0 Paulo Cacais (coordinador del curso), Javier Guerra, Lukas Romero, Aitor Fern\u00e1ndez e Iv\u00e1n Bassols <a href=\"http:\/\/www.datecuenta.org\/escuelalibre\/equipo-docente\/\">(consulta aqu\u00ed su curriculum y trayectoria docente)<\/a><\/li>\n<li><strong>Precio<\/strong>: 490 euros (<a href=\"http:\/\/www.datecuenta.org\/escuelalibre\/inscripciones\/\">consulta aqu\u00ed formas de pago e inscripci\u00f3n<\/a>)<\/li>\n<\/ul>\n<p>[\/et_pb_text][et_pb_text disabled_on=\u00bboff|off|off\u00bb _builder_version=\u00bb4.25.1&#8243; _module_preset=\u00bbdefault\u00bb text_line_height=\u00bb1.6em\u00bb header_2_font=\u00bbInter|900|||||||\u00bb header_2_font_size=\u00bb42px\u00bb header_2_line_height=\u00bb1.1em\u00bb header_3_font_size=\u00bb32px\u00bb custom_margin=\u00bb0px||12px||false|false\u00bb custom_margin_tablet=\u00bb0px||12px||false|false\u00bb custom_margin_phone=\u00bb0px||0px||false|false\u00bb custom_margin_last_edited=\u00bbon|phone\u00bb header_2_font_size_tablet=\u00bb38px\u00bb header_2_font_size_phone=\u00bb29px\u00bb header_2_font_size_last_edited=\u00bbon|phone\u00bb header_2_line_height_tablet=\u00bb1.1em\u00bb header_2_line_height_phone=\u00bb1.1em\u00bb header_2_line_height_last_edited=\u00bbon|desktop\u00bb global_colors_info=\u00bb{}\u00bb]<\/p>\n<h2>TEMARIO DEL CURSO DE <span style=\"color: #988cbe;\">FOTOGRAF\u00cdA PROFESIONAL:<br \/><\/span><\/h2>\n<p>[\/et_pb_text][et_pb_text _builder_version=\u00bb4.25.1&#8243; _module_preset=\u00bbdefault\u00bb text_font_size=\u00bb19px\u00bb text_line_height=\u00bb1.6em\u00bb header_2_font=\u00bbInter|900|||||||\u00bb header_2_font_size=\u00bb42px\u00bb header_3_font_size=\u00bb32px\u00bb custom_margin=\u00bb||40px||false|false\u00bb custom_margin_tablet=\u00bb||40px||false|false\u00bb custom_margin_phone=\u00bb||0px||false|false\u00bb custom_margin_last_edited=\u00bbon|phone\u00bb custom_padding=\u00bb||0px|||\u00bb locked=\u00bboff\u00bb global_colors_info=\u00bb{}\u00bb]<\/p>\n<p>Nuestro <strong>curso de proyectos de fotograf\u00eda profesional <\/strong>est\u00e1 en un tercer nivel de nuestro plan formativo, pero pueden acceder todas las personas que se hayan formado previamente en fotograf\u00eda o tengan cierta experiencia en el mundo de la fotograf\u00eda.<\/p>\n<p>[\/et_pb_text][et_pb_text _builder_version=\u00bb4.25.1&#8243; _module_preset=\u00bbdefault\u00bb min_height=\u00bb326.8px\u00bb global_colors_info=\u00bb{}\u00bb]<\/p>\n<p><strong>BLOQUE 1. EMPRENDIMIENTO PROFESIONAL O ART\u00cdSTICO (6 sesiones)<\/strong><\/p>\n<ul>\n<li>\n<p>B\u00fasqueda de financiaci\u00f3n. Subvenciones y convocatorias. Realizaci\u00f3n de presupuestos<\/p>\n<\/li>\n<li>\n<p>Creaci\u00f3n de un dossier de proyecto<\/p>\n<\/li>\n<li>\n<p>Claves para una lectura de portfolio<\/p>\n<\/li>\n<li>\n<p>Derechos y deberes del fot\u00f3grafo. Redacci\u00f3n de contratos<\/p>\n<\/li>\n<li>\n<p>El formato expositivo. Formatos y soportes. Di\u00e1logo con el espacio.<\/p>\n<\/li>\n<li>\n<p>Registro y documentaci\u00f3n del proyecto para su itinerancia<\/p>\n<p>&nbsp;<\/p>\n<\/li>\n<\/ul>\n<p>[\/et_pb_text][et_pb_text _builder_version=\u00bb4.25.1&#8243; _module_preset=\u00bbdefault\u00bb global_colors_info=\u00bb{}\u00bb]<\/p>\n<blockquote class=\"instagram-media\" data-instgrm-captioned=\"\" data-instgrm-permalink=\"https:\/\/www.instagram.com\/p\/DF-2ux8tUUh\/?utm_source=ig_embed&amp;utm_campaign=loading\" data-instgrm-version=\"14\" style=\"background: #FFF; border: 0; border-radius: 3px; box-shadow: 0 0 1px 0 rgba(0,0,0,0.5),0 1px 10px 0 rgba(0,0,0,0.15); margin: 1px; max-width: 540px; min-width: 326px; padding: 0; width: calc(100% - 2px);\">\n<div style=\"padding: 16px;\">\n<p><a href=\"https:\/\/www.instagram.com\/p\/DF-2ux8tUUh\/?utm_source=ig_embed&amp;utm_campaign=loading\" style=\"background: #FFFFFF; line-height: 0; padding: 0 0; text-align: center; text-decoration: none; width: 100%;\" target=\"_blank\" rel=\"noopener\"><\/a><\/p>\n<div style=\"display: flex; flex-direction: row; align-items: center;\">\n<div style=\"background-color: #f4f4f4; border-radius: 50%; flex-grow: 0; height: 40px; margin-right: 14px; width: 40px;\"><\/div>\n<div style=\"display: flex; flex-direction: column; flex-grow: 1; justify-content: center;\">\n<div style=\"background-color: #f4f4f4; border-radius: 4px; flex-grow: 0; height: 14px; margin-bottom: 6px; width: 100px;\"><\/div>\n<div style=\"background-color: #f4f4f4; border-radius: 4px; flex-grow: 0; height: 14px; width: 60px;\"><\/div>\n<\/div>\n<\/div>\n<div style=\"padding: 19% 0;\"><\/div>\n<div style=\"display: block; height: 50px; margin: 0 auto 12px; width: 50px;\"><svg width=\"50px\" height=\"50px\" viewbox=\"0 0 60 60\" version=\"1.1\" xmlns=\"https:\/\/www.w3.org\/2000\/svg\" xmlns:xlink=\"https:\/\/www.w3.org\/1999\/xlink\"><g stroke=\"none\" stroke-width=\"1\" fill=\"none\" fill-rule=\"evenodd\"><g transform=\"translate(-511.000000, -20.000000)\" fill=\"#000000\"><g><path d=\"M556.869,30.41 C554.814,30.41 553.148,32.076 553.148,34.131 C553.148,36.186 554.814,37.852 556.869,37.852 C558.924,37.852 560.59,36.186 560.59,34.131 C560.59,32.076 558.924,30.41 556.869,30.41 M541,60.657 C535.114,60.657 530.342,55.887 530.342,50 C530.342,44.114 535.114,39.342 541,39.342 C546.887,39.342 551.658,44.114 551.658,50 C551.658,55.887 546.887,60.657 541,60.657 M541,33.886 C532.1,33.886 524.886,41.1 524.886,50 C524.886,58.899 532.1,66.113 541,66.113 C549.9,66.113 557.115,58.899 557.115,50 C557.115,41.1 549.9,33.886 541,33.886 M565.378,62.101 C565.244,65.022 564.756,66.606 564.346,67.663 C563.803,69.06 563.154,70.057 562.106,71.106 C561.058,72.155 560.06,72.803 558.662,73.347 C557.607,73.757 556.021,74.244 553.102,74.378 C549.944,74.521 548.997,74.552 541,74.552 C533.003,74.552 532.056,74.521 528.898,74.378 C525.979,74.244 524.393,73.757 523.338,73.347 C521.94,72.803 520.942,72.155 519.894,71.106 C518.846,70.057 518.197,69.06 517.654,67.663 C517.244,66.606 516.755,65.022 516.623,62.101 C516.479,58.943 516.448,57.996 516.448,50 C516.448,42.003 516.479,41.056 516.623,37.899 C516.755,34.978 517.244,33.391 517.654,32.338 C518.197,30.938 518.846,29.942 519.894,28.894 C520.942,27.846 521.94,27.196 523.338,26.654 C524.393,26.244 525.979,25.756 528.898,25.623 C532.057,25.479 533.004,25.448 541,25.448 C548.997,25.448 549.943,25.479 553.102,25.623 C556.021,25.756 557.607,26.244 558.662,26.654 C560.06,27.196 561.058,27.846 562.106,28.894 C563.154,29.942 563.803,30.938 564.346,32.338 C564.756,33.391 565.244,34.978 565.378,37.899 C565.522,41.056 565.552,42.003 565.552,50 C565.552,57.996 565.522,58.943 565.378,62.101 M570.82,37.631 C570.674,34.438 570.167,32.258 569.425,30.349 C568.659,28.377 567.633,26.702 565.965,25.035 C564.297,23.368 562.623,22.342 560.652,21.575 C558.743,20.834 556.562,20.326 553.369,20.18 C550.169,20.033 549.148,20 541,20 C532.853,20 531.831,20.033 528.631,20.18 C525.438,20.326 523.257,20.834 521.349,21.575 C519.376,22.342 517.703,23.368 516.035,25.035 C514.368,26.702 513.342,28.377 512.574,30.349 C511.834,32.258 511.326,34.438 511.181,37.631 C511.035,40.831 511,41.851 511,50 C511,58.147 511.035,59.17 511.181,62.369 C511.326,65.562 511.834,67.743 512.574,69.651 C513.342,71.625 514.368,73.296 516.035,74.965 C517.703,76.634 519.376,77.658 521.349,78.425 C523.257,79.167 525.438,79.673 528.631,79.82 C531.831,79.965 532.853,80.001 541,80.001 C549.148,80.001 550.169,79.965 553.369,79.82 C556.562,79.673 558.743,79.167 560.652,78.425 C562.623,77.658 564.297,76.634 565.965,74.965 C567.633,73.296 568.659,71.625 569.425,69.651 C570.167,67.743 570.674,65.562 570.82,62.369 C570.966,59.17 571,58.147 571,50 C571,41.851 570.966,40.831 570.82,37.631\"><\/path><\/g><\/g><\/g><\/svg><\/div>\n<div style=\"padding-top: 8px;\">\n<div style=\"color: #3897f0; font-family: Arial,sans-serif; font-size: 14px; font-style: normal; font-weight: 550; line-height: 18px;\">View this post on Instagram<\/div>\n<\/div>\n<p><a href=\"https:\/\/www.instagram.com\/p\/DF-2ux8tUUh\/?utm_source=ig_embed&amp;utm_campaign=loading\" style=\"background: #FFFFFF; line-height: 0; padding: 0 0; text-align: center; text-decoration: none; width: 100%;\" target=\"_blank\" rel=\"noopener\"><\/a><\/p>\n<p style=\"color: #c9c8cd; font-family: Arial,sans-serif; font-size: 14px; line-height: 17px; margin-bottom: 0; margin-top: 8px; overflow: hidden; padding: 8px 0 7px; text-align: center; text-overflow: ellipsis; white-space: nowrap;\"><a href=\"https:\/\/www.instagram.com\/p\/DF-2ux8tUUh\/?utm_source=ig_embed&amp;utm_campaign=loading\" style=\"color: #c9c8cd; font-family: Arial,sans-serif; font-size: 14px; font-style: normal; font-weight: normal; line-height: 17px; text-decoration: none;\" target=\"_blank\" rel=\"noopener\">A post shared by L&#8217;Olivera Cooperativa (@olivera_coop)<\/a><\/p>\n<\/div>\n<\/blockquote>\n<p>\n<script async=\"\" src=\"\/\/www.instagram.com\/embed.js\"><\/script>\n<\/p>\n<p>[\/et_pb_text][et_pb_text _builder_version=\u00bb4.25.1&#8243; _module_preset=\u00bbdefault\u00bb global_colors_info=\u00bb{}\u00bb]<\/p>\n<p><em>Trabajos del alumnado del curso 2024\/2025. \u00abLanzamiento del vino blanco de Vinyes de Barcelona\u00bb \u00a9KAIRI KALDA Y JOS\u00c9 MIGUEL S\u00c1NCHEZ<br \/><\/em><\/p>\n<p>[\/et_pb_text][et_pb_text _builder_version=\u00bb4.25.1&#8243; _module_preset=\u00bbdefault\u00bb global_colors_info=\u00bb{}\u00bb]<\/p>\n<p><strong>BLOQUE 2. POSICIONAMIENTO WEB Y VISIBILIDAD EN REDES SOCIALES<\/strong><\/p>\n<ul>\n<li>Alojamiento web profesional<\/li>\n<li>Claves del SEO para fot\u00f3grafos<\/li>\n<li>An\u00e1lisis de la competencia y valoraci\u00f3n del nicho de mercado<\/li>\n<li>Optimizaci\u00f3n del sitio web para Google<\/li>\n<li>Creaci\u00f3n de contenido de calidad<\/li>\n<li>Redes sociales para fot\u00f3grafos<\/li>\n<li>Claves para el aumento de la visibilidad en Instagram<\/li>\n<li>Herramientas de medici\u00f3n del impacto y uso de estad\u00edsticas<\/li>\n<\/ul>\n<p>[\/et_pb_text][et_pb_image src=\u00bbhttp:\/\/www.datecuenta.org\/escuelalibre\/wp-content\/uploads\/2025\/06\/curso-profesionalizacion-fotografia-manolo-azor.jpg\u00bb alt=\u00bbcurso profesionalizacion en fotografia artistica manolo azor<br \/>\n\u00bb title_text=\u00bbcurso-profesionalizacion-fotografia-manolo-azor\u00bb _builder_version=\u00bb4.25.1&#8243; _module_preset=\u00bbdefault\u00bb global_colors_info=\u00bb{}\u00bb][\/et_pb_image][et_pb_text _builder_version=\u00bb4.25.1&#8243; _module_preset=\u00bbdefault\u00bb global_colors_info=\u00bb{}\u00bb]<\/p>\n<p><em>Pr\u00e1ctica del curso de Proyectos de Fotograf\u00eda Profesional 2024\/2025. \u00abProyecto de autor: Contrastes Generacionales\u00bb \u00a9MANOLO AZOR<\/em><\/p>\n<p>[\/et_pb_text][et_pb_text _builder_version=\u00bb4.25.1&#8243; _module_preset=\u00bbdefault\u00bb text_font_size=\u00bb19px\u00bb text_line_height=\u00bb1.6em\u00bb header_2_font=\u00bbInter|900|||||||\u00bb header_2_font_size=\u00bb42px\u00bb header_3_font_size=\u00bb32px\u00bb custom_margin=\u00bb||40px||false|false\u00bb custom_margin_tablet=\u00bb||40px||false|false\u00bb custom_margin_phone=\u00bb||0px||false|false\u00bb custom_margin_last_edited=\u00bbon|phone\u00bb custom_padding=\u00bb0px||0px|||\u00bb locked=\u00bboff\u00bb global_colors_info=\u00bb{}\u00bb]<\/p>\n<p><strong>BLOQUE 3. CURSO B\u00c1SICO DE V\u00cdDEO PARA FOT\u00d3GRAFOS (6 sesiones)<\/strong><\/p>\n<ul>\n<li>Introducci\u00f3n al Lenguaje Audiovisual y sus aspectos t\u00e9cnicos<\/li>\n<li>Manejo de la c\u00e1mara de v\u00eddeo<\/li>\n<li>Narrativa visual y gui\u00f3n<\/li>\n<li>El sonido en la producci\u00f3n audiovisual<\/li>\n<li>Aspectos b\u00e1sicos de la edici\u00f3n en v\u00eddeo y su exportaci\u00f3n<\/li>\n<li>Ejercicio final para integrar todos los aspectos b\u00e1sicos<\/li>\n<\/ul>\n<ul><\/ul>\n<p>[\/et_pb_text][et_pb_text _builder_version=\u00bb4.25.1&#8243; _module_preset=\u00bbdefault\u00bb global_colors_info=\u00bb{}\u00bb]<\/p>\n<p><strong>BLOQUE 4. TRATAMIENTO PROFESIONAL DE LA IMAGEN<\/strong><\/p>\n<ul>\n<li>Importaci\u00f3n, exportaci\u00f3n y gesti\u00f3n de archivo<\/li>\n<li>Ajuste profesional del formato RAW<\/li>\n<li>Control del color para pantalla e impresi\u00f3n<\/li>\n<li>Correcci\u00f3n de perspectivas y distorsiones<\/li>\n<li>Retoque de pieles<\/li>\n<li>Clonados y trabajo con inteligencia artificial<\/li>\n<li>M\u00e1scaras de capa<\/li>\n<li>Optimizaci\u00f3n de im\u00e1genes para la web<\/li>\n<li>Preparaci\u00f3n profesional de la imagen para la exportaci\u00f3n y el soporte<\/li>\n<\/ul>\n<ul><\/ul>\n<p>[\/et_pb_text][et_pb_text _builder_version=\u00bb4.25.1&#8243; _module_preset=\u00bbdefault\u00bb global_colors_info=\u00bb{}\u00bb]<\/p>\n<blockquote class=\"instagram-media\" data-instgrm-captioned data-instgrm-permalink=\"https:\/\/www.instagram.com\/reel\/DHWwNi5Kgz_\/?utm_source=ig_embed&amp;utm_campaign=loading\" data-instgrm-version=\"14\" style=\" background:#FFF; border:0; border-radius:3px; box-shadow:0 0 1px 0 rgba(0,0,0,0.5),0 1px 10px 0 rgba(0,0,0,0.15); margin: 1px; max-width:540px; min-width:326px; padding:0; width:99.375%; width:-webkit-calc(100% - 2px); width:calc(100% - 2px);\">\n<div style=\"padding:16px;\"> <a href=\"https:\/\/www.instagram.com\/reel\/DHWwNi5Kgz_\/?utm_source=ig_embed&amp;utm_campaign=loading\" style=\" background:#FFFFFF; line-height:0; padding:0 0; text-align:center; text-decoration:none; width:100%;\" target=\"_blank\"> <\/p>\n<div style=\" display: flex; flex-direction: row; align-items: center;\">\n<div style=\"background-color: #F4F4F4; border-radius: 50%; flex-grow: 0; height: 40px; margin-right: 14px; width: 40px;\"><\/div>\n<div style=\"display: flex; flex-direction: column; flex-grow: 1; justify-content: center;\">\n<div style=\" background-color: #F4F4F4; border-radius: 4px; flex-grow: 0; height: 14px; margin-bottom: 6px; width: 100px;\"><\/div>\n<div style=\" background-color: #F4F4F4; border-radius: 4px; flex-grow: 0; height: 14px; width: 60px;\"><\/div>\n<\/div>\n<\/div>\n<div style=\"padding: 19% 0;\"><\/div>\n<div style=\"display:block; height:50px; margin:0 auto 12px; width:50px;\"><svg width=\"50px\" height=\"50px\" viewBox=\"0 0 60 60\" version=\"1.1\" xmlns=\"https:\/\/www.w3.org\/2000\/svg\" xmlns:xlink=\"https:\/\/www.w3.org\/1999\/xlink\"><g stroke=\"none\" stroke-width=\"1\" fill=\"none\" fill-rule=\"evenodd\"><g transform=\"translate(-511.000000, -20.000000)\" fill=\"#000000\"><g><path d=\"M556.869,30.41 C554.814,30.41 553.148,32.076 553.148,34.131 C553.148,36.186 554.814,37.852 556.869,37.852 C558.924,37.852 560.59,36.186 560.59,34.131 C560.59,32.076 558.924,30.41 556.869,30.41 M541,60.657 C535.114,60.657 530.342,55.887 530.342,50 C530.342,44.114 535.114,39.342 541,39.342 C546.887,39.342 551.658,44.114 551.658,50 C551.658,55.887 546.887,60.657 541,60.657 M541,33.886 C532.1,33.886 524.886,41.1 524.886,50 C524.886,58.899 532.1,66.113 541,66.113 C549.9,66.113 557.115,58.899 557.115,50 C557.115,41.1 549.9,33.886 541,33.886 M565.378,62.101 C565.244,65.022 564.756,66.606 564.346,67.663 C563.803,69.06 563.154,70.057 562.106,71.106 C561.058,72.155 560.06,72.803 558.662,73.347 C557.607,73.757 556.021,74.244 553.102,74.378 C549.944,74.521 548.997,74.552 541,74.552 C533.003,74.552 532.056,74.521 528.898,74.378 C525.979,74.244 524.393,73.757 523.338,73.347 C521.94,72.803 520.942,72.155 519.894,71.106 C518.846,70.057 518.197,69.06 517.654,67.663 C517.244,66.606 516.755,65.022 516.623,62.101 C516.479,58.943 516.448,57.996 516.448,50 C516.448,42.003 516.479,41.056 516.623,37.899 C516.755,34.978 517.244,33.391 517.654,32.338 C518.197,30.938 518.846,29.942 519.894,28.894 C520.942,27.846 521.94,27.196 523.338,26.654 C524.393,26.244 525.979,25.756 528.898,25.623 C532.057,25.479 533.004,25.448 541,25.448 C548.997,25.448 549.943,25.479 553.102,25.623 C556.021,25.756 557.607,26.244 558.662,26.654 C560.06,27.196 561.058,27.846 562.106,28.894 C563.154,29.942 563.803,30.938 564.346,32.338 C564.756,33.391 565.244,34.978 565.378,37.899 C565.522,41.056 565.552,42.003 565.552,50 C565.552,57.996 565.522,58.943 565.378,62.101 M570.82,37.631 C570.674,34.438 570.167,32.258 569.425,30.349 C568.659,28.377 567.633,26.702 565.965,25.035 C564.297,23.368 562.623,22.342 560.652,21.575 C558.743,20.834 556.562,20.326 553.369,20.18 C550.169,20.033 549.148,20 541,20 C532.853,20 531.831,20.033 528.631,20.18 C525.438,20.326 523.257,20.834 521.349,21.575 C519.376,22.342 517.703,23.368 516.035,25.035 C514.368,26.702 513.342,28.377 512.574,30.349 C511.834,32.258 511.326,34.438 511.181,37.631 C511.035,40.831 511,41.851 511,50 C511,58.147 511.035,59.17 511.181,62.369 C511.326,65.562 511.834,67.743 512.574,69.651 C513.342,71.625 514.368,73.296 516.035,74.965 C517.703,76.634 519.376,77.658 521.349,78.425 C523.257,79.167 525.438,79.673 528.631,79.82 C531.831,79.965 532.853,80.001 541,80.001 C549.148,80.001 550.169,79.965 553.369,79.82 C556.562,79.673 558.743,79.167 560.652,78.425 C562.623,77.658 564.297,76.634 565.965,74.965 C567.633,73.296 568.659,71.625 569.425,69.651 C570.167,67.743 570.674,65.562 570.82,62.369 C570.966,59.17 571,58.147 571,50 C571,41.851 570.966,40.831 570.82,37.631\"><\/path><\/g><\/g><\/g><\/svg><\/div>\n<div style=\"padding-top: 8px;\">\n<div style=\" color:#3897f0; font-family:Arial,sans-serif; font-size:14px; font-style:normal; font-weight:550; line-height:18px;\">View this post on Instagram<\/div>\n<\/div>\n<div style=\"padding: 12.5% 0;\"><\/div>\n<div style=\"display: flex; flex-direction: row; margin-bottom: 14px; align-items: center;\">\n<div>\n<div style=\"background-color: #F4F4F4; border-radius: 50%; height: 12.5px; width: 12.5px; transform: translateX(0px) translateY(7px);\"><\/div>\n<div style=\"background-color: #F4F4F4; height: 12.5px; transform: rotate(-45deg) translateX(3px) translateY(1px); width: 12.5px; flex-grow: 0; margin-right: 14px; margin-left: 2px;\"><\/div>\n<div style=\"background-color: #F4F4F4; border-radius: 50%; height: 12.5px; width: 12.5px; transform: translateX(9px) translateY(-18px);\"><\/div>\n<\/div>\n<div style=\"margin-left: 8px;\">\n<div style=\" background-color: #F4F4F4; border-radius: 50%; flex-grow: 0; height: 20px; width: 20px;\"><\/div>\n<div style=\" width: 0; height: 0; border-top: 2px solid transparent; border-left: 6px solid #f4f4f4; border-bottom: 2px solid transparent; transform: translateX(16px) translateY(-4px) rotate(30deg)\"><\/div>\n<\/div>\n<div style=\"margin-left: auto;\">\n<div style=\" width: 0px; border-top: 8px solid #F4F4F4; border-right: 8px solid transparent; transform: translateY(16px);\"><\/div>\n<div style=\" background-color: #F4F4F4; flex-grow: 0; height: 12px; width: 16px; transform: translateY(-4px);\"><\/div>\n<div style=\" width: 0; height: 0; border-top: 8px solid #F4F4F4; border-left: 8px solid transparent; transform: translateY(-4px) translateX(8px);\"><\/div>\n<\/div>\n<\/div>\n<div style=\"display: flex; flex-direction: column; flex-grow: 1; justify-content: center; margin-bottom: 24px;\">\n<div style=\" background-color: #F4F4F4; border-radius: 4px; flex-grow: 0; height: 14px; margin-bottom: 6px; width: 224px;\"><\/div>\n<div style=\" background-color: #F4F4F4; border-radius: 4px; flex-grow: 0; height: 14px; width: 144px;\"><\/div>\n<\/div>\n<p><\/a><\/p>\n<p style=\" color:#c9c8cd; font-family:Arial,sans-serif; font-size:14px; line-height:17px; margin-bottom:0; margin-top:8px; overflow:hidden; padding:8px 0 7px; text-align:center; text-overflow:ellipsis; white-space:nowrap;\"><a href=\"https:\/\/www.instagram.com\/reel\/DHWwNi5Kgz_\/?utm_source=ig_embed&amp;utm_campaign=loading\" style=\" color:#c9c8cd; font-family:Arial,sans-serif; font-size:14px; font-style:normal; font-weight:normal; line-height:17px; text-decoration:none;\" target=\"_blank\">A post shared by DateCuenta Escuela Fotografi\u0301a (@date.cuenta)<\/a><\/p>\n<\/div>\n<\/blockquote>\n<p><script async src=\"\/\/www.instagram.com\/embed.js\"><\/script>[\/et_pb_text][et_pb_text _builder_version=\u00bb4.25.1&#8243; _module_preset=\u00bbdefault\u00bb global_colors_info=\u00bb{}\u00bb]<\/p>\n<p><em>Pr\u00e1ctica del curso de Proyectos de Fotograf\u00eda Profesional 2024\/2025. \u00abPublicaci\u00f3n en la revista sueca ETC\u00bb \u00a9MANOLO AZOR, JOS\u00c9 MIGUEL S\u00c1NCHEZ Y KAIRI KALDA<br \/><\/em><\/p>\n<p>[\/et_pb_text][et_pb_text _builder_version=\u00bb4.25.1&#8243; _module_preset=\u00bbdefault\u00bb text_font_size=\u00bb19px\u00bb text_line_height=\u00bb1.6em\u00bb header_2_font=\u00bbInter|900|||||||\u00bb header_2_font_size=\u00bb42px\u00bb header_3_font_size=\u00bb32px\u00bb custom_margin=\u00bb||40px||false|false\u00bb custom_margin_tablet=\u00bb||40px||false|false\u00bb custom_margin_phone=\u00bb||0px||false|false\u00bb custom_margin_last_edited=\u00bbon|phone\u00bb custom_padding=\u00bb||0px|||\u00bb locked=\u00bboff\u00bb global_colors_info=\u00bb{}\u00bb]<\/p>\n<p><strong>BLOQUE 5. TUTOR\u00cdAS GRUPALES DE SEGUIMIENTO DE PROYECTOS (4 sesiones)<\/strong><\/p>\n<ul>\n<li>Redacci\u00f3n de un proyecto<\/li>\n<li>Selecci\u00f3n de im\u00e1genes<\/li>\n<li>Publicaci\u00f3n de la propuesta<\/li>\n<li>An\u00e1lisis y seguimiento<\/li>\n<\/ul>\n<p><strong>ACTIVIDADES COMPLEMENTARIAS <\/strong><\/p>\n<ul>\n<li>Dos masterclases con <strong>profesionales del \u00e1mbito de la fotograf\u00eda<\/strong> profesional, art\u00edstica y documental<\/li>\n<li>Al menos una salida grupal <\/li>\n<\/ul>\n<p>[\/et_pb_text][et_pb_button button_url=\u00bbhttps:\/\/www.datecuenta.org\/escuelalibre\/inscripciones\/\u00bb button_text=\u00bbQUIERO INSCRIBIRME AL CURSO\u00bb button_alignment=\u00bbcenter\u00bb admin_label=\u00bbBoton inscripcion\u00bb _builder_version=\u00bb4.25.1&#8243; _module_preset=\u00bbdefault\u00bb custom_button=\u00bbon\u00bb button_text_size=\u00bb22px\u00bb button_text_color=\u00bb#FFFFFF\u00bb button_bg_color=\u00bb#988cbe\u00bb button_border_radius=\u00bb11px\u00bb button_letter_spacing=\u00bb0px\u00bb button_font=\u00bb|700|||||||\u00bb box_shadow_style=\u00bbpreset2&#8243; global_colors_info=\u00bb{}\u00bb][\/et_pb_button][et_pb_text _builder_version=\u00bb4.17.4&#8243; _module_preset=\u00bbdefault\u00bb global_colors_info=\u00bb{}\u00bb]<\/p>\n<blockquote class=\"instagram-media\" data-instgrm-captioned data-instgrm-permalink=\"https:\/\/www.instagram.com\/p\/CmCZGbZDA8c\/?utm_source=ig_embed&amp;utm_campaign=loading\" data-instgrm-version=\"14\" style=\" background:#FFF; border:0; border-radius:3px; box-shadow:0 0 1px 0 rgba(0,0,0,0.5),0 1px 10px 0 rgba(0,0,0,0.15); margin: 1px; max-width:540px; min-width:326px; padding:0; width:99.375%; width:-webkit-calc(100% - 2px); width:calc(100% - 2px);\">\n<div style=\"padding:16px;\"> <a href=\"https:\/\/www.instagram.com\/p\/CmCZGbZDA8c\/?utm_source=ig_embed&amp;utm_campaign=loading\" style=\" background:#FFFFFF; line-height:0; padding:0 0; text-align:center; text-decoration:none; width:100%;\" target=\"_blank\" rel=\"noopener\"> <\/p>\n<div style=\" display: flex; flex-direction: row; align-items: center;\">\n<div style=\"background-color: #F4F4F4; border-radius: 50%; flex-grow: 0; height: 40px; margin-right: 14px; width: 40px;\"><\/div>\n<div style=\"display: flex; flex-direction: column; flex-grow: 1; justify-content: center;\">\n<div style=\" background-color: #F4F4F4; border-radius: 4px; flex-grow: 0; height: 14px; margin-bottom: 6px; width: 100px;\"><\/div>\n<div style=\" background-color: #F4F4F4; border-radius: 4px; flex-grow: 0; height: 14px; width: 60px;\"><\/div>\n<\/div>\n<\/div>\n<div style=\"padding: 19% 0;\"><\/div>\n<div style=\"display:block; height:50px; margin:0 auto 12px; width:50px;\"><svg width=\"50px\" height=\"50px\" viewBox=\"0 0 60 60\" version=\"1.1\" xmlns=\"https:\/\/www.w3.org\/2000\/svg\" xmlns:xlink=\"https:\/\/www.w3.org\/1999\/xlink\"><g stroke=\"none\" stroke-width=\"1\" fill=\"none\" fill-rule=\"evenodd\"><g transform=\"translate(-511.000000, -20.000000)\" fill=\"#000000\"><g><path d=\"M556.869,30.41 C554.814,30.41 553.148,32.076 553.148,34.131 C553.148,36.186 554.814,37.852 556.869,37.852 C558.924,37.852 560.59,36.186 560.59,34.131 C560.59,32.076 558.924,30.41 556.869,30.41 M541,60.657 C535.114,60.657 530.342,55.887 530.342,50 C530.342,44.114 535.114,39.342 541,39.342 C546.887,39.342 551.658,44.114 551.658,50 C551.658,55.887 546.887,60.657 541,60.657 M541,33.886 C532.1,33.886 524.886,41.1 524.886,50 C524.886,58.899 532.1,66.113 541,66.113 C549.9,66.113 557.115,58.899 557.115,50 C557.115,41.1 549.9,33.886 541,33.886 M565.378,62.101 C565.244,65.022 564.756,66.606 564.346,67.663 C563.803,69.06 563.154,70.057 562.106,71.106 C561.058,72.155 560.06,72.803 558.662,73.347 C557.607,73.757 556.021,74.244 553.102,74.378 C549.944,74.521 548.997,74.552 541,74.552 C533.003,74.552 532.056,74.521 528.898,74.378 C525.979,74.244 524.393,73.757 523.338,73.347 C521.94,72.803 520.942,72.155 519.894,71.106 C518.846,70.057 518.197,69.06 517.654,67.663 C517.244,66.606 516.755,65.022 516.623,62.101 C516.479,58.943 516.448,57.996 516.448,50 C516.448,42.003 516.479,41.056 516.623,37.899 C516.755,34.978 517.244,33.391 517.654,32.338 C518.197,30.938 518.846,29.942 519.894,28.894 C520.942,27.846 521.94,27.196 523.338,26.654 C524.393,26.244 525.979,25.756 528.898,25.623 C532.057,25.479 533.004,25.448 541,25.448 C548.997,25.448 549.943,25.479 553.102,25.623 C556.021,25.756 557.607,26.244 558.662,26.654 C560.06,27.196 561.058,27.846 562.106,28.894 C563.154,29.942 563.803,30.938 564.346,32.338 C564.756,33.391 565.244,34.978 565.378,37.899 C565.522,41.056 565.552,42.003 565.552,50 C565.552,57.996 565.522,58.943 565.378,62.101 M570.82,37.631 C570.674,34.438 570.167,32.258 569.425,30.349 C568.659,28.377 567.633,26.702 565.965,25.035 C564.297,23.368 562.623,22.342 560.652,21.575 C558.743,20.834 556.562,20.326 553.369,20.18 C550.169,20.033 549.148,20 541,20 C532.853,20 531.831,20.033 528.631,20.18 C525.438,20.326 523.257,20.834 521.349,21.575 C519.376,22.342 517.703,23.368 516.035,25.035 C514.368,26.702 513.342,28.377 512.574,30.349 C511.834,32.258 511.326,34.438 511.181,37.631 C511.035,40.831 511,41.851 511,50 C511,58.147 511.035,59.17 511.181,62.369 C511.326,65.562 511.834,67.743 512.574,69.651 C513.342,71.625 514.368,73.296 516.035,74.965 C517.703,76.634 519.376,77.658 521.349,78.425 C523.257,79.167 525.438,79.673 528.631,79.82 C531.831,79.965 532.853,80.001 541,80.001 C549.148,80.001 550.169,79.965 553.369,79.82 C556.562,79.673 558.743,79.167 560.652,78.425 C562.623,77.658 564.297,76.634 565.965,74.965 C567.633,73.296 568.659,71.625 569.425,69.651 C570.167,67.743 570.674,65.562 570.82,62.369 C570.966,59.17 571,58.147 571,50 C571,41.851 570.966,40.831 570.82,37.631\"><\/path><\/g><\/g><\/g><\/svg><\/div>\n<div style=\"padding-top: 8px;\">\n<div style=\" color:#3897f0; font-family:Arial,sans-serif; font-size:14px; font-style:normal; font-weight:550; line-height:18px;\">Ver esta publicaci\u00f3n en Instagram<\/div>\n<\/div>\n<div style=\"padding: 12.5% 0;\"><\/div>\n<div style=\"display: flex; flex-direction: row; margin-bottom: 14px; align-items: center;\">\n<div>\n<div style=\"background-color: #F4F4F4; border-radius: 50%; height: 12.5px; width: 12.5px; transform: translateX(0px) translateY(7px);\"><\/div>\n<div style=\"background-color: #F4F4F4; height: 12.5px; transform: rotate(-45deg) translateX(3px) translateY(1px); width: 12.5px; flex-grow: 0; margin-right: 14px; margin-left: 2px;\"><\/div>\n<div style=\"background-color: #F4F4F4; border-radius: 50%; height: 12.5px; width: 12.5px; transform: translateX(9px) translateY(-18px);\"><\/div>\n<\/div>\n<div style=\"margin-left: 8px;\">\n<div style=\" background-color: #F4F4F4; border-radius: 50%; flex-grow: 0; height: 20px; width: 20px;\"><\/div>\n<div style=\" width: 0; height: 0; border-top: 2px solid transparent; border-left: 6px solid #f4f4f4; border-bottom: 2px solid transparent; transform: translateX(16px) translateY(-4px) rotate(30deg)\"><\/div>\n<\/div>\n<div style=\"margin-left: auto;\">\n<div style=\" width: 0px; border-top: 8px solid #F4F4F4; border-right: 8px solid transparent; transform: translateY(16px);\"><\/div>\n<div style=\" background-color: #F4F4F4; flex-grow: 0; height: 12px; width: 16px; transform: translateY(-4px);\"><\/div>\n<div style=\" width: 0; height: 0; border-top: 8px solid #F4F4F4; border-left: 8px solid transparent; transform: translateY(-4px) translateX(8px);\"><\/div>\n<\/div>\n<\/div>\n<div style=\"display: flex; flex-direction: column; flex-grow: 1; justify-content: center; margin-bottom: 24px;\">\n<div style=\" background-color: #F4F4F4; border-radius: 4px; flex-grow: 0; height: 14px; margin-bottom: 6px; width: 224px;\"><\/div>\n<div style=\" background-color: #F4F4F4; border-radius: 4px; flex-grow: 0; height: 14px; width: 144px;\"><\/div>\n<\/div>\n<p><\/a><\/p>\n<p style=\" color:#c9c8cd; font-family:Arial,sans-serif; font-size:14px; line-height:17px; margin-bottom:0; margin-top:8px; overflow:hidden; padding:8px 0 7px; text-align:center; text-overflow:ellipsis; white-space:nowrap;\"><a href=\"https:\/\/www.instagram.com\/p\/CmCZGbZDA8c\/?utm_source=ig_embed&amp;utm_campaign=loading\" style=\" color:#c9c8cd; font-family:Arial,sans-serif; font-size:14px; font-style:normal; font-weight:normal; line-height:17px; text-decoration:none;\" target=\"_blank\" rel=\"noopener\">Una publicaci\u00f3n compartida de DateCuenta Escuela Fotograf\u00eda (@date.cuenta)<\/a><\/p>\n<\/div>\n<\/blockquote>\n<p><script async src=\"\/\/www.instagram.com\/embed.js\"><\/script>[\/et_pb_text][et_pb_text _builder_version=\u00bb4.25.1&#8243; _module_preset=\u00bbdefault\u00bb custom_padding=\u00bb28px|||||\u00bb global_colors_info=\u00bb{}\u00bb]<\/p>\n<p><em>Masterclase de Paulo Cacais, coordinador del curso, donde nos daba las claves para moverse en el mercado fotogr\u00e1fico<br \/><\/em><\/p>\n<p>[\/et_pb_text][\/et_pb_column][et_pb_column type=\u00bb2_5&#8243; _builder_version=\u00bb4.16&#8243; _module_preset=\u00bbdefault\u00bb custom_padding=\u00bb||||false|false\u00bb border_color_right=\u00bb#000000&#8243; global_colors_info=\u00bb{}\u00bb][et_pb_text disabled_on=\u00bboff|off|off\u00bb _builder_version=\u00bb4.25.1&#8243; _module_preset=\u00bbdefault\u00bb text_line_height=\u00bb1.6em\u00bb header_2_font=\u00bbInter|900|||||||\u00bb header_2_font_size=\u00bb42px\u00bb header_2_line_height=\u00bb1.1em\u00bb header_3_font_size=\u00bb32px\u00bb custom_margin=\u00bb0px||12px||false|false\u00bb custom_margin_tablet=\u00bb0px||0px||false|false\u00bb custom_margin_phone=\u00bb0px||0px||false|false\u00bb custom_margin_last_edited=\u00bbon|phone\u00bb custom_padding=\u00bb0px||0px||false|false\u00bb header_2_font_size_tablet=\u00bb38px\u00bb header_2_font_size_phone=\u00bb29px\u00bb header_2_font_size_last_edited=\u00bbon|phone\u00bb header_2_line_height_tablet=\u00bb1.1em\u00bb header_2_line_height_phone=\u00bb1.1em\u00bb header_2_line_height_last_edited=\u00bbon|desktop\u00bb global_colors_info=\u00bb{}\u00bb]<\/p>\n<h2>\u00bfQU\u00c9 DICEN DE NUESTRO<span style=\"color: #988cbe;\"> CURSO DE PROFESIONALIZACI\u00d3N EN FOTOGRAF\u00cdA<\/span>?<\/h2>\n<p>[\/et_pb_text][et_pb_code _builder_version=\u00bb4.16&#8243; _module_preset=\u00bbdefault\u00bb custom_margin=\u00bb||2px|||\u00bb custom_margin_tablet=\u00bb||2px|||\u00bb custom_margin_phone=\u00bb||0px||false|false\u00bb custom_margin_last_edited=\u00bbon|phone\u00bb custom_padding=\u00bb0px||||false|false\u00bb custom_padding_tablet=\u00bb0px||||false|false\u00bb custom_padding_phone=\u00bb0px||||false|false\u00bb custom_padding_last_edited=\u00bbon|phone\u00bb global_colors_info=\u00bb{}\u00bb]<pee><!-- divi:shortcode --><!\u2013- [et_pb_br_holder] -\u2013><pre class=\"ti-widget\"><template id=\"trustindex-google-widget-html\"><div class=\" ti-widget  ti-goog ti-review-text-mode-readmore ti-text-align-left\" data-no-translation=\"true\" data-plugin-version=\"13.2.7\" data-layout-id=\"33\" data-layout-category=\"list\" data-set-id=\"drop-shadow\" data-pid=\"\" data-language=\"es\" data-close-locale=\"Cerca\" data-css-version=\"2\" data-reply-by-locale=\"Respuesta del propietario\" data-only-rating-locale=\"Esta usuario solo dej\u00f3 una calificaci\u00f3n.\" data-load-more-rows=\"5\"> <div class=\"ti-widget-container\"> <div class=\"ti-reviews-container\"> <div class=\"ti-reviews-container-wrapper\">  <div data-empty=\"0\" class=\"ti-review-item source-Google ti-image-layout-thumbnail\" data-id=\"cfcd208495d565ef66e7dff9f98764da\"> <div class=\"ti-inner\"> <div class=\"ti-review-header\"> <div class=\"ti-platform-icon ti-with-tooltip\"> <span class=\"ti-tooltip\">Publicado en <\/span> <trustindex-image data-imgurl=\"https:\/\/cdn.trustindex.io\/assets\/platform\/Google\/icon.svg\" alt=\"\" width=\"20\" height=\"20\" loading=\"lazy\"><\/trustindex-image> <\/div> <div class=\"ti-profile-img\"> <trustindex-image data-imgurl=\"https:\/\/lh3.googleusercontent.com\/a\/ACg8ocIc9ejrrYIZQB3BQ-cAmmnCkPyRAZWJYdPTYfU1_3eQfmvXXQ=w40-h40-c-rp-mo-br100\" alt=\"Jacqueline Hidalgo profile picture\" loading=\"lazy\"><\/trustindex-image> <\/div> <div class=\"ti-profile-details\"> <div class=\"ti-name\"> Jacqueline Hidalgo <\/div> <div class=\"ti-date\">2. Octubre, 2025.<\/div> <\/div> <\/div> <span class=\"ti-stars\"><trustindex-image class=\"ti-star\" data-imgurl=\"https:\/\/cdn.trustindex.io\/assets\/platform\/Google\/star\/f.svg\" alt=\"Google\" width=\"17\" height=\"17\" loading=\"lazy\"><\/trustindex-image><trustindex-image class=\"ti-star\" data-imgurl=\"https:\/\/cdn.trustindex.io\/assets\/platform\/Google\/star\/f.svg\" alt=\"Google\" width=\"17\" height=\"17\" loading=\"lazy\"><\/trustindex-image><trustindex-image class=\"ti-star\" data-imgurl=\"https:\/\/cdn.trustindex.io\/assets\/platform\/Google\/star\/f.svg\" alt=\"Google\" width=\"17\" height=\"17\" loading=\"lazy\"><\/trustindex-image><trustindex-image class=\"ti-star\" data-imgurl=\"https:\/\/cdn.trustindex.io\/assets\/platform\/Google\/star\/f.svg\" alt=\"Google\" width=\"17\" height=\"17\" loading=\"lazy\"><\/trustindex-image><trustindex-image class=\"ti-star\" data-imgurl=\"https:\/\/cdn.trustindex.io\/assets\/platform\/Google\/star\/f.svg\" alt=\"Google\" width=\"17\" height=\"17\" loading=\"lazy\"><\/trustindex-image><span class=\"ti-verified-review ti-verified-platform\"><span class=\"ti-verified-tooltip\">Trustindex verifica que la fuente original de la rese\u00f1a sea Google.<\/span><\/span><\/span> <div class=\"ti-review-content\"> <div class=\"ti-review-text-container ti-inner\"><!-- R-CONTENT -->He tenido la suerte de ser alumna de DateCuenta durante dos a\u00f1os consecutivos y ha sido muy enriquecedor. La ense\u00f1anza es cercana, pr\u00e1ctica y enfocada en el crecimiento personal y art\u00edstico. Mis profes fueron Lukas y Paulo, personas entregadas y gu\u00edas incre\u00edbles. Se nota el compromiso real por formar fot\u00f3grafos con pasi\u00f3n y mirada propia.\nGracias por facilitar el acceso a la fotograf\u00eda y sobretodo por aportar la consciencia social que tanta falta nos hace.<!-- R-CONTENT --><\/div> <span class=\"ti-read-more\" data-container=\".ti-review-content .ti-inner\" data-collapse-text=\"Ocultar\" data-open-text=\"Leer m\u00e1s\"><\/span> <\/div> <\/div> <\/div>  <div data-empty=\"0\" class=\"ti-review-item source-Google ti-image-layout-thumbnail\" data-id=\"cfcd208495d565ef66e7dff9f98764da\"> <div class=\"ti-inner\"> <div class=\"ti-review-header\"> <div class=\"ti-platform-icon ti-with-tooltip\"> <span class=\"ti-tooltip\">Publicado en <\/span> <trustindex-image data-imgurl=\"https:\/\/cdn.trustindex.io\/assets\/platform\/Google\/icon.svg\" alt=\"\" width=\"20\" height=\"20\" loading=\"lazy\"><\/trustindex-image> <\/div> <div class=\"ti-profile-img\"> <trustindex-image data-imgurl=\"https:\/\/lh3.googleusercontent.com\/a\/ACg8ocKjMjxzZj6usdrmFQpb4f_5jxxcvbioIQqMMEJ7cKZQA-TPJA=w40-h40-c-rp-mo-ba3-br100\" alt=\"Alexia Aguero profile picture\" loading=\"lazy\"><\/trustindex-image> <\/div> <div class=\"ti-profile-details\"> <div class=\"ti-name\"> Alexia Aguero <\/div> <div class=\"ti-date\">22. Septiembre, 2025.<\/div> <\/div> <\/div> <span class=\"ti-stars\"><trustindex-image class=\"ti-star\" data-imgurl=\"https:\/\/cdn.trustindex.io\/assets\/platform\/Google\/star\/f.svg\" alt=\"Google\" width=\"17\" height=\"17\" loading=\"lazy\"><\/trustindex-image><trustindex-image class=\"ti-star\" data-imgurl=\"https:\/\/cdn.trustindex.io\/assets\/platform\/Google\/star\/f.svg\" alt=\"Google\" width=\"17\" height=\"17\" loading=\"lazy\"><\/trustindex-image><trustindex-image class=\"ti-star\" data-imgurl=\"https:\/\/cdn.trustindex.io\/assets\/platform\/Google\/star\/f.svg\" alt=\"Google\" width=\"17\" height=\"17\" loading=\"lazy\"><\/trustindex-image><trustindex-image class=\"ti-star\" data-imgurl=\"https:\/\/cdn.trustindex.io\/assets\/platform\/Google\/star\/f.svg\" alt=\"Google\" width=\"17\" height=\"17\" loading=\"lazy\"><\/trustindex-image><trustindex-image class=\"ti-star\" data-imgurl=\"https:\/\/cdn.trustindex.io\/assets\/platform\/Google\/star\/f.svg\" alt=\"Google\" width=\"17\" height=\"17\" loading=\"lazy\"><\/trustindex-image><span class=\"ti-verified-review ti-verified-platform\"><span class=\"ti-verified-tooltip\">Trustindex verifica que la fuente original de la rese\u00f1a sea Google.<\/span><\/span><\/span> <div class=\"ti-review-content\"> <div class=\"ti-review-text-container ti-inner\"><!-- R-CONTENT -->Mi experiencia en el curso de Date Cuenta de Fotograf\u00eda documental fue excelente.\nPart\u00ed pr\u00e1cticamente sin conocimientos previos y, a lo largo de las clases, aprend\u00ed much\u00edsimo: no solo en lo t\u00e9cnico, sino tambi\u00e9n en la forma de mirar y contar historias a trav\u00e9s de la fotograf\u00eda.\nSe gener\u00f3 un grupo muy lindo, donde tuve la oportunidad de conocer personas maravillosas con quienes compartimos aprendizajes y miradas diversas y con quienes a\u00fan estamos en contacto.\nLa escuela transmite unos valores humanos que hacen que te sientas c\u00f3moda y parte de una verdadera comunidad, algo que enriquece y potencia la experiencia de aprendizaje.\nNuestro profesor, Javier Guerra, ha sido simplemente incre\u00edble: por su experiencia y conocimiento, pero sobre todo por la manera en que supo acompa\u00f1arnos, transmitir su pasi\u00f3n y contagiarnos esa curiosidad y entusiasmo.\nLo recomiendo sin dudar para quienes quieran acercarse al fotoperiodismo, aun si empiezan desde cero.<!-- R-CONTENT --><\/div> <span class=\"ti-read-more\" data-container=\".ti-review-content .ti-inner\" data-collapse-text=\"Ocultar\" data-open-text=\"Leer m\u00e1s\"><\/span> <\/div> <\/div> <\/div>  <div data-empty=\"0\" class=\"ti-review-item source-Google ti-image-layout-thumbnail\" data-id=\"cfcd208495d565ef66e7dff9f98764da\"> <div class=\"ti-inner\"> <div class=\"ti-review-header\"> <div class=\"ti-platform-icon ti-with-tooltip\"> <span class=\"ti-tooltip\">Publicado en <\/span> <trustindex-image data-imgurl=\"https:\/\/cdn.trustindex.io\/assets\/platform\/Google\/icon.svg\" alt=\"\" width=\"20\" height=\"20\" loading=\"lazy\"><\/trustindex-image> <\/div> <div class=\"ti-profile-img\"> <trustindex-image data-imgurl=\"https:\/\/lh3.googleusercontent.com\/a-\/ALV-UjU_cLVFJWdV-ZJESN7vAI6V8QSuAytAOhPN4dya7i1HDSbmM3SM=w40-h40-c-rp-mo-br100\" alt=\"Marta Turon Dols profile picture\" loading=\"lazy\"><\/trustindex-image> <\/div> <div class=\"ti-profile-details\"> <div class=\"ti-name\"> Marta Turon Dols <\/div> <div class=\"ti-date\">19. Septiembre, 2025.<\/div> <\/div> <\/div> <span class=\"ti-stars\"><trustindex-image class=\"ti-star\" data-imgurl=\"https:\/\/cdn.trustindex.io\/assets\/platform\/Google\/star\/f.svg\" alt=\"Google\" width=\"17\" height=\"17\" loading=\"lazy\"><\/trustindex-image><trustindex-image class=\"ti-star\" data-imgurl=\"https:\/\/cdn.trustindex.io\/assets\/platform\/Google\/star\/f.svg\" alt=\"Google\" width=\"17\" height=\"17\" loading=\"lazy\"><\/trustindex-image><trustindex-image class=\"ti-star\" data-imgurl=\"https:\/\/cdn.trustindex.io\/assets\/platform\/Google\/star\/f.svg\" alt=\"Google\" width=\"17\" height=\"17\" loading=\"lazy\"><\/trustindex-image><trustindex-image class=\"ti-star\" data-imgurl=\"https:\/\/cdn.trustindex.io\/assets\/platform\/Google\/star\/f.svg\" alt=\"Google\" width=\"17\" height=\"17\" loading=\"lazy\"><\/trustindex-image><trustindex-image class=\"ti-star\" data-imgurl=\"https:\/\/cdn.trustindex.io\/assets\/platform\/Google\/star\/f.svg\" alt=\"Google\" width=\"17\" height=\"17\" loading=\"lazy\"><\/trustindex-image><span class=\"ti-verified-review ti-verified-platform\"><span class=\"ti-verified-tooltip\">Trustindex verifica que la fuente original de la rese\u00f1a sea Google.<\/span><\/span><\/span> <div class=\"ti-review-content\"> <div class=\"ti-review-text-container ti-inner\"><!-- R-CONTENT -->Descobrir l'escola Date Cuenta va ser una gran troballa. El curs de fotografia art\u00edstica que vaig fer, em va aportar molt; tant a nivell te\u00f2ric, pels referents descoberts, com a nivell pr\u00e0ctic perqu\u00e8 em va ajudar a crear el meu propi projecte fotogr\u00e0fic. Dono un 10 a l'escola, al professorat i al curs. Excel\u00b7lent qualitat a un preu molt adequat. De fet, aquest any repeteixo perqu\u00e8 s\u00e9 que puc continuar aprenent! Recomenable 100%<!-- R-CONTENT --><\/div> <span class=\"ti-read-more\" data-container=\".ti-review-content .ti-inner\" data-collapse-text=\"Ocultar\" data-open-text=\"Leer m\u00e1s\"><\/span> <\/div> <\/div> <\/div>  <div data-empty=\"0\" class=\"ti-review-item source-Google ti-image-layout-thumbnail\" data-id=\"cfcd208495d565ef66e7dff9f98764da\"> <div class=\"ti-inner\"> <div class=\"ti-review-header\"> <div class=\"ti-platform-icon ti-with-tooltip\"> <span class=\"ti-tooltip\">Publicado en <\/span> <trustindex-image data-imgurl=\"https:\/\/cdn.trustindex.io\/assets\/platform\/Google\/icon.svg\" alt=\"\" width=\"20\" height=\"20\" loading=\"lazy\"><\/trustindex-image> <\/div> <div class=\"ti-profile-img\"> <trustindex-image data-imgurl=\"https:\/\/lh3.googleusercontent.com\/a-\/ALV-UjUALYJgShjpZA0JpW4zdGf5nduJrh-fKydfNeWW8BlKeALqydyb=w40-h40-c-rp-mo-ba4-br100\" alt=\"Santi Subirachs profile picture\" loading=\"lazy\"><\/trustindex-image> <\/div> <div class=\"ti-profile-details\"> <div class=\"ti-name\"> Santi Subirachs <\/div> <div class=\"ti-date\">1. Agosto, 2025.<\/div> <\/div> <\/div> <span class=\"ti-stars\"><trustindex-image class=\"ti-star\" data-imgurl=\"https:\/\/cdn.trustindex.io\/assets\/platform\/Google\/star\/f.svg\" alt=\"Google\" width=\"17\" height=\"17\" loading=\"lazy\"><\/trustindex-image><trustindex-image class=\"ti-star\" data-imgurl=\"https:\/\/cdn.trustindex.io\/assets\/platform\/Google\/star\/f.svg\" alt=\"Google\" width=\"17\" height=\"17\" loading=\"lazy\"><\/trustindex-image><trustindex-image class=\"ti-star\" data-imgurl=\"https:\/\/cdn.trustindex.io\/assets\/platform\/Google\/star\/f.svg\" alt=\"Google\" width=\"17\" height=\"17\" loading=\"lazy\"><\/trustindex-image><trustindex-image class=\"ti-star\" data-imgurl=\"https:\/\/cdn.trustindex.io\/assets\/platform\/Google\/star\/f.svg\" alt=\"Google\" width=\"17\" height=\"17\" loading=\"lazy\"><\/trustindex-image><trustindex-image class=\"ti-star\" data-imgurl=\"https:\/\/cdn.trustindex.io\/assets\/platform\/Google\/star\/f.svg\" alt=\"Google\" width=\"17\" height=\"17\" loading=\"lazy\"><\/trustindex-image><span class=\"ti-verified-review ti-verified-platform\"><span class=\"ti-verified-tooltip\">Trustindex verifica que la fuente original de la rese\u00f1a sea Google.<\/span><\/span><\/span> <div class=\"ti-review-content\"> <div class=\"ti-review-text-container ti-inner\"><!-- R-CONTENT -->Descubr\u00ed la Escuela por casualidad y me llam\u00f3 la atenci\u00f3n su enfoque social. Me apunt\u00e9 al curso de Fotograf\u00eda Documental para aprender t\u00e9cnica, pero acab\u00e9 encontrando mucho m\u00e1s: una manera de dar sentido a mi trabajo.\nAqu\u00ed no se limitan a ense\u00f1ar conceptos t\u00e9cnicos (que puedes aprender en muchos lugares), sino que te gu\u00edan para comunicar, sugerir y emocionar a trav\u00e9s de tus im\u00e1genes. La fotograf\u00eda es tratada como una herramienta para contar historias. La metodolog\u00eda es extraordinaria: grupos reducidos, docentes cercanos y pr\u00e1cticas en entornos reales.\nAl final de curso se organiza una exposici\u00f3n con los proyectos desarrollados por los alumnos durante el a\u00f1o, donde puedes comprobar tu evoluci\u00f3n y la de tus compa\u00f1eros de la escuela.\nTras a\u00f1os haciendo fotos como aficionado, he descubierto un camino lleno de sorpresas que siempre estuvo ah\u00ed, pero que no sab\u00eda ver. Si buscas algo m\u00e1s all\u00e1 de la t\u00e9cnica pura, este es el lugar. Lo importante no es la hiperfocal, sino la fotograf\u00eda con prop\u00f3sito<!-- R-CONTENT --><\/div> <span class=\"ti-read-more\" data-container=\".ti-review-content .ti-inner\" data-collapse-text=\"Ocultar\" data-open-text=\"Leer m\u00e1s\"><\/span> <\/div> <\/div> <\/div>  <div data-empty=\"0\" class=\"ti-review-item source-Google ti-image-layout-thumbnail\" data-id=\"cfcd208495d565ef66e7dff9f98764da\"> <div class=\"ti-inner\"> <div class=\"ti-review-header\"> <div class=\"ti-platform-icon ti-with-tooltip\"> <span class=\"ti-tooltip\">Publicado en <\/span> <trustindex-image data-imgurl=\"https:\/\/cdn.trustindex.io\/assets\/platform\/Google\/icon.svg\" alt=\"\" width=\"20\" height=\"20\" loading=\"lazy\"><\/trustindex-image> <\/div> <div class=\"ti-profile-img\"> <trustindex-image data-imgurl=\"https:\/\/lh3.googleusercontent.com\/a-\/ALV-UjVOXoUN__rLYUInlvY3isWpZH3j_wImPHDLg1nQ96TYRK99pS1pzA=w40-h40-c-rp-mo-ba3-br100\" alt=\"Marco Martone profile picture\" loading=\"lazy\"><\/trustindex-image> <\/div> <div class=\"ti-profile-details\"> <div class=\"ti-name\"> Marco Martone <\/div> <div class=\"ti-date\">18. Julio, 2025.<\/div> <\/div> <\/div> <span class=\"ti-stars\"><trustindex-image class=\"ti-star\" data-imgurl=\"https:\/\/cdn.trustindex.io\/assets\/platform\/Google\/star\/f.svg\" alt=\"Google\" width=\"17\" height=\"17\" loading=\"lazy\"><\/trustindex-image><trustindex-image class=\"ti-star\" data-imgurl=\"https:\/\/cdn.trustindex.io\/assets\/platform\/Google\/star\/f.svg\" alt=\"Google\" width=\"17\" height=\"17\" loading=\"lazy\"><\/trustindex-image><trustindex-image class=\"ti-star\" data-imgurl=\"https:\/\/cdn.trustindex.io\/assets\/platform\/Google\/star\/f.svg\" alt=\"Google\" width=\"17\" height=\"17\" loading=\"lazy\"><\/trustindex-image><trustindex-image class=\"ti-star\" data-imgurl=\"https:\/\/cdn.trustindex.io\/assets\/platform\/Google\/star\/f.svg\" alt=\"Google\" width=\"17\" height=\"17\" loading=\"lazy\"><\/trustindex-image><trustindex-image class=\"ti-star\" data-imgurl=\"https:\/\/cdn.trustindex.io\/assets\/platform\/Google\/star\/f.svg\" alt=\"Google\" width=\"17\" height=\"17\" loading=\"lazy\"><\/trustindex-image><span class=\"ti-verified-review ti-verified-platform\"><span class=\"ti-verified-tooltip\">Trustindex verifica que la fuente original de la rese\u00f1a sea Google.<\/span><\/span><\/span> <div class=\"ti-review-content\"> <div class=\"ti-review-text-container ti-inner\"><!-- R-CONTENT -->Haber descubierto Date Cuenta ha sido un cambio radical en mi vida personal y profesional.\n\nLlevaba a\u00f1os buscando y postergando la decisi\u00f3n de apuntarme a un curso de fotograf\u00eda, nunca me hab\u00eda acabado de gustar ninguno.\n\nEn Date Cuenta, he encontrado todo lo que estaba buscando. Una atenci\u00f3n muy humana, personas excelentes, profesorxs increibles y compa\u00f1erxs muy majx.\n\nAl principio solo me llam\u00f3 la atenci\u00f3n el precio, muy accesible por la oferta que daban, pero despu\u00e9s de tan solo una clase con la profe Lukas, me he quedado sorpendido por la calidad y la profesionalidad.\n\nSiento haber por fin avanzado y en tan solo un a\u00f1o he aprendido un mont\u00f3n de cosas en el curso de iluminaci\u00f3n.\n\nSi est\u00e1s dudando, espero que esta rese\u00f1a pueda ayudarte!!!<!-- R-CONTENT --><\/div> <span class=\"ti-read-more\" data-container=\".ti-review-content .ti-inner\" data-collapse-text=\"Ocultar\" data-open-text=\"Leer m\u00e1s\"><\/span> <\/div> <\/div> <\/div>  <div data-empty=\"0\" class=\"ti-review-item source-Google ti-image-layout-thumbnail\" data-id=\"cfcd208495d565ef66e7dff9f98764da\"> <div class=\"ti-inner\"> <div class=\"ti-review-header\"> <div class=\"ti-platform-icon ti-with-tooltip\"> <span class=\"ti-tooltip\">Publicado en <\/span> <trustindex-image data-imgurl=\"https:\/\/cdn.trustindex.io\/assets\/platform\/Google\/icon.svg\" alt=\"\" width=\"20\" height=\"20\" loading=\"lazy\"><\/trustindex-image> <\/div> <div class=\"ti-profile-img\"> <trustindex-image data-imgurl=\"https:\/\/lh3.googleusercontent.com\/a-\/ALV-UjXRH1cxkomRkfBIfOT-jO1lHhFVuqVKC60Ovm1uw14tK09ab7H8gA=w40-h40-c-rp-mo-ba4-br100\" alt=\"Carlos Mir\u00f3 profile picture\" loading=\"lazy\"><\/trustindex-image> <\/div> <div class=\"ti-profile-details\"> <div class=\"ti-name\"> Carlos Mir\u00f3 <\/div> <div class=\"ti-date\">8. Junio, 2025.<\/div> <\/div> <\/div> <span class=\"ti-stars\"><trustindex-image class=\"ti-star\" data-imgurl=\"https:\/\/cdn.trustindex.io\/assets\/platform\/Google\/star\/f.svg\" alt=\"Google\" width=\"17\" height=\"17\" loading=\"lazy\"><\/trustindex-image><trustindex-image class=\"ti-star\" data-imgurl=\"https:\/\/cdn.trustindex.io\/assets\/platform\/Google\/star\/f.svg\" alt=\"Google\" width=\"17\" height=\"17\" loading=\"lazy\"><\/trustindex-image><trustindex-image class=\"ti-star\" data-imgurl=\"https:\/\/cdn.trustindex.io\/assets\/platform\/Google\/star\/f.svg\" alt=\"Google\" width=\"17\" height=\"17\" loading=\"lazy\"><\/trustindex-image><trustindex-image class=\"ti-star\" data-imgurl=\"https:\/\/cdn.trustindex.io\/assets\/platform\/Google\/star\/f.svg\" alt=\"Google\" width=\"17\" height=\"17\" loading=\"lazy\"><\/trustindex-image><trustindex-image class=\"ti-star\" data-imgurl=\"https:\/\/cdn.trustindex.io\/assets\/platform\/Google\/star\/f.svg\" alt=\"Google\" width=\"17\" height=\"17\" loading=\"lazy\"><\/trustindex-image><span class=\"ti-verified-review ti-verified-platform\"><span class=\"ti-verified-tooltip\">Trustindex verifica que la fuente original de la rese\u00f1a sea Google.<\/span><\/span><\/span> <div class=\"ti-review-content\"> <div class=\"ti-review-text-container ti-inner\"><!-- R-CONTENT -->Es una escuela bastante diferente a lo que conoc\u00eda. He hecho un curso de iniciaci\u00f3n con Pedro Vidal y no puedo estar m\u00e1s contento. El contenido est\u00e1 muy bien estructurado y con muchas sesiones pr\u00e1cticas. Se form\u00f3 un equipo entre los alumnos y Pedro muy divertido. De hecho, el pr\u00f3ximo curso estar\u00e9 de nuevo por ah\u00ed y muchos de mis compa\u00f1eros tambi\u00e9n. Supongo que esa es la mejor muestra de que funcionan muy bien. Sin duda un lugar totalmente recomendable.<!-- R-CONTENT --><\/div> <span class=\"ti-read-more\" data-container=\".ti-review-content .ti-inner\" data-collapse-text=\"Ocultar\" data-open-text=\"Leer m\u00e1s\"><\/span> <\/div> <\/div> <\/div>  <div data-empty=\"0\" class=\"ti-review-item source-Google ti-image-layout-thumbnail\" data-id=\"cfcd208495d565ef66e7dff9f98764da\"> <div class=\"ti-inner\"> <div class=\"ti-review-header\"> <div class=\"ti-platform-icon ti-with-tooltip\"> <span class=\"ti-tooltip\">Publicado en <\/span> <trustindex-image data-imgurl=\"https:\/\/cdn.trustindex.io\/assets\/platform\/Google\/icon.svg\" alt=\"\" width=\"20\" height=\"20\" loading=\"lazy\"><\/trustindex-image> <\/div> <div class=\"ti-profile-img\"> <trustindex-image data-imgurl=\"https:\/\/lh3.googleusercontent.com\/a-\/ALV-UjWxFhYMbEzmXSt4uq_q8C1hYTHsXmE4Y_IoSbgaMogNDhrcfNjaHw=w40-h40-c-rp-mo-ba3-br100\" alt=\"Miquel Sanchez profile picture\" loading=\"lazy\"><\/trustindex-image> <\/div> <div class=\"ti-profile-details\"> <div class=\"ti-name\"> Miquel Sanchez <\/div> <div class=\"ti-date\">4. Junio, 2025.<\/div> <\/div> <\/div> <span class=\"ti-stars\"><trustindex-image class=\"ti-star\" data-imgurl=\"https:\/\/cdn.trustindex.io\/assets\/platform\/Google\/star\/f.svg\" alt=\"Google\" width=\"17\" height=\"17\" loading=\"lazy\"><\/trustindex-image><trustindex-image class=\"ti-star\" data-imgurl=\"https:\/\/cdn.trustindex.io\/assets\/platform\/Google\/star\/f.svg\" alt=\"Google\" width=\"17\" height=\"17\" loading=\"lazy\"><\/trustindex-image><trustindex-image class=\"ti-star\" data-imgurl=\"https:\/\/cdn.trustindex.io\/assets\/platform\/Google\/star\/f.svg\" alt=\"Google\" width=\"17\" height=\"17\" loading=\"lazy\"><\/trustindex-image><trustindex-image class=\"ti-star\" data-imgurl=\"https:\/\/cdn.trustindex.io\/assets\/platform\/Google\/star\/f.svg\" alt=\"Google\" width=\"17\" height=\"17\" loading=\"lazy\"><\/trustindex-image><trustindex-image class=\"ti-star\" data-imgurl=\"https:\/\/cdn.trustindex.io\/assets\/platform\/Google\/star\/f.svg\" alt=\"Google\" width=\"17\" height=\"17\" loading=\"lazy\"><\/trustindex-image><span class=\"ti-verified-review ti-verified-platform\"><span class=\"ti-verified-tooltip\">Trustindex verifica que la fuente original de la rese\u00f1a sea Google.<\/span><\/span><\/span> <div class=\"ti-review-content\"> <div class=\"ti-review-text-container ti-inner\"><!-- R-CONTENT -->Una experi\u00e8ncia muy interesante para aprender fotograf\u00eda y contrastar estilos y formas de afrontarla.<!-- R-CONTENT --><\/div> <span class=\"ti-read-more\" data-container=\".ti-review-content .ti-inner\" data-collapse-text=\"Ocultar\" data-open-text=\"Leer m\u00e1s\"><\/span> <\/div> <\/div> <\/div>  <div data-empty=\"0\" class=\"ti-review-item source-Google ti-image-layout-thumbnail\" data-id=\"cfcd208495d565ef66e7dff9f98764da\"> <div class=\"ti-inner\"> <div class=\"ti-review-header\"> <div class=\"ti-platform-icon ti-with-tooltip\"> <span class=\"ti-tooltip\">Publicado en <\/span> <trustindex-image data-imgurl=\"https:\/\/cdn.trustindex.io\/assets\/platform\/Google\/icon.svg\" alt=\"\" width=\"20\" height=\"20\" loading=\"lazy\"><\/trustindex-image> <\/div> <div class=\"ti-profile-img\"> <trustindex-image data-imgurl=\"https:\/\/lh3.googleusercontent.com\/a\/ACg8ocI1A18S1Mm0B5jKeK1ZFbtBM8NpjHfq6U5QClzj3VnHVz9Oxg=w40-h40-c-rp-mo-br100\" alt=\"Marc J Ferrer profile picture\" loading=\"lazy\"><\/trustindex-image> <\/div> <div class=\"ti-profile-details\"> <div class=\"ti-name\"> Marc J Ferrer <\/div> <div class=\"ti-date\">4. Junio, 2025.<\/div> <\/div> <\/div> <span class=\"ti-stars\"><trustindex-image class=\"ti-star\" data-imgurl=\"https:\/\/cdn.trustindex.io\/assets\/platform\/Google\/star\/f.svg\" alt=\"Google\" width=\"17\" height=\"17\" loading=\"lazy\"><\/trustindex-image><trustindex-image class=\"ti-star\" data-imgurl=\"https:\/\/cdn.trustindex.io\/assets\/platform\/Google\/star\/f.svg\" alt=\"Google\" width=\"17\" height=\"17\" loading=\"lazy\"><\/trustindex-image><trustindex-image class=\"ti-star\" data-imgurl=\"https:\/\/cdn.trustindex.io\/assets\/platform\/Google\/star\/f.svg\" alt=\"Google\" width=\"17\" height=\"17\" loading=\"lazy\"><\/trustindex-image><trustindex-image class=\"ti-star\" data-imgurl=\"https:\/\/cdn.trustindex.io\/assets\/platform\/Google\/star\/f.svg\" alt=\"Google\" width=\"17\" height=\"17\" loading=\"lazy\"><\/trustindex-image><trustindex-image class=\"ti-star\" data-imgurl=\"https:\/\/cdn.trustindex.io\/assets\/platform\/Google\/star\/f.svg\" alt=\"Google\" width=\"17\" height=\"17\" loading=\"lazy\"><\/trustindex-image><span class=\"ti-verified-review ti-verified-platform\"><span class=\"ti-verified-tooltip\">Trustindex verifica que la fuente original de la rese\u00f1a sea Google.<\/span><\/span><\/span> <div class=\"ti-review-content\"> <div class=\"ti-review-text-container ti-inner\"><!-- R-CONTENT -->Segon any amb la Fam\u00edlia de Date Cuenta i L\u2019experi\u00e8ncia segueix sent fant\u00e0stica. Professorat comprom\u00e8s i amb valors i uns companys espectaculars. Una forma diferent d\u2019aprendre fotografia i comprendre que el m\u00e9s important no \u00e9s el click.<!-- R-CONTENT --><\/div> <span class=\"ti-read-more\" data-container=\".ti-review-content .ti-inner\" data-collapse-text=\"Ocultar\" data-open-text=\"Leer m\u00e1s\"><\/span> <\/div> <\/div> <\/div>  <div data-empty=\"0\" class=\"ti-review-item source-Google ti-image-layout-thumbnail\" data-id=\"cfcd208495d565ef66e7dff9f98764da\"> <div class=\"ti-inner\"> <div class=\"ti-review-header\"> <div class=\"ti-platform-icon ti-with-tooltip\"> <span class=\"ti-tooltip\">Publicado en <\/span> <trustindex-image data-imgurl=\"https:\/\/cdn.trustindex.io\/assets\/platform\/Google\/icon.svg\" alt=\"\" width=\"20\" height=\"20\" loading=\"lazy\"><\/trustindex-image> <\/div> <div class=\"ti-profile-img\"> <trustindex-image data-imgurl=\"https:\/\/lh3.googleusercontent.com\/a-\/ALV-UjUmQJvUgwi_jVdNvC1IxtxR3v95sF_59nzgnKaAc9NQDjHbXv7M=w40-h40-c-rp-mo-br100\" alt=\"Nerea L\u00f3pez Aguirre profile picture\" loading=\"lazy\"><\/trustindex-image> <\/div> <div class=\"ti-profile-details\"> <div class=\"ti-name\"> Nerea L\u00f3pez Aguirre <\/div> <div class=\"ti-date\">20. Mayo, 2025.<\/div> <\/div> <\/div> <span class=\"ti-stars\"><trustindex-image class=\"ti-star\" data-imgurl=\"https:\/\/cdn.trustindex.io\/assets\/platform\/Google\/star\/f.svg\" alt=\"Google\" width=\"17\" height=\"17\" loading=\"lazy\"><\/trustindex-image><trustindex-image class=\"ti-star\" data-imgurl=\"https:\/\/cdn.trustindex.io\/assets\/platform\/Google\/star\/f.svg\" alt=\"Google\" width=\"17\" height=\"17\" loading=\"lazy\"><\/trustindex-image><trustindex-image class=\"ti-star\" data-imgurl=\"https:\/\/cdn.trustindex.io\/assets\/platform\/Google\/star\/f.svg\" alt=\"Google\" width=\"17\" height=\"17\" loading=\"lazy\"><\/trustindex-image><trustindex-image class=\"ti-star\" data-imgurl=\"https:\/\/cdn.trustindex.io\/assets\/platform\/Google\/star\/f.svg\" alt=\"Google\" width=\"17\" height=\"17\" loading=\"lazy\"><\/trustindex-image><trustindex-image class=\"ti-star\" data-imgurl=\"https:\/\/cdn.trustindex.io\/assets\/platform\/Google\/star\/f.svg\" alt=\"Google\" width=\"17\" height=\"17\" loading=\"lazy\"><\/trustindex-image><span class=\"ti-verified-review ti-verified-platform\"><span class=\"ti-verified-tooltip\">Trustindex verifica que la fuente original de la rese\u00f1a sea Google.<\/span><\/span><\/span> <div class=\"ti-review-content\"> <div class=\"ti-review-text-container ti-inner\"><!-- R-CONTENT -->Formarme en Date Cuenta ha sido una experiencia muy enriquecedora, los contenidos est\u00e1n cuidados con profundidad y detalle, el equipo docente acompa\u00f1a con una presencia cercana y valiosa ,y se nota el compromiso y sobre todo , con una forma distinta de mirar y estar, he cursado iluminaci\u00f3n y fotograf\u00eda avanzada de ma\u00f1ana y repetir\u00e9 el a\u00f1o que viene con otro curso seguro, lo aconsejo totalmente, y por supuesto se crean bonitos v\u00ednculos con los compa\u00f1eros.<!-- R-CONTENT --><\/div> <span class=\"ti-read-more\" data-container=\".ti-review-content .ti-inner\" data-collapse-text=\"Ocultar\" data-open-text=\"Leer m\u00e1s\"><\/span> <\/div> <\/div> <\/div>  <\/div> <div class=\"ti-load-more-reviews-container\"> <div class=\"ti-load-more-reviews-button\">Carga m\u00e1s<\/div> <\/div> <\/div>   <\/div> <\/div> <\/template><\/pre><div data-src=\"https:\/\/cdn.trustindex.io\/loader.js?wp-widget\" data-template-id=\"trustindex-google-widget-html\" data-css-url=\"https:\/\/www.datecuenta.org\/escuelalibre\/wp-content\/uploads\/trustindex-google-widget.css?1768318047\"><\/div><!\u2013- [et_pb_br_holder] -\u2013><!-- \/divi:shortcode --><\/pee><!-- [et_pb_line_break_holder] --><pee><!-- divi:image {\"id\":4030,\"width\":274,\"height\":3,\"sizeSlug\":\"large\"} --><\/pee>[\/et_pb_code][et_pb_text disabled_on=\u00bboff|off|off\u00bb _builder_version=\u00bb4.25.1&#8243; _module_preset=\u00bbdefault\u00bb text_line_height=\u00bb1.6em\u00bb header_2_font=\u00bbInter|900|||||||\u00bb header_2_font_size=\u00bb42px\u00bb header_2_line_height=\u00bb1.1em\u00bb header_3_font_size=\u00bb42px\u00bb header_3_line_height=\u00bb1.1em\u00bb custom_margin=\u00bb0px||34px||false|false\u00bb header_2_font_size_tablet=\u00bb38px\u00bb header_2_font_size_phone=\u00bb29px\u00bb header_2_font_size_last_edited=\u00bbon|phone\u00bb header_2_line_height_tablet=\u00bb1.1em\u00bb header_2_line_height_phone=\u00bb1.1em\u00bb header_2_line_height_last_edited=\u00bbon|desktop\u00bb header_3_font_size_tablet=\u00bb38px\u00bb header_3_font_size_phone=\u00bb29px\u00bb header_3_font_size_last_edited=\u00bbon|phone\u00bb global_colors_info=\u00bb{}\u00bb]<\/p>\n<h3>\u00bfLO TIENES CLARO?<span style=\"color: #988cbe;\"> \u00a1RESERVA YA TU PLAZA!<\/span><\/h3>\n<p>[\/et_pb_text][et_pb_text _builder_version=\u00bb4.25.1&#8243; _module_preset=\u00bbdefault\u00bb custom_padding=\u00bb||0px|||\u00bb global_colors_info=\u00bb{}\u00bb]<\/p>\n<div class=\"wpforms-container wpforms-container-full\" id=\"wpforms-6624\"><form id=\"wpforms-form-6624\" class=\"wpforms-validate wpforms-form wpforms-ajax-form\" data-formid=\"6624\" method=\"post\" enctype=\"multipart\/form-data\" action=\"\/escuelalibre\/wp-json\/wp\/v2\/pages\/1416\" data-token=\"ec69750af9600d97e0191aca0d17a8dd\" data-token-time=\"1777194301\"><noscript class=\"wpforms-error-noscript\">Por favor, activa JavaScript en tu navegador para completar este formulario.<\/noscript><div class=\"wpforms-field-container\"><div id=\"wpforms-6624-field_1-container\" class=\"wpforms-field wpforms-field-text\" data-field-id=\"1\"><label class=\"wpforms-field-label\" for=\"wpforms-6624-field_1\">Tu nombre y apellidos <span class=\"wpforms-required-label\">*<\/span><\/label><input type=\"text\" id=\"wpforms-6624-field_1\" class=\"wpforms-field-medium wpforms-field-required\" name=\"wpforms[fields][1]\" required><\/div><div id=\"wpforms-6624-field_3-container\" class=\"wpforms-field wpforms-field-email\" data-field-id=\"3\"><label class=\"wpforms-field-label\" for=\"wpforms-6624-field_3\">Correo electr\u00f3nico <span class=\"wpforms-required-label\">*<\/span><\/label><input type=\"email\" id=\"wpforms-6624-field_3\" class=\"wpforms-field-medium wpforms-field-required\" name=\"wpforms[fields][3]\" spellcheck=\"false\" required><\/div><div id=\"wpforms-6624-field_7-container\" class=\"wpforms-field wpforms-field-number\" data-field-id=\"7\"><label class=\"wpforms-field-label\" for=\"wpforms-6624-field_7\">Tel\u00e9fono de contacto <span class=\"wpforms-required-label\">*<\/span><\/label><input type=\"number\" id=\"wpforms-6624-field_7\" class=\"wpforms-field-medium wpforms-field-required\" name=\"wpforms[fields][7]\" step=\"any\" required><\/div><div id=\"wpforms-6624-field_5-container\" class=\"wpforms-field wpforms-field-select wpforms-field-select-style-classic\" data-field-id=\"5\"><label class=\"wpforms-field-label\" for=\"wpforms-6624-field_5\">Curso al que me inscribo <span class=\"wpforms-required-label\">*<\/span><\/label><select id=\"wpforms-6624-field_5\" class=\"wpforms-field-medium wpforms-field-required\" name=\"wpforms[fields][5]\" required=\"required\"><option value=\"Iniciaci\u00f3n a la fotograf\u00eda  (lunes 10-12)\"  class=\"choice-1 depth-1\"  >Iniciaci\u00f3n a la fotograf\u00eda  (lunes 10-12)<\/option><option value=\"Iniciaci\u00f3n a la fotograf\u00eda (lunes 18:50-20:50)\"  class=\"choice-2 depth-1\"  >Iniciaci\u00f3n a la fotograf\u00eda (lunes 18:50-20:50)<\/option><option value=\"Iniciaci\u00f3n a la fotograf\u00eda (martes 18:50-20:50)\"  class=\"choice-3 depth-1\"  >Iniciaci\u00f3n a la fotograf\u00eda (martes 18:50-20:50)<\/option><option value=\"Fotograf\u00eda avanzada (martes 10-12)\"  class=\"choice-4 depth-1\"  >Fotograf\u00eda avanzada (martes 10-12)<\/option><option value=\"Fotograf\u00eda avanzada (martes 18:50-20:50)\"  class=\"choice-5 depth-1\"  >Fotograf\u00eda avanzada (martes 18:50-20:50)<\/option><option value=\"Iluminaci\u00f3n en estudio y exterior (jueves 19-21)\"  class=\"choice-6 depth-1\"  >Iluminaci\u00f3n en estudio y exterior (jueves 19-21)<\/option><option value=\"Profesionalizaci\u00f3n en fotograf\u00eda (martes 16:50-18:50)\"  class=\"choice-11 depth-1\"  >Profesionalizaci\u00f3n en fotograf\u00eda (martes 16:50-18:50)<\/option><option value=\"Fotograf\u00eda documental y reportaje audiovisual (lunes 10-12)\"  class=\"choice-7 depth-1\"  >Fotograf\u00eda documental y reportaje audiovisual (lunes 10-12)<\/option><option value=\"Fotograf\u00eda documental y reportaje audiovisual (lunes 18:50-20:50)\"  class=\"choice-8 depth-1\"  >Fotograf\u00eda documental y reportaje audiovisual (lunes 18:50-20:50)<\/option><option value=\"Fotograf\u00eda art\u00edstica (martes 10-12)\"  class=\"choice-9 depth-1\"  >Fotograf\u00eda art\u00edstica (martes 10-12)<\/option><option value=\"Fotograf\u00eda art\u00edstica (martes 18:50-20:50)\"  class=\"choice-10 depth-1\"  >Fotograf\u00eda art\u00edstica (martes 18:50-20:50)<\/option><\/select><\/div><div id=\"wpforms-6624-field_6-container\" class=\"wpforms-field wpforms-field-checkbox\" data-field-id=\"6\"><label class=\"wpforms-field-label\">Horario (por favor, especifica) <span class=\"wpforms-required-label\">*<\/span><\/label><ul id=\"wpforms-6624-field_6\" class=\"wpforms-field-required\"><li class=\"choice-1 depth-1\"><input type=\"checkbox\" id=\"wpforms-6624-field_6_1\" name=\"wpforms[fields][6][]\" value=\"Solo puedo en el horario indicado\" required ><label class=\"wpforms-field-label-inline\" for=\"wpforms-6624-field_6_1\">Solo puedo en el horario indicado<\/label><\/li><li class=\"choice-2 depth-1\"><input type=\"checkbox\" id=\"wpforms-6624-field_6_2\" name=\"wpforms[fields][6][]\" value=\"Puedo adaptar mi horario\" required ><label class=\"wpforms-field-label-inline\" for=\"wpforms-6624-field_6_2\">Puedo adaptar mi horario<\/label><\/li><\/ul><\/div><div id=\"wpforms-6624-field_8-container\" class=\"wpforms-field wpforms-field-checkbox\" data-field-id=\"8\"><ul id=\"wpforms-6624-field_8\" class=\"wpforms-field-required\"><li class=\"choice-1 depth-1\"><input type=\"checkbox\" id=\"wpforms-6624-field_8_1\" name=\"wpforms[fields][8][]\" value=\"He le\u00eddo y acepto la pol\u00edtica de privacidad y la normativa de inscripciones\" required ><label class=\"wpforms-field-label-inline\" for=\"wpforms-6624-field_8_1\">He le\u00eddo y acepto la pol\u00edtica de privacidad y la normativa de inscripciones<\/label><\/li><\/ul><\/div><\/div><!-- .wpforms-field-container --><div class=\"wpforms-submit-container\" ><input type=\"hidden\" name=\"wpforms[id]\" value=\"6624\"><input type=\"hidden\" name=\"page_title\" value=\"\"><input type=\"hidden\" name=\"page_url\" value=\"https:\/\/www.datecuenta.org\/escuelalibre\/wp-json\/wp\/v2\/pages\/1416\"><input type=\"hidden\" name=\"url_referer\" value=\"https:\/\/www.datecuenta.org\/escuelalibre\/curso-fotografia-profesional\/\"><button type=\"submit\" name=\"wpforms[submit]\" id=\"wpforms-submit-6624\" class=\"wpforms-submit\" data-alt-text=\"Enviando...\" data-submit-text=\"Enviar\" aria-live=\"assertive\" value=\"wpforms-submit\">Enviar<\/button><img loading=\"lazy\" decoding=\"async\" src=\"https:\/\/www.datecuenta.org\/escuelalibre\/wp-content\/plugins\/wpforms-lite\/assets\/images\/submit-spin.svg\" class=\"wpforms-submit-spinner\" style=\"display: none;\" width=\"26\" height=\"26\" alt=\"Cargando\"><\/div><\/form><\/div>  <!-- .wpforms-container -->\n<p>[\/et_pb_text][et_pb_text disabled_on=\u00bboff|off|off\u00bb _builder_version=\u00bb4.16&#8243; _module_preset=\u00bbdefault\u00bb text_line_height=\u00bb1.6em\u00bb header_2_font=\u00bbInter|900|||||||\u00bb header_2_font_size=\u00bb42px\u00bb header_2_line_height=\u00bb1.1em\u00bb header_3_font_size=\u00bb42px\u00bb header_3_line_height=\u00bb1.1em\u00bb custom_margin=\u00bb0px||12px||false|false\u00bb header_2_font_size_tablet=\u00bb38px\u00bb header_2_font_size_phone=\u00bb29px\u00bb header_2_font_size_last_edited=\u00bbon|phone\u00bb header_2_line_height_tablet=\u00bb1.1em\u00bb header_2_line_height_phone=\u00bb1.1em\u00bb header_2_line_height_last_edited=\u00bbon|desktop\u00bb header_3_font_size_tablet=\u00bb38px\u00bb header_3_font_size_phone=\u00bb29px\u00bb header_3_font_size_last_edited=\u00bbon|phone\u00bb global_colors_info=\u00bb{}\u00bb]<\/p>\n<h3>\u00bfTIENES DUDAS?<\/h3>\n<p>[\/et_pb_text][et_pb_text _builder_version=\u00bb4.16&#8243; _module_preset=\u00bbdefault\u00bb text_font_size=\u00bb19px\u00bb text_line_height=\u00bb1.6em\u00bb header_2_font=\u00bbInter|900|||||||\u00bb header_2_font_size=\u00bb42px\u00bb header_3_font_size=\u00bb32px\u00bb custom_margin=\u00bb||62px||false|false\u00bb global_colors_info=\u00bb{}\u00bb]<\/p>\n<p>No te cortes, <a href=\"https:\/\/www.datecuenta.org\/escuelalibre\/contacta\/\">\u00a1Cont\u00e1ctanos!<\/a><\/p>\n<p>[\/et_pb_text][et_pb_video src=\u00bbhttps:\/\/youtu.be\/JZxr7cQdneQ\u00bb _builder_version=\u00bb4.16&#8243; _module_preset=\u00bbdefault\u00bb custom_margin=\u00bb||86px||false|false\u00bb custom_margin_tablet=\u00bb||86px||false|false\u00bb custom_margin_phone=\u00bb||60px||false|false\u00bb custom_margin_last_edited=\u00bbon|phone\u00bb global_colors_info=\u00bb{}\u00bb][\/et_pb_video][et_pb_text disabled_on=\u00bboff|off|off\u00bb _builder_version=\u00bb4.25.1&#8243; _module_preset=\u00bbdefault\u00bb text_line_height=\u00bb1.6em\u00bb header_2_font=\u00bbInter|900|||||||\u00bb header_2_font_size=\u00bb42px\u00bb header_2_line_height=\u00bb1.1em\u00bb header_3_font_size=\u00bb42px\u00bb header_3_line_height=\u00bb1.1em\u00bb custom_margin=\u00bb0px||12px||false|false\u00bb header_2_font_size_tablet=\u00bb38px\u00bb header_2_font_size_phone=\u00bb29px\u00bb header_2_font_size_last_edited=\u00bbon|phone\u00bb header_2_line_height_tablet=\u00bb1.1em\u00bb header_2_line_height_phone=\u00bb1.1em\u00bb header_2_line_height_last_edited=\u00bbon|desktop\u00bb header_3_font_size_tablet=\u00bb38px\u00bb header_3_font_size_phone=\u00bb29px\u00bb header_3_font_size_last_edited=\u00bbon|phone\u00bb global_colors_info=\u00bb{}\u00bb]<\/p>\n<h3>LOS CURSOS<span style=\"color: #988cbe;\"> 2025\/2026<\/span>:<\/h3>\n<p>[\/et_pb_text][et_pb_text _builder_version=\u00bb4.25.1&#8243; _module_preset=\u00bbdefault\u00bb text_font_size=\u00bb19px\u00bb text_line_height=\u00bb1.6em\u00bb header_2_font=\u00bbInter|900|||||||\u00bb header_2_font_size=\u00bb42px\u00bb header_3_font_size=\u00bb32px\u00bb custom_margin=\u00bb||12px||false|false\u00bb global_colors_info=\u00bb{}\u00bb]<span style=\"color: #988cbe;\"><a href=\"http:\/\/www.datecuenta.org\/escuelalibre\/curso-iniciacion-fotografia\/\" style=\"color: #988cbe;\"><\/a><\/span><\/p>\n<ul>\n<li><span style=\"color: #988cbe;\"><a href=\"http:\/\/www.datecuenta.org\/escuelalibre\/curso-avanzado-fotografia\/\" style=\"color: #988cbe;\">Curso avanzado de fotograf\u00eda<\/a><\/span><\/li>\n<li><span style=\"color: #988cbe;\"><a href=\"https:\/\/www.datecuenta.org\/escuelalibre\/curso-iniciacion-fotografia\/\" style=\"color: #988cbe;\">Curso de iniciaci\u00f3n a la fotograf\u00eda<\/a><\/span><\/li>\n<li><span style=\"color: #988cbe;\"><a href=\"https:\/\/www.datecuenta.org\/escuelalibre\/curso-de-iluminacion-en-estudio\/\" style=\"color: #988cbe;\">Curso de iluminaci\u00f3n en estudio y en exterior<\/a><a href=\"https:\/\/www.datecuenta.org\/escuelalibre\/curso-fotografia-profesional\/\" target=\"_blank\" rel=\"noreferrer noopener\" style=\"color: #988cbe;\"><\/a><\/span><\/li>\n<li><span style=\"color: #988cbe;\"><a href=\"https:\/\/www.datecuenta.org\/escuelalibre\/curso-fotografia-documental\/\" target=\"_blank\" rel=\"noreferrer noopener\" style=\"color: #988cbe;\">Curso de fotograf\u00eda period\u00edstica y cine documental<\/a><\/span><\/li>\n<li><span style=\"color: #988cbe;\"><a href=\"https:\/\/www.datecuenta.org\/escuelalibre\/curso-fotografia-artistica\/\" target=\"_blank\" rel=\"noreferrer noopener\" style=\"color: #988cbe;\">Curso de fotograf\u00eda art\u00edstica<\/a><\/span><\/li>\n<\/ul>\n<p>[\/et_pb_text][et_pb_image src=\u00bbhttp:\/\/www.datecuenta.org\/escuelalibre\/wp-content\/uploads\/2025\/05\/plan-pedagogico-escuela-datecuenta-2025-26.jpg\u00bb alt=\u00bbPlan formativo curso 2025 2026 Escuela DateCuenta\u00bb title_text=\u00bbplan-pedagogico-escuela-datecuenta-2025-26&#8243; align=\u00bbcenter\u00bb force_fullwidth=\u00bbon\u00bb _builder_version=\u00bb4.25.1&#8243; _module_preset=\u00bbdefault\u00bb global_colors_info=\u00bb{}\u00bb][\/et_pb_image][et_pb_text _builder_version=\u00bb4.16&#8243; _module_preset=\u00bbdefault\u00bb text_font_size=\u00bb19px\u00bb text_line_height=\u00bb1.6em\u00bb header_2_font=\u00bbInter|900|||||||\u00bb header_2_font_size=\u00bb42px\u00bb header_3_font_size=\u00bb32px\u00bb custom_margin=\u00bb||12px||false|false\u00bb global_colors_info=\u00bb{}\u00bb]<\/p>\n<p><em>Plan formativo de la escuela DateCuenta<br \/><\/em><\/p>\n<p>[\/et_pb_text][et_pb_code _builder_version=\u00bb4.16&#8243; _module_preset=\u00bbdefault\u00bb global_colors_info=\u00bb{}\u00bb][\/et_pb_code][\/et_pb_column][\/et_pb_row][\/et_pb_section]<\/p>\n","protected":false},"excerpt":{"rendered":"<p>Un curso para acompa\u00f1arte en tu carrera de emprendimiento como fot\u00f3grafo\/a, sea tu especialidad art\u00edstica, documental o profesiona<\/p>\n","protected":false},"author":1001003,"featured_media":7449,"parent":0,"menu_order":0,"comment_status":"closed","ping_status":"closed","template":"","meta":{"_et_pb_use_builder":"on","_et_pb_old_content":"<!-- wp:heading {\"style\":{\"color\":{\"text\":\"#75b634\"}}} -->\n<h2 class=\"wp-block-heading has-text-color\" style=\"color:#75b634\">Nuestro curso superior de fotograf\u00eda para que desarrolles tu proyecto personal y afiances tus conocimientos de posproducci\u00f3n<\/h2>\n<!-- \/wp:heading -->\n\n<!-- wp:columns -->\n<div class=\"wp-block-columns\"><!-- wp:column -->\n<div class=\"wp-block-column\"><!-- wp:paragraph -->\n<p>La <a href=\"http:\/\/www.datecuenta.org\/escuelalibre\">escuela DateCuenta<\/a> ha dise\u00f1ado este <strong>curso superior de fotograf\u00eda<\/strong> por petici\u00f3n del propio alumnado, interesado en realizar una formaci\u00f3n&nbsp; que les ayude a desarrollar sus propios proyectos, ya sea en con una finalidad profesional -de entrar en el <strong>mercado de la fotograf\u00eda<\/strong>- o personal -desarrollar capacidades personales, art\u00edsticas o compatibilizarlo con la propia profesi\u00f3n-.<\/p>\n<!-- \/wp:paragraph -->\n\n<!-- wp:paragraph -->\n<p>El <strong>curso de proyecto fotogr\u00e1fico y postproducci\u00f3n<\/strong> est\u00e1 dise\u00f1ado en tres bloques con la misma duraci\u00f3n, que se trabajar\u00e1n de forma consecutiva (un d\u00eda cada bloque). En el primero se<strong> inspirar\u00e1 al alumno<\/strong> seg\u00fan el tema que haya elegido trabajar mediante la <strong>b\u00fasqueda personalizada de referentes<\/strong> en todos sus \u00e1mbitos (retrato, fotograf\u00eda profesional, fotograf\u00eda de autor, fotograf\u00eda de moda y publicitaria, etc.). En el segundo se trabajar\u00e1 de forma intensiva la <strong>postproducci\u00f3n de la imagen<\/strong> con herramientas de revelado y postproducci\u00f3n digital (<strong>Adobe Lightroom<\/strong>, <strong>Adobe Photoshop<\/strong> o similares). En el tercero se tutorizar\u00e1 al alumno en todo el desarrollo de su <strong>proyecto fotogr\u00e1fico personal<\/strong>.<\/p>\n<!-- \/wp:paragraph -->\n\n<!-- wp:paragraph -->\n<p>Las clases tienen una din\u00e1mica cien por cien pr\u00e1ctica e interactiva. El docente puede adaptar el temario seg\u00fan las necesidades del grupo. Para realizar este curso, el alumno debe tener un conocimiento medio o avanzado de la t\u00e9cnica fotogr\u00e1fica.<\/p>\n<!-- \/wp:paragraph -->\n\n<!-- wp:embed {\"url\":\"https:\/\/www.youtube.com\/watch?v=NftcWdF9M10\\u0026\",\"type\":\"video\",\"providerNameSlug\":\"youtube\",\"responsive\":true,\"className\":\"wp-embed-aspect-16-9 wp-has-aspect-ratio\"} -->\n<figure class=\"wp-block-embed is-type-video is-provider-youtube wp-block-embed-youtube wp-embed-aspect-16-9 wp-has-aspect-ratio\"><div class=\"wp-block-embed__wrapper\">\nhttps:\/\/www.youtube.com\/watch?v=NftcWdF9M10&amp;\n<\/div><figcaption class=\"wp-element-caption\">Proyecto de di\u00e1logo entre las im\u00e1genes y el sonido realizado con el alumnado del curso 2019\/2020<\/figcaption><\/figure>\n<!-- \/wp:embed -->\n\n<!-- wp:heading {\"style\":{\"color\":{\"text\":\"#75b634\"}}} -->\n<h2 class=\"wp-block-heading has-text-color\" style=\"color:#75b634\">Garantizamos tu curso de proyecto fotogr\u00e1fico: estamos preparados<\/h2>\n<!-- \/wp:heading -->\n\n<!-- wp:paragraph -->\n<p>DateCuenta est\u00e1 preparada para garantizar que puedas realizar la formaci\u00f3n elegida a pesar de lo que pueda pasar durante el pr\u00f3ximo curso. Combinaremos <strong>clases te\u00f3ricas online en directo con clases pr\u00e1cticas presenciales<\/strong> (en el exterior o en el estudio fotogr\u00e1fico o espacios acordados en que se respeten los ratios y las medidas de seguridad).  <\/p>\n<!-- \/wp:paragraph -->\n\n<!-- wp:paragraph -->\n<p>En caso de, esperemos que no, un hipot\u00e9tico confinamiento, todas las clases pasar\u00edan a ser online y las pr\u00e1cticas se realizar\u00edan como ejercicios.<\/p>\n<!-- \/wp:paragraph -->\n\n<!-- wp:paragraph -->\n<p>Y, como siempre, estar\u00e1s en comunicaci\u00f3n constante con tu docente, tendr\u00e1s acceso a todo el material did\u00e1ctico de forma online y tambi\u00e9n a la comunidad de alumnos y exalumnos, bolsa de trabajo y convenios de cooperaci\u00f3n educativa, si surgieran.<\/p>\n<!-- \/wp:paragraph -->\n\n<!-- wp:image {\"id\":4320,\"linkDestination\":\"custom\"} -->\n<figure class=\"wp-block-image\"><a href=\"http:\/\/www.datecuenta.org\/escuelalibre\/inscripciones\/\" target=\"_blank\" rel=\"noreferrer noopener\"><img src=\"https:\/\/www.datecuenta.org\/escuelalibre\/wp-content\/uploads\/2020\/09\/inscribirse-curso-fotografia.jpg\" alt=\"\" class=\"wp-image-4320\"\/><\/a><\/figure>\n<!-- \/wp:image -->\n\n<!-- wp:heading {\"level\":3} -->\n<h3 class=\"wp-block-heading\">Datos del curso de fotograf\u00eda avanzada y Photoshop:<\/h3>\n<!-- \/wp:heading -->\n\n<!-- wp:list -->\n<ul><!-- wp:list-item -->\n<li>Duraci\u00f3n: 60 horas lectivas (necesitas dedicarle m\u00e1s horas para realizar los ejercicios y proyectos) distribuidas en 7 meses y medio (desde octubre 2019 a junio 2020)<\/li>\n<!-- \/wp:list-item -->\n\n<!-- wp:list-item -->\n<li>Practicidad: 100% pr\u00e1ctico<\/li>\n<!-- \/wp:list-item -->\n\n<!-- wp:list-item -->\n<li>Horario: <strong>martes de 17 a 19 horas + 3 s\u00e1bados<\/strong> (<a href=\"http:\/\/www.datecuenta.org\/escuelalibre\/calendario-2\/\">consulta aqu\u00ed el calendario)<\/a><\/li>\n<!-- \/wp:list-item -->\n\n<!-- wp:list-item -->\n<li>Grupos reducidos: de 8 a 10 personas<\/li>\n<!-- \/wp:list-item -->\n\n<!-- wp:list-item -->\n<li>Docente: Aitor Fern\u00e1ndez <a href=\"http:\/\/www.datecuenta.org\/escuelalibre\/equipo-docente\/\">(consulta aqu\u00ed su curriculum y trayectoria docente)<\/a><\/li>\n<!-- \/wp:list-item -->\n\n<!-- wp:list-item -->\n<li>Precio: 465 euros (<a href=\"http:\/\/www.datecuenta.org\/escuelalibre\/inscripciones\/\">consulta aqu\u00ed formas de pago e inscripci\u00f3n<\/a>)<\/li>\n<!-- \/wp:list-item --><\/ul>\n<!-- \/wp:list -->\n\n<!-- wp:embed {\"url\":\"https:\/\/youtu.be\/AIi5wozDmI0\",\"type\":\"video\",\"providerNameSlug\":\"youtube\",\"responsive\":true,\"className\":\"wp-embed-aspect-16-9 wp-has-aspect-ratio\"} -->\n<figure class=\"wp-block-embed is-type-video is-provider-youtube wp-block-embed-youtube wp-embed-aspect-16-9 wp-has-aspect-ratio\"><div class=\"wp-block-embed__wrapper\">\nhttps:\/\/youtu.be\/AIi5wozDmI0\n<\/div><figcaption class=\"wp-element-caption\">En este v\u00eddeo te mostramos un resumen de los proyectos finales del curso 2018\/2019. Encontrar\u00e1s proyectos de fotograf\u00eda de autor, proyectos comerciales y de reportaje<\/figcaption><\/figure>\n<!-- \/wp:embed -->\n\n<!-- wp:heading {\"level\":3} -->\n<h3 class=\"wp-block-heading\">Temario de nuestro curso superior de fotograf\u00eda:<\/h3>\n<!-- \/wp:heading -->\n\n<!-- wp:paragraph -->\n<p>Nuestro <strong>curso superior de fotograf\u00eda <\/strong>est\u00e1 dise\u00f1ado seg\u00fan nuestra experiencia de ense\u00f1anza y busca que cada alumna pueda iniciar, desarrollar y publicar un proyecto propio en siete meses y medio.<\/p>\n<!-- \/wp:paragraph -->\n\n<!-- wp:paragraph -->\n<p>A. Bloque \"<strong>claves para entender y desarrollar mi proyecto fotogr\u00e1fico<\/strong>\" (18 horas)<\/p>\n<!-- \/wp:paragraph -->\n\n<!-- wp:paragraph -->\n<p>Este bloque, como todos los <strong>cursos de fotograf\u00eda<\/strong> de nuestra escuela, est\u00e1 abierto al criterio y las necesidades del propio alumno, que siempre podr\u00e1 proponer e interactuar en el temario.<\/p>\n<!-- \/wp:paragraph -->\n\n<!-- wp:list -->\n<ul><!-- wp:list-item -->\n<li>El <strong>proyecto fotogr\u00e1fico<\/strong><!-- wp:list -->\n<ul><!-- wp:list-item -->\n<li>\u00bfQu\u00e9 es lo que quiero que los dem\u00e1s entiendan de mi proyecto?<\/li>\n<!-- \/wp:list-item -->\n\n<!-- wp:list-item -->\n<li>\u00bfC\u00f3mo puedo explicarme el proyecto a m\u00ed mismo\/a?<\/li>\n<!-- \/wp:list-item -->\n\n<!-- wp:list-item -->\n<li>\u00bfC\u00f3mo puedo explicar mi proyecto al p\u00fablico o a un posible financiador?<\/li>\n<!-- \/wp:list-item -->\n\n<!-- wp:list-item -->\n<li>\u00bfCu\u00e1ndo finalizar el proyecto?<\/li>\n<!-- \/wp:list-item -->\n\n<!-- wp:list-item -->\n<li>El objetivo transmedia: del fotolibro y la exposici\u00f3n a las redes sociales y el proyecto web.<\/li>\n<!-- \/wp:list-item --><\/ul>\n<!-- \/wp:list --><\/li>\n<!-- \/wp:list-item -->\n\n<!-- wp:list-item -->\n<li>An\u00e1lisis de las <strong>especialidades fotogr\u00e1ficas<\/strong>: an\u00e1lisis transversal de todas las especialidades fotogr\u00e1ficas: <strong>fotograf\u00eda de moda, retrato social, retrato editorial, fotograf\u00eda art\u00edstica, fotograf\u00eda publicitaria, fotograf\u00eda de autor, cuerpo y desnudo, fotograf\u00eda documental y fotoperiodismo, fotograf\u00eda de espect\u00e1culos, fotograf\u00eda cient\u00edfica<\/strong>, etc.<\/li>\n<!-- \/wp:list-item -->\n\n<!-- wp:list-item -->\n<li><strong>An\u00e1lisis personalizado de referentes: <\/strong>se buscar\u00e1n y analizar\u00e1n autores y autoras, fot\u00f3grafas, artistas, publicistas, periodistas, cineastas, etc. en funci\u00f3n de los temas elegidos por el propio alumnado.<\/li>\n<!-- \/wp:list-item --><\/ul>\n<!-- \/wp:list -->\n\n<!-- wp:paragraph -->\n<p>B. Bloque \"<strong>postproducci\u00f3n digital<\/strong>\" (20 horas)<\/p>\n<!-- \/wp:paragraph -->\n\n<!-- wp:paragraph -->\n<p>La postproducci\u00f3n digital de la imagen no lo es todo, pero juega un papel muy importante. Trabajaremos con&nbsp; <strong>Adobe Lightroom, <a href=\"https:\/\/es.wikipedia.org\/wiki\/Adobe_Photoshop\" target=\"_blank\" rel=\"noreferrer noopener\">Adobe Photoshop <\/a><\/strong>o los programas de gesti\u00f3n de archivo, revelado RAW y posproducci\u00f3n que el alumno desee o tenga instalados (Adobe Bridge, Camera RAW, Capture One, Gimp, etc.)<\/p>\n<!-- \/wp:paragraph -->\n\n<!-- wp:list -->\n<ul><!-- wp:list-item -->\n<li><strong>Flujo de trabajo con Adobe Lightroom (6 horas)<\/strong>:<!-- wp:list -->\n<ul><!-- wp:list-item -->\n<li>El negativo digital: caracter\u00edsticas del<strong> formato RAW<\/strong><\/li>\n<!-- \/wp:list-item -->\n\n<!-- wp:list-item -->\n<li><strong>Control del rango din\u00e1mico<\/strong> mediante el histograma<\/li>\n<!-- \/wp:list-item -->\n\n<!-- wp:list-item -->\n<li>Importaci\u00f3n y exportaci\u00f3n de im\u00e1genes. Backup de archivo<\/li>\n<!-- \/wp:list-item -->\n\n<!-- wp:list-item -->\n<li>Organizaci\u00f3n del <strong>archivo fotogr\u00e1fico<\/strong><\/li>\n<!-- \/wp:list-item -->\n\n<!-- wp:list-item -->\n<li>T\u00e9cnicas de <strong>selecci\u00f3n de im\u00e1genes<\/strong>: puntuaci\u00f3n, comparaci\u00f3n, encuesta, etc.<\/li>\n<!-- \/wp:list-item -->\n\n<!-- wp:list-item -->\n<li><strong>Revelado<\/strong> b\u00e1sico<!-- wp:list -->\n<ul><!-- wp:list-item -->\n<li>Correcci\u00f3n de exposici\u00f3n<\/li>\n<!-- \/wp:list-item -->\n\n<!-- wp:list-item -->\n<li>Correcci\u00f3n de rango din\u00e1mico (altas luces y sombras)<\/li>\n<!-- \/wp:list-item -->\n\n<!-- wp:list-item -->\n<li>Control de los picos (blancos y negros)<\/li>\n<!-- \/wp:list-item -->\n\n<!-- wp:list-item -->\n<li>Acutancia y reducci\u00f3n de ruido<\/li>\n<!-- \/wp:list-item -->\n\n<!-- wp:list-item -->\n<li>Tratamiento del color<\/li>\n<!-- \/wp:list-item -->\n\n<!-- wp:list-item -->\n<li>Retoque r\u00e1pido<\/li>\n<!-- \/wp:list-item -->\n\n<!-- wp:list-item -->\n<li>Gesti\u00f3n del blanco y negro por canales<\/li>\n<!-- \/wp:list-item -->\n\n<!-- wp:list-item -->\n<li>Exportaci\u00f3n de archivos en diferentes formatos y optimizaci\u00f3n de im\u00e1genes para web<\/li>\n<!-- \/wp:list-item --><\/ul>\n<!-- \/wp:list --><\/li>\n<!-- \/wp:list-item --><\/ul>\n<!-- \/wp:list --><\/li>\n<!-- \/wp:list-item -->\n\n<!-- wp:list-item -->\n<li><strong>Postproducci\u00f3n digital con Adobe Photoshop (14 horas)<\/strong>:<!-- wp:list -->\n<ul><!-- wp:list-item -->\n<li>Propiedades de la imagen y el color<!-- wp:list -->\n<ul><!-- wp:list-item -->\n<li>Tama\u00f1o de imagen<\/li>\n<!-- \/wp:list-item -->\n\n<!-- wp:list-item -->\n<li>Resoluci\u00f3n<\/li>\n<!-- \/wp:list-item -->\n\n<!-- wp:list-item -->\n<li>Tama\u00f1o de lienzo<\/li>\n<!-- \/wp:list-item -->\n\n<!-- wp:list-item -->\n<li>Espacios de color<\/li>\n<!-- \/wp:list-item --><\/ul>\n<!-- \/wp:list --><\/li>\n<!-- \/wp:list-item -->\n\n<!-- wp:list-item -->\n<li>Uso profesional de las selecciones<!-- wp:list -->\n<ul><!-- wp:list-item -->\n<li>M\u00e1scara r\u00e1pida<\/li>\n<!-- \/wp:list-item -->\n\n<!-- wp:list-item -->\n<li>Trazados<\/li>\n<!-- \/wp:list-item -->\n\n<!-- wp:list-item -->\n<li>Perfeccionamiento de borde<\/li>\n<!-- \/wp:list-item --><\/ul>\n<!-- \/wp:list --><\/li>\n<!-- \/wp:list-item -->\n\n<!-- wp:list-item -->\n<li>Uso de capas<!-- wp:list -->\n<ul><!-- wp:list-item -->\n<li><strong>M\u00e1scaras de capa<\/strong><\/li>\n<!-- \/wp:list-item -->\n\n<!-- wp:list-item -->\n<li>Objetos inteligentes<\/li>\n<!-- \/wp:list-item -->\n\n<!-- wp:list-item -->\n<li>Opacidad y fusi\u00f3n<\/li>\n<!-- \/wp:list-item -->\n\n<!-- wp:list-item -->\n<li>Estilos de capas<\/li>\n<!-- \/wp:list-item --><\/ul>\n<!-- \/wp:list --><\/li>\n<!-- \/wp:list-item -->\n\n<!-- wp:list-item -->\n<li>Retoque y modificaci\u00f3n de la imagen<!-- wp:list -->\n<ul><!-- wp:list-item -->\n<li>Herramientas de transformaci\u00f3n<\/li>\n<!-- \/wp:list-item -->\n\n<!-- wp:list-item -->\n<li>Retoque de texturas<\/li>\n<!-- \/wp:list-item -->\n\n<!-- wp:list-item -->\n<li>Tipos de clonado: tamp\u00f3n&nbsp;y parche<\/li>\n<!-- \/wp:list-item --><\/ul>\n<!-- \/wp:list --><\/li>\n<!-- \/wp:list-item -->\n\n<!-- wp:list-item -->\n<li>Exportaci\u00f3n\u00a0de im\u00e1genes<!-- wp:list -->\n<ul><!-- wp:list-item -->\n<li><strong>Optimizaci\u00f3n de im\u00e1genes<\/strong> para web<\/li>\n<!-- \/wp:list-item -->\n\n<!-- wp:list-item -->\n<li>Exportaci\u00f3n para impresi\u00f3n<\/li>\n<!-- \/wp:list-item -->\n\n<!-- wp:list-item -->\n<li>Exportaci\u00f3n en otros formatos<\/li>\n<!-- \/wp:list-item --><\/ul>\n<!-- \/wp:list --><\/li>\n<!-- \/wp:list-item --><\/ul>\n<!-- \/wp:list --><\/li>\n<!-- \/wp:list-item --><\/ul>\n<!-- \/wp:list -->\n\n<!-- wp:image {\"id\":4320,\"linkDestination\":\"custom\"} -->\n<figure class=\"wp-block-image\"><a href=\"http:\/\/www.datecuenta.org\/escuelalibre\/inscripciones\/\" target=\"_blank\" rel=\"noreferrer noopener\"><img src=\"https:\/\/www.datecuenta.org\/escuelalibre\/wp-content\/uploads\/2020\/09\/inscribirse-curso-fotografia.jpg\" alt=\"\" class=\"wp-image-4320\"\/><\/a><\/figure>\n<!-- \/wp:image -->\n\n<!-- wp:paragraph -->\n<p>C. Bloque \"tutor\u00edas para desarrollar y difundir un <strong>proyecto personal<\/strong>\" (18 horas)<\/p>\n<!-- \/wp:paragraph -->\n\n<!-- wp:paragraph -->\n<p>En el d\u00eda a d\u00eda de este <strong>curso de fotograf\u00eda de proyecto personal y Photoshop <\/strong>vamos a hacer hincapi\u00e9 en cada uno de los siguientes temas:<\/p>\n<!-- \/wp:paragraph -->\n\n<!-- wp:list -->\n<ul><!-- wp:list-item -->\n<li>Sem\u00e1ntica de la imagen: concepto e intencionalidad<\/li>\n<!-- \/wp:list-item -->\n\n<!-- wp:list-item -->\n<li>Criterios de <strong>selecci\u00f3n de un trabajo fotogr\u00e1fico<\/strong><\/li>\n<!-- \/wp:list-item -->\n\n<!-- wp:list-item -->\n<li>Est\u00e9tica de los fot\u00f3grafos contempor\u00e1neos y b\u00fasqueda de propios autores de fotograf\u00eda referentes<\/li>\n<!-- \/wp:list-item -->\n\n<!-- wp:list-item -->\n<li><strong>T\u00e9cnicas avanzadas de iluminaci\u00f3n<\/strong><\/li>\n<!-- \/wp:list-item -->\n\n<!-- wp:list-item -->\n<li>Gesti\u00f3n de un <strong>archivo fotogr\u00e1fico<\/strong><\/li>\n<!-- \/wp:list-item -->\n\n<!-- wp:list-item -->\n<li>Revelado \u00f3ptimo de una imagen en base al objetivo<\/li>\n<!-- \/wp:list-item --><\/ul>\n<!-- \/wp:list -->\n\n<!-- wp:paragraph -->\n<p>Pero el gran peso del curso ser\u00e1 el <strong>desarrollo de un proyecto personal de fotograf\u00eda<\/strong>. Para ello, acompa\u00f1aremos a cada alumno en base a sus posibilidades, aptitudes y su tema elegido:<\/p>\n<!-- \/wp:paragraph -->\n\n<!-- wp:list -->\n<ul><!-- wp:list-item -->\n<li>Viabilidad de la propuesta: an\u00e1lisis previo y enfrentamiento<\/li>\n<!-- \/wp:list-item -->\n\n<!-- wp:list-item -->\n<li>B\u00fasqueda de documentaci\u00f3n para el tema elegido<\/li>\n<!-- \/wp:list-item -->\n\n<!-- wp:list-item -->\n<li>Producci\u00f3n tutorizada<\/li>\n<!-- \/wp:list-item -->\n\n<!-- wp:list-item -->\n<li>Escoger los canales de salida de nuestro proyecto: <strong>\u00bfa qui\u00e9n puede interesarle mi proyecto fotogr\u00e1fico?<\/strong><\/li>\n<!-- \/wp:list-item -->\n\n<!-- wp:list-item -->\n<li>C\u00f3mo ofrecer un proyecto y a qui\u00e9n, autogestionar un proyecto y buscar financiaci\u00f3n para realizarlo<\/li>\n<!-- \/wp:list-item -->\n\n<!-- wp:list-item -->\n<li>Posibilidades de <strong>publicaci\u00f3n y promoci\u00f3n en redes sociales<\/strong><\/li>\n<!-- \/wp:list-item --><\/ul>\n<!-- \/wp:list -->\n\n<!-- wp:paragraph -->\n<p>D Actividades complementarias (6 horas)<strong><\/strong><\/p>\n<!-- \/wp:paragraph -->\n\n<!-- wp:list -->\n<ul><!-- wp:list-item -->\n<li><strong>Masterclass con profesionales del \u00e1mbito de la fotograf\u00eda art\u00edstica<\/strong><\/li>\n<!-- \/wp:list-item -->\n\n<!-- wp:list-item -->\n<li>Masterclass con profesionales del \u00e1mbito del cine documental<\/li>\n<!-- \/wp:list-item -->\n\n<!-- wp:list-item -->\n<li>Masterclass con profesionales del \u00e1mbito del fotoperiodismo y el periodismo<\/li>\n<!-- \/wp:list-item -->\n\n<!-- wp:list-item -->\n<li>Al menos una salida a exposici\u00f3n o evento<\/li>\n<!-- \/wp:list-item --><\/ul>\n<!-- \/wp:list -->\n\n<!-- wp:embed {\"url\":\"https:\/\/youtu.be\/OEWhCqJXzbg\",\"type\":\"video\",\"providerNameSlug\":\"youtube\",\"responsive\":true,\"className\":\"wp-embed-aspect-16-9 wp-has-aspect-ratio\"} -->\n<figure class=\"wp-block-embed is-type-video is-provider-youtube wp-block-embed-youtube wp-embed-aspect-16-9 wp-has-aspect-ratio\"><div class=\"wp-block-embed__wrapper\">\nhttps:\/\/youtu.be\/OEWhCqJXzbg\n<\/div><figcaption class=\"wp-element-caption\">El fot\u00f3grafo Xavier Torres-Bacchetta se encontr\u00f3 con nuestro alumnado hace dos a\u00f1os. Monica Bellucci, Christopher Walken, Bel\u00e9n Rueda, Andres Velencoso o Johan Cruyff han pasado por el objetivo de su c\u00e1mara.<\/figcaption><\/figure>\n<!-- \/wp:embed -->\n\n<!-- wp:paragraph -->\n<p><\/p>\n<!-- \/wp:paragraph --><\/div>\n<!-- \/wp:column -->\n\n<!-- wp:column -->\n<div class=\"wp-block-column\"><!-- wp:image {\"id\":4030,\"width\":274,\"height\":3,\"sizeSlug\":\"large\"} -->\n<figure class=\"wp-block-image size-large is-resized\"><img src=\"https:\/\/www.datecuenta.org\/escuelalibre\/wp-content\/uploads\/2020\/06\/00.png\" alt=\"\" class=\"wp-image-4030\" width=\"274\" height=\"3\"\/><\/figure>\n<!-- \/wp:image -->\n\n<!-- wp:heading {\"style\":{\"color\":{\"text\":\"#75b634\"}}} -->\n<h2 class=\"wp-block-heading has-text-color\" style=\"color:#75b634\">\u00bfQu\u00e9 dicen de nuestro curso superior de proyecto fotogr\u00e1fico?<\/h2>\n<!-- \/wp:heading -->\n\n<!-- wp:paragraph -->\n<p>[reviews_rating]<\/p>\n<!-- \/wp:paragraph -->\n\n<!-- wp:paragraph -->\n<p>[reviews_rating_link reviews_link]Todas nuestras opiniones en Google[\/reviews_rating_link]<\/p>\n<!-- \/wp:paragraph -->\n\n<!-- wp:image {\"id\":4030,\"width\":274,\"height\":3,\"sizeSlug\":\"large\"} -->\n<figure class=\"wp-block-image size-large is-resized\"><img src=\"https:\/\/www.datecuenta.org\/escuelalibre\/wp-content\/uploads\/2020\/06\/00.png\" alt=\"\" class=\"wp-image-4030\" width=\"274\" height=\"3\"\/><\/figure>\n<!-- \/wp:image -->\n\n<!-- wp:heading {\"level\":3,\"style\":{\"color\":{\"text\":\"#75b634\"}}} -->\n<h3 class=\"wp-block-heading has-text-color\" style=\"color:#75b634\">\u00bfLo tienes claro? \u00a1Reserva ya tu plaza!<\/h3>\n<!-- \/wp:heading -->\n\n<!-- wp:shortcode -->\n[contact-form-7 id=\"389\" title=\"Formulario de contacto 1\"]\n<!-- \/wp:shortcode -->\n\n<!-- wp:image {\"id\":4030,\"width\":274,\"height\":3,\"sizeSlug\":\"large\"} -->\n<figure class=\"wp-block-image size-large is-resized\"><img src=\"https:\/\/www.datecuenta.org\/escuelalibre\/wp-content\/uploads\/2020\/06\/00.png\" alt=\"\" class=\"wp-image-4030\" width=\"274\" height=\"3\"\/><\/figure>\n<!-- \/wp:image -->\n\n<!-- wp:heading {\"level\":3,\"style\":{\"color\":{\"text\":\"#75b634\"}}} -->\n<h3 class=\"wp-block-heading has-text-color\" style=\"color:#75b634\">\u00bfTienes dudas? <\/h3>\n<!-- \/wp:heading -->\n\n<!-- wp:paragraph -->\n<p>No te cortes, <a href=\"https:\/\/www.datecuenta.org\/escuelalibre\/contacta\/\">\u00a1cont\u00e1ctanos!<\/a><\/p>\n<!-- \/wp:paragraph -->\n\n<!-- wp:image {\"id\":4030,\"width\":274,\"height\":3,\"sizeSlug\":\"large\"} -->\n<figure class=\"wp-block-image size-large is-resized\"><img src=\"https:\/\/www.datecuenta.org\/escuelalibre\/wp-content\/uploads\/2020\/06\/00.png\" alt=\"\" class=\"wp-image-4030\" width=\"274\" height=\"3\"\/><\/figure>\n<!-- \/wp:image -->\n\n<!-- wp:heading {\"level\":3,\"style\":{\"color\":{\"text\":\"#75b634\"}}} -->\n<h3 class=\"wp-block-heading has-text-color\" style=\"color:#75b634\">Cursos relacionados:<\/h3>\n<!-- \/wp:heading -->\n\n<!-- wp:list -->\n<ul><!-- wp:list-item -->\n<li><a rel=\"noreferrer noopener\" href=\"https:\/\/www.datecuenta.org\/escuelalibre\/curso-iniciacion-fotografia\/\" target=\"_blank\">Curso de iniciaci\u00f3n a la fotograf\u00eda (nivel 1)<\/a><\/li>\n<!-- \/wp:list-item -->\n\n<!-- wp:list-item -->\n<li><a rel=\"noreferrer noopener\" href=\"http:\/\/www.datecuenta.org\/escuelalibre\/curso-fotografia-profesional\" target=\"_blank\">Curso de fotograf\u00eda creativa (nivel 2)<\/a><\/li>\n<!-- \/wp:list-item -->\n\n<!-- wp:list-item -->\n<li><a rel=\"noreferrer noopener\" href=\"https:\/\/www.datecuenta.org\/escuelalibre\/curso-de-iluminacion-en-estudio\/\" target=\"_blank\">Curso de iluminaci\u00f3n en estudio<\/a><\/li>\n<!-- \/wp:list-item --><\/ul>\n<!-- \/wp:list -->\n\n<!-- wp:heading {\"level\":3,\"style\":{\"color\":{\"text\":\"#75b634\"}}} -->\n<h3 class=\"wp-block-heading has-text-color\" style=\"color:#75b634\">Otros cursos que ofrecemos en nuestra escuela:<\/h3>\n<!-- \/wp:heading -->\n\n<!-- wp:list -->\n<ul><!-- wp:list-item -->\n<li><a href=\"https:\/\/www.datecuenta.org\/escuelalibre\/curso-cine\/\">Curso de cine documental<\/a><\/li>\n<!-- \/wp:list-item -->\n\n<!-- wp:list-item -->\n<li><a href=\"https:\/\/www.datecuenta.org\/escuelalibre\/curso-direccion-cine\/\">Curso de lenguaje cinematogr\u00e1fico para la direcci\u00f3n de cine<\/a><\/li>\n<!-- \/wp:list-item -->\n\n<!-- wp:list-item -->\n<li><a rel=\"noreferrer noopener\" href=\"http:\/\/www.datecuenta.org\/escuelalibre\/curso-fotografia-documental\" target=\"_blank\">Curso de fotograf\u00eda documental y reportaje de proximidad<\/a><\/li>\n<!-- \/wp:list-item -->\n\n<!-- wp:list-item -->\n<li><a href=\"https:\/\/www.datecuenta.org\/escuelalibre\/curso-periodismo\/\">Curso de periodismo social<\/a><\/li>\n<!-- \/wp:list-item --><\/ul>\n<!-- \/wp:list --><\/div>\n<!-- \/wp:column --><\/div>\n<!-- \/wp:columns -->","_et_gb_content_width":"","content-type":"","_monsterinsights_skip_tracking":false,"_monsterinsights_sitenote_active":false,"_monsterinsights_sitenote_note":"","_monsterinsights_sitenote_category":0,"_joinchat":[],"footnotes":""},"class_list":["post-1416","page","type-page","status-publish","has-post-thumbnail","hentry"],"yoast_head":"<!-- This site is optimized with the Yoast SEO plugin v26.9 - https:\/\/yoast.com\/product\/yoast-seo-wordpress\/ -->\n<title>CURSO DE PROFESIONALIZACI\u00d3N EN FOTOGRAF\u00cdA<\/title>\n<meta name=\"description\" content=\"Un curso para acompa\u00f1arte en tu carrera de emprendimiento como fot\u00f3grafo\/a, sea tu especialidad art\u00edstica, documental o profesional\" \/>\n<meta name=\"robots\" content=\"index, follow, max-snippet:-1, max-image-preview:large, max-video-preview:-1\" \/>\n<link rel=\"canonical\" href=\"https:\/\/www.datecuenta.org\/escuelalibre\/curso-fotografia-profesional\/\" \/>\n<meta property=\"og:locale\" content=\"es_ES\" \/>\n<meta property=\"og:type\" content=\"article\" \/>\n<meta property=\"og:title\" content=\"CURSO DE PROFESIONALIZACI\u00d3N EN FOTOGRAF\u00cdA\" \/>\n<meta property=\"og:description\" content=\"Un curso para acompa\u00f1arte en tu carrera de emprendimiento como fot\u00f3grafo\/a, sea tu especialidad art\u00edstica, documental o profesional\" \/>\n<meta property=\"og:url\" content=\"https:\/\/www.datecuenta.org\/escuelalibre\/curso-fotografia-profesional\/\" \/>\n<meta property=\"og:site_name\" content=\"Escuela de fotograf\u00eda en Barcelona | DateCuenta\" \/>\n<meta property=\"article:modified_time\" content=\"2025-07-02T13:38:01+00:00\" \/>\n<meta property=\"og:image\" content=\"http:\/\/www.datecuenta.org\/escuelalibre\/wp-content\/uploads\/2025\/05\/curso-avanzado-fotografia-barcelona.jpg\" \/>\n\t<meta property=\"og:image:width\" content=\"900\" \/>\n\t<meta property=\"og:image:height\" content=\"620\" \/>\n\t<meta property=\"og:image:type\" content=\"image\/jpeg\" \/>\n<meta name=\"twitter:card\" content=\"summary_large_image\" \/>\n<meta name=\"twitter:label1\" content=\"Tiempo de lectura\" \/>\n\t<meta name=\"twitter:data1\" content=\"5 minutos\" \/>\n<script type=\"application\/ld+json\" class=\"yoast-schema-graph\">{\"@context\":\"https:\/\/schema.org\",\"@graph\":[{\"@type\":\"WebPage\",\"@id\":\"https:\/\/www.datecuenta.org\/escuelalibre\/curso-fotografia-profesional\/\",\"url\":\"https:\/\/www.datecuenta.org\/escuelalibre\/curso-fotografia-profesional\/\",\"name\":\"CURSO DE PROFESIONALIZACI\u00d3N EN FOTOGRAF\u00cdA\",\"isPartOf\":{\"@id\":\"https:\/\/www.datecuenta.org\/escuelalibre\/#website\"},\"primaryImageOfPage\":{\"@id\":\"https:\/\/www.datecuenta.org\/escuelalibre\/curso-fotografia-profesional\/#primaryimage\"},\"image\":{\"@id\":\"https:\/\/www.datecuenta.org\/escuelalibre\/curso-fotografia-profesional\/#primaryimage\"},\"thumbnailUrl\":\"https:\/\/www.datecuenta.org\/escuelalibre\/wp-content\/uploads\/2025\/05\/curso-avanzado-fotografia-barcelona.jpg\",\"datePublished\":\"2016-05-28T11:55:02+00:00\",\"dateModified\":\"2025-07-02T13:38:01+00:00\",\"description\":\"Un curso para acompa\u00f1arte en tu carrera de emprendimiento como fot\u00f3grafo\/a, sea tu especialidad art\u00edstica, documental o profesional\",\"breadcrumb\":{\"@id\":\"https:\/\/www.datecuenta.org\/escuelalibre\/curso-fotografia-profesional\/#breadcrumb\"},\"inLanguage\":\"es\",\"potentialAction\":[{\"@type\":\"ReadAction\",\"target\":[\"https:\/\/www.datecuenta.org\/escuelalibre\/curso-fotografia-profesional\/\"]}]},{\"@type\":\"ImageObject\",\"inLanguage\":\"es\",\"@id\":\"https:\/\/www.datecuenta.org\/escuelalibre\/curso-fotografia-profesional\/#primaryimage\",\"url\":\"https:\/\/www.datecuenta.org\/escuelalibre\/wp-content\/uploads\/2025\/05\/curso-avanzado-fotografia-barcelona.jpg\",\"contentUrl\":\"https:\/\/www.datecuenta.org\/escuelalibre\/wp-content\/uploads\/2025\/05\/curso-avanzado-fotografia-barcelona.jpg\",\"width\":900,\"height\":620,\"caption\":\"Curso avanzado de fotograf\u00eda en Barcelona Escuela DateCuenta\"},{\"@type\":\"BreadcrumbList\",\"@id\":\"https:\/\/www.datecuenta.org\/escuelalibre\/curso-fotografia-profesional\/#breadcrumb\",\"itemListElement\":[{\"@type\":\"ListItem\",\"position\":1,\"name\":\"Portada\",\"item\":\"https:\/\/www.datecuenta.org\/escuelalibre\/\"},{\"@type\":\"ListItem\",\"position\":2,\"name\":\"CURSO DE PROFESIONALIZACI\u00d3N EN FOTOGRAF\u00cdA\"}]},{\"@type\":\"WebSite\",\"@id\":\"https:\/\/www.datecuenta.org\/escuelalibre\/#website\",\"url\":\"https:\/\/www.datecuenta.org\/escuelalibre\/\",\"name\":\"Escuela de fotograf\u00eda en Barcelona | DateCuenta\",\"description\":\"\",\"potentialAction\":[{\"@type\":\"SearchAction\",\"target\":{\"@type\":\"EntryPoint\",\"urlTemplate\":\"https:\/\/www.datecuenta.org\/escuelalibre\/?s={search_term_string}\"},\"query-input\":{\"@type\":\"PropertyValueSpecification\",\"valueRequired\":true,\"valueName\":\"search_term_string\"}}],\"inLanguage\":\"es\"}]}<\/script>\n<!-- \/ Yoast SEO plugin. -->","yoast_head_json":{"title":"CURSO DE PROFESIONALIZACI\u00d3N EN FOTOGRAF\u00cdA","description":"Un curso para acompa\u00f1arte en tu carrera de emprendimiento como fot\u00f3grafo\/a, sea tu especialidad art\u00edstica, documental o profesional","robots":{"index":"index","follow":"follow","max-snippet":"max-snippet:-1","max-image-preview":"max-image-preview:large","max-video-preview":"max-video-preview:-1"},"canonical":"https:\/\/www.datecuenta.org\/escuelalibre\/curso-fotografia-profesional\/","og_locale":"es_ES","og_type":"article","og_title":"CURSO DE PROFESIONALIZACI\u00d3N EN FOTOGRAF\u00cdA","og_description":"Un curso para acompa\u00f1arte en tu carrera de emprendimiento como fot\u00f3grafo\/a, sea tu especialidad art\u00edstica, documental o profesional","og_url":"https:\/\/www.datecuenta.org\/escuelalibre\/curso-fotografia-profesional\/","og_site_name":"Escuela de fotograf\u00eda en Barcelona | DateCuenta","article_modified_time":"2025-07-02T13:38:01+00:00","og_image":[{"width":900,"height":620,"url":"http:\/\/www.datecuenta.org\/escuelalibre\/wp-content\/uploads\/2025\/05\/curso-avanzado-fotografia-barcelona.jpg","type":"image\/jpeg"}],"twitter_card":"summary_large_image","twitter_misc":{"Tiempo de lectura":"5 minutos"},"schema":{"@context":"https:\/\/schema.org","@graph":[{"@type":"WebPage","@id":"https:\/\/www.datecuenta.org\/escuelalibre\/curso-fotografia-profesional\/","url":"https:\/\/www.datecuenta.org\/escuelalibre\/curso-fotografia-profesional\/","name":"CURSO DE PROFESIONALIZACI\u00d3N EN FOTOGRAF\u00cdA","isPartOf":{"@id":"https:\/\/www.datecuenta.org\/escuelalibre\/#website"},"primaryImageOfPage":{"@id":"https:\/\/www.datecuenta.org\/escuelalibre\/curso-fotografia-profesional\/#primaryimage"},"image":{"@id":"https:\/\/www.datecuenta.org\/escuelalibre\/curso-fotografia-profesional\/#primaryimage"},"thumbnailUrl":"https:\/\/www.datecuenta.org\/escuelalibre\/wp-content\/uploads\/2025\/05\/curso-avanzado-fotografia-barcelona.jpg","datePublished":"2016-05-28T11:55:02+00:00","dateModified":"2025-07-02T13:38:01+00:00","description":"Un curso para acompa\u00f1arte en tu carrera de emprendimiento como fot\u00f3grafo\/a, sea tu especialidad art\u00edstica, documental o profesional","breadcrumb":{"@id":"https:\/\/www.datecuenta.org\/escuelalibre\/curso-fotografia-profesional\/#breadcrumb"},"inLanguage":"es","potentialAction":[{"@type":"ReadAction","target":["https:\/\/www.datecuenta.org\/escuelalibre\/curso-fotografia-profesional\/"]}]},{"@type":"ImageObject","inLanguage":"es","@id":"https:\/\/www.datecuenta.org\/escuelalibre\/curso-fotografia-profesional\/#primaryimage","url":"https:\/\/www.datecuenta.org\/escuelalibre\/wp-content\/uploads\/2025\/05\/curso-avanzado-fotografia-barcelona.jpg","contentUrl":"https:\/\/www.datecuenta.org\/escuelalibre\/wp-content\/uploads\/2025\/05\/curso-avanzado-fotografia-barcelona.jpg","width":900,"height":620,"caption":"Curso avanzado de fotograf\u00eda en Barcelona Escuela DateCuenta"},{"@type":"BreadcrumbList","@id":"https:\/\/www.datecuenta.org\/escuelalibre\/curso-fotografia-profesional\/#breadcrumb","itemListElement":[{"@type":"ListItem","position":1,"name":"Portada","item":"https:\/\/www.datecuenta.org\/escuelalibre\/"},{"@type":"ListItem","position":2,"name":"CURSO DE PROFESIONALIZACI\u00d3N EN FOTOGRAF\u00cdA"}]},{"@type":"WebSite","@id":"https:\/\/www.datecuenta.org\/escuelalibre\/#website","url":"https:\/\/www.datecuenta.org\/escuelalibre\/","name":"Escuela de fotograf\u00eda en Barcelona | DateCuenta","description":"","potentialAction":[{"@type":"SearchAction","target":{"@type":"EntryPoint","urlTemplate":"https:\/\/www.datecuenta.org\/escuelalibre\/?s={search_term_string}"},"query-input":{"@type":"PropertyValueSpecification","valueRequired":true,"valueName":"search_term_string"}}],"inLanguage":"es"}]}},"_links":{"self":[{"href":"https:\/\/www.datecuenta.org\/escuelalibre\/wp-json\/wp\/v2\/pages\/1416","targetHints":{"allow":["GET"]}}],"collection":[{"href":"https:\/\/www.datecuenta.org\/escuelalibre\/wp-json\/wp\/v2\/pages"}],"about":[{"href":"https:\/\/www.datecuenta.org\/escuelalibre\/wp-json\/wp\/v2\/types\/page"}],"author":[{"embeddable":true,"href":"https:\/\/www.datecuenta.org\/escuelalibre\/wp-json\/wp\/v2\/users\/1001003"}],"replies":[{"embeddable":true,"href":"https:\/\/www.datecuenta.org\/escuelalibre\/wp-json\/wp\/v2\/comments?post=1416"}],"version-history":[{"count":145,"href":"https:\/\/www.datecuenta.org\/escuelalibre\/wp-json\/wp\/v2\/pages\/1416\/revisions"}],"predecessor-version":[{"id":7596,"href":"https:\/\/www.datecuenta.org\/escuelalibre\/wp-json\/wp\/v2\/pages\/1416\/revisions\/7596"}],"wp:featuredmedia":[{"embeddable":true,"href":"https:\/\/www.datecuenta.org\/escuelalibre\/wp-json\/wp\/v2\/media\/7449"}],"wp:attachment":[{"href":"https:\/\/www.datecuenta.org\/escuelalibre\/wp-json\/wp\/v2\/media?parent=1416"}],"curies":[{"name":"wp","href":"https:\/\/api.w.org\/{rel}","templated":true}]}}