{"id":1498,"date":"2016-05-28T19:28:07","date_gmt":"2016-05-28T19:28:07","guid":{"rendered":"http:\/\/www.datecuenta.org\/escuelalibre\/?page_id=1498"},"modified":"2025-06-07T19:19:39","modified_gmt":"2025-06-07T19:19:39","slug":"proyectos-del-alumnado","status":"publish","type":"page","link":"https:\/\/www.datecuenta.org\/escuelalibre\/proyectos-del-alumnado\/","title":{"rendered":"TRABAJOS DEL ALUMNADO"},"content":{"rendered":"<p>[et_pb_section fb_built=\u00bb1&#8243; admin_label=\u00bbsection\u00bb _builder_version=\u00bb4.16&#8243; global_colors_info=\u00bb{}\u00bb][et_pb_row column_structure=\u00bb1_2,1_2&#8243; use_custom_gutter=\u00bbon\u00bb make_equal=\u00bbon\u00bb _builder_version=\u00bb4.17.4&#8243; _module_preset=\u00bbdefault\u00bb background_color=\u00bbRGBA(255,255,255,0)\u00bb width=\u00bb90%\u00bb max_width=\u00bb1725px\u00bb module_alignment=\u00bbcenter\u00bb custom_margin=\u00bb||72px||false|false\u00bb custom_margin_tablet=\u00bb||43px||false|false\u00bb custom_margin_phone=\u00bb||7px||false|false\u00bb custom_margin_last_edited=\u00bbon|phone\u00bb custom_padding=\u00bb0px||0px||false|false\u00bb border_color_bottom=\u00bb#000000&#8243; global_colors_info=\u00bb{}\u00bb][et_pb_column type=\u00bb1_2&#8243; _builder_version=\u00bb4.16&#8243; _module_preset=\u00bbdefault\u00bb background_color=\u00bbRGBA(255,255,255,0)\u00bb custom_padding=\u00bb||||false|false\u00bb border_color_right=\u00bb#000000&#8243; global_colors_info=\u00bb{}\u00bb][et_pb_text disabled_on=\u00bboff|off|off\u00bb _builder_version=\u00bb4.25.1&#8243; _module_preset=\u00bbdefault\u00bb text_line_height=\u00bb1.6em\u00bb header_2_font=\u00bbInter|900|||||||\u00bb header_2_font_size=\u00bb53px\u00bb header_2_line_height=\u00bb1.1em\u00bb header_3_font_size=\u00bb32px\u00bb custom_margin=\u00bb0px||12px||false|false\u00bb header_2_font_size_tablet=\u00bb45px\u00bb header_2_font_size_phone=\u00bb33px\u00bb header_2_font_size_last_edited=\u00bbon|phone\u00bb header_2_line_height_tablet=\u00bb1.1em\u00bb header_2_line_height_phone=\u00bb1.1em\u00bb header_2_line_height_last_edited=\u00bbon|desktop\u00bb global_colors_info=\u00bb{}\u00bb]<\/p>\n<h1>RECORDAMOS CON CARI\u00d1O <span style=\"color: #988cbe;\">EL TRABAJO DE M\u00c1S DE UN MILLAR DE ALUMNOS Y ALUMNAS<\/span><\/h1>\n<p>[\/et_pb_text][\/et_pb_column][et_pb_column type=\u00bb1_2&#8243; _builder_version=\u00bb4.16&#8243; _module_preset=\u00bbdefault\u00bb custom_padding=\u00bb||||false|false\u00bb border_color_right=\u00bb#000000&#8243; global_colors_info=\u00bb{}\u00bb][et_pb_text _builder_version=\u00bb4.25.1&#8243; _module_preset=\u00bbdefault\u00bb text_font_size=\u00bb19px\u00bb text_line_height=\u00bb1.6em\u00bb header_2_font=\u00bbInter|900|||||||\u00bb header_2_font_size=\u00bb42px\u00bb header_3_font=\u00bbInter|500|||||||\u00bb header_3_font_size=\u00bb29px\u00bb header_3_line_height=\u00bb1.3em\u00bb custom_margin=\u00bb||0px||false|false\u00bb header_3_font_size_tablet=\u00bb25px\u00bb header_3_font_size_phone=\u00bb19px\u00bb header_3_font_size_last_edited=\u00bbon|desktop\u00bb global_colors_info=\u00bb{}\u00bb]<\/p>\n<h3>Aqu\u00ed puedes ver una selecci\u00f3n de proyectos finales y ejercicios realizados durante la vida de la escuela DateCuenta. M\u00edralos todos en <span style=\"color: #ff9900;\"><a href=\"http:\/\/youtube.com\/c\/DateCuentaEscuela\" target=\"_blank\" rel=\"noopener\" style=\"color: #988cbe;\">nuestro canal de Youtube y otras redes sociales.<\/a><\/span><\/h3>\n<p>[\/et_pb_text][\/et_pb_column][\/et_pb_row][et_pb_row _builder_version=\u00bb4.17.4&#8243; _module_preset=\u00bbdefault\u00bb global_colors_info=\u00bb{}\u00bb][et_pb_column type=\u00bb4_4&#8243; _builder_version=\u00bb4.17.4&#8243; _module_preset=\u00bbdefault\u00bb global_colors_info=\u00bb{}\u00bb][et_pb_text _builder_version=\u00bb4.25.1&#8243; _module_preset=\u00bbdefault\u00bb hover_enabled=\u00bb0&#8243; sticky_enabled=\u00bb0&#8243;]<\/p>\n<p><span class=\"yt-core-attributed-string yt-core-attributed-string--white-space-pre-wrap\" dir=\"auto\"><span class=\"yt-core-attributed-string--link-inherit-color\" style=\"color: #131313;\" dir=\"auto\">La exposici\u00f3n fotogr\u00e1fica colectiva \u00abTiempo\u00bb cerr\u00f3 un curso muy especial, el de nuestro 15 aniversario. Cont\u00f3 con la participaci\u00f3n de 77 alumnas y alumnos.<\/span><\/span><\/p>\n<p>[\/et_pb_text][et_pb_text _builder_version=\u00bb4.25.1&#8243; _module_preset=\u00bbdefault\u00bb hover_enabled=\u00bb0&#8243; sticky_enabled=\u00bb0&#8243;]<\/p>\n<p style=\"text-align: center;\"><iframe loading=\"lazy\" src=\"https:\/\/www.youtube.com\/embed\/ZfMTKkc4k9Q?si=0DeJ540nlNW5Ksv6\" title=\"YouTube video player\" allow=\"accelerometer; autoplay; clipboard-write; encrypted-media; gyroscope; picture-in-picture; web-share\" referrerpolicy=\"strict-origin-when-cross-origin\" allowfullscreen=\"\" width=\"560\" height=\"315\" frameborder=\"0\"><\/iframe><\/p>\n<p>[\/et_pb_text][et_pb_text _builder_version=\u00bb4.25.1&#8243; _module_preset=\u00bbdefault\u00bb hover_enabled=\u00bb0&#8243; global_colors_info=\u00bb{}\u00bb sticky_enabled=\u00bb0&#8243;]<\/p>\n<p><span class=\"yt-core-attributed-string yt-core-attributed-string--white-space-pre-wrap\" dir=\"auto\">\u00ab(Des)equilibrios\u00bb cerr\u00f3 el curso 2023\/2024. Recoge 85 proyectos finales del alumnado en torno al concepto del equilibrio (en todas sus manifestaciones).<br \/><\/span><\/p>\n<p>[\/et_pb_text][et_pb_text _builder_version=\u00bb4.25.1&#8243; _module_preset=\u00bbdefault\u00bb global_colors_info=\u00bb{}\u00bb]<\/p>\n<p style=\"text-align: center;\"><iframe loading=\"lazy\" src=\"https:\/\/www.youtube.com\/embed\/bUIJGxLxvrg?si=zPS4b58hI4-r_tTV\" title=\"YouTube video player\" allow=\"accelerometer; autoplay; clipboard-write; encrypted-media; gyroscope; picture-in-picture; web-share\" referrerpolicy=\"strict-origin-when-cross-origin\" allowfullscreen=\"\" width=\"560\" height=\"315\" frameborder=\"0\"><\/iframe><\/p>\n<p>[\/et_pb_text][et_pb_text _builder_version=\u00bb4.17.4&#8243; _module_preset=\u00bbdefault\u00bb global_colors_info=\u00bb{}\u00bb]<\/p>\n<p><span class=\"yt-core-attributed-string yt-core-attributed-string--white-space-pre-wrap\">\u00abReflejos y sombras\u00bb fue la \u00faltima exposici\u00f3n colectiva del alumnado. Aun\u00f3 m\u00e1s de 80 proyectos y puede verse hasta el <\/span><span class=\"yt-core-attributed-string yt-core-attributed-string--white-space-pre-wrap\">30 de septiembre de 2023.<br \/><\/span><\/p>\n<p>[\/et_pb_text][et_pb_text _builder_version=\u00bb4.17.4&#8243; _module_preset=\u00bbdefault\u00bb global_colors_info=\u00bb{}\u00bb]<\/p>\n<p style=\"text-align: center;\"><iframe loading=\"lazy\" src=\"https:\/\/www.youtube.com\/embed\/-Hud3ogGs2k\" title=\"YouTube video player\" allow=\"accelerometer; autoplay; clipboard-write; encrypted-media; gyroscope; picture-in-picture; web-share\" allowfullscreen=\"\" width=\"560\" height=\"315\" frameborder=\"0\"><\/iframe><\/p>\n<p>[\/et_pb_text][\/et_pb_column][\/et_pb_row][et_pb_row admin_label=\u00bbrow\u00bb _builder_version=\u00bb4.16&#8243; background_size=\u00bbinitial\u00bb background_position=\u00bbtop_left\u00bb background_repeat=\u00bbrepeat\u00bb global_colors_info=\u00bb{}\u00bb][et_pb_column type=\u00bb4_4&#8243; _builder_version=\u00bb4.16&#8243; custom_padding=\u00bb|||\u00bb global_colors_info=\u00bb{}\u00bb custom_padding__hover=\u00bb|||\u00bb][et_pb_text _builder_version=\u00bb4.17.4&#8243; _module_preset=\u00bbdefault\u00bb global_colors_info=\u00bb{}\u00bb]En junio de 2020 el curso acab\u00f3 sumergido en el confinamiento por la pandemia de Covid-19, lo que no impidi\u00f3 que pudi\u00e9ramos acabar el curso y presentar todos los proyectos del alumnado, que se recogieron en esta web <a href=\"https:\/\/nuevanormalidad.datecuenta.org\" target=\"_blank\" rel=\"noopener\">https:\/\/nuevanormalidad.datecuenta.org<\/a>[\/et_pb_text][et_pb_image src=\u00bbhttp:\/\/www.datecuenta.org\/escuelalibre\/wp-content\/uploads\/2022\/06\/presentacion-curso-dc-2020.jpg\u00bb alt=\u00bbPresentacion curso 2020&#8243; title_text=\u00bbpresentacion-curso-dc-2020&#8243; _builder_version=\u00bb4.17.4&#8243; _module_preset=\u00bbdefault\u00bb global_colors_info=\u00bb{}\u00bb][\/et_pb_image][\/et_pb_column][\/et_pb_row][et_pb_row admin_label=\u00bbrow\u00bb _builder_version=\u00bb4.16&#8243; background_size=\u00bbinitial\u00bb background_position=\u00bbtop_left\u00bb background_repeat=\u00bbrepeat\u00bb global_colors_info=\u00bb{}\u00bb][et_pb_column type=\u00bb4_4&#8243; _builder_version=\u00bb4.16&#8243; custom_padding=\u00bb|||\u00bb global_colors_info=\u00bb{}\u00bb custom_padding__hover=\u00bb|||\u00bb][et_pb_text admin_label=\u00bbText\u00bb _builder_version=\u00bb4.17.4&#8243; background_size=\u00bbinitial\u00bb background_position=\u00bbtop_left\u00bb background_repeat=\u00bbrepeat\u00bb global_colors_info=\u00bb{}\u00bb]\u00bbWhat have I got \/ Nobody can take away\u00bb fue un proyecto realizado durante el confinamiento sanitario de 2020 por todo el <strong>alumnado de los cursos avanzados de fotograf\u00eda<\/strong>:<\/p>\n<p><iframe loading=\"lazy\" title=\"What have I got \/ Nobody can take away (Nina Simone)\" width=\"1080\" height=\"608\" src=\"https:\/\/www.youtube.com\/embed\/NftcWdF9M10?feature=oembed\" frameborder=\"0\" allow=\"accelerometer; autoplay; clipboard-write; encrypted-media; gyroscope; picture-in-picture\" allowfullscreen><\/iframe><\/p>\n<p>&nbsp;<\/p>\n<p>El \u00abturismo masivo\u00bb fue el tema elegido por el alumnado de los niveles de <a href=\"https:\/\/www.datecuenta.org\/escuelalibre\/curso-iniciacion-fotografia\/\" target=\"_blank\" rel=\"noopener\">iniciaci\u00f3n a la fotograf\u00eda<\/a> y <a href=\"https:\/\/www.datecuenta.org\/escuelalibre\/curso-avanzado-fotografia\/\" target=\"_blank\" rel=\"noopener\">fotograf\u00eda avanzada<\/a> del a\u00f1o 2019\/20. Aqu\u00ed tienes un resumen de los proyectos:<\/p>\n<p><iframe loading=\"lazy\" title=\"Cursos de Fotograf\u00eda Niveles 1 y 2 (2018\/19)\" width=\"1080\" height=\"608\" src=\"https:\/\/www.youtube.com\/embed\/ItyKo8JcCLw?feature=oembed\" frameborder=\"0\" allow=\"accelerometer; autoplay; clipboard-write; encrypted-media; gyroscope; picture-in-picture\" allowfullscreen><\/iframe><\/p>\n<p>&nbsp;<\/p>\n<p>La \u00abdiversidad Corporal\u00bb fue el tema elegido por el alumnado de los tres niveles de cursos de fotograf\u00eda del a\u00f1o 2018\/19. Aqu\u00ed un resumen con los proyectos de <strong>todos los cursos del sector de la fotograf\u00eda<\/strong>:<\/p>\n<p><iframe loading=\"lazy\" src=\"https:\/\/www.youtube.com\/embed\/yJPeCQba4BU\" width=\"560\" height=\"315\" frameborder=\"0\" allowfullscreen=\"allowfullscreen\"><\/iframe><\/p>\n<p>&nbsp;<\/p>\n<p>En el <strong>curso de fotograf\u00eda art\u00edstica 2014\/15<\/strong> se desarrollaron ocho proyectos que no dejaron indiferente a nadie:<\/p>\n<p><iframe loading=\"lazy\" src=\"https:\/\/www.youtube.com\/embed\/2CVpMfUJxVs\" width=\"560\" height=\"315\" frameborder=\"0\" allowfullscreen=\"allowfullscreen\"><\/iframe><\/p>\n<p>&nbsp;<\/p>\n<p>As\u00ed fueron los trabajos del <strong>curso de cine documental<\/strong> del a\u00f1o 2017\/2018:<\/p>\n<p><iframe loading=\"lazy\" src=\"https:\/\/www.youtube.com\/embed\/i3Jy5gkKD4g\" width=\"560\" height=\"315\" frameborder=\"0\" allowfullscreen=\"allowfullscreen\"><\/iframe><\/p>\n<p>&nbsp;<\/p>\n<p>Impactantes y muy publicados, as\u00ed fueron los proyectos finales de nuestro primer<strong> curso de Fotoperiodismo libre<\/strong>, el a\u00f1o 2012\/13:<\/p>\n<p><iframe loading=\"lazy\" src=\"https:\/\/player.vimeo.com\/video\/65952669?byline=0\" width=\"640\" height=\"360\" frameborder=\"0\" allowfullscreen=\"allowfullscreen\"><\/iframe><\/p>\n<p>&nbsp;<\/p>\n<p>Grandes fueron los proyectos que trabaj\u00f3 el alumnado del curso de <strong>Escritura de No Ficci\u00f3n<\/strong> 2017\/2018:<\/p>\n<p><iframe loading=\"lazy\" src=\"https:\/\/www.youtube.com\/embed\/EeG8zi0SpGQ\" width=\"560\" height=\"315\" frameborder=\"0\" allowfullscreen=\"allowfullscreen\"><\/iframe><\/p>\n<p>&nbsp;<\/p>\n<p>En el pasado <strong>curso de fotograf\u00eda art\u00edstica 2015\/16<\/strong> se realiz\u00f3 una intervenci\u00f3n art\u00edstica para homenajear el barrio m\u00e1s popular de la Barceloneta:<\/p>\n<p><iframe loading=\"lazy\" src=\"https:\/\/www.youtube.com\/embed\/7hv_2CPU-z4\" width=\"560\" height=\"315\" frameborder=\"0\" allowfullscreen=\"allowfullscreen\"><\/iframe><\/p>\n<p>&nbsp;<\/p>\n<p>\u00abTemps de Can Vi(e)s\u00bb, el documental surgido en nuestro <strong>curso de cine documental 2013\/14<\/strong> que ha recorrido toda Espa\u00f1a en proyecciones y festivales:<\/p>\n<p><iframe loading=\"lazy\" src=\"https:\/\/www.youtube.com\/embed\/l3yB8fYgxqo\" width=\"560\" height=\"315\" frameborder=\"0\" allowfullscreen=\"allowfullscreen\"><\/iframe><\/p>\n<p>&nbsp;<\/p>\n<p>\u00abFlorKl\u00f3rica\u00bb, un proyecto de bodypainting, transformismo, iluminaci\u00f3n y copla, uno de los proyectos m\u00e1s interesantes realizados por nuestro alumnado de <strong>Fotograf\u00eda profesional 2011\/12<\/strong>:<\/p>\n<p><iframe loading=\"lazy\" src=\"https:\/\/player.vimeo.com\/video\/36515037?byline=0&amp;portrait=0\" width=\"640\" height=\"352\" frameborder=\"0\" allowfullscreen=\"allowfullscreen\"><\/iframe><\/p>\n<p>&nbsp;<\/p>\n<p>\u00a1Gracias por ver los trabajos de nuestro alumnado! Recuerda que puedes ver m\u00e1s en nuestros canales de <a href=\"https:\/\/www.youtube.com\/channel\/UCRG9osEbOguVl_fQfKnm1QQ\">Youtube<\/a> y de <a href=\"http:\/\/www.vimeo.com\/datecuenta\">Vimeo<\/a>.[\/et_pb_text][\/et_pb_column][\/et_pb_row][\/et_pb_section][et_pb_section fb_built=\u00bb1&#8243; disabled_on=\u00bbon|on|on\u00bb _builder_version=\u00bb4.16&#8243; _module_preset=\u00bbdefault\u00bb custom_margin=\u00bb40px||40px||true|false\u00bb custom_padding=\u00bb40px||40px||true|false\u00bb disabled=\u00bbon\u00bb global_colors_info=\u00bb{}\u00bb][\/et_pb_section]<\/p>\n","protected":false},"excerpt":{"rendered":"<p>RECORDAMOS CON CARI\u00d1O EL TRABAJO DE M\u00c1S DE UN MILLAR DE ALUMNOS Y ALUMNASAqu\u00ed puedes ver una selecci\u00f3n de proyectos finales y ejercicios realizados durante la vida de la escuela DateCuenta. M\u00edralos todos en nuestro canal de Youtube y otras redes sociales.La exposici\u00f3n fotogr\u00e1fica colectiva \u00abTiempo\u00bb cerr\u00f3 un curso muy especial, el de nuestro 15 [&hellip;]<\/p>\n","protected":false},"author":1001002,"featured_media":3839,"parent":0,"menu_order":0,"comment_status":"closed","ping_status":"closed","template":"","meta":{"_et_pb_use_builder":"on","_et_pb_old_content":"<h2><strong><em>Recordamos con cari\u00f1o el trabajo de casi 1000 alumnos y alumnas<\/em><\/strong><\/h2>\n<h3><em><strong>Aqu\u00ed puedes ver una selecci\u00f3n de proyectos finales y ejercicios realizados durante la vida de la escuela DateCuenta. M\u00edralos todos en <a href=\"http:\/\/youtube.com\/c\/DateCuentaEscuela\" target=\"_blank\" rel=\"noopener noreferrer\">nuestro canal de Youtube<\/a>.<\/strong><\/em><\/h3>\nPinchando en el siguiente banner puedes acceder a la <strong>exposici\u00f3n virtual\u00a0 'Nueva anormalidad'<\/strong>, presentada de esta manera, debido a la emergencia sanitaria, por nuestro alumnado de fotograf\u00eda, fotoperiodismo y cine documental del curso 2019\/2020\n\n\"What have I got \/ Nobody can take away\" fue un proyecto realizado durante el confinamiento sanitario de 2020 por todo el <strong>alumnado de los cursos avanzados de fotograf\u00eda<\/strong>:\n\nhttps:\/\/www.youtube.com\/watch?v=NftcWdF9M10\n\nEl \"turismo masivo\" fue el tema elegido por el alumnado de los niveles de <a href=\"https:\/\/www.datecuenta.org\/escuelalibre\/curso-iniciacion-fotografia\/\" target=\"_blank\" rel=\"noopener\">iniciaci\u00f3n a la fotograf\u00eda<\/a> y <a href=\"https:\/\/www.datecuenta.org\/escuelalibre\/curso-avanzado-fotografia\/\" target=\"_blank\" rel=\"noopener\">fotograf\u00eda avanzada<\/a> del a\u00f1o 2019\/20. Aqu\u00ed tienes un resumen de los proyectos:\n\nhttps:\/\/www.youtube.com\/watch?v=ItyKo8JcCLw\n\nLa \"diversidad Corporal\" fue el tema elegido por el alumnado de los tres niveles de cursos de fotograf\u00eda del a\u00f1o 2018\/19. Aqu\u00ed un resumen con los proyectos de <strong>todos los cursos del sector de la fotograf\u00eda<\/strong>:\n\n<iframe src=\"https:\/\/www.youtube.com\/embed\/yJPeCQba4BU\" width=\"560\" height=\"315\" frameborder=\"0\" allowfullscreen=\"allowfullscreen\"><\/iframe>\n\nEn el <strong>curso de fotograf\u00eda art\u00edstica 2014\/15<\/strong> se desarrollaron ocho proyectos que no dejaron indiferente a nadie:\n\n<iframe src=\"https:\/\/www.youtube.com\/embed\/2CVpMfUJxVs\" width=\"560\" height=\"315\" frameborder=\"0\" allowfullscreen=\"allowfullscreen\"><\/iframe>\n\nAs\u00ed fueron los trabajos del <strong>curso de cine documental<\/strong> del a\u00f1o 2017\/2018:\n\n<iframe src=\"https:\/\/www.youtube.com\/embed\/i3Jy5gkKD4g\" width=\"560\" height=\"315\" frameborder=\"0\" allowfullscreen=\"allowfullscreen\"><\/iframe>\n\nImpactantes y muy publicados, as\u00ed fueron los proyectos finales de nuestro primer<strong> curso de Fotoperiodismo libre<\/strong>, el a\u00f1o 2012\/13:\n\n<iframe src=\"https:\/\/player.vimeo.com\/video\/65952669?byline=0\" width=\"640\" height=\"360\" frameborder=\"0\" allowfullscreen=\"allowfullscreen\"><\/iframe>\n\nGrandes fueron los proyectos que trabaj\u00f3 el alumnado del curso de <strong>Escritura de No Ficci\u00f3n<\/strong> 2017\/2018:\n\n<iframe src=\"https:\/\/www.youtube.com\/embed\/EeG8zi0SpGQ\" width=\"560\" height=\"315\" frameborder=\"0\" allowfullscreen=\"allowfullscreen\"><\/iframe>\n\nEn el pasado <strong>curso de fotograf\u00eda art\u00edstica 2015\/16<\/strong> se realiz\u00f3 una intervenci\u00f3n art\u00edstica para homenajear el barrio m\u00e1s popular de la Barceloneta:\n\n<iframe src=\"https:\/\/www.youtube.com\/embed\/7hv_2CPU-z4\" width=\"560\" height=\"315\" frameborder=\"0\" allowfullscreen=\"allowfullscreen\"><\/iframe>\n\n\"Temps de Can Vi(e)s\", el documental surgido en nuestro <strong>curso de cine documental 2013\/14<\/strong> que ha recorrido toda Espa\u00f1a en proyecciones y festivales:\n\n<iframe src=\"https:\/\/www.youtube.com\/embed\/l3yB8fYgxqo\" width=\"560\" height=\"315\" frameborder=\"0\" allowfullscreen=\"allowfullscreen\"><\/iframe>\n\n\"FlorKl\u00f3rica\", un proyecto de bodypainting, transformismo, iluminaci\u00f3n y copla, uno de los proyectos m\u00e1s interesantes realizados por nuestro alumnado de <strong>Fotograf\u00eda profesional 2011\/12<\/strong>:\n\n<iframe src=\"https:\/\/player.vimeo.com\/video\/36515037?byline=0&amp;portrait=0\" width=\"640\" height=\"352\" frameborder=\"0\" allowfullscreen=\"allowfullscreen\"><\/iframe>\n\n\u00a1Gracias por ver los trabajos de nuestro alumnado! Recuerda que puedes ver m\u00e1s en nuestros canales de <a href=\"https:\/\/www.youtube.com\/channel\/UCRG9osEbOguVl_fQfKnm1QQ\">Youtube<\/a> y de <a href=\"http:\/\/www.vimeo.com\/datecuenta\">Vimeo<\/a>.","_et_gb_content_width":"","content-type":"","_monsterinsights_skip_tracking":false,"_monsterinsights_sitenote_active":false,"_monsterinsights_sitenote_note":"","_monsterinsights_sitenote_category":0,"_joinchat":[],"footnotes":""},"class_list":["post-1498","page","type-page","status-publish","has-post-thumbnail","hentry"],"yoast_head":"<!-- This site is optimized with the Yoast SEO plugin v26.9 - https:\/\/yoast.com\/product\/yoast-seo-wordpress\/ -->\n<title>Proyectos de nuestros alumnos | Escuela Date Cuenta<\/title>\n<meta name=\"description\" content=\"A continuaci\u00f3n te ofrecemos una selecci\u00f3n de proyectos finales y ejercicios realizados durante la vida de la escuela DateCuenta\" \/>\n<meta name=\"robots\" content=\"index, follow, max-snippet:-1, max-image-preview:large, max-video-preview:-1\" \/>\n<link rel=\"canonical\" href=\"https:\/\/www.datecuenta.org\/escuelalibre\/proyectos-del-alumnado\/\" \/>\n<meta property=\"og:locale\" content=\"es_ES\" \/>\n<meta property=\"og:type\" content=\"article\" \/>\n<meta property=\"og:title\" content=\"Proyectos de nuestros alumnos | Escuela Date Cuenta\" \/>\n<meta property=\"og:description\" content=\"A continuaci\u00f3n te ofrecemos una selecci\u00f3n de proyectos finales y ejercicios realizados durante la vida de la escuela DateCuenta\" \/>\n<meta property=\"og:url\" content=\"https:\/\/www.datecuenta.org\/escuelalibre\/proyectos-del-alumnado\/\" \/>\n<meta property=\"og:site_name\" content=\"Escuela de fotograf\u00eda en Barcelona | DateCuenta\" \/>\n<meta property=\"article:modified_time\" content=\"2025-06-07T19:19:39+00:00\" \/>\n<meta property=\"og:image\" content=\"http:\/\/www.datecuenta.org\/escuelalibre\/wp-content\/uploads\/2020\/04\/Confinamiento-alumnado-escuela-fotografia-Iraia-Olivas.jpg\" \/>\n\t<meta property=\"og:image:width\" content=\"750\" \/>\n\t<meta property=\"og:image:height\" content=\"500\" \/>\n\t<meta property=\"og:image:type\" content=\"image\/jpeg\" \/>\n<meta name=\"twitter:card\" content=\"summary_large_image\" \/>\n<meta name=\"twitter:label1\" content=\"Tiempo de lectura\" \/>\n\t<meta name=\"twitter:data1\" content=\"2 minutos\" \/>\n<script type=\"application\/ld+json\" class=\"yoast-schema-graph\">{\"@context\":\"https:\/\/schema.org\",\"@graph\":[{\"@type\":\"WebPage\",\"@id\":\"https:\/\/www.datecuenta.org\/escuelalibre\/proyectos-del-alumnado\/\",\"url\":\"https:\/\/www.datecuenta.org\/escuelalibre\/proyectos-del-alumnado\/\",\"name\":\"Proyectos de nuestros alumnos | Escuela Date Cuenta\",\"isPartOf\":{\"@id\":\"https:\/\/www.datecuenta.org\/escuelalibre\/#website\"},\"primaryImageOfPage\":{\"@id\":\"https:\/\/www.datecuenta.org\/escuelalibre\/proyectos-del-alumnado\/#primaryimage\"},\"image\":{\"@id\":\"https:\/\/www.datecuenta.org\/escuelalibre\/proyectos-del-alumnado\/#primaryimage\"},\"thumbnailUrl\":\"https:\/\/www.datecuenta.org\/escuelalibre\/wp-content\/uploads\/2020\/04\/Confinamiento-alumnado-escuela-fotografia-Iraia-Olivas.jpg\",\"datePublished\":\"2016-05-28T19:28:07+00:00\",\"dateModified\":\"2025-06-07T19:19:39+00:00\",\"description\":\"A continuaci\u00f3n te ofrecemos una selecci\u00f3n de proyectos finales y ejercicios realizados durante la vida de la escuela DateCuenta\",\"breadcrumb\":{\"@id\":\"https:\/\/www.datecuenta.org\/escuelalibre\/proyectos-del-alumnado\/#breadcrumb\"},\"inLanguage\":\"es\",\"potentialAction\":[{\"@type\":\"ReadAction\",\"target\":[\"https:\/\/www.datecuenta.org\/escuelalibre\/proyectos-del-alumnado\/\"]}]},{\"@type\":\"ImageObject\",\"inLanguage\":\"es\",\"@id\":\"https:\/\/www.datecuenta.org\/escuelalibre\/proyectos-del-alumnado\/#primaryimage\",\"url\":\"https:\/\/www.datecuenta.org\/escuelalibre\/wp-content\/uploads\/2020\/04\/Confinamiento-alumnado-escuela-fotografia-Iraia-Olivas.jpg\",\"contentUrl\":\"https:\/\/www.datecuenta.org\/escuelalibre\/wp-content\/uploads\/2020\/04\/Confinamiento-alumnado-escuela-fotografia-Iraia-Olivas.jpg\",\"width\":750,\"height\":500,\"caption\":\"confinamiento de nuestro alumnado\"},{\"@type\":\"BreadcrumbList\",\"@id\":\"https:\/\/www.datecuenta.org\/escuelalibre\/proyectos-del-alumnado\/#breadcrumb\",\"itemListElement\":[{\"@type\":\"ListItem\",\"position\":1,\"name\":\"Portada\",\"item\":\"https:\/\/www.datecuenta.org\/escuelalibre\/\"},{\"@type\":\"ListItem\",\"position\":2,\"name\":\"TRABAJOS DEL ALUMNADO\"}]},{\"@type\":\"WebSite\",\"@id\":\"https:\/\/www.datecuenta.org\/escuelalibre\/#website\",\"url\":\"https:\/\/www.datecuenta.org\/escuelalibre\/\",\"name\":\"Escuela de fotograf\u00eda en Barcelona | DateCuenta\",\"description\":\"\",\"potentialAction\":[{\"@type\":\"SearchAction\",\"target\":{\"@type\":\"EntryPoint\",\"urlTemplate\":\"https:\/\/www.datecuenta.org\/escuelalibre\/?s={search_term_string}\"},\"query-input\":{\"@type\":\"PropertyValueSpecification\",\"valueRequired\":true,\"valueName\":\"search_term_string\"}}],\"inLanguage\":\"es\"}]}<\/script>\n<!-- \/ Yoast SEO plugin. -->","yoast_head_json":{"title":"Proyectos de nuestros alumnos | Escuela Date Cuenta","description":"A continuaci\u00f3n te ofrecemos una selecci\u00f3n de proyectos finales y ejercicios realizados durante la vida de la escuela DateCuenta","robots":{"index":"index","follow":"follow","max-snippet":"max-snippet:-1","max-image-preview":"max-image-preview:large","max-video-preview":"max-video-preview:-1"},"canonical":"https:\/\/www.datecuenta.org\/escuelalibre\/proyectos-del-alumnado\/","og_locale":"es_ES","og_type":"article","og_title":"Proyectos de nuestros alumnos | Escuela Date Cuenta","og_description":"A continuaci\u00f3n te ofrecemos una selecci\u00f3n de proyectos finales y ejercicios realizados durante la vida de la escuela DateCuenta","og_url":"https:\/\/www.datecuenta.org\/escuelalibre\/proyectos-del-alumnado\/","og_site_name":"Escuela de fotograf\u00eda en Barcelona | DateCuenta","article_modified_time":"2025-06-07T19:19:39+00:00","og_image":[{"width":750,"height":500,"url":"http:\/\/www.datecuenta.org\/escuelalibre\/wp-content\/uploads\/2020\/04\/Confinamiento-alumnado-escuela-fotografia-Iraia-Olivas.jpg","type":"image\/jpeg"}],"twitter_card":"summary_large_image","twitter_misc":{"Tiempo de lectura":"2 minutos"},"schema":{"@context":"https:\/\/schema.org","@graph":[{"@type":"WebPage","@id":"https:\/\/www.datecuenta.org\/escuelalibre\/proyectos-del-alumnado\/","url":"https:\/\/www.datecuenta.org\/escuelalibre\/proyectos-del-alumnado\/","name":"Proyectos de nuestros alumnos | Escuela Date Cuenta","isPartOf":{"@id":"https:\/\/www.datecuenta.org\/escuelalibre\/#website"},"primaryImageOfPage":{"@id":"https:\/\/www.datecuenta.org\/escuelalibre\/proyectos-del-alumnado\/#primaryimage"},"image":{"@id":"https:\/\/www.datecuenta.org\/escuelalibre\/proyectos-del-alumnado\/#primaryimage"},"thumbnailUrl":"https:\/\/www.datecuenta.org\/escuelalibre\/wp-content\/uploads\/2020\/04\/Confinamiento-alumnado-escuela-fotografia-Iraia-Olivas.jpg","datePublished":"2016-05-28T19:28:07+00:00","dateModified":"2025-06-07T19:19:39+00:00","description":"A continuaci\u00f3n te ofrecemos una selecci\u00f3n de proyectos finales y ejercicios realizados durante la vida de la escuela DateCuenta","breadcrumb":{"@id":"https:\/\/www.datecuenta.org\/escuelalibre\/proyectos-del-alumnado\/#breadcrumb"},"inLanguage":"es","potentialAction":[{"@type":"ReadAction","target":["https:\/\/www.datecuenta.org\/escuelalibre\/proyectos-del-alumnado\/"]}]},{"@type":"ImageObject","inLanguage":"es","@id":"https:\/\/www.datecuenta.org\/escuelalibre\/proyectos-del-alumnado\/#primaryimage","url":"https:\/\/www.datecuenta.org\/escuelalibre\/wp-content\/uploads\/2020\/04\/Confinamiento-alumnado-escuela-fotografia-Iraia-Olivas.jpg","contentUrl":"https:\/\/www.datecuenta.org\/escuelalibre\/wp-content\/uploads\/2020\/04\/Confinamiento-alumnado-escuela-fotografia-Iraia-Olivas.jpg","width":750,"height":500,"caption":"confinamiento de nuestro alumnado"},{"@type":"BreadcrumbList","@id":"https:\/\/www.datecuenta.org\/escuelalibre\/proyectos-del-alumnado\/#breadcrumb","itemListElement":[{"@type":"ListItem","position":1,"name":"Portada","item":"https:\/\/www.datecuenta.org\/escuelalibre\/"},{"@type":"ListItem","position":2,"name":"TRABAJOS DEL ALUMNADO"}]},{"@type":"WebSite","@id":"https:\/\/www.datecuenta.org\/escuelalibre\/#website","url":"https:\/\/www.datecuenta.org\/escuelalibre\/","name":"Escuela de fotograf\u00eda en Barcelona | DateCuenta","description":"","potentialAction":[{"@type":"SearchAction","target":{"@type":"EntryPoint","urlTemplate":"https:\/\/www.datecuenta.org\/escuelalibre\/?s={search_term_string}"},"query-input":{"@type":"PropertyValueSpecification","valueRequired":true,"valueName":"search_term_string"}}],"inLanguage":"es"}]}},"_links":{"self":[{"href":"https:\/\/www.datecuenta.org\/escuelalibre\/wp-json\/wp\/v2\/pages\/1498","targetHints":{"allow":["GET"]}}],"collection":[{"href":"https:\/\/www.datecuenta.org\/escuelalibre\/wp-json\/wp\/v2\/pages"}],"about":[{"href":"https:\/\/www.datecuenta.org\/escuelalibre\/wp-json\/wp\/v2\/types\/page"}],"author":[{"embeddable":true,"href":"https:\/\/www.datecuenta.org\/escuelalibre\/wp-json\/wp\/v2\/users\/1001002"}],"replies":[{"embeddable":true,"href":"https:\/\/www.datecuenta.org\/escuelalibre\/wp-json\/wp\/v2\/comments?post=1498"}],"version-history":[{"count":41,"href":"https:\/\/www.datecuenta.org\/escuelalibre\/wp-json\/wp\/v2\/pages\/1498\/revisions"}],"predecessor-version":[{"id":7568,"href":"https:\/\/www.datecuenta.org\/escuelalibre\/wp-json\/wp\/v2\/pages\/1498\/revisions\/7568"}],"wp:featuredmedia":[{"embeddable":true,"href":"https:\/\/www.datecuenta.org\/escuelalibre\/wp-json\/wp\/v2\/media\/3839"}],"wp:attachment":[{"href":"https:\/\/www.datecuenta.org\/escuelalibre\/wp-json\/wp\/v2\/media?parent=1498"}],"curies":[{"name":"wp","href":"https:\/\/api.w.org\/{rel}","templated":true}]}}