{"id":259,"date":"2016-05-22T14:07:29","date_gmt":"2016-05-22T14:07:29","guid":{"rendered":"http:\/\/www.datecuenta.org\/escuelalibre\/?page_id=259"},"modified":"2025-09-01T10:09:30","modified_gmt":"2025-09-01T10:09:30","slug":"inscripciones","status":"publish","type":"page","link":"https:\/\/www.datecuenta.org\/escuelalibre\/inscripciones\/","title":{"rendered":"INSCR\u00cdBETE"},"content":{"rendered":"<p>[et_pb_section fb_built=\u00bb1&#8243; disabled_on=\u00bboff|off|off\u00bb _builder_version=\u00bb4.16&#8243; _module_preset=\u00bbdefault\u00bb custom_margin=\u00bb40px||40px||true|false\u00bb custom_padding=\u00bb40px||40px||true|false\u00bb global_colors_info=\u00bb{}\u00bb][et_pb_row use_custom_gutter=\u00bbon\u00bb make_equal=\u00bbon\u00bb _builder_version=\u00bb4.16&#8243; _module_preset=\u00bbdefault\u00bb background_color=\u00bbRGBA(255,255,255,0)\u00bb width=\u00bb90%\u00bb max_width=\u00bb1725px\u00bb module_alignment=\u00bbcenter\u00bb custom_margin=\u00bb||56px||false|false\u00bb custom_margin_tablet=\u00bb||39px||false|false\u00bb custom_margin_phone=\u00bb||6px||false|false\u00bb custom_margin_last_edited=\u00bbon|phone\u00bb custom_padding=\u00bb0px||0px||false|false\u00bb border_color_bottom=\u00bb#000000&#8243; global_colors_info=\u00bb{}\u00bb][et_pb_column type=\u00bb4_4&#8243; _builder_version=\u00bb4.16&#8243; _module_preset=\u00bbdefault\u00bb background_color=\u00bbRGBA(255,255,255,0)\u00bb custom_padding=\u00bb||||false|false\u00bb border_color_right=\u00bb#000000&#8243; global_colors_info=\u00bb{}\u00bb][et_pb_text disabled_on=\u00bboff|off|off\u00bb _builder_version=\u00bb4.25.1&#8243; _module_preset=\u00bbdefault\u00bb text_line_height=\u00bb1.6em\u00bb header_2_font=\u00bbInter|900|||||||\u00bb header_2_font_size=\u00bb53px\u00bb header_2_line_height=\u00bb1.1em\u00bb header_3_font_size=\u00bb32px\u00bb custom_margin=\u00bb0px||4px||false|false\u00bb custom_margin_tablet=\u00bb0px||4px||false|false\u00bb custom_margin_phone=\u00bb||20px||false|false\u00bb custom_margin_last_edited=\u00bbon|phone\u00bb header_2_font_size_tablet=\u00bb45px\u00bb header_2_font_size_phone=\u00bb33px\u00bb header_2_font_size_last_edited=\u00bbon|phone\u00bb header_2_line_height_tablet=\u00bb1.1em\u00bb header_2_line_height_phone=\u00bb1.1em\u00bb header_2_line_height_last_edited=\u00bbon|desktop\u00bb global_colors_info=\u00bb{}\u00bb]<\/p>\n<h2>INSCR\u00cdBETE Y FORMA PARTE DE LAS <span style=\"color: #988cbe;\">M\u00c1S DE 1.200 <\/span>ALUMNAS Y ALUMNOS QUE HAN HECHO <span style=\"color: #988cbe;\">DATECUENTA<\/span><\/h2>\n<p>[\/et_pb_text][\/et_pb_column][\/et_pb_row][et_pb_row column_structure=\u00bb1_2,1_2&#8243; use_custom_gutter=\u00bbon\u00bb gutter_width=\u00bb4&#8243; make_equal=\u00bbon\u00bb _builder_version=\u00bb4.16&#8243; _module_preset=\u00bbdefault\u00bb background_color=\u00bbRGBA(255,255,255,0)\u00bb width=\u00bb90%\u00bb max_width=\u00bb1725px\u00bb module_alignment=\u00bbcenter\u00bb custom_padding=\u00bb0px||0px||false|false\u00bb border_color_bottom=\u00bb#000000&#8243; global_colors_info=\u00bb{}\u00bb][et_pb_column type=\u00bb1_2&#8243; _builder_version=\u00bb4.16&#8243; _module_preset=\u00bbdefault\u00bb background_color=\u00bbRGBA(255,255,255,0)\u00bb custom_padding=\u00bb||||false|false\u00bb border_color_right=\u00bb#000000&#8243; global_colors_info=\u00bb{}\u00bb][et_pb_text _builder_version=\u00bb4.16&#8243; _module_preset=\u00bbdefault\u00bb text_font_size=\u00bb19px\u00bb text_line_height=\u00bb1.6em\u00bb header_2_font=\u00bbInter|900|||||||\u00bb header_2_font_size=\u00bb42px\u00bb header_3_font_size=\u00bb32px\u00bb custom_margin=\u00bb||-4px||false|false\u00bb custom_margin_tablet=\u00bb||47px||false|false\u00bb custom_margin_phone=\u00bb||35px||false|false\u00bb custom_margin_last_edited=\u00bbon|phone\u00bb global_colors_info=\u00bb{}\u00bb]<\/p>\n<p>Si ya lo tienes claro, puedes <strong>asegurar ya tu inscripci\u00f3n rellenando este formulario<\/strong> y te contestaremos lo antes posible<\/p>\n<p>[\/et_pb_text][et_pb_text _builder_version=\u00bb4.25.1&#8243; _module_preset=\u00bbdefault\u00bb custom_padding=\u00bb||0px|||\u00bb global_colors_info=\u00bb{}\u00bb]<\/p>\n<div class=\"wpforms-container wpforms-container-full\" id=\"wpforms-6624\"><form id=\"wpforms-form-6624\" class=\"wpforms-validate wpforms-form wpforms-ajax-form\" data-formid=\"6624\" method=\"post\" enctype=\"multipart\/form-data\" action=\"\/escuelalibre\/wp-json\/wp\/v2\/pages\/259\" data-token=\"ec69750af9600d97e0191aca0d17a8dd\" data-token-time=\"1777194334\"><noscript class=\"wpforms-error-noscript\">Por favor, activa JavaScript en tu navegador para completar este formulario.<\/noscript><div class=\"wpforms-field-container\"><div id=\"wpforms-6624-field_1-container\" class=\"wpforms-field wpforms-field-text\" data-field-id=\"1\"><label class=\"wpforms-field-label\" for=\"wpforms-6624-field_1\">Tu nombre y apellidos <span class=\"wpforms-required-label\">*<\/span><\/label><input type=\"text\" id=\"wpforms-6624-field_1\" class=\"wpforms-field-medium wpforms-field-required\" name=\"wpforms[fields][1]\" required><\/div><div id=\"wpforms-6624-field_3-container\" class=\"wpforms-field wpforms-field-email\" data-field-id=\"3\"><label class=\"wpforms-field-label\" for=\"wpforms-6624-field_3\">Correo electr\u00f3nico <span class=\"wpforms-required-label\">*<\/span><\/label><input type=\"email\" id=\"wpforms-6624-field_3\" class=\"wpforms-field-medium wpforms-field-required\" name=\"wpforms[fields][3]\" spellcheck=\"false\" required><\/div><div id=\"wpforms-6624-field_7-container\" class=\"wpforms-field wpforms-field-number\" data-field-id=\"7\"><label class=\"wpforms-field-label\" for=\"wpforms-6624-field_7\">Tel\u00e9fono de contacto <span class=\"wpforms-required-label\">*<\/span><\/label><input type=\"number\" id=\"wpforms-6624-field_7\" class=\"wpforms-field-medium wpforms-field-required\" name=\"wpforms[fields][7]\" step=\"any\" required><\/div><div id=\"wpforms-6624-field_5-container\" class=\"wpforms-field wpforms-field-select wpforms-field-select-style-classic\" data-field-id=\"5\"><label class=\"wpforms-field-label\" for=\"wpforms-6624-field_5\">Curso al que me inscribo <span class=\"wpforms-required-label\">*<\/span><\/label><select id=\"wpforms-6624-field_5\" class=\"wpforms-field-medium wpforms-field-required\" name=\"wpforms[fields][5]\" required=\"required\"><option value=\"Iniciaci\u00f3n a la fotograf\u00eda  (lunes 10-12)\"  class=\"choice-1 depth-1\"  >Iniciaci\u00f3n a la fotograf\u00eda  (lunes 10-12)<\/option><option value=\"Iniciaci\u00f3n a la fotograf\u00eda (lunes 18:50-20:50)\"  class=\"choice-2 depth-1\"  >Iniciaci\u00f3n a la fotograf\u00eda (lunes 18:50-20:50)<\/option><option value=\"Iniciaci\u00f3n a la fotograf\u00eda (martes 18:50-20:50)\"  class=\"choice-3 depth-1\"  >Iniciaci\u00f3n a la fotograf\u00eda (martes 18:50-20:50)<\/option><option value=\"Fotograf\u00eda avanzada (martes 10-12)\"  class=\"choice-4 depth-1\"  >Fotograf\u00eda avanzada (martes 10-12)<\/option><option value=\"Fotograf\u00eda avanzada (martes 18:50-20:50)\"  class=\"choice-5 depth-1\"  >Fotograf\u00eda avanzada (martes 18:50-20:50)<\/option><option value=\"Iluminaci\u00f3n en estudio y exterior (jueves 19-21)\"  class=\"choice-6 depth-1\"  >Iluminaci\u00f3n en estudio y exterior (jueves 19-21)<\/option><option value=\"Profesionalizaci\u00f3n en fotograf\u00eda (martes 16:50-18:50)\"  class=\"choice-11 depth-1\"  >Profesionalizaci\u00f3n en fotograf\u00eda (martes 16:50-18:50)<\/option><option value=\"Fotograf\u00eda documental y reportaje audiovisual (lunes 10-12)\"  class=\"choice-7 depth-1\"  >Fotograf\u00eda documental y reportaje audiovisual (lunes 10-12)<\/option><option value=\"Fotograf\u00eda documental y reportaje audiovisual (lunes 18:50-20:50)\"  class=\"choice-8 depth-1\"  >Fotograf\u00eda documental y reportaje audiovisual (lunes 18:50-20:50)<\/option><option value=\"Fotograf\u00eda art\u00edstica (martes 10-12)\"  class=\"choice-9 depth-1\"  >Fotograf\u00eda art\u00edstica (martes 10-12)<\/option><option value=\"Fotograf\u00eda art\u00edstica (martes 18:50-20:50)\"  class=\"choice-10 depth-1\"  >Fotograf\u00eda art\u00edstica (martes 18:50-20:50)<\/option><\/select><\/div><div id=\"wpforms-6624-field_6-container\" class=\"wpforms-field wpforms-field-checkbox\" data-field-id=\"6\"><label class=\"wpforms-field-label\">Horario (por favor, especifica) <span class=\"wpforms-required-label\">*<\/span><\/label><ul id=\"wpforms-6624-field_6\" class=\"wpforms-field-required\"><li class=\"choice-1 depth-1\"><input type=\"checkbox\" id=\"wpforms-6624-field_6_1\" name=\"wpforms[fields][6][]\" value=\"Solo puedo en el horario indicado\" required ><label class=\"wpforms-field-label-inline\" for=\"wpforms-6624-field_6_1\">Solo puedo en el horario indicado<\/label><\/li><li class=\"choice-2 depth-1\"><input type=\"checkbox\" id=\"wpforms-6624-field_6_2\" name=\"wpforms[fields][6][]\" value=\"Puedo adaptar mi horario\" required ><label class=\"wpforms-field-label-inline\" for=\"wpforms-6624-field_6_2\">Puedo adaptar mi horario<\/label><\/li><\/ul><\/div><div id=\"wpforms-6624-field_8-container\" class=\"wpforms-field wpforms-field-checkbox\" data-field-id=\"8\"><ul id=\"wpforms-6624-field_8\" class=\"wpforms-field-required\"><li class=\"choice-1 depth-1\"><input type=\"checkbox\" id=\"wpforms-6624-field_8_1\" name=\"wpforms[fields][8][]\" value=\"He le\u00eddo y acepto la pol\u00edtica de privacidad y la normativa de inscripciones\" required ><label class=\"wpforms-field-label-inline\" for=\"wpforms-6624-field_8_1\">He le\u00eddo y acepto la pol\u00edtica de privacidad y la normativa de inscripciones<\/label><\/li><\/ul><\/div><\/div><!-- .wpforms-field-container --><div class=\"wpforms-submit-container\" ><input type=\"hidden\" name=\"wpforms[id]\" value=\"6624\"><input type=\"hidden\" name=\"page_title\" value=\"\"><input type=\"hidden\" name=\"page_url\" value=\"https:\/\/www.datecuenta.org\/escuelalibre\/wp-json\/wp\/v2\/pages\/259\"><input type=\"hidden\" name=\"url_referer\" value=\"https:\/\/www.datecuenta.org\/escuelalibre\/inscripciones\/\"><button type=\"submit\" name=\"wpforms[submit]\" id=\"wpforms-submit-6624\" class=\"wpforms-submit\" data-alt-text=\"Enviando...\" data-submit-text=\"Enviar\" aria-live=\"assertive\" value=\"wpforms-submit\">Enviar<\/button><img loading=\"lazy\" decoding=\"async\" src=\"https:\/\/www.datecuenta.org\/escuelalibre\/wp-content\/plugins\/wpforms-lite\/assets\/images\/submit-spin.svg\" class=\"wpforms-submit-spinner\" style=\"display: none;\" width=\"26\" height=\"26\" alt=\"Cargando\"><\/div><\/form><\/div>  <!-- .wpforms-container -->\n<p>[\/et_pb_text][et_pb_text _builder_version=\u00bb4.25.1&#8243; _module_preset=\u00bbdefault\u00bb global_colors_info=\u00bb{}\u00bb]<\/p>\n<p><a href=\"https:\/\/www.datecuenta.org\/escuelalibre\/avisos-legales\/\" target=\"_blank\" rel=\"noopener\">Consulta la pol\u00edtica de privacidad y la normativa completa de inscripciones aqu\u00ed<\/a><\/p>\n<p>[\/et_pb_text][et_pb_text _builder_version=\u00bb4.25.1&#8243; _module_preset=\u00bbdefault\u00bb text_font_size=\u00bb19px\u00bb text_line_height=\u00bb1.6em\u00bb header_2_font=\u00bbInter|900|||||||\u00bb header_2_font_size=\u00bb42px\u00bb header_3_font_size=\u00bb32px\u00bb custom_margin=\u00bb||47px||false|false\u00bb custom_margin_tablet=\u00bb||47px||false|false\u00bb custom_margin_phone=\u00bb||35px||false|false\u00bb custom_margin_last_edited=\u00bbon|phone\u00bb global_colors_info=\u00bb{}\u00bb]<\/p>\n<p><strong>Las inscripciones a los cursos 2025\/2026 est\u00e1n abiertas<\/strong> hasta el 17 de octubre de 2025<\/p>\n<p><strong>La secretar\u00eda presencial estar\u00e1 abierta<\/strong> del 8 de septiembre al 21 de octubre de 2025 en los siguientes horarios:<\/p>\n<ul>\n<li>lunes a jueves de 16 a 20h<\/li>\n<li>viernes de 10 a 14h<\/li>\n<\/ul>\n<p><strong>Si tienes cualquier duda, escr\u00edbenos al e-mail escuela@datecuenta.org o ll\u00e1manos o escr\u00edbenos un Whatsapp al:<\/strong> <a href=\"tel:+34621237470\">621 23 74 70<\/a><\/p>\n<p>[\/et_pb_text][\/et_pb_column][et_pb_column type=\u00bb1_2&#8243; _builder_version=\u00bb4.16&#8243; _module_preset=\u00bbdefault\u00bb custom_padding=\u00bb||||false|false\u00bb border_color_right=\u00bb#000000&#8243; global_colors_info=\u00bb{}\u00bb][et_pb_text _builder_version=\u00bb4.25.1&#8243; _module_preset=\u00bbdefault\u00bb text_font_size=\u00bb19px\u00bb text_line_height=\u00bb1.6em\u00bb header_2_font=\u00bbInter|900|||||||\u00bb header_2_font_size=\u00bb42px\u00bb header_3_font_size=\u00bb35px\u00bb custom_margin=\u00bb||0px||false|false\u00bb text_font_size_tablet=\u00bb19px\u00bb text_font_size_phone=\u00bb19px\u00bb text_font_size_last_edited=\u00bbon|desktop\u00bb header_3_font_size_tablet=\u00bb35px\u00bb header_3_font_size_phone=\u00bb27px\u00bb header_3_font_size_last_edited=\u00bbon|phone\u00bb global_colors_info=\u00bb{}\u00bb]<\/p>\n<h3>PRECIOS SIN \u00c1NIMO DE LUCRO<\/h3>\n<p>Todos los cursos de nuestra escuela tienen la misma carga lectiva y el mismo precio, <strong>490 euros<\/strong>. Un precio que incluye todo: acceso a materiales lectivos, clases magistrales y la participaci\u00f3n preferente a otras actividades abiertas que organice la escuela.<\/p>\n<p>Ofertamos\u00a0<strong>cursos al precio m\u00e1s econ\u00f3mico de las escuelas de Barcelona<\/strong>\u00a0con mucho esfuerzo y estamos orgullosos de ello porque as\u00ed podemos asegurar el acceso a la formaci\u00f3n a la mayor\u00eda de personas.<\/p>\n<p>&nbsp;<\/p>\n<h3>PROCEDIMIENTO DE INSCRIPCI\u00d3N<\/h3>\n<ul>\n<li><strong>Abono de paga y se\u00f1al (140 euros):<\/strong> Una vez rellenada la inscripci\u00f3n y haber recibido la confirmaci\u00f3n de reserva, debes realizar un abono como se\u00f1al de tu compromiso de realizar el curso. <strong>No cobramos ninguna matr\u00edcula<\/strong>: este importe es a cuenta del resto del curso) y tienes un<strong> plazo de 7 d\u00edas para realizarlo<\/strong>.<\/li>\n<ul>\n<li>No se considera que una plaza est\u00e1 reservada hasta que la persona interesada ha abonado la paga y se\u00f1al del mismo.<\/li>\n<li>La paga y se\u00f1al no es reembolsable por ning\u00fan motivo, salvo en caso de no alcanzar el ratio de inscripciones para el curso deseado (entonces el importe se devolver\u00e1 antes de 7 d\u00edas desde el inicio de las clases).<\/li>\n<\/ul>\n<li><strong>Abono del resto del curso (350 euros):<\/strong> Una vez comunicado que el curso se llevar\u00e1 a cabo, deber\u00e1s realizar el abono del resto del curso.<\/li>\n<ul>\n<li>La <strong>fecha l\u00edmite<\/strong> es el 17 de octubre de 2025.<\/li>\n<li>Ocasionalmente se aceptar\u00e1 el <strong>abono en dos pagos<\/strong>, de 195 euros cada uno, antes del 17 de octubre de 2025 y del 18 de noviembre de 2025, respectivamente.<\/li>\n<li>Consulta el procedimiento de pago <a href=\"https:\/\/www.datecuenta.org\/escuelalibre\/becas-fotografia\/\">en caso de optar a una beca.<\/a><\/li>\n<\/ul>\n<\/ul>\n<h3>FORMAS DE PAGO<\/h3>\n<ul>\n<li><strong>En efectivo:<\/strong> durante el horario de secretar\u00eda presencial<\/li>\n<li><strong>Mediante transferencia bancaria:<\/strong> en el n\u00famero de cuenta que se te proporcionar\u00e1 al recibir la confirmaci\u00f3n de la preinscripci\u00f3n.<\/li>\n<li><strong>Mediante tarjeta de cr\u00e9dito\/d\u00e9bito:<\/strong>\u00a0a trav\u00e9s de nuestra\u00a0<a href=\"https:\/\/tienda.datecuenta.org\/\" target=\"_blank\" rel=\"noopener\">tienda on-line<\/a>: siguiendo\u00a0<a href=\"http:\/\/tienda.datecuenta.org\/producto\/paga-y-senal-curso-en-datecuenta\/\" target=\"_blank\" rel=\"noopener\">este link<\/a>\u00a0(para la paga y se\u00f1al) o de\u00a0<a href=\"http:\/\/tienda.datecuenta.org\/producto\/curso-en-datecuenta\/\" target=\"_blank\" rel=\"noopener\">este otro<\/a>\u00a0(para el abono del curso completo).<\/li>\n<\/ul>\n<p>[\/et_pb_text][\/et_pb_column][\/et_pb_row][\/et_pb_section]<\/p>\n","protected":false},"excerpt":{"rendered":"<p>INSCR\u00cdBETE Y FORMA PARTE DE LAS M\u00c1S DE 1.200 ALUMNAS Y ALUMNOS QUE HAN HECHO DATECUENTASi ya lo tienes claro, puedes asegurar ya tu inscripci\u00f3n rellenando este formulario y te contestaremos lo antes posible<div class=\"wpforms-container wpforms-container-full\" id=\"wpforms-6624\"><form id=\"wpforms-form-6624\" class=\"wpforms-validate wpforms-form wpforms-ajax-form\" data-formid=\"6624\" method=\"post\" enctype=\"multipart\/form-data\" action=\"\/escuelalibre\/wp-json\/wp\/v2\/pages\/259\" data-token=\"ec69750af9600d97e0191aca0d17a8dd\" data-token-time=\"1777194334\"><noscript class=\"wpforms-error-noscript\">Por favor, activa JavaScript en tu navegador para completar este formulario.<\/noscript><div class=\"wpforms-field-container\"><div id=\"wpforms-6624-field_1-container\" class=\"wpforms-field wpforms-field-text\" data-field-id=\"1\"><label class=\"wpforms-field-label\" for=\"wpforms-6624-field_1\">Tu nombre y apellidos <span class=\"wpforms-required-label\">*<\/span><\/label><input type=\"text\" id=\"wpforms-6624-field_1\" class=\"wpforms-field-medium wpforms-field-required\" name=\"wpforms[fields][1]\" required><\/div><div id=\"wpforms-6624-field_3-container\" class=\"wpforms-field wpforms-field-email\" data-field-id=\"3\"><label class=\"wpforms-field-label\" for=\"wpforms-6624-field_3\">Correo electr\u00f3nico <span class=\"wpforms-required-label\">*<\/span><\/label><input type=\"email\" id=\"wpforms-6624-field_3\" class=\"wpforms-field-medium wpforms-field-required\" name=\"wpforms[fields][3]\" spellcheck=\"false\" required><\/div><div id=\"wpforms-6624-field_7-container\" class=\"wpforms-field wpforms-field-number\" data-field-id=\"7\"><label class=\"wpforms-field-label\" for=\"wpforms-6624-field_7\">Tel\u00e9fono de contacto <span class=\"wpforms-required-label\">*<\/span><\/label><input type=\"number\" id=\"wpforms-6624-field_7\" class=\"wpforms-field-medium wpforms-field-required\" name=\"wpforms[fields][7]\" step=\"any\" required><\/div><div id=\"wpforms-6624-field_5-container\" class=\"wpforms-field wpforms-field-select wpforms-field-select-style-classic\" data-field-id=\"5\"><label class=\"wpforms-field-label\" for=\"wpforms-6624-field_5\">Curso al que me inscribo <span class=\"wpforms-required-label\">*<\/span><\/label><select id=\"wpforms-6624-field_5\" class=\"wpforms-field-medium wpforms-field-required\" name=\"wpforms[fields][5]\" required=\"required\"><option value=\"Iniciaci\u00f3n a la fotograf\u00eda  (lunes 10-12)\"  class=\"choice-1 depth-1\"  >Iniciaci\u00f3n a la fotograf\u00eda  (lunes 10-12)<\/option><option value=\"Iniciaci\u00f3n a la fotograf\u00eda (lunes 18:50-20:50)\"  class=\"choice-2 depth-1\"  >Iniciaci\u00f3n a la fotograf\u00eda (lunes 18:50-20:50)<\/option><option value=\"Iniciaci\u00f3n a la fotograf\u00eda (martes 18:50-20:50)\"  class=\"choice-3 depth-1\"  >Iniciaci\u00f3n a la fotograf\u00eda (martes 18:50-20:50)<\/option><option value=\"Fotograf\u00eda avanzada (martes 10-12)\"  class=\"choice-4 depth-1\"  >Fotograf\u00eda avanzada (martes 10-12)<\/option><option value=\"Fotograf\u00eda avanzada (martes 18:50-20:50)\"  class=\"choice-5 depth-1\"  >Fotograf\u00eda avanzada (martes 18:50-20:50)<\/option><option value=\"Iluminaci\u00f3n en estudio y exterior (jueves 19-21)\"  class=\"choice-6 depth-1\"  >Iluminaci\u00f3n en estudio y exterior (jueves 19-21)<\/option><option value=\"Profesionalizaci\u00f3n en fotograf\u00eda (martes 16:50-18:50)\"  class=\"choice-11 depth-1\"  >Profesionalizaci\u00f3n en fotograf\u00eda (martes 16:50-18:50)<\/option><option value=\"Fotograf\u00eda documental y reportaje audiovisual (lunes 10-12)\"  class=\"choice-7 depth-1\"  >Fotograf\u00eda documental y reportaje audiovisual (lunes 10-12)<\/option><option value=\"Fotograf\u00eda documental y reportaje audiovisual (lunes 18:50-20:50)\"  class=\"choice-8 depth-1\"  >Fotograf\u00eda documental y reportaje audiovisual (lunes 18:50-20:50)<\/option><option value=\"Fotograf\u00eda art\u00edstica (martes 10-12)\"  class=\"choice-9 depth-1\"  >Fotograf\u00eda art\u00edstica (martes 10-12)<\/option><option value=\"Fotograf\u00eda art\u00edstica (martes 18:50-20:50)\"  class=\"choice-10 depth-1\"  >Fotograf\u00eda art\u00edstica (martes 18:50-20:50)<\/option><\/select><\/div><div id=\"wpforms-6624-field_6-container\" class=\"wpforms-field wpforms-field-checkbox\" data-field-id=\"6\"><label class=\"wpforms-field-label\">Horario (por favor, especifica) <span class=\"wpforms-required-label\">*<\/span><\/label><ul id=\"wpforms-6624-field_6\" class=\"wpforms-field-required\"><li class=\"choice-1 depth-1\"><input type=\"checkbox\" id=\"wpforms-6624-field_6_1\" name=\"wpforms[fields][6][]\" value=\"Solo puedo en el horario indicado\" required ><label class=\"wpforms-field-label-inline\" for=\"wpforms-6624-field_6_1\">Solo puedo en el horario indicado<\/label><\/li><li class=\"choice-2 depth-1\"><input type=\"checkbox\" id=\"wpforms-6624-field_6_2\" name=\"wpforms[fields][6][]\" value=\"Puedo adaptar mi horario\" required ><label class=\"wpforms-field-label-inline\" for=\"wpforms-6624-field_6_2\">Puedo adaptar mi horario<\/label><\/li><\/ul><\/div><div id=\"wpforms-6624-field_8-container\" class=\"wpforms-field wpforms-field-checkbox\" data-field-id=\"8\"><ul id=\"wpforms-6624-field_8\" class=\"wpforms-field-required\"><li class=\"choice-1 depth-1\"><input type=\"checkbox\" id=\"wpforms-6624-field_8_1\" name=\"wpforms[fields][8][]\" value=\"He le\u00eddo y acepto la pol\u00edtica de privacidad y la normativa de inscripciones\" required ><label class=\"wpforms-field-label-inline\" for=\"wpforms-6624-field_8_1\">He le\u00eddo y acepto la pol\u00edtica de privacidad y la normativa de inscripciones<\/label><\/li><\/ul><\/div><\/div><!-- .wpforms-field-container --><div class=\"wpforms-submit-container\" ><input type=\"hidden\" name=\"wpforms[id]\" value=\"6624\"><input type=\"hidden\" name=\"page_title\" value=\"\"><input type=\"hidden\" name=\"page_url\" value=\"https:\/\/www.datecuenta.org\/escuelalibre\/wp-json\/wp\/v2\/pages\/259\"><input type=\"hidden\" name=\"url_referer\" value=\"https:\/\/www.datecuenta.org\/escuelalibre\/inscripciones\/\"><button type=\"submit\" name=\"wpforms[submit]\" id=\"wpforms-submit-6624\" class=\"wpforms-submit\" data-alt-text=\"Enviando...\" data-submit-text=\"Enviar\" aria-live=\"assertive\" value=\"wpforms-submit\">Enviar<\/button><img loading=\"lazy\" decoding=\"async\" src=\"https:\/\/www.datecuenta.org\/escuelalibre\/wp-content\/plugins\/wpforms-lite\/assets\/images\/submit-spin.svg\" class=\"wpforms-submit-spinner\" style=\"display: none;\" width=\"26\" height=\"26\" alt=\"Cargando\"><\/div><\/form><\/div>  <!-- .wpforms-container -->Consulta la pol\u00edtica de privacidad y la normativa completa de inscripciones aqu\u00edLas inscripciones a los cursos 2025\/2026 est\u00e1n abiertas hasta [&hellip;]<\/p>\n","protected":false},"author":1001002,"featured_media":0,"parent":0,"menu_order":6,"comment_status":"closed","ping_status":"closed","template":"","meta":{"_et_pb_use_builder":"on","_et_pb_old_content":"<!-- wp:columns -->\n<div class=\"wp-block-columns\"><!-- wp:column {\"width\":\"45%\"} -->\n<div class=\"wp-block-column\" style=\"flex-basis:45%\"><!-- wp:heading -->\n<h2>Inscr\u00edbete y forma parte de los m\u00e1s de 900 alumnos que han formado DateCuenta<\/h2>\n<!-- \/wp:heading -->\n\n<!-- wp:paragraph {\"align\":\"center\",\"backgroundColor\":\"cyan-bluish-gray\"} -->\n<p class=\"has-text-align-center has-cyan-bluish-gray-background-color has-background\"><strong><em>AMPLIADO PLAZO DE INSCRIPCIONES HASTA EL 19 DE OCTUBRE. <\/em><\/strong><br><br><strong>Si tienes cualquier duda, escr\u00edbenos al e-mail escuela@datecuenta.org<\/strong>. Nuestra <strong>secretar\u00eda presencial <\/strong>est\u00e1 a tu disposici\u00f3n <strong>de lunes a viernes de 16-20h<\/strong> (y online de 10-14h), hasta el 19 de octubre.<\/p>\n<!-- \/wp:paragraph -->\n\n<!-- wp:paragraph -->\n<p>Si lo tienes claro, puedes <strong>asegurar ya tu inscripci\u00f3n rellenando este formulario<\/strong> y te contestaremos lo antes posible:<\/p>\n<!-- \/wp:paragraph -->\n\n<!-- wp:shortcode -->\n[contact-form-7 id=\"389\" title=\"Formulario de contacto 1\"]\n<!-- \/wp:shortcode -->\n\n<!-- wp:paragraph -->\n<p><\/p>\n<!-- \/wp:paragraph --><\/div>\n<!-- \/wp:column -->\n\n<!-- wp:column {\"width\":\"55%\"} -->\n<div class=\"wp-block-column\" style=\"flex-basis:55%\"><!-- wp:heading {\"level\":3} -->\n<h3>Precios sin \u00e1nimo de lucro<\/h3>\n<!-- \/wp:heading -->\n\n<!-- wp:paragraph -->\n<p>Todos los cursos de nuestra escuela tienen la misma carga lectiva y el mismo precio, 465 euros. Un precio que incluye todo: acceso a materiales lectivos, clases magistrales y la participaci\u00f3n preferente a otras actividades abiertas que organice la escuela.<\/p>\n<!-- \/wp:paragraph -->\n\n<!-- wp:paragraph -->\n<p>Ofertamos<strong> cursos al precio m\u00e1s econ\u00f3mico de las escuelas de Barcelona<\/strong> con mucho esfuerzo y estamos orgullosos de ello porque as\u00ed podemos asegurar el acceso a la formaci\u00f3n a la mayor\u00eda de personas.<\/p>\n<!-- \/wp:paragraph -->\n\n<!-- wp:heading -->\n<h2>Procedimiento de inscripci\u00f3n<\/h2>\n<!-- \/wp:heading -->\n\n<!-- wp:list -->\n<ul><li><strong>Abono de paga y se\u00f1al (115 euros):<\/strong> Una vez rellenada la inscripci\u00f3n y haber recibido la confirmaci\u00f3n de reserva, debes realizar un abono como se\u00f1al de tu compromiso de realizar el curso. <strong>No cobramos ninguna matr\u00edcula<\/strong>: este importe es a cuenta del resto del curso) y tienes <strong>un plazo de 7 d\u00edas para realizarlo<\/strong>.<ul><li>No se considera que una plaza est\u00e1 reservada hasta que la persona interesada ha abonado la paga y se\u00f1al del mismo.<\/li><li>En caso de no alcanzar el ratio de inscripciones para el curso deseado, el importe se devuelve antes de 7 d\u00edas desde el inicio de las clases.<\/li><\/ul><\/li><li><strong>Abono del resto del curso (350 euros): <\/strong>Una vez comunicado que el curso se llevar\u00e1 a cabo, deber\u00e1s realizar el abono del resto del curso.<ul><li>La <strong>fecha l\u00edmite<\/strong> es el 20 de octubre de 2021.<\/li><li>Ocasionalmente se aceptar\u00e1 el <strong>abono en dos pagos<\/strong>, de 190 euros cada uno, antes del 20 de octubre y del 20 de noviembre de 2021, respectivamente.<\/li><li>Consulta el procedimiento de pago <a href=\"http:\/\/www.datecuenta.org\/escuelalibre\/becas-sociales-2\/\" target=\"_blank\" rel=\"noreferrer noopener\">en caso de optar a una beca.<\/a><\/li><\/ul><\/li><\/ul>\n<!-- \/wp:list -->\n\n<!-- wp:heading {\"level\":3} -->\n<h3>Formas de pago<\/h3>\n<!-- \/wp:heading -->\n\n<!-- wp:list -->\n<ul><li><strong>En efectivo:<\/strong> durante el horario de secretar\u00eda presencial<\/li><li><strong>Mediante transferencia bancaria<\/strong>: en el n\u00famero de cuenta que se te proporcionar\u00e1 al recibir la confirmaci\u00f3n de la preinscripci\u00f3n.<\/li><li><strong>Mediante tarjeta de cr\u00e9dito\/d\u00e9bito: <\/strong>a trav\u00e9s de nuestra <a href=\"http:\/\/tienda.datecuenta.org\" target=\"_blank\" rel=\"noreferrer noopener\">tienda on-line<\/a>: siguiendo <a href=\"http:\/\/tienda.datecuenta.org\/producto\/paga-y-senal-curso-en-datecuenta\/\" target=\"_blank\" rel=\"noreferrer noopener\">este link<\/a> (para la paga y se\u00f1al) o de <a href=\"http:\/\/tienda.datecuenta.org\/producto\/curso-en-datecuenta\/\" target=\"_blank\" rel=\"noreferrer noopener\">este otro <\/a>(para el abono del curso completo).<\/li><\/ul>\n<!-- \/wp:list --><\/div>\n<!-- \/wp:column --><\/div>\n<!-- \/wp:columns -->\n\n<!-- wp:paragraph -->\n<p><\/p>\n<!-- \/wp:paragraph -->","_et_gb_content_width":"","content-type":"","_monsterinsights_skip_tracking":false,"_monsterinsights_sitenote_active":false,"_monsterinsights_sitenote_note":"","_monsterinsights_sitenote_category":0,"_joinchat":[],"footnotes":""},"class_list":["post-259","page","type-page","status-publish","hentry"],"yoast_head":"<!-- This site is optimized with the Yoast SEO plugin v26.9 - https:\/\/yoast.com\/product\/yoast-seo-wordpress\/ -->\n<title>INSCR\u00cdBETE<\/title>\n<meta name=\"robots\" content=\"noindex, nofollow\" \/>\n<meta property=\"og:locale\" content=\"es_ES\" \/>\n<meta property=\"og:type\" content=\"article\" \/>\n<meta property=\"og:title\" content=\"INSCR\u00cdBETE\" \/>\n<meta property=\"og:description\" content=\"INSCR\u00cdBETE Y FORMA PARTE DE LAS M\u00c1S DE 1.200 ALUMNAS Y ALUMNOS QUE HAN HECHO DATECUENTASi ya lo tienes claro, puedes asegurar ya tu inscripci\u00f3n rellenando este formulario y te contestaremos lo antes posibleConsulta la pol\u00edtica de privacidad y la normativa completa de inscripciones aqu\u00edLas inscripciones a los cursos 2025\/2026 est\u00e1n abiertas hasta [&hellip;]\" \/>\n<meta property=\"og:url\" content=\"https:\/\/www.datecuenta.org\/escuelalibre\/inscripciones\/\" \/>\n<meta property=\"og:site_name\" content=\"Escuela de fotograf\u00eda en Barcelona | DateCuenta\" \/>\n<meta property=\"article:modified_time\" content=\"2025-09-01T10:09:30+00:00\" \/>\n<meta name=\"twitter:card\" content=\"summary_large_image\" \/>\n<meta name=\"twitter:label1\" content=\"Tiempo de lectura\" \/>\n\t<meta name=\"twitter:data1\" content=\"2 minutos\" \/>\n<script type=\"application\/ld+json\" class=\"yoast-schema-graph\">{\"@context\":\"https:\/\/schema.org\",\"@graph\":[{\"@type\":\"WebPage\",\"@id\":\"https:\/\/www.datecuenta.org\/escuelalibre\/inscripciones\/\",\"url\":\"https:\/\/www.datecuenta.org\/escuelalibre\/inscripciones\/\",\"name\":\"INSCR\u00cdBETE\",\"isPartOf\":{\"@id\":\"https:\/\/www.datecuenta.org\/escuelalibre\/#website\"},\"datePublished\":\"2016-05-22T14:07:29+00:00\",\"dateModified\":\"2025-09-01T10:09:30+00:00\",\"breadcrumb\":{\"@id\":\"https:\/\/www.datecuenta.org\/escuelalibre\/inscripciones\/#breadcrumb\"},\"inLanguage\":\"es\",\"potentialAction\":[{\"@type\":\"ReadAction\",\"target\":[\"https:\/\/www.datecuenta.org\/escuelalibre\/inscripciones\/\"]}]},{\"@type\":\"BreadcrumbList\",\"@id\":\"https:\/\/www.datecuenta.org\/escuelalibre\/inscripciones\/#breadcrumb\",\"itemListElement\":[{\"@type\":\"ListItem\",\"position\":1,\"name\":\"Portada\",\"item\":\"https:\/\/www.datecuenta.org\/escuelalibre\/\"},{\"@type\":\"ListItem\",\"position\":2,\"name\":\"INSCR\u00cdBETE\"}]},{\"@type\":\"WebSite\",\"@id\":\"https:\/\/www.datecuenta.org\/escuelalibre\/#website\",\"url\":\"https:\/\/www.datecuenta.org\/escuelalibre\/\",\"name\":\"Escuela de fotograf\u00eda en Barcelona | DateCuenta\",\"description\":\"\",\"potentialAction\":[{\"@type\":\"SearchAction\",\"target\":{\"@type\":\"EntryPoint\",\"urlTemplate\":\"https:\/\/www.datecuenta.org\/escuelalibre\/?s={search_term_string}\"},\"query-input\":{\"@type\":\"PropertyValueSpecification\",\"valueRequired\":true,\"valueName\":\"search_term_string\"}}],\"inLanguage\":\"es\"}]}<\/script>\n<!-- \/ Yoast SEO plugin. -->","yoast_head_json":{"title":"INSCR\u00cdBETE","robots":{"index":"noindex","follow":"nofollow"},"og_locale":"es_ES","og_type":"article","og_title":"INSCR\u00cdBETE","og_description":"INSCR\u00cdBETE Y FORMA PARTE DE LAS M\u00c1S DE 1.200 ALUMNAS Y ALUMNOS QUE HAN HECHO DATECUENTASi ya lo tienes claro, puedes asegurar ya tu inscripci\u00f3n rellenando este formulario y te contestaremos lo antes posibleConsulta la pol\u00edtica de privacidad y la normativa completa de inscripciones aqu\u00edLas inscripciones a los cursos 2025\/2026 est\u00e1n abiertas hasta [&hellip;]","og_url":"https:\/\/www.datecuenta.org\/escuelalibre\/inscripciones\/","og_site_name":"Escuela de fotograf\u00eda en Barcelona | DateCuenta","article_modified_time":"2025-09-01T10:09:30+00:00","twitter_card":"summary_large_image","twitter_misc":{"Tiempo de lectura":"2 minutos"},"schema":{"@context":"https:\/\/schema.org","@graph":[{"@type":"WebPage","@id":"https:\/\/www.datecuenta.org\/escuelalibre\/inscripciones\/","url":"https:\/\/www.datecuenta.org\/escuelalibre\/inscripciones\/","name":"INSCR\u00cdBETE","isPartOf":{"@id":"https:\/\/www.datecuenta.org\/escuelalibre\/#website"},"datePublished":"2016-05-22T14:07:29+00:00","dateModified":"2025-09-01T10:09:30+00:00","breadcrumb":{"@id":"https:\/\/www.datecuenta.org\/escuelalibre\/inscripciones\/#breadcrumb"},"inLanguage":"es","potentialAction":[{"@type":"ReadAction","target":["https:\/\/www.datecuenta.org\/escuelalibre\/inscripciones\/"]}]},{"@type":"BreadcrumbList","@id":"https:\/\/www.datecuenta.org\/escuelalibre\/inscripciones\/#breadcrumb","itemListElement":[{"@type":"ListItem","position":1,"name":"Portada","item":"https:\/\/www.datecuenta.org\/escuelalibre\/"},{"@type":"ListItem","position":2,"name":"INSCR\u00cdBETE"}]},{"@type":"WebSite","@id":"https:\/\/www.datecuenta.org\/escuelalibre\/#website","url":"https:\/\/www.datecuenta.org\/escuelalibre\/","name":"Escuela de fotograf\u00eda en Barcelona | DateCuenta","description":"","potentialAction":[{"@type":"SearchAction","target":{"@type":"EntryPoint","urlTemplate":"https:\/\/www.datecuenta.org\/escuelalibre\/?s={search_term_string}"},"query-input":{"@type":"PropertyValueSpecification","valueRequired":true,"valueName":"search_term_string"}}],"inLanguage":"es"}]}},"_links":{"self":[{"href":"https:\/\/www.datecuenta.org\/escuelalibre\/wp-json\/wp\/v2\/pages\/259","targetHints":{"allow":["GET"]}}],"collection":[{"href":"https:\/\/www.datecuenta.org\/escuelalibre\/wp-json\/wp\/v2\/pages"}],"about":[{"href":"https:\/\/www.datecuenta.org\/escuelalibre\/wp-json\/wp\/v2\/types\/page"}],"author":[{"embeddable":true,"href":"https:\/\/www.datecuenta.org\/escuelalibre\/wp-json\/wp\/v2\/users\/1001002"}],"replies":[{"embeddable":true,"href":"https:\/\/www.datecuenta.org\/escuelalibre\/wp-json\/wp\/v2\/comments?post=259"}],"version-history":[{"count":155,"href":"https:\/\/www.datecuenta.org\/escuelalibre\/wp-json\/wp\/v2\/pages\/259\/revisions"}],"predecessor-version":[{"id":7604,"href":"https:\/\/www.datecuenta.org\/escuelalibre\/wp-json\/wp\/v2\/pages\/259\/revisions\/7604"}],"wp:attachment":[{"href":"https:\/\/www.datecuenta.org\/escuelalibre\/wp-json\/wp\/v2\/media?parent=259"}],"curies":[{"name":"wp","href":"https:\/\/api.w.org\/{rel}","templated":true}]}}