{"id":3428,"date":"2019-06-11T20:58:09","date_gmt":"2019-06-11T20:58:09","guid":{"rendered":"https:\/\/www.datecuenta.org\/escuelalibre\/?page_id=3428"},"modified":"2025-07-21T12:08:49","modified_gmt":"2025-07-21T12:08:49","slug":"curso-de-iluminacion-en-estudio","status":"publish","type":"page","link":"https:\/\/www.datecuenta.org\/escuelalibre\/curso-de-iluminacion-en-estudio\/","title":{"rendered":"CURSO DE ILUMINACI\u00d3N EN ESTUDIO Y EN EXTERIOR"},"content":{"rendered":"<p>[et_pb_section fb_built=\u00bb1&#8243; custom_padding_last_edited=\u00bbon|desktop\u00bb disabled_on=\u00bboff|off|off\u00bb _builder_version=\u00bb4.16&#8243; _module_preset=\u00bbdefault\u00bb custom_margin=\u00bb40px||40px||true|false\u00bb custom_margin_tablet=\u00bb10px||||false|false\u00bb custom_margin_phone=\u00bb0px||||false|false\u00bb custom_margin_last_edited=\u00bbon|phone\u00bb custom_padding=\u00bb40px||40px||true|false\u00bb custom_padding_tablet=\u00bb10px||10px||true|false\u00bb custom_padding_phone=\u00bb0px||||false|false\u00bb global_colors_info=\u00bb{}\u00bb][et_pb_row column_structure=\u00bb3_5,2_5&#8243; use_custom_gutter=\u00bbon\u00bb make_equal=\u00bbon\u00bb _builder_version=\u00bb4.16&#8243; _module_preset=\u00bbdefault\u00bb background_color=\u00bbRGBA(255,255,255,0)\u00bb width=\u00bb90%\u00bb max_width=\u00bb1725px\u00bb module_alignment=\u00bbcenter\u00bb custom_padding=\u00bb0px||0px||false|false\u00bb border_color_bottom=\u00bb#000000&#8243; global_colors_info=\u00bb{}\u00bb][et_pb_column type=\u00bb3_5&#8243; _builder_version=\u00bb4.16&#8243; _module_preset=\u00bbdefault\u00bb background_color=\u00bbRGBA(255,255,255,0)\u00bb custom_padding=\u00bb||||false|false\u00bb border_color_right=\u00bb#000000&#8243; global_colors_info=\u00bb{}\u00bb][et_pb_text disabled_on=\u00bboff|off|off\u00bb _builder_version=\u00bb4.16&#8243; _module_preset=\u00bbdefault\u00bb text_line_height=\u00bb1.6em\u00bb header_2_font=\u00bbInter|900|||||||\u00bb header_2_font_size=\u00bb53px\u00bb header_2_line_height=\u00bb1.1em\u00bb header_3_font_size=\u00bb32px\u00bb custom_margin=\u00bb0px||12px||false|false\u00bb header_2_font_size_tablet=\u00bb45px\u00bb header_2_font_size_phone=\u00bb33px\u00bb header_2_font_size_last_edited=\u00bbon|phone\u00bb header_2_line_height_tablet=\u00bb1.1em\u00bb header_2_line_height_phone=\u00bb1.1em\u00bb header_2_line_height_last_edited=\u00bbon|desktop\u00bb global_colors_info=\u00bb{}\u00bb]<\/p>\n<h1><span style=\"text-decoration: underline;\">CURSO DE ILUMINACI\u00d3N EN ESTUDIO Y EN EXTERIOR<\/span><span style=\"color: #c20f2c;\"><\/span><\/h1>\n<p>[\/et_pb_text][et_pb_text disabled_on=\u00bboff|off|off\u00bb _builder_version=\u00bb4.25.1&#8243; _module_preset=\u00bbdefault\u00bb text_line_height=\u00bb1.6em\u00bb header_2_font=\u00bbInter|900|||||||\u00bb header_2_font_size=\u00bb53px\u00bb header_2_line_height=\u00bb1.1em\u00bb header_3_font_size=\u00bb32px\u00bb custom_margin=\u00bb0px||12px||false|false\u00bb header_2_font_size_tablet=\u00bb45px\u00bb header_2_font_size_phone=\u00bb33px\u00bb header_2_font_size_last_edited=\u00bbon|phone\u00bb header_2_line_height_tablet=\u00bb1.1em\u00bb header_2_line_height_phone=\u00bb1.1em\u00bb header_2_line_height_last_edited=\u00bbon|desktop\u00bb global_colors_info=\u00bb{}\u00bb]<\/p>\n<h2>UN CURSO DE ILUMINACI\u00d3N<span style=\"color: #988cbe;\"> PARA LLEVAR TUS FOTOGRAF\u00cdAS AL SIGUIENTE NIVEL <\/span><\/h2>\n<p>[\/et_pb_text][et_pb_text _builder_version=\u00bb4.16&#8243; _module_preset=\u00bbdefault\u00bb text_font_size=\u00bb19px\u00bb text_line_height=\u00bb1.6em\u00bb header_2_font=\u00bbInter|900|||||||\u00bb header_2_font_size=\u00bb42px\u00bb header_3_font_size=\u00bb32px\u00bb custom_margin=\u00bb||40px||false|false\u00bb global_colors_info=\u00bb{}\u00bb]<\/p>\n<p>\u00bfPor qu\u00e9 un <strong>curso de iluminaci\u00f3n<\/strong>? La etimolog\u00eda de la palabra \u00abfotograf\u00eda\u00bb ya nos explica lo importante que es el dominio de la luz para tener unos buenos resultados: \u00abfotograf\u00eda\u00bb significa \u00abel dibujo de la luz\u00bb.<\/p>\n<p>La <strong>comprensi\u00f3n de la iluminaci\u00f3n<\/strong> (que se observa en los esquemas de la naturaleza y se aprende a controlar en nuestro<strong> estudio fotogr\u00e1fico<\/strong>) asegura a los fot\u00f3grafos el \u00e9xito en sus trabajos profesionales. Da igual que un profesional de la fotograf\u00eda lo sea en el mundo documental (<strong>fotoperiodismo<\/strong>), en el mundo social (<strong>reportajes <\/strong>de bodas, estudio fotogr\u00e1fico, etc.) o en el mundo comercial (<strong>fotograf\u00eda publicitaria<\/strong>).<\/p>\n<p>Sea cual sea su especialidad,<strong> la iluminaci\u00f3n es un conocimiento transversal<\/strong> que deber\u00eda dominar.<\/p>\n<p>Hemos dise\u00f1ado este curso con un temario completamente pr\u00e1ctico e interactivo. Trabajaremos, sobre todo, en un <strong>estudio fotogr\u00e1fico con material completo de iluminaci\u00f3n<\/strong>, pero tambi\u00e9n realizaremos pr\u00e1cticas en el exterior y localizaciones (la calle, un comercio, un piso, un teatro, etc.), con y sin <strong>fuentes de iluminaci\u00f3n artificiales<\/strong>.<\/p>\n<p>El objetivo del curso es que el alumnado supere las dudas de la iluminaci\u00f3n y pueda exprimir todo el potencial t\u00e9cnico y expresivo que tiene para desarrollar sus propios proyectos profesionales.<\/p>\n<p>El docente puede adaptar el temario seg\u00fan las necesidades del grupo. Para realizar este curso, el alumno debe tener un conocimiento medio o avanzado de la t\u00e9cnica fotogr\u00e1fica.<\/p>\n<p>[\/et_pb_text][et_pb_image src=\u00bbhttp:\/\/www.datecuenta.org\/escuelalibre\/wp-content\/uploads\/2025\/05\/Curso-de-fotografia-inicial-DateCuenta.jpg\u00bb alt=\u00bbCurso de iniciacion a la fotografia barcelona\u00bb title_text=\u00bbCurso-de-fotografia-inicial-DateCuenta\u00bb align=\u00bbcenter\u00bb _builder_version=\u00bb4.25.1&#8243; _module_preset=\u00bbdefault\u00bb global_colors_info=\u00bb{}\u00bb][\/et_pb_image][et_pb_text _builder_version=\u00bb4.25.1&#8243; _module_preset=\u00bbdefault\u00bb global_colors_info=\u00bb{}\u00bb]<\/p>\n<p><em>Fotograf\u00edas del alumnado del Curso de iluminaci\u00f3n 2024\/2025 para el cartel publicitario de la escuela<br \/><\/em><\/p>\n<p>[\/et_pb_text][et_pb_button button_url=\u00bbhttps:\/\/www.datecuenta.org\/escuelalibre\/inscripciones\/\u00bb button_text=\u00bbQUIERO INSCRIBIRME AL CURSO\u00bb button_alignment=\u00bbcenter\u00bb admin_label=\u00bbBoton inscripcion\u00bb _builder_version=\u00bb4.25.1&#8243; _module_preset=\u00bbdefault\u00bb custom_button=\u00bbon\u00bb button_text_size=\u00bb22px\u00bb button_text_color=\u00bb#FFFFFF\u00bb button_bg_color=\u00bb#988cbe\u00bb button_border_radius=\u00bb11px\u00bb button_letter_spacing=\u00bb0px\u00bb button_font=\u00bb|700|||||||\u00bb box_shadow_style=\u00bbpreset2&#8243; global_colors_info=\u00bb{}\u00bb][\/et_pb_button][et_pb_text disabled_on=\u00bboff|off|off\u00bb _builder_version=\u00bb4.25.1&#8243; _module_preset=\u00bbdefault\u00bb text_line_height=\u00bb1.6em\u00bb header_2_font=\u00bbInter|900|||||||\u00bb header_2_font_size=\u00bb42px\u00bb header_2_line_height=\u00bb1.1em\u00bb header_3_font_size=\u00bb32px\u00bb custom_margin=\u00bb0px||12px||false|false\u00bb custom_margin_tablet=\u00bb0px||12px||false|false\u00bb custom_margin_phone=\u00bb0px||0px||false|false\u00bb custom_margin_last_edited=\u00bbon|phone\u00bb header_2_font_size_tablet=\u00bb38px\u00bb header_2_font_size_phone=\u00bb29px\u00bb header_2_font_size_last_edited=\u00bbon|phone\u00bb header_2_line_height_tablet=\u00bb1.1em\u00bb header_2_line_height_phone=\u00bb1.1em\u00bb header_2_line_height_last_edited=\u00bbon|desktop\u00bb global_colors_info=\u00bb{}\u00bb]<\/p>\n<h2>DATOS DEL CURSO DE<span style=\"color: #988cbe;\"> ILUMINACI\u00d3N EN ESTUDIO Y EN EXTERIOR<\/span>:<\/h2>\n<p>[\/et_pb_text][et_pb_text _builder_version=\u00bb4.25.1&#8243; _module_preset=\u00bbdefault\u00bb text_font_size=\u00bb19px\u00bb text_line_height=\u00bb1.6em\u00bb header_2_font=\u00bbInter|900|||||||\u00bb header_2_font_size=\u00bb42px\u00bb header_3_font_size=\u00bb32px\u00bb custom_margin=\u00bb||40px||false|false\u00bb custom_margin_tablet=\u00bb||40px||false|false\u00bb custom_margin_phone=\u00bb||5px||false|false\u00bb custom_margin_last_edited=\u00bbon|phone\u00bb custom_padding_tablet=\u00bb\u00bb custom_padding_phone=\u00bb0px||||false|false\u00bb custom_padding_last_edited=\u00bbon|phone\u00bb hover_enabled=\u00bb0&#8243; global_colors_info=\u00bb{}\u00bb sticky_enabled=\u00bb0&#8243;]<\/p>\n<ul>\n<li><strong>Duraci\u00f3n<\/strong>: 60 horas lectivas (necesitas dedicarle m\u00e1s horas para realizar los ejercicios y proyectos) desde el 29 octubre de 2025 hasta el 5 junio de 2026 (consulta aqu\u00ed el calendario)<\/li>\n<li><strong>Metodolog\u00eda<\/strong>: 100% pr\u00e1ctico y presencial<\/li>\n<li>Horario: <span style=\"text-decoration: line-through;\"><strong>mi\u00e9rcoles de 19 a 21h.<\/strong> + 3 s\u00e1bados<\/span> Mi\u00e9rcoles grupo lleno. <strong>Nuevo grupo abierto jueves 19 a 21h . + 3 s\u00e1bados<\/strong><\/li>\n<li><strong>Lugar<\/strong>: <strong>las clases de este curso se impartir\u00e1n en Cad\u00e0ver Exquisit<\/strong>, estudio profesional situado en Santa Clotilde, 4, de Barcelona, en el <strong>barrio de Gr\u00e0cia<\/strong>, y en localizaciones puntuales en Barcelona, siempre acordes a la disponibilidad del alumnado<\/li>\n<li><strong>Grupos s\u00faper reducidos<\/strong>: de hasta 11 personas<\/li>\n<li><strong>Docente<\/strong>: Lukas Romero <a href=\"http:\/\/www.datecuenta.org\/escuelalibre\/equipo-docente\/\">(consulta aqu\u00ed su curriculum y trayectoria docente)<\/a><\/li>\n<li><strong>Precio:<\/strong> 490 euros (<a href=\"http:\/\/www.datecuenta.org\/escuelalibre\/inscripciones\/\">consulta aqu\u00ed formas de pago e inscripci\u00f3n<\/a>)<\/li>\n<\/ul>\n<p>[\/et_pb_text][et_pb_image src=\u00bbhttp:\/\/www.datecuenta.org\/escuelalibre\/wp-content\/uploads\/2025\/06\/curso-iluminacion-fotografia-barcelona.jpg\u00bb alt=\u00bbClases de estudio fotogr\u00e1fico\u00bb title_text=\u00bbcurso-iluminacion-fotografia-barcelona\u00bb _builder_version=\u00bb4.25.1&#8243; _module_preset=\u00bbdefault\u00bb global_colors_info=\u00bb{}\u00bb][\/et_pb_image][et_pb_text _builder_version=\u00bb4.17.4&#8243; _module_preset=\u00bbdefault\u00bb global_colors_info=\u00bb{}\u00bb]<\/p>\n<p><em>Estudio fotogr\u00e1fico profesional donde se desarrolla principalmente el curso de iluminaci\u00f3n de la escuela DateCuenta<br \/><\/em><\/p>\n<p>[\/et_pb_text][et_pb_text disabled_on=\u00bboff|off|off\u00bb _builder_version=\u00bb4.25.1&#8243; _module_preset=\u00bbdefault\u00bb text_line_height=\u00bb1.6em\u00bb header_2_font=\u00bbInter|900|||||||\u00bb header_2_font_size=\u00bb42px\u00bb header_2_line_height=\u00bb1.1em\u00bb header_3_font_size=\u00bb32px\u00bb custom_margin=\u00bb0px||12px||false|false\u00bb header_2_font_size_tablet=\u00bb38px\u00bb header_2_font_size_phone=\u00bb29px\u00bb header_2_font_size_last_edited=\u00bbon|phone\u00bb header_2_line_height_tablet=\u00bb1.1em\u00bb header_2_line_height_phone=\u00bb1.1em\u00bb header_2_line_height_last_edited=\u00bbon|desktop\u00bb global_colors_info=\u00bb{}\u00bb]<\/p>\n<h2>TEMARIO DEL CURSO DE<span style=\"color: #988cbe;\"> ILUMINACI\u00d3N EN FOTOGRAF\u00cdA<\/span>:<\/h2>\n<h2><span style=\"color: #988cbe;\"><span style=\"color: #988cbe;\"><\/span><br \/><\/span><\/h2>\n<p>[\/et_pb_text][et_pb_text _builder_version=\u00bb4.16&#8243; _module_preset=\u00bbdefault\u00bb text_font_size=\u00bb19px\u00bb text_line_height=\u00bb1.6em\u00bb header_2_font=\u00bbInter|900|||||||\u00bb header_2_font_size=\u00bb42px\u00bb header_3_font_size=\u00bb32px\u00bb custom_margin=\u00bb||40px||false|false\u00bb custom_margin_tablet=\u00bb||40px||false|false\u00bb custom_margin_phone=\u00bb||5px||false|false\u00bb custom_margin_last_edited=\u00bbon|phone\u00bb custom_padding_tablet=\u00bb\u00bb custom_padding_phone=\u00bb0px||||false|false\u00bb custom_padding_last_edited=\u00bbon|phone\u00bb global_colors_info=\u00bb{}\u00bb]Nuestro <strong>curso de iluminaci\u00f3n en estudio y en exterior <\/strong>est\u00e1 dise\u00f1ado seg\u00fan nuestra experiencia de ense\u00f1anza y busca que cada alumna pueda entender y dominar la iluminaci\u00f3n en estudio para aplicarlo a sus proyectos art\u00edsticos o comerciales.<\/p>\n<p>1. Conceptos generales de la iluminaci\u00f3n en estudio y en exterior (8 horas):<\/em><\/strong><\/p>\n<ul>\n<li><strong>Intensidad de la fuente de luz<\/strong> y <strong>f\u00edsica de la iluminaci\u00f3n aplicada a la fotograf\u00eda<\/strong><\/li>\n<li>Direcci\u00f3n y calidad de la luz<\/li>\n<li>Jerarqu\u00eda de la iluminaci\u00f3n: cantidad e importancia de las fuentes de luz<\/li>\n<li><strong>Estudio fotogr\u00e1fico<\/strong>: tipos de fuentes de iluminaci\u00f3n y accesorios<\/li>\n<\/ul>\n<p>[\/et_pb_text][et_pb_image src=\u00bbhttp:\/\/www.datecuenta.org\/escuelalibre\/wp-content\/uploads\/2025\/06\/trabajos-iluminacion-2025.gif\u00bb alt=\u00bbTrabajos del alumnado del curso de iluminaci\u00f3n\u00bb title_text=\u00bbtrabajos-iluminacion-2025&#8243; align=\u00bbcenter\u00bb _builder_version=\u00bb4.25.1&#8243; _module_preset=\u00bbdefault\u00bb global_colors_info=\u00bb{}\u00bb][\/et_pb_image][et_pb_text _builder_version=\u00bb4.25.1&#8243; _module_preset=\u00bbdefault\u00bb global_colors_info=\u00bb{}\u00bb]<\/p>\n<p><em>Proyectos del alumnado del curso de iluminaci\u00f3n en estudio y en exterior 2024\/2025 \u00abSuso\u00bb\u00a9 ZEBEN MARRERO, \u00abEn tr\u00e1nsito\u00bb \u00a9 RAFA CASTRO, \u00abLas casas del futuro\u00bb NEREA L\u00d3PEZ <\/em><em><br \/><\/em><\/p>\n<p>[\/et_pb_text][et_pb_code _builder_version=\u00bb4.16&#8243; _module_preset=\u00bbdefault\u00bb global_colors_info=\u00bb{}\u00bb][\/et_pb_code][et_pb_text _builder_version=\u00bb4.16&#8243; _module_preset=\u00bbdefault\u00bb text_font_size=\u00bb19px\u00bb text_line_height=\u00bb1.6em\u00bb header_2_font=\u00bbInter|900|||||||\u00bb header_2_font_size=\u00bb42px\u00bb header_3_font_size=\u00bb32px\u00bb custom_margin=\u00bb||40px||false|false\u00bb custom_margin_tablet=\u00bb||40px||false|false\u00bb custom_margin_phone=\u00bb||0px||false|false\u00bb custom_margin_last_edited=\u00bbon|phone\u00bb global_colors_info=\u00bb{}\u00bb]<\/p>\n<p>2. Iluminaci\u00f3n aplicada a la fotograf\u00eda de retrato, en estudio fotogr\u00e1fico y en localizaci\u00f3n (20 horas):<\/p>\n<ul>\n<li><strong>T\u00e9cnicas de iluminaci\u00f3n en retrato<\/strong><\/li>\n<li>Estudio de la fisonom\u00eda y de la <strong>iluminaci\u00f3n emocional<\/strong><\/li>\n<li>Iluminaci\u00f3n en <strong>retrato social, corporativo o documental<\/strong><\/li>\n<li>Iluminaci\u00f3n en <strong>retrato de belleza, moda o cuerpo<\/strong>. El maquillaje, la peluquer\u00eda, el estilismo y el asistente<\/li>\n<li><strong>Esquemas de iluminaci\u00f3n<\/strong> m\u00e1s \u00fatiles para resolver fotograf\u00edas<\/li>\n<li>Proyecto de retrato con la participaci\u00f3n de modelos profesionales<\/li>\n<\/ul>\n<p>[\/et_pb_text][et_pb_text _builder_version=\u00bb4.25.1&#8243; _module_preset=\u00bbdefault\u00bb global_colors_info=\u00bb{}\u00bb]<\/p>\n<p style=\"text-align: center;\"><iframe loading=\"lazy\" src=\"https:\/\/www.youtube.com\/embed\/ZfMTKkc4k9Q?si=n0dfKy6qpCfLp2Ui\" title=\"YouTube video player\" allow=\"accelerometer; autoplay; clipboard-write; encrypted-media; gyroscope; picture-in-picture; web-share\" referrerpolicy=\"strict-origin-when-cross-origin\" allowfullscreen=\"\" width=\"560\" height=\"315\" frameborder=\"0\"><\/iframe><\/p>\n<p>[\/et_pb_text][et_pb_text _builder_version=\u00bb4.25.1&#8243; _module_preset=\u00bbdefault\u00bb global_colors_info=\u00bb{}\u00bb]<\/p>\n<p><em>Inauguraci\u00f3n de \u00abTiempo\u00bb, exposici\u00f3n del alumnado 2024\/2025<\/em><\/p>\n<p>[\/et_pb_text][et_pb_text _builder_version=\u00bb4.16&#8243; _module_preset=\u00bbdefault\u00bb text_font_size=\u00bb19px\u00bb text_line_height=\u00bb1.6em\u00bb header_2_font=\u00bbInter|900|||||||\u00bb header_2_font_size=\u00bb42px\u00bb header_3_font_size=\u00bb32px\u00bb custom_margin=\u00bb||12px||false|false\u00bb global_colors_info=\u00bb{}\u00bb]<\/p>\n<p><strong>3. Iluminaci\u00f3n aplicada al bodeg\u00f3n, en estudio fotogr\u00e1fico y en localizaci\u00f3n (14 horas):<\/strong><\/p>\n<ul>\n<li><strong>T\u00e9cnicas de iluminaci\u00f3n en objetos opacos<\/strong><\/li>\n<li><strong>T\u00e9cnicas de iluminaci\u00f3n en objetos transparentes, transl\u00facidos y especulares<\/strong><\/li>\n<li>Observaci\u00f3n de autores cl\u00e1sicos y contempor\u00e1neos del bodeg\u00f3n art\u00edstico: del bodeg\u00f3n barroco al bodeg\u00f3n conceptual<\/li>\n<li>T\u00e9cnicas de postproducci\u00f3n digital en el bodeg\u00f3n publicitario<\/li>\n<li><strong>Proyecto de bodeg\u00f3n art\u00edstico personal o publicitario colaborando con una marca real<\/strong><\/li>\n<\/ul>\n<p><strong>4. Iluminaci\u00f3n de interiores (6 horas):<\/strong><\/p>\n<ul>\n<li>Introducci\u00f3n a la<strong> fotograf\u00eda de espacios interiores<\/strong><\/li>\n<li><strong>Fotograf\u00eda inmobiliaria<\/strong><\/li>\n<li>T\u00e9cnica de iluminaci\u00f3n de espacios<\/li>\n<li><strong>Ejercicio de iluminaci\u00f3n de un espacio interior<\/strong><\/li>\n<\/ul>\n<p>[\/et_pb_text][et_pb_text _builder_version=\u00bb4.25.1&#8243; _module_preset=\u00bbdefault\u00bb global_colors_info=\u00bb{}\u00bb]<\/p>\n<blockquote class=\"instagram-media\" data-instgrm-permalink=\"https:\/\/www.instagram.com\/reel\/C219TTBL-xC\/?utm_source=ig_embed&amp;utm_campaign=loading\" data-instgrm-version=\"14\" style=\" background:#FFF; border:0; border-radius:3px; box-shadow:0 0 1px 0 rgba(0,0,0,0.5),0 1px 10px 0 rgba(0,0,0,0.15); margin: 1px; max-width:540px; min-width:326px; padding:0; width:99.375%; width:-webkit-calc(100% - 2px); width:calc(100% - 2px);\">\n<div style=\"padding:16px;\"> <a href=\"https:\/\/www.instagram.com\/reel\/C219TTBL-xC\/?utm_source=ig_embed&amp;utm_campaign=loading\" style=\" background:#FFFFFF; line-height:0; padding:0 0; text-align:center; text-decoration:none; width:100%;\" target=\"_blank\" rel=\"noopener\"> <\/p>\n<div style=\" display: flex; flex-direction: row; align-items: center;\">\n<div style=\"background-color: #F4F4F4; border-radius: 50%; flex-grow: 0; height: 40px; margin-right: 14px; width: 40px;\"><\/div>\n<div style=\"display: flex; flex-direction: column; flex-grow: 1; justify-content: center;\">\n<div style=\" background-color: #F4F4F4; border-radius: 4px; flex-grow: 0; height: 14px; margin-bottom: 6px; width: 100px;\"><\/div>\n<div style=\" background-color: #F4F4F4; border-radius: 4px; flex-grow: 0; height: 14px; width: 60px;\"><\/div>\n<\/div>\n<\/div>\n<div style=\"padding: 19% 0;\"><\/div>\n<div style=\"display:block; height:50px; margin:0 auto 12px; width:50px;\"><svg width=\"50px\" height=\"50px\" viewBox=\"0 0 60 60\" version=\"1.1\" xmlns=\"https:\/\/www.w3.org\/2000\/svg\" xmlns:xlink=\"https:\/\/www.w3.org\/1999\/xlink\"><g stroke=\"none\" stroke-width=\"1\" fill=\"none\" fill-rule=\"evenodd\"><g transform=\"translate(-511.000000, -20.000000)\" fill=\"#000000\"><g><path d=\"M556.869,30.41 C554.814,30.41 553.148,32.076 553.148,34.131 C553.148,36.186 554.814,37.852 556.869,37.852 C558.924,37.852 560.59,36.186 560.59,34.131 C560.59,32.076 558.924,30.41 556.869,30.41 M541,60.657 C535.114,60.657 530.342,55.887 530.342,50 C530.342,44.114 535.114,39.342 541,39.342 C546.887,39.342 551.658,44.114 551.658,50 C551.658,55.887 546.887,60.657 541,60.657 M541,33.886 C532.1,33.886 524.886,41.1 524.886,50 C524.886,58.899 532.1,66.113 541,66.113 C549.9,66.113 557.115,58.899 557.115,50 C557.115,41.1 549.9,33.886 541,33.886 M565.378,62.101 C565.244,65.022 564.756,66.606 564.346,67.663 C563.803,69.06 563.154,70.057 562.106,71.106 C561.058,72.155 560.06,72.803 558.662,73.347 C557.607,73.757 556.021,74.244 553.102,74.378 C549.944,74.521 548.997,74.552 541,74.552 C533.003,74.552 532.056,74.521 528.898,74.378 C525.979,74.244 524.393,73.757 523.338,73.347 C521.94,72.803 520.942,72.155 519.894,71.106 C518.846,70.057 518.197,69.06 517.654,67.663 C517.244,66.606 516.755,65.022 516.623,62.101 C516.479,58.943 516.448,57.996 516.448,50 C516.448,42.003 516.479,41.056 516.623,37.899 C516.755,34.978 517.244,33.391 517.654,32.338 C518.197,30.938 518.846,29.942 519.894,28.894 C520.942,27.846 521.94,27.196 523.338,26.654 C524.393,26.244 525.979,25.756 528.898,25.623 C532.057,25.479 533.004,25.448 541,25.448 C548.997,25.448 549.943,25.479 553.102,25.623 C556.021,25.756 557.607,26.244 558.662,26.654 C560.06,27.196 561.058,27.846 562.106,28.894 C563.154,29.942 563.803,30.938 564.346,32.338 C564.756,33.391 565.244,34.978 565.378,37.899 C565.522,41.056 565.552,42.003 565.552,50 C565.552,57.996 565.522,58.943 565.378,62.101 M570.82,37.631 C570.674,34.438 570.167,32.258 569.425,30.349 C568.659,28.377 567.633,26.702 565.965,25.035 C564.297,23.368 562.623,22.342 560.652,21.575 C558.743,20.834 556.562,20.326 553.369,20.18 C550.169,20.033 549.148,20 541,20 C532.853,20 531.831,20.033 528.631,20.18 C525.438,20.326 523.257,20.834 521.349,21.575 C519.376,22.342 517.703,23.368 516.035,25.035 C514.368,26.702 513.342,28.377 512.574,30.349 C511.834,32.258 511.326,34.438 511.181,37.631 C511.035,40.831 511,41.851 511,50 C511,58.147 511.035,59.17 511.181,62.369 C511.326,65.562 511.834,67.743 512.574,69.651 C513.342,71.625 514.368,73.296 516.035,74.965 C517.703,76.634 519.376,77.658 521.349,78.425 C523.257,79.167 525.438,79.673 528.631,79.82 C531.831,79.965 532.853,80.001 541,80.001 C549.148,80.001 550.169,79.965 553.369,79.82 C556.562,79.673 558.743,79.167 560.652,78.425 C562.623,77.658 564.297,76.634 565.965,74.965 C567.633,73.296 568.659,71.625 569.425,69.651 C570.167,67.743 570.674,65.562 570.82,62.369 C570.966,59.17 571,58.147 571,50 C571,41.851 570.966,40.831 570.82,37.631\"><\/path><\/g><\/g><\/g><\/svg><\/div>\n<div style=\"padding-top: 8px;\">\n<div style=\" color:#3897f0; font-family:Arial,sans-serif; font-size:14px; font-style:normal; font-weight:550; line-height:18px;\">Ver esta publicaci\u00f3n en Instagram<\/div>\n<\/div>\n<div style=\"padding: 12.5% 0;\"><\/div>\n<div style=\"display: flex; flex-direction: row; margin-bottom: 14px; align-items: center;\">\n<div>\n<div style=\"background-color: #F4F4F4; border-radius: 50%; height: 12.5px; width: 12.5px; transform: translateX(0px) translateY(7px);\"><\/div>\n<div style=\"background-color: #F4F4F4; height: 12.5px; transform: rotate(-45deg) translateX(3px) translateY(1px); width: 12.5px; flex-grow: 0; margin-right: 14px; margin-left: 2px;\"><\/div>\n<div style=\"background-color: #F4F4F4; border-radius: 50%; height: 12.5px; width: 12.5px; transform: translateX(9px) translateY(-18px);\"><\/div>\n<\/div>\n<div style=\"margin-left: 8px;\">\n<div style=\" background-color: #F4F4F4; border-radius: 50%; flex-grow: 0; height: 20px; width: 20px;\"><\/div>\n<div style=\" width: 0; height: 0; border-top: 2px solid transparent; border-left: 6px solid #f4f4f4; border-bottom: 2px solid transparent; transform: translateX(16px) translateY(-4px) rotate(30deg)\"><\/div>\n<\/div>\n<div style=\"margin-left: auto;\">\n<div style=\" width: 0px; border-top: 8px solid #F4F4F4; border-right: 8px solid transparent; transform: translateY(16px);\"><\/div>\n<div style=\" background-color: #F4F4F4; flex-grow: 0; height: 12px; width: 16px; transform: translateY(-4px);\"><\/div>\n<div style=\" width: 0; height: 0; border-top: 8px solid #F4F4F4; border-left: 8px solid transparent; transform: translateY(-4px) translateX(8px);\"><\/div>\n<\/div>\n<\/div>\n<div style=\"display: flex; flex-direction: column; flex-grow: 1; justify-content: center; margin-bottom: 24px;\">\n<div style=\" background-color: #F4F4F4; border-radius: 4px; flex-grow: 0; height: 14px; margin-bottom: 6px; width: 224px;\"><\/div>\n<div style=\" background-color: #F4F4F4; border-radius: 4px; flex-grow: 0; height: 14px; width: 144px;\"><\/div>\n<\/div>\n<p><\/a><\/p>\n<p style=\" color:#c9c8cd; font-family:Arial,sans-serif; font-size:14px; line-height:17px; margin-bottom:0; margin-top:8px; overflow:hidden; padding:8px 0 7px; text-align:center; text-overflow:ellipsis; white-space:nowrap;\"><a href=\"https:\/\/www.instagram.com\/reel\/C219TTBL-xC\/?utm_source=ig_embed&amp;utm_campaign=loading\" style=\" color:#c9c8cd; font-family:Arial,sans-serif; font-size:14px; font-style:normal; font-weight:normal; line-height:17px; text-decoration:none;\" target=\"_blank\" rel=\"noopener\">Una publicaci\u00f3n compartida de DateCuenta Escuela Fotografi\u0301a (@date.cuenta)<\/a><\/p>\n<\/div>\n<\/blockquote>\n<p> <script async src=\"\/\/www.instagram.com\/embed.js\"><\/script>[\/et_pb_text][et_pb_button button_url=\u00bbhttps:\/\/www.datecuenta.org\/escuelalibre\/inscripciones\/\u00bb button_text=\u00bbQUIERO INSCRIBIRME AL CURSO\u00bb button_alignment=\u00bbcenter\u00bb admin_label=\u00bbBoton inscripcion\u00bb _builder_version=\u00bb4.25.1&#8243; _module_preset=\u00bbdefault\u00bb custom_button=\u00bbon\u00bb button_text_size=\u00bb22px\u00bb button_text_color=\u00bb#FFFFFF\u00bb button_bg_color=\u00bb#988cbe\u00bb button_border_radius=\u00bb11px\u00bb button_letter_spacing=\u00bb0px\u00bb button_font=\u00bb|700|||||||\u00bb box_shadow_style=\u00bbpreset2&#8243; global_colors_info=\u00bb{}\u00bb][\/et_pb_button][et_pb_text _builder_version=\u00bb4.16&#8243; _module_preset=\u00bbdefault\u00bb text_font_size=\u00bb19px\u00bb text_line_height=\u00bb1.6em\u00bb header_2_font=\u00bbInter|900|||||||\u00bb header_2_font_size=\u00bb42px\u00bb header_3_font_size=\u00bb32px\u00bb custom_margin=\u00bb||12px||false|false\u00bb custom_margin_tablet=\u00bb||12px||false|false\u00bb custom_margin_phone=\u00bb||0px||false|false\u00bb custom_margin_last_edited=\u00bbon|phone\u00bb custom_padding=\u00bb||0px||false|false\u00bb global_colors_info=\u00bb{}\u00bb]<\/p>\n<p><strong>5. Proyecto grupal de iluminaci\u00f3n en estudio o exteriores (8 horas):<\/strong><\/p>\n<p>Puesta en pr\u00e1ctica de todo lo aprendido y realizaci\u00f3n de un peque\u00f1o proyecto en grupo ideado en el aula<\/p>\n<p><strong>6. Actividades complementarias (4 horas)<\/strong>:<\/p>\n<ul>\n<li>Dos masterclases con <strong>profesionales del \u00e1mbito de la fotograf\u00eda<\/strong> profesional, art\u00edstica y documental<\/li>\n<\/ul>\n<p>[\/et_pb_text][et_pb_video src=\u00bbhttps:\/\/youtu.be\/Oa9iimaJ3xs\u00bb _builder_version=\u00bb4.16&#8243; _module_preset=\u00bbdefault\u00bb global_colors_info=\u00bb{}\u00bb][\/et_pb_video][et_pb_text _builder_version=\u00bb4.25.1&#8243; _module_preset=\u00bbdefault\u00bb text_font=\u00bb||on||||||\u00bb text_font_size=\u00bb19px\u00bb text_line_height=\u00bb1.6em\u00bb header_2_font=\u00bbInter|900|||||||\u00bb header_2_font_size=\u00bb42px\u00bb header_3_font_size=\u00bb32px\u00bb custom_margin=\u00bb||40px||false|false\u00bb global_colors_info=\u00bb{}\u00bb]<\/p>\n<p>La fot\u00f3grafa de El Pa\u00eds Semanal y Vogue Sof\u00eda Moro visit\u00f3 nuestra escuela y nos regal\u00f3 esta maravillosa entrevista donde nos ense\u00f1\u00f3 mucho sobre el arte del retrato documental<\/p>\n<p>[\/et_pb_text][\/et_pb_column][et_pb_column type=\u00bb2_5&#8243; _builder_version=\u00bb4.16&#8243; _module_preset=\u00bbdefault\u00bb custom_padding=\u00bb||||false|false\u00bb border_color_right=\u00bb#000000&#8243; global_colors_info=\u00bb{}\u00bb][et_pb_text disabled_on=\u00bboff|off|off\u00bb _builder_version=\u00bb4.25.1&#8243; _module_preset=\u00bbdefault\u00bb text_line_height=\u00bb1.6em\u00bb header_2_font=\u00bbInter|900|||||||\u00bb header_2_font_size=\u00bb42px\u00bb header_2_line_height=\u00bb1.1em\u00bb header_3_font_size=\u00bb32px\u00bb custom_margin=\u00bb0px||12px||false|false\u00bb custom_margin_tablet=\u00bb0px||0px||false|false\u00bb custom_margin_phone=\u00bb0px||0px||false|false\u00bb custom_margin_last_edited=\u00bbon|phone\u00bb custom_padding=\u00bb0px||0px||false|false\u00bb header_2_font_size_tablet=\u00bb38px\u00bb header_2_font_size_phone=\u00bb29px\u00bb header_2_font_size_last_edited=\u00bbon|phone\u00bb header_2_line_height_tablet=\u00bb1.1em\u00bb header_2_line_height_phone=\u00bb1.1em\u00bb header_2_line_height_last_edited=\u00bbon|desktop\u00bb global_colors_info=\u00bb{}\u00bb]<\/p>\n<h2>\u00bfQU\u00c9 DICEN DE NUESTRO<span style=\"color: #988cbe;\"> CURSO DE ILUMINACI\u00d3N EN ESTUDIO Y EN EXTERIOR<\/span>?<\/h2>\n<p>[\/et_pb_text][et_pb_code _builder_version=\u00bb4.16&#8243; _module_preset=\u00bbdefault\u00bb custom_margin=\u00bb||2px|||\u00bb custom_margin_tablet=\u00bb||2px|||\u00bb custom_margin_phone=\u00bb||0px||false|false\u00bb custom_margin_last_edited=\u00bbon|phone\u00bb custom_padding=\u00bb0px||||false|false\u00bb custom_padding_tablet=\u00bb0px||||false|false\u00bb custom_padding_phone=\u00bb0px||||false|false\u00bb custom_padding_last_edited=\u00bbon|phone\u00bb global_colors_info=\u00bb{}\u00bb]<pee><!-- divi:shortcode --><!\u2013- [et_pb_br_holder] -\u2013><pre class=\"ti-widget\"><template id=\"trustindex-google-widget-html\"><div class=\" ti-widget  ti-goog ti-review-text-mode-readmore ti-text-align-left\" data-no-translation=\"true\" data-plugin-version=\"13.2.7\" data-layout-id=\"33\" data-layout-category=\"list\" data-set-id=\"drop-shadow\" data-pid=\"\" data-language=\"es\" data-close-locale=\"Cerca\" data-css-version=\"2\" data-reply-by-locale=\"Respuesta del propietario\" data-only-rating-locale=\"Esta usuario solo dej\u00f3 una calificaci\u00f3n.\" data-load-more-rows=\"5\"> <div class=\"ti-widget-container\"> <div class=\"ti-reviews-container\"> <div class=\"ti-reviews-container-wrapper\">  <div data-empty=\"0\" class=\"ti-review-item source-Google ti-image-layout-thumbnail\" data-id=\"cfcd208495d565ef66e7dff9f98764da\"> <div class=\"ti-inner\"> <div class=\"ti-review-header\"> <div class=\"ti-platform-icon ti-with-tooltip\"> <span class=\"ti-tooltip\">Publicado en <\/span> <trustindex-image data-imgurl=\"https:\/\/cdn.trustindex.io\/assets\/platform\/Google\/icon.svg\" alt=\"\" width=\"20\" height=\"20\" loading=\"lazy\"><\/trustindex-image> <\/div> <div class=\"ti-profile-img\"> <trustindex-image data-imgurl=\"https:\/\/lh3.googleusercontent.com\/a\/ACg8ocIc9ejrrYIZQB3BQ-cAmmnCkPyRAZWJYdPTYfU1_3eQfmvXXQ=w40-h40-c-rp-mo-br100\" alt=\"Jacqueline Hidalgo profile picture\" loading=\"lazy\"><\/trustindex-image> <\/div> <div class=\"ti-profile-details\"> <div class=\"ti-name\"> Jacqueline Hidalgo <\/div> <div class=\"ti-date\">2. Octubre, 2025.<\/div> <\/div> <\/div> <span class=\"ti-stars\"><trustindex-image class=\"ti-star\" data-imgurl=\"https:\/\/cdn.trustindex.io\/assets\/platform\/Google\/star\/f.svg\" alt=\"Google\" width=\"17\" height=\"17\" loading=\"lazy\"><\/trustindex-image><trustindex-image class=\"ti-star\" data-imgurl=\"https:\/\/cdn.trustindex.io\/assets\/platform\/Google\/star\/f.svg\" alt=\"Google\" width=\"17\" height=\"17\" loading=\"lazy\"><\/trustindex-image><trustindex-image class=\"ti-star\" data-imgurl=\"https:\/\/cdn.trustindex.io\/assets\/platform\/Google\/star\/f.svg\" alt=\"Google\" width=\"17\" height=\"17\" loading=\"lazy\"><\/trustindex-image><trustindex-image class=\"ti-star\" data-imgurl=\"https:\/\/cdn.trustindex.io\/assets\/platform\/Google\/star\/f.svg\" alt=\"Google\" width=\"17\" height=\"17\" loading=\"lazy\"><\/trustindex-image><trustindex-image class=\"ti-star\" data-imgurl=\"https:\/\/cdn.trustindex.io\/assets\/platform\/Google\/star\/f.svg\" alt=\"Google\" width=\"17\" height=\"17\" loading=\"lazy\"><\/trustindex-image><span class=\"ti-verified-review ti-verified-platform\"><span class=\"ti-verified-tooltip\">Trustindex verifica que la fuente original de la rese\u00f1a sea Google.<\/span><\/span><\/span> <div class=\"ti-review-content\"> <div class=\"ti-review-text-container ti-inner\"><!-- R-CONTENT -->He tenido la suerte de ser alumna de DateCuenta durante dos a\u00f1os consecutivos y ha sido muy enriquecedor. La ense\u00f1anza es cercana, pr\u00e1ctica y enfocada en el crecimiento personal y art\u00edstico. Mis profes fueron Lukas y Paulo, personas entregadas y gu\u00edas incre\u00edbles. Se nota el compromiso real por formar fot\u00f3grafos con pasi\u00f3n y mirada propia.\nGracias por facilitar el acceso a la fotograf\u00eda y sobretodo por aportar la consciencia social que tanta falta nos hace.<!-- R-CONTENT --><\/div> <span class=\"ti-read-more\" data-container=\".ti-review-content .ti-inner\" data-collapse-text=\"Ocultar\" data-open-text=\"Leer m\u00e1s\"><\/span> <\/div> <\/div> <\/div>  <div data-empty=\"0\" class=\"ti-review-item source-Google ti-image-layout-thumbnail\" data-id=\"cfcd208495d565ef66e7dff9f98764da\"> <div class=\"ti-inner\"> <div class=\"ti-review-header\"> <div class=\"ti-platform-icon ti-with-tooltip\"> <span class=\"ti-tooltip\">Publicado en <\/span> <trustindex-image data-imgurl=\"https:\/\/cdn.trustindex.io\/assets\/platform\/Google\/icon.svg\" alt=\"\" width=\"20\" height=\"20\" loading=\"lazy\"><\/trustindex-image> <\/div> <div class=\"ti-profile-img\"> <trustindex-image data-imgurl=\"https:\/\/lh3.googleusercontent.com\/a\/ACg8ocKjMjxzZj6usdrmFQpb4f_5jxxcvbioIQqMMEJ7cKZQA-TPJA=w40-h40-c-rp-mo-ba3-br100\" alt=\"Alexia Aguero profile picture\" loading=\"lazy\"><\/trustindex-image> <\/div> <div class=\"ti-profile-details\"> <div class=\"ti-name\"> Alexia Aguero <\/div> <div class=\"ti-date\">22. Septiembre, 2025.<\/div> <\/div> <\/div> <span class=\"ti-stars\"><trustindex-image class=\"ti-star\" data-imgurl=\"https:\/\/cdn.trustindex.io\/assets\/platform\/Google\/star\/f.svg\" alt=\"Google\" width=\"17\" height=\"17\" loading=\"lazy\"><\/trustindex-image><trustindex-image class=\"ti-star\" data-imgurl=\"https:\/\/cdn.trustindex.io\/assets\/platform\/Google\/star\/f.svg\" alt=\"Google\" width=\"17\" height=\"17\" loading=\"lazy\"><\/trustindex-image><trustindex-image class=\"ti-star\" data-imgurl=\"https:\/\/cdn.trustindex.io\/assets\/platform\/Google\/star\/f.svg\" alt=\"Google\" width=\"17\" height=\"17\" loading=\"lazy\"><\/trustindex-image><trustindex-image class=\"ti-star\" data-imgurl=\"https:\/\/cdn.trustindex.io\/assets\/platform\/Google\/star\/f.svg\" alt=\"Google\" width=\"17\" height=\"17\" loading=\"lazy\"><\/trustindex-image><trustindex-image class=\"ti-star\" data-imgurl=\"https:\/\/cdn.trustindex.io\/assets\/platform\/Google\/star\/f.svg\" alt=\"Google\" width=\"17\" height=\"17\" loading=\"lazy\"><\/trustindex-image><span class=\"ti-verified-review ti-verified-platform\"><span class=\"ti-verified-tooltip\">Trustindex verifica que la fuente original de la rese\u00f1a sea Google.<\/span><\/span><\/span> <div class=\"ti-review-content\"> <div class=\"ti-review-text-container ti-inner\"><!-- R-CONTENT -->Mi experiencia en el curso de Date Cuenta de Fotograf\u00eda documental fue excelente.\nPart\u00ed pr\u00e1cticamente sin conocimientos previos y, a lo largo de las clases, aprend\u00ed much\u00edsimo: no solo en lo t\u00e9cnico, sino tambi\u00e9n en la forma de mirar y contar historias a trav\u00e9s de la fotograf\u00eda.\nSe gener\u00f3 un grupo muy lindo, donde tuve la oportunidad de conocer personas maravillosas con quienes compartimos aprendizajes y miradas diversas y con quienes a\u00fan estamos en contacto.\nLa escuela transmite unos valores humanos que hacen que te sientas c\u00f3moda y parte de una verdadera comunidad, algo que enriquece y potencia la experiencia de aprendizaje.\nNuestro profesor, Javier Guerra, ha sido simplemente incre\u00edble: por su experiencia y conocimiento, pero sobre todo por la manera en que supo acompa\u00f1arnos, transmitir su pasi\u00f3n y contagiarnos esa curiosidad y entusiasmo.\nLo recomiendo sin dudar para quienes quieran acercarse al fotoperiodismo, aun si empiezan desde cero.<!-- R-CONTENT --><\/div> <span class=\"ti-read-more\" data-container=\".ti-review-content .ti-inner\" data-collapse-text=\"Ocultar\" data-open-text=\"Leer m\u00e1s\"><\/span> <\/div> <\/div> <\/div>  <div data-empty=\"0\" class=\"ti-review-item source-Google ti-image-layout-thumbnail\" data-id=\"cfcd208495d565ef66e7dff9f98764da\"> <div class=\"ti-inner\"> <div class=\"ti-review-header\"> <div class=\"ti-platform-icon ti-with-tooltip\"> <span class=\"ti-tooltip\">Publicado en <\/span> <trustindex-image data-imgurl=\"https:\/\/cdn.trustindex.io\/assets\/platform\/Google\/icon.svg\" alt=\"\" width=\"20\" height=\"20\" loading=\"lazy\"><\/trustindex-image> <\/div> <div class=\"ti-profile-img\"> <trustindex-image data-imgurl=\"https:\/\/lh3.googleusercontent.com\/a-\/ALV-UjU_cLVFJWdV-ZJESN7vAI6V8QSuAytAOhPN4dya7i1HDSbmM3SM=w40-h40-c-rp-mo-br100\" alt=\"Marta Turon Dols profile picture\" loading=\"lazy\"><\/trustindex-image> <\/div> <div class=\"ti-profile-details\"> <div class=\"ti-name\"> Marta Turon Dols <\/div> <div class=\"ti-date\">19. Septiembre, 2025.<\/div> <\/div> <\/div> <span class=\"ti-stars\"><trustindex-image class=\"ti-star\" data-imgurl=\"https:\/\/cdn.trustindex.io\/assets\/platform\/Google\/star\/f.svg\" alt=\"Google\" width=\"17\" height=\"17\" loading=\"lazy\"><\/trustindex-image><trustindex-image class=\"ti-star\" data-imgurl=\"https:\/\/cdn.trustindex.io\/assets\/platform\/Google\/star\/f.svg\" alt=\"Google\" width=\"17\" height=\"17\" loading=\"lazy\"><\/trustindex-image><trustindex-image class=\"ti-star\" data-imgurl=\"https:\/\/cdn.trustindex.io\/assets\/platform\/Google\/star\/f.svg\" alt=\"Google\" width=\"17\" height=\"17\" loading=\"lazy\"><\/trustindex-image><trustindex-image class=\"ti-star\" data-imgurl=\"https:\/\/cdn.trustindex.io\/assets\/platform\/Google\/star\/f.svg\" alt=\"Google\" width=\"17\" height=\"17\" loading=\"lazy\"><\/trustindex-image><trustindex-image class=\"ti-star\" data-imgurl=\"https:\/\/cdn.trustindex.io\/assets\/platform\/Google\/star\/f.svg\" alt=\"Google\" width=\"17\" height=\"17\" loading=\"lazy\"><\/trustindex-image><span class=\"ti-verified-review ti-verified-platform\"><span class=\"ti-verified-tooltip\">Trustindex verifica que la fuente original de la rese\u00f1a sea Google.<\/span><\/span><\/span> <div class=\"ti-review-content\"> <div class=\"ti-review-text-container ti-inner\"><!-- R-CONTENT -->Descobrir l'escola Date Cuenta va ser una gran troballa. El curs de fotografia art\u00edstica que vaig fer, em va aportar molt; tant a nivell te\u00f2ric, pels referents descoberts, com a nivell pr\u00e0ctic perqu\u00e8 em va ajudar a crear el meu propi projecte fotogr\u00e0fic. Dono un 10 a l'escola, al professorat i al curs. Excel\u00b7lent qualitat a un preu molt adequat. De fet, aquest any repeteixo perqu\u00e8 s\u00e9 que puc continuar aprenent! Recomenable 100%<!-- R-CONTENT --><\/div> <span class=\"ti-read-more\" data-container=\".ti-review-content .ti-inner\" data-collapse-text=\"Ocultar\" data-open-text=\"Leer m\u00e1s\"><\/span> <\/div> <\/div> <\/div>  <div data-empty=\"0\" class=\"ti-review-item source-Google ti-image-layout-thumbnail\" data-id=\"cfcd208495d565ef66e7dff9f98764da\"> <div class=\"ti-inner\"> <div class=\"ti-review-header\"> <div class=\"ti-platform-icon ti-with-tooltip\"> <span class=\"ti-tooltip\">Publicado en <\/span> <trustindex-image data-imgurl=\"https:\/\/cdn.trustindex.io\/assets\/platform\/Google\/icon.svg\" alt=\"\" width=\"20\" height=\"20\" loading=\"lazy\"><\/trustindex-image> <\/div> <div class=\"ti-profile-img\"> <trustindex-image data-imgurl=\"https:\/\/lh3.googleusercontent.com\/a-\/ALV-UjUALYJgShjpZA0JpW4zdGf5nduJrh-fKydfNeWW8BlKeALqydyb=w40-h40-c-rp-mo-ba4-br100\" alt=\"Santi Subirachs profile picture\" loading=\"lazy\"><\/trustindex-image> <\/div> <div class=\"ti-profile-details\"> <div class=\"ti-name\"> Santi Subirachs <\/div> <div class=\"ti-date\">1. Agosto, 2025.<\/div> <\/div> <\/div> <span class=\"ti-stars\"><trustindex-image class=\"ti-star\" data-imgurl=\"https:\/\/cdn.trustindex.io\/assets\/platform\/Google\/star\/f.svg\" alt=\"Google\" width=\"17\" height=\"17\" loading=\"lazy\"><\/trustindex-image><trustindex-image class=\"ti-star\" data-imgurl=\"https:\/\/cdn.trustindex.io\/assets\/platform\/Google\/star\/f.svg\" alt=\"Google\" width=\"17\" height=\"17\" loading=\"lazy\"><\/trustindex-image><trustindex-image class=\"ti-star\" data-imgurl=\"https:\/\/cdn.trustindex.io\/assets\/platform\/Google\/star\/f.svg\" alt=\"Google\" width=\"17\" height=\"17\" loading=\"lazy\"><\/trustindex-image><trustindex-image class=\"ti-star\" data-imgurl=\"https:\/\/cdn.trustindex.io\/assets\/platform\/Google\/star\/f.svg\" alt=\"Google\" width=\"17\" height=\"17\" loading=\"lazy\"><\/trustindex-image><trustindex-image class=\"ti-star\" data-imgurl=\"https:\/\/cdn.trustindex.io\/assets\/platform\/Google\/star\/f.svg\" alt=\"Google\" width=\"17\" height=\"17\" loading=\"lazy\"><\/trustindex-image><span class=\"ti-verified-review ti-verified-platform\"><span class=\"ti-verified-tooltip\">Trustindex verifica que la fuente original de la rese\u00f1a sea Google.<\/span><\/span><\/span> <div class=\"ti-review-content\"> <div class=\"ti-review-text-container ti-inner\"><!-- R-CONTENT -->Descubr\u00ed la Escuela por casualidad y me llam\u00f3 la atenci\u00f3n su enfoque social. Me apunt\u00e9 al curso de Fotograf\u00eda Documental para aprender t\u00e9cnica, pero acab\u00e9 encontrando mucho m\u00e1s: una manera de dar sentido a mi trabajo.\nAqu\u00ed no se limitan a ense\u00f1ar conceptos t\u00e9cnicos (que puedes aprender en muchos lugares), sino que te gu\u00edan para comunicar, sugerir y emocionar a trav\u00e9s de tus im\u00e1genes. La fotograf\u00eda es tratada como una herramienta para contar historias. La metodolog\u00eda es extraordinaria: grupos reducidos, docentes cercanos y pr\u00e1cticas en entornos reales.\nAl final de curso se organiza una exposici\u00f3n con los proyectos desarrollados por los alumnos durante el a\u00f1o, donde puedes comprobar tu evoluci\u00f3n y la de tus compa\u00f1eros de la escuela.\nTras a\u00f1os haciendo fotos como aficionado, he descubierto un camino lleno de sorpresas que siempre estuvo ah\u00ed, pero que no sab\u00eda ver. Si buscas algo m\u00e1s all\u00e1 de la t\u00e9cnica pura, este es el lugar. Lo importante no es la hiperfocal, sino la fotograf\u00eda con prop\u00f3sito<!-- R-CONTENT --><\/div> <span class=\"ti-read-more\" data-container=\".ti-review-content .ti-inner\" data-collapse-text=\"Ocultar\" data-open-text=\"Leer m\u00e1s\"><\/span> <\/div> <\/div> <\/div>  <div data-empty=\"0\" class=\"ti-review-item source-Google ti-image-layout-thumbnail\" data-id=\"cfcd208495d565ef66e7dff9f98764da\"> <div class=\"ti-inner\"> <div class=\"ti-review-header\"> <div class=\"ti-platform-icon ti-with-tooltip\"> <span class=\"ti-tooltip\">Publicado en <\/span> <trustindex-image data-imgurl=\"https:\/\/cdn.trustindex.io\/assets\/platform\/Google\/icon.svg\" alt=\"\" width=\"20\" height=\"20\" loading=\"lazy\"><\/trustindex-image> <\/div> <div class=\"ti-profile-img\"> <trustindex-image data-imgurl=\"https:\/\/lh3.googleusercontent.com\/a-\/ALV-UjVOXoUN__rLYUInlvY3isWpZH3j_wImPHDLg1nQ96TYRK99pS1pzA=w40-h40-c-rp-mo-ba3-br100\" alt=\"Marco Martone profile picture\" loading=\"lazy\"><\/trustindex-image> <\/div> <div class=\"ti-profile-details\"> <div class=\"ti-name\"> Marco Martone <\/div> <div class=\"ti-date\">18. Julio, 2025.<\/div> <\/div> <\/div> <span class=\"ti-stars\"><trustindex-image class=\"ti-star\" data-imgurl=\"https:\/\/cdn.trustindex.io\/assets\/platform\/Google\/star\/f.svg\" alt=\"Google\" width=\"17\" height=\"17\" loading=\"lazy\"><\/trustindex-image><trustindex-image class=\"ti-star\" data-imgurl=\"https:\/\/cdn.trustindex.io\/assets\/platform\/Google\/star\/f.svg\" alt=\"Google\" width=\"17\" height=\"17\" loading=\"lazy\"><\/trustindex-image><trustindex-image class=\"ti-star\" data-imgurl=\"https:\/\/cdn.trustindex.io\/assets\/platform\/Google\/star\/f.svg\" alt=\"Google\" width=\"17\" height=\"17\" loading=\"lazy\"><\/trustindex-image><trustindex-image class=\"ti-star\" data-imgurl=\"https:\/\/cdn.trustindex.io\/assets\/platform\/Google\/star\/f.svg\" alt=\"Google\" width=\"17\" height=\"17\" loading=\"lazy\"><\/trustindex-image><trustindex-image class=\"ti-star\" data-imgurl=\"https:\/\/cdn.trustindex.io\/assets\/platform\/Google\/star\/f.svg\" alt=\"Google\" width=\"17\" height=\"17\" loading=\"lazy\"><\/trustindex-image><span class=\"ti-verified-review ti-verified-platform\"><span class=\"ti-verified-tooltip\">Trustindex verifica que la fuente original de la rese\u00f1a sea Google.<\/span><\/span><\/span> <div class=\"ti-review-content\"> <div class=\"ti-review-text-container ti-inner\"><!-- R-CONTENT -->Haber descubierto Date Cuenta ha sido un cambio radical en mi vida personal y profesional.\n\nLlevaba a\u00f1os buscando y postergando la decisi\u00f3n de apuntarme a un curso de fotograf\u00eda, nunca me hab\u00eda acabado de gustar ninguno.\n\nEn Date Cuenta, he encontrado todo lo que estaba buscando. Una atenci\u00f3n muy humana, personas excelentes, profesorxs increibles y compa\u00f1erxs muy majx.\n\nAl principio solo me llam\u00f3 la atenci\u00f3n el precio, muy accesible por la oferta que daban, pero despu\u00e9s de tan solo una clase con la profe Lukas, me he quedado sorpendido por la calidad y la profesionalidad.\n\nSiento haber por fin avanzado y en tan solo un a\u00f1o he aprendido un mont\u00f3n de cosas en el curso de iluminaci\u00f3n.\n\nSi est\u00e1s dudando, espero que esta rese\u00f1a pueda ayudarte!!!<!-- R-CONTENT --><\/div> <span class=\"ti-read-more\" data-container=\".ti-review-content .ti-inner\" data-collapse-text=\"Ocultar\" data-open-text=\"Leer m\u00e1s\"><\/span> <\/div> <\/div> <\/div>  <div data-empty=\"0\" class=\"ti-review-item source-Google ti-image-layout-thumbnail\" data-id=\"cfcd208495d565ef66e7dff9f98764da\"> <div class=\"ti-inner\"> <div class=\"ti-review-header\"> <div class=\"ti-platform-icon ti-with-tooltip\"> <span class=\"ti-tooltip\">Publicado en <\/span> <trustindex-image data-imgurl=\"https:\/\/cdn.trustindex.io\/assets\/platform\/Google\/icon.svg\" alt=\"\" width=\"20\" height=\"20\" loading=\"lazy\"><\/trustindex-image> <\/div> <div class=\"ti-profile-img\"> <trustindex-image data-imgurl=\"https:\/\/lh3.googleusercontent.com\/a-\/ALV-UjXRH1cxkomRkfBIfOT-jO1lHhFVuqVKC60Ovm1uw14tK09ab7H8gA=w40-h40-c-rp-mo-ba4-br100\" alt=\"Carlos Mir\u00f3 profile picture\" loading=\"lazy\"><\/trustindex-image> <\/div> <div class=\"ti-profile-details\"> <div class=\"ti-name\"> Carlos Mir\u00f3 <\/div> <div class=\"ti-date\">8. Junio, 2025.<\/div> <\/div> <\/div> <span class=\"ti-stars\"><trustindex-image class=\"ti-star\" data-imgurl=\"https:\/\/cdn.trustindex.io\/assets\/platform\/Google\/star\/f.svg\" alt=\"Google\" width=\"17\" height=\"17\" loading=\"lazy\"><\/trustindex-image><trustindex-image class=\"ti-star\" data-imgurl=\"https:\/\/cdn.trustindex.io\/assets\/platform\/Google\/star\/f.svg\" alt=\"Google\" width=\"17\" height=\"17\" loading=\"lazy\"><\/trustindex-image><trustindex-image class=\"ti-star\" data-imgurl=\"https:\/\/cdn.trustindex.io\/assets\/platform\/Google\/star\/f.svg\" alt=\"Google\" width=\"17\" height=\"17\" loading=\"lazy\"><\/trustindex-image><trustindex-image class=\"ti-star\" data-imgurl=\"https:\/\/cdn.trustindex.io\/assets\/platform\/Google\/star\/f.svg\" alt=\"Google\" width=\"17\" height=\"17\" loading=\"lazy\"><\/trustindex-image><trustindex-image class=\"ti-star\" data-imgurl=\"https:\/\/cdn.trustindex.io\/assets\/platform\/Google\/star\/f.svg\" alt=\"Google\" width=\"17\" height=\"17\" loading=\"lazy\"><\/trustindex-image><span class=\"ti-verified-review ti-verified-platform\"><span class=\"ti-verified-tooltip\">Trustindex verifica que la fuente original de la rese\u00f1a sea Google.<\/span><\/span><\/span> <div class=\"ti-review-content\"> <div class=\"ti-review-text-container ti-inner\"><!-- R-CONTENT -->Es una escuela bastante diferente a lo que conoc\u00eda. He hecho un curso de iniciaci\u00f3n con Pedro Vidal y no puedo estar m\u00e1s contento. El contenido est\u00e1 muy bien estructurado y con muchas sesiones pr\u00e1cticas. Se form\u00f3 un equipo entre los alumnos y Pedro muy divertido. De hecho, el pr\u00f3ximo curso estar\u00e9 de nuevo por ah\u00ed y muchos de mis compa\u00f1eros tambi\u00e9n. Supongo que esa es la mejor muestra de que funcionan muy bien. Sin duda un lugar totalmente recomendable.<!-- R-CONTENT --><\/div> <span class=\"ti-read-more\" data-container=\".ti-review-content .ti-inner\" data-collapse-text=\"Ocultar\" data-open-text=\"Leer m\u00e1s\"><\/span> <\/div> <\/div> <\/div>  <div data-empty=\"0\" class=\"ti-review-item source-Google ti-image-layout-thumbnail\" data-id=\"cfcd208495d565ef66e7dff9f98764da\"> <div class=\"ti-inner\"> <div class=\"ti-review-header\"> <div class=\"ti-platform-icon ti-with-tooltip\"> <span class=\"ti-tooltip\">Publicado en <\/span> <trustindex-image data-imgurl=\"https:\/\/cdn.trustindex.io\/assets\/platform\/Google\/icon.svg\" alt=\"\" width=\"20\" height=\"20\" loading=\"lazy\"><\/trustindex-image> <\/div> <div class=\"ti-profile-img\"> <trustindex-image data-imgurl=\"https:\/\/lh3.googleusercontent.com\/a-\/ALV-UjWxFhYMbEzmXSt4uq_q8C1hYTHsXmE4Y_IoSbgaMogNDhrcfNjaHw=w40-h40-c-rp-mo-ba3-br100\" alt=\"Miquel Sanchez profile picture\" loading=\"lazy\"><\/trustindex-image> <\/div> <div class=\"ti-profile-details\"> <div class=\"ti-name\"> Miquel Sanchez <\/div> <div class=\"ti-date\">4. Junio, 2025.<\/div> <\/div> <\/div> <span class=\"ti-stars\"><trustindex-image class=\"ti-star\" data-imgurl=\"https:\/\/cdn.trustindex.io\/assets\/platform\/Google\/star\/f.svg\" alt=\"Google\" width=\"17\" height=\"17\" loading=\"lazy\"><\/trustindex-image><trustindex-image class=\"ti-star\" data-imgurl=\"https:\/\/cdn.trustindex.io\/assets\/platform\/Google\/star\/f.svg\" alt=\"Google\" width=\"17\" height=\"17\" loading=\"lazy\"><\/trustindex-image><trustindex-image class=\"ti-star\" data-imgurl=\"https:\/\/cdn.trustindex.io\/assets\/platform\/Google\/star\/f.svg\" alt=\"Google\" width=\"17\" height=\"17\" loading=\"lazy\"><\/trustindex-image><trustindex-image class=\"ti-star\" data-imgurl=\"https:\/\/cdn.trustindex.io\/assets\/platform\/Google\/star\/f.svg\" alt=\"Google\" width=\"17\" height=\"17\" loading=\"lazy\"><\/trustindex-image><trustindex-image class=\"ti-star\" data-imgurl=\"https:\/\/cdn.trustindex.io\/assets\/platform\/Google\/star\/f.svg\" alt=\"Google\" width=\"17\" height=\"17\" loading=\"lazy\"><\/trustindex-image><span class=\"ti-verified-review ti-verified-platform\"><span class=\"ti-verified-tooltip\">Trustindex verifica que la fuente original de la rese\u00f1a sea Google.<\/span><\/span><\/span> <div class=\"ti-review-content\"> <div class=\"ti-review-text-container ti-inner\"><!-- R-CONTENT -->Una experi\u00e8ncia muy interesante para aprender fotograf\u00eda y contrastar estilos y formas de afrontarla.<!-- R-CONTENT --><\/div> <span class=\"ti-read-more\" data-container=\".ti-review-content .ti-inner\" data-collapse-text=\"Ocultar\" data-open-text=\"Leer m\u00e1s\"><\/span> <\/div> <\/div> <\/div>  <div data-empty=\"0\" class=\"ti-review-item source-Google ti-image-layout-thumbnail\" data-id=\"cfcd208495d565ef66e7dff9f98764da\"> <div class=\"ti-inner\"> <div class=\"ti-review-header\"> <div class=\"ti-platform-icon ti-with-tooltip\"> <span class=\"ti-tooltip\">Publicado en <\/span> <trustindex-image data-imgurl=\"https:\/\/cdn.trustindex.io\/assets\/platform\/Google\/icon.svg\" alt=\"\" width=\"20\" height=\"20\" loading=\"lazy\"><\/trustindex-image> <\/div> <div class=\"ti-profile-img\"> <trustindex-image data-imgurl=\"https:\/\/lh3.googleusercontent.com\/a\/ACg8ocI1A18S1Mm0B5jKeK1ZFbtBM8NpjHfq6U5QClzj3VnHVz9Oxg=w40-h40-c-rp-mo-br100\" alt=\"Marc J Ferrer profile picture\" loading=\"lazy\"><\/trustindex-image> <\/div> <div class=\"ti-profile-details\"> <div class=\"ti-name\"> Marc J Ferrer <\/div> <div class=\"ti-date\">4. Junio, 2025.<\/div> <\/div> <\/div> <span class=\"ti-stars\"><trustindex-image class=\"ti-star\" data-imgurl=\"https:\/\/cdn.trustindex.io\/assets\/platform\/Google\/star\/f.svg\" alt=\"Google\" width=\"17\" height=\"17\" loading=\"lazy\"><\/trustindex-image><trustindex-image class=\"ti-star\" data-imgurl=\"https:\/\/cdn.trustindex.io\/assets\/platform\/Google\/star\/f.svg\" alt=\"Google\" width=\"17\" height=\"17\" loading=\"lazy\"><\/trustindex-image><trustindex-image class=\"ti-star\" data-imgurl=\"https:\/\/cdn.trustindex.io\/assets\/platform\/Google\/star\/f.svg\" alt=\"Google\" width=\"17\" height=\"17\" loading=\"lazy\"><\/trustindex-image><trustindex-image class=\"ti-star\" data-imgurl=\"https:\/\/cdn.trustindex.io\/assets\/platform\/Google\/star\/f.svg\" alt=\"Google\" width=\"17\" height=\"17\" loading=\"lazy\"><\/trustindex-image><trustindex-image class=\"ti-star\" data-imgurl=\"https:\/\/cdn.trustindex.io\/assets\/platform\/Google\/star\/f.svg\" alt=\"Google\" width=\"17\" height=\"17\" loading=\"lazy\"><\/trustindex-image><span class=\"ti-verified-review ti-verified-platform\"><span class=\"ti-verified-tooltip\">Trustindex verifica que la fuente original de la rese\u00f1a sea Google.<\/span><\/span><\/span> <div class=\"ti-review-content\"> <div class=\"ti-review-text-container ti-inner\"><!-- R-CONTENT -->Segon any amb la Fam\u00edlia de Date Cuenta i L\u2019experi\u00e8ncia segueix sent fant\u00e0stica. Professorat comprom\u00e8s i amb valors i uns companys espectaculars. Una forma diferent d\u2019aprendre fotografia i comprendre que el m\u00e9s important no \u00e9s el click.<!-- R-CONTENT --><\/div> <span class=\"ti-read-more\" data-container=\".ti-review-content .ti-inner\" data-collapse-text=\"Ocultar\" data-open-text=\"Leer m\u00e1s\"><\/span> <\/div> <\/div> <\/div>  <div data-empty=\"0\" class=\"ti-review-item source-Google ti-image-layout-thumbnail\" data-id=\"cfcd208495d565ef66e7dff9f98764da\"> <div class=\"ti-inner\"> <div class=\"ti-review-header\"> <div class=\"ti-platform-icon ti-with-tooltip\"> <span class=\"ti-tooltip\">Publicado en <\/span> <trustindex-image data-imgurl=\"https:\/\/cdn.trustindex.io\/assets\/platform\/Google\/icon.svg\" alt=\"\" width=\"20\" height=\"20\" loading=\"lazy\"><\/trustindex-image> <\/div> <div class=\"ti-profile-img\"> <trustindex-image data-imgurl=\"https:\/\/lh3.googleusercontent.com\/a-\/ALV-UjUmQJvUgwi_jVdNvC1IxtxR3v95sF_59nzgnKaAc9NQDjHbXv7M=w40-h40-c-rp-mo-br100\" alt=\"Nerea L\u00f3pez Aguirre profile picture\" loading=\"lazy\"><\/trustindex-image> <\/div> <div class=\"ti-profile-details\"> <div class=\"ti-name\"> Nerea L\u00f3pez Aguirre <\/div> <div class=\"ti-date\">20. Mayo, 2025.<\/div> <\/div> <\/div> <span class=\"ti-stars\"><trustindex-image class=\"ti-star\" data-imgurl=\"https:\/\/cdn.trustindex.io\/assets\/platform\/Google\/star\/f.svg\" alt=\"Google\" width=\"17\" height=\"17\" loading=\"lazy\"><\/trustindex-image><trustindex-image class=\"ti-star\" data-imgurl=\"https:\/\/cdn.trustindex.io\/assets\/platform\/Google\/star\/f.svg\" alt=\"Google\" width=\"17\" height=\"17\" loading=\"lazy\"><\/trustindex-image><trustindex-image class=\"ti-star\" data-imgurl=\"https:\/\/cdn.trustindex.io\/assets\/platform\/Google\/star\/f.svg\" alt=\"Google\" width=\"17\" height=\"17\" loading=\"lazy\"><\/trustindex-image><trustindex-image class=\"ti-star\" data-imgurl=\"https:\/\/cdn.trustindex.io\/assets\/platform\/Google\/star\/f.svg\" alt=\"Google\" width=\"17\" height=\"17\" loading=\"lazy\"><\/trustindex-image><trustindex-image class=\"ti-star\" data-imgurl=\"https:\/\/cdn.trustindex.io\/assets\/platform\/Google\/star\/f.svg\" alt=\"Google\" width=\"17\" height=\"17\" loading=\"lazy\"><\/trustindex-image><span class=\"ti-verified-review ti-verified-platform\"><span class=\"ti-verified-tooltip\">Trustindex verifica que la fuente original de la rese\u00f1a sea Google.<\/span><\/span><\/span> <div class=\"ti-review-content\"> <div class=\"ti-review-text-container ti-inner\"><!-- R-CONTENT -->Formarme en Date Cuenta ha sido una experiencia muy enriquecedora, los contenidos est\u00e1n cuidados con profundidad y detalle, el equipo docente acompa\u00f1a con una presencia cercana y valiosa ,y se nota el compromiso y sobre todo , con una forma distinta de mirar y estar, he cursado iluminaci\u00f3n y fotograf\u00eda avanzada de ma\u00f1ana y repetir\u00e9 el a\u00f1o que viene con otro curso seguro, lo aconsejo totalmente, y por supuesto se crean bonitos v\u00ednculos con los compa\u00f1eros.<!-- R-CONTENT --><\/div> <span class=\"ti-read-more\" data-container=\".ti-review-content .ti-inner\" data-collapse-text=\"Ocultar\" data-open-text=\"Leer m\u00e1s\"><\/span> <\/div> <\/div> <\/div>  <\/div> <div class=\"ti-load-more-reviews-container\"> <div class=\"ti-load-more-reviews-button\">Carga m\u00e1s<\/div> <\/div> <\/div>   <\/div> <\/div> <\/template><\/pre><div data-src=\"https:\/\/cdn.trustindex.io\/loader.js?wp-widget\" data-template-id=\"trustindex-google-widget-html\" data-css-url=\"https:\/\/www.datecuenta.org\/escuelalibre\/wp-content\/uploads\/trustindex-google-widget.css?1768318047\"><\/div><!\u2013- [et_pb_br_holder] -\u2013><!-- \/divi:shortcode --><\/pee><!-- [et_pb_line_break_holder] --><pee><!-- divi:image {\"id\":4030,\"width\":274,\"height\":3,\"sizeSlug\":\"large\"} --><\/pee>[\/et_pb_code][et_pb_text disabled_on=\u00bboff|off|off\u00bb _builder_version=\u00bb4.25.1&#8243; _module_preset=\u00bbdefault\u00bb text_line_height=\u00bb1.6em\u00bb header_2_font=\u00bbInter|900|||||||\u00bb header_2_font_size=\u00bb42px\u00bb header_2_line_height=\u00bb1.1em\u00bb header_3_font_size=\u00bb42px\u00bb header_3_line_height=\u00bb1.1em\u00bb custom_margin=\u00bb0px||12px||false|false\u00bb header_2_font_size_tablet=\u00bb38px\u00bb header_2_font_size_phone=\u00bb29px\u00bb header_2_font_size_last_edited=\u00bbon|phone\u00bb header_2_line_height_tablet=\u00bb1.1em\u00bb header_2_line_height_phone=\u00bb1.1em\u00bb header_2_line_height_last_edited=\u00bbon|desktop\u00bb header_3_font_size_tablet=\u00bb38px\u00bb header_3_font_size_phone=\u00bb29px\u00bb header_3_font_size_last_edited=\u00bbon|phone\u00bb global_colors_info=\u00bb{}\u00bb]<\/p>\n<h3>\u00bfLO TIENES CLARO?<span style=\"color: #988cbe;\"> \u00a1RESERVA YA TU PLAZA!<\/span><\/h3>\n<p>[\/et_pb_text][et_pb_text _builder_version=\u00bb4.25.1&#8243; _module_preset=\u00bbdefault\u00bb custom_padding=\u00bb||0px|||\u00bb global_colors_info=\u00bb{}\u00bb]<\/p>\n<div class=\"wpforms-container wpforms-container-full\" id=\"wpforms-6624\"><form id=\"wpforms-form-6624\" class=\"wpforms-validate wpforms-form wpforms-ajax-form\" data-formid=\"6624\" method=\"post\" enctype=\"multipart\/form-data\" action=\"\/escuelalibre\/wp-json\/wp\/v2\/pages\/3428\" data-token=\"ec69750af9600d97e0191aca0d17a8dd\" data-token-time=\"1777194292\"><noscript class=\"wpforms-error-noscript\">Por favor, activa JavaScript en tu navegador para completar este formulario.<\/noscript><div class=\"wpforms-field-container\"><div id=\"wpforms-6624-field_1-container\" class=\"wpforms-field wpforms-field-text\" data-field-id=\"1\"><label class=\"wpforms-field-label\" for=\"wpforms-6624-field_1\">Tu nombre y apellidos <span class=\"wpforms-required-label\">*<\/span><\/label><input type=\"text\" id=\"wpforms-6624-field_1\" class=\"wpforms-field-medium wpforms-field-required\" name=\"wpforms[fields][1]\" required><\/div><div id=\"wpforms-6624-field_3-container\" class=\"wpforms-field wpforms-field-email\" data-field-id=\"3\"><label class=\"wpforms-field-label\" for=\"wpforms-6624-field_3\">Correo electr\u00f3nico <span class=\"wpforms-required-label\">*<\/span><\/label><input type=\"email\" id=\"wpforms-6624-field_3\" class=\"wpforms-field-medium wpforms-field-required\" name=\"wpforms[fields][3]\" spellcheck=\"false\" required><\/div><div id=\"wpforms-6624-field_7-container\" class=\"wpforms-field wpforms-field-number\" data-field-id=\"7\"><label class=\"wpforms-field-label\" for=\"wpforms-6624-field_7\">Tel\u00e9fono de contacto <span class=\"wpforms-required-label\">*<\/span><\/label><input type=\"number\" id=\"wpforms-6624-field_7\" class=\"wpforms-field-medium wpforms-field-required\" name=\"wpforms[fields][7]\" step=\"any\" required><\/div><div id=\"wpforms-6624-field_5-container\" class=\"wpforms-field wpforms-field-select wpforms-field-select-style-classic\" data-field-id=\"5\"><label class=\"wpforms-field-label\" for=\"wpforms-6624-field_5\">Curso al que me inscribo <span class=\"wpforms-required-label\">*<\/span><\/label><select id=\"wpforms-6624-field_5\" class=\"wpforms-field-medium wpforms-field-required\" name=\"wpforms[fields][5]\" required=\"required\"><option value=\"Iniciaci\u00f3n a la fotograf\u00eda  (lunes 10-12)\"  class=\"choice-1 depth-1\"  >Iniciaci\u00f3n a la fotograf\u00eda  (lunes 10-12)<\/option><option value=\"Iniciaci\u00f3n a la fotograf\u00eda (lunes 18:50-20:50)\"  class=\"choice-2 depth-1\"  >Iniciaci\u00f3n a la fotograf\u00eda (lunes 18:50-20:50)<\/option><option value=\"Iniciaci\u00f3n a la fotograf\u00eda (martes 18:50-20:50)\"  class=\"choice-3 depth-1\"  >Iniciaci\u00f3n a la fotograf\u00eda (martes 18:50-20:50)<\/option><option value=\"Fotograf\u00eda avanzada (martes 10-12)\"  class=\"choice-4 depth-1\"  >Fotograf\u00eda avanzada (martes 10-12)<\/option><option value=\"Fotograf\u00eda avanzada (martes 18:50-20:50)\"  class=\"choice-5 depth-1\"  >Fotograf\u00eda avanzada (martes 18:50-20:50)<\/option><option value=\"Iluminaci\u00f3n en estudio y exterior (jueves 19-21)\"  class=\"choice-6 depth-1\"  >Iluminaci\u00f3n en estudio y exterior (jueves 19-21)<\/option><option value=\"Profesionalizaci\u00f3n en fotograf\u00eda (martes 16:50-18:50)\"  class=\"choice-11 depth-1\"  >Profesionalizaci\u00f3n en fotograf\u00eda (martes 16:50-18:50)<\/option><option value=\"Fotograf\u00eda documental y reportaje audiovisual (lunes 10-12)\"  class=\"choice-7 depth-1\"  >Fotograf\u00eda documental y reportaje audiovisual (lunes 10-12)<\/option><option value=\"Fotograf\u00eda documental y reportaje audiovisual (lunes 18:50-20:50)\"  class=\"choice-8 depth-1\"  >Fotograf\u00eda documental y reportaje audiovisual (lunes 18:50-20:50)<\/option><option value=\"Fotograf\u00eda art\u00edstica (martes 10-12)\"  class=\"choice-9 depth-1\"  >Fotograf\u00eda art\u00edstica (martes 10-12)<\/option><option value=\"Fotograf\u00eda art\u00edstica (martes 18:50-20:50)\"  class=\"choice-10 depth-1\"  >Fotograf\u00eda art\u00edstica (martes 18:50-20:50)<\/option><\/select><\/div><div id=\"wpforms-6624-field_6-container\" class=\"wpforms-field wpforms-field-checkbox\" data-field-id=\"6\"><label class=\"wpforms-field-label\">Horario (por favor, especifica) <span class=\"wpforms-required-label\">*<\/span><\/label><ul id=\"wpforms-6624-field_6\" class=\"wpforms-field-required\"><li class=\"choice-1 depth-1\"><input type=\"checkbox\" id=\"wpforms-6624-field_6_1\" name=\"wpforms[fields][6][]\" value=\"Solo puedo en el horario indicado\" required ><label class=\"wpforms-field-label-inline\" for=\"wpforms-6624-field_6_1\">Solo puedo en el horario indicado<\/label><\/li><li class=\"choice-2 depth-1\"><input type=\"checkbox\" id=\"wpforms-6624-field_6_2\" name=\"wpforms[fields][6][]\" value=\"Puedo adaptar mi horario\" required ><label class=\"wpforms-field-label-inline\" for=\"wpforms-6624-field_6_2\">Puedo adaptar mi horario<\/label><\/li><\/ul><\/div><div id=\"wpforms-6624-field_8-container\" class=\"wpforms-field wpforms-field-checkbox\" data-field-id=\"8\"><ul id=\"wpforms-6624-field_8\" class=\"wpforms-field-required\"><li class=\"choice-1 depth-1\"><input type=\"checkbox\" id=\"wpforms-6624-field_8_1\" name=\"wpforms[fields][8][]\" value=\"He le\u00eddo y acepto la pol\u00edtica de privacidad y la normativa de inscripciones\" required ><label class=\"wpforms-field-label-inline\" for=\"wpforms-6624-field_8_1\">He le\u00eddo y acepto la pol\u00edtica de privacidad y la normativa de inscripciones<\/label><\/li><\/ul><\/div><\/div><!-- .wpforms-field-container --><div class=\"wpforms-submit-container\" ><input type=\"hidden\" name=\"wpforms[id]\" value=\"6624\"><input type=\"hidden\" name=\"page_title\" value=\"\"><input type=\"hidden\" name=\"page_url\" value=\"https:\/\/www.datecuenta.org\/escuelalibre\/wp-json\/wp\/v2\/pages\/3428\"><input type=\"hidden\" name=\"url_referer\" value=\"https:\/\/www.datecuenta.org\/escuelalibre\/curso-de-iluminacion-en-estudio\/\"><button type=\"submit\" name=\"wpforms[submit]\" id=\"wpforms-submit-6624\" class=\"wpforms-submit\" data-alt-text=\"Enviando...\" data-submit-text=\"Enviar\" aria-live=\"assertive\" value=\"wpforms-submit\">Enviar<\/button><img loading=\"lazy\" decoding=\"async\" src=\"https:\/\/www.datecuenta.org\/escuelalibre\/wp-content\/plugins\/wpforms-lite\/assets\/images\/submit-spin.svg\" class=\"wpforms-submit-spinner\" style=\"display: none;\" width=\"26\" height=\"26\" alt=\"Cargando\"><\/div><\/form><\/div>  <!-- .wpforms-container -->\n<p>[\/et_pb_text][et_pb_text disabled_on=\u00bboff|off|off\u00bb _builder_version=\u00bb4.16&#8243; _module_preset=\u00bbdefault\u00bb text_line_height=\u00bb1.6em\u00bb header_2_font=\u00bbInter|900|||||||\u00bb header_2_font_size=\u00bb42px\u00bb header_2_line_height=\u00bb1.1em\u00bb header_3_font_size=\u00bb42px\u00bb header_3_line_height=\u00bb1.1em\u00bb custom_margin=\u00bb0px||12px||false|false\u00bb header_2_font_size_tablet=\u00bb38px\u00bb header_2_font_size_phone=\u00bb29px\u00bb header_2_font_size_last_edited=\u00bbon|phone\u00bb header_2_line_height_tablet=\u00bb1.1em\u00bb header_2_line_height_phone=\u00bb1.1em\u00bb header_2_line_height_last_edited=\u00bbon|desktop\u00bb header_3_font_size_tablet=\u00bb38px\u00bb header_3_font_size_phone=\u00bb29px\u00bb header_3_font_size_last_edited=\u00bbon|phone\u00bb global_colors_info=\u00bb{}\u00bb]<\/p>\n<h3>\u00bfTIENES DUDAS?<\/h3>\n<p>[\/et_pb_text][et_pb_text _builder_version=\u00bb4.16&#8243; _module_preset=\u00bbdefault\u00bb text_font_size=\u00bb19px\u00bb text_line_height=\u00bb1.6em\u00bb header_2_font=\u00bbInter|900|||||||\u00bb header_2_font_size=\u00bb42px\u00bb header_3_font_size=\u00bb32px\u00bb custom_margin=\u00bb||62px||false|false\u00bb global_colors_info=\u00bb{}\u00bb]<\/p>\n<p>No te cortes, <a href=\"https:\/\/www.datecuenta.org\/escuelalibre\/contacta\/\">\u00a1Cont\u00e1ctanos!<\/a><\/p>\n<p>[\/et_pb_text][et_pb_video src=\u00bbhttps:\/\/youtu.be\/JZxr7cQdneQ\u00bb _builder_version=\u00bb4.16&#8243; _module_preset=\u00bbdefault\u00bb custom_margin=\u00bb||86px||false|false\u00bb custom_margin_tablet=\u00bb||86px||false|false\u00bb custom_margin_phone=\u00bb||60px||false|false\u00bb custom_margin_last_edited=\u00bbon|phone\u00bb global_colors_info=\u00bb{}\u00bb][\/et_pb_video][et_pb_text disabled_on=\u00bboff|off|off\u00bb _builder_version=\u00bb4.25.1&#8243; _module_preset=\u00bbdefault\u00bb text_line_height=\u00bb1.6em\u00bb header_2_font=\u00bbInter|900|||||||\u00bb header_2_font_size=\u00bb42px\u00bb header_2_line_height=\u00bb1.1em\u00bb header_3_font_size=\u00bb42px\u00bb header_3_line_height=\u00bb1.1em\u00bb custom_margin=\u00bb0px||12px||false|false\u00bb header_2_font_size_tablet=\u00bb38px\u00bb header_2_font_size_phone=\u00bb29px\u00bb header_2_font_size_last_edited=\u00bbon|phone\u00bb header_2_line_height_tablet=\u00bb1.1em\u00bb header_2_line_height_phone=\u00bb1.1em\u00bb header_2_line_height_last_edited=\u00bbon|desktop\u00bb header_3_font_size_tablet=\u00bb38px\u00bb header_3_font_size_phone=\u00bb29px\u00bb header_3_font_size_last_edited=\u00bbon|phone\u00bb global_colors_info=\u00bb{}\u00bb]<\/p>\n<h3>LOS CURSOS<span style=\"color: #988cbe;\"> 2025\/2026<\/span>:<\/h3>\n<p>[\/et_pb_text][et_pb_text _builder_version=\u00bb4.25.1&#8243; _module_preset=\u00bbdefault\u00bb text_font_size=\u00bb19px\u00bb text_line_height=\u00bb1.6em\u00bb header_2_font=\u00bbInter|900|||||||\u00bb header_2_font_size=\u00bb42px\u00bb header_3_font_size=\u00bb32px\u00bb custom_margin=\u00bb||12px||false|false\u00bb global_colors_info=\u00bb{}\u00bb]<\/p>\n<ul>\n<li><span style=\"color: #96305b;\"><a href=\"http:\/\/www.datecuenta.org\/escuelalibre\/curso-iniciacion-fotografia\/\" style=\"color: #988cbe;\">Curso de iniciaci\u00f3n a la fotograf\u00eda<\/a><\/span><\/li>\n<li><span style=\"color: #988cbe;\"><a href=\"http:\/\/www.datecuenta.org\/escuelalibre\/curso-avanzado-fotografia\/\" style=\"color: #988cbe;\">Curso avanzado de fotograf\u00eda<\/a><\/span><\/li>\n<li><span style=\"color: #988cbe;\"><a href=\"https:\/\/www.datecuenta.org\/escuelalibre\/curso-fotografia-profesional\/\" target=\"_blank\" rel=\"noreferrer noopener\" style=\"color: #988cbe;\">Curso de proyectos de fotograf\u00eda profesional<\/a><\/span><\/li>\n<li><span style=\"color: #988cbe;\"><a href=\"https:\/\/www.datecuenta.org\/escuelalibre\/curso-fotografia-documental\/\" target=\"_blank\" rel=\"noreferrer noopener\" style=\"color: #988cbe;\">Curso de fotograf\u00eda documental y reportaje audiovisual<\/a><\/span><\/li>\n<li><span style=\"color: #ff9900;\"><a href=\"https:\/\/www.datecuenta.org\/escuelalibre\/curso-fotografia-artistica\/\" target=\"_blank\" rel=\"noreferrer noopener\" style=\"color: #988cbe;\"><span style=\"color: #988cbe;\">Curso de fotograf\u00eda art\u00edstica<\/span><\/a><\/span><\/li>\n<\/ul>\n<p>[\/et_pb_text][et_pb_image src=\u00bbhttp:\/\/www.datecuenta.org\/escuelalibre\/wp-content\/uploads\/2025\/05\/plan-pedagogico-escuela-datecuenta-2025-26.jpg\u00bb alt=\u00bbPlan formativo curso 2025 2026 Escuela DateCuenta\u00bb title_text=\u00bbplan-pedagogico-escuela-datecuenta-2025-26&#8243; align=\u00bbcenter\u00bb force_fullwidth=\u00bbon\u00bb _builder_version=\u00bb4.25.1&#8243; _module_preset=\u00bbdefault\u00bb global_colors_info=\u00bb{}\u00bb][\/et_pb_image][et_pb_text _builder_version=\u00bb4.16&#8243; _module_preset=\u00bbdefault\u00bb text_font_size=\u00bb19px\u00bb text_line_height=\u00bb1.6em\u00bb header_2_font=\u00bbInter|900|||||||\u00bb header_2_font_size=\u00bb42px\u00bb header_3_font_size=\u00bb32px\u00bb custom_margin=\u00bb||12px||false|false\u00bb custom_padding=\u00bb||0px|||\u00bb global_colors_info=\u00bb{}\u00bb]<\/p>\n<p><em>Plan formativo de la escuela DateCuenta<\/em><\/p>\n<p>[\/et_pb_text][et_pb_code _builder_version=\u00bb4.16&#8243; _module_preset=\u00bbdefault\u00bb global_colors_info=\u00bb{}\u00bb][\/et_pb_code][\/et_pb_column][\/et_pb_row][\/et_pb_section]<\/p>\n","protected":false},"excerpt":{"rendered":"<p>Un curso de iluminaci\u00f3n en estudio y exterior para llevar tus fotograf\u00edas al siguiente nivel. 100% presencial, pr\u00e1ctico y a precio social.<\/p>\n","protected":false},"author":1001002,"featured_media":7397,"parent":0,"menu_order":0,"comment_status":"closed","ping_status":"closed","template":"","meta":{"_et_pb_use_builder":"on","_et_pb_old_content":"<!-- wp:heading -->\n<h2><strong><em><span class=\"has-inline-color has-black-color\">Un curso de iluminaci\u00f3n en estudio y exterior para llevar tus fotograf\u00edas al siguiente nivel<\/span><\/em><\/strong><\/h2>\n<!-- \/wp:heading -->\n\n<!-- wp:columns -->\n<div class=\"wp-block-columns\"><!-- wp:column -->\n<div class=\"wp-block-column\"><!-- wp:paragraph -->\n<p>\u00bfPor qu\u00e9 un <strong>curso de iluminaci\u00f3n<\/strong>? La etimolog\u00eda de la palabra \"fotograf\u00eda\" ya nos explica lo importante que es el dominio de la luz para tener unos buenos resultados: \"fotograf\u00eda\" significa \"el dibujo de la luz\".<\/p>\n<!-- \/wp:paragraph -->\n\n<!-- wp:paragraph -->\n<p>La <strong>comprensi\u00f3n de la iluminaci\u00f3n<\/strong> (que se observa en los esquemas de la naturaleza y se aprende a controlar en nuestro<strong> estudio fotogr\u00e1fico<\/strong>) asegura a los fot\u00f3grafos el \u00e9xito en sus trabajos profesionales. Da igual que un profesional de la fotograf\u00eda lo sea en el mundo documental (<strong>fotoperiodista<\/strong>), en el mundo social (<strong>reportajes <\/strong>de bodas y estudio fotogr\u00e1fico) o en el mundo comercial (<strong>fotograf\u00eda publicitaria<\/strong>). Sea cual sea su especialidad,<strong> la iluminaci\u00f3n es un conocimiento transversal<\/strong> que deber\u00eda dominar.<\/p>\n<!-- \/wp:paragraph -->\n\n<!-- wp:paragraph -->\n<p>Hemos dise\u00f1ado este curso con un temario completamente pr\u00e1ctico e interactivo. Trabajaremos, sobre todo, en un <strong>estudio fotogr\u00e1fico con material completo de iluminaci\u00f3n<\/strong>, pero tambi\u00e9n realizaremos pr\u00e1cticas en el exterior y localizaciones (la calle, un comercio, un piso, un teatro, etc.), con y sin <strong>fuentes de iluminaci\u00f3n artificiales<\/strong>.<\/p>\n<!-- \/wp:paragraph -->\n\n<!-- wp:paragraph -->\n<p>El objetivo del curso es que el alumnado supere las dudas de la iluminaci\u00f3n y pueda exprimir todo el potencial t\u00e9cnico y expresivo que tiene para desarrollar sus propios proyectos profesionales.<\/p>\n<!-- \/wp:paragraph -->\n\n<!-- wp:paragraph -->\n<p>El docente puede adaptar el temario seg\u00fan las necesidades del grupo. Para realizar este curso, el alumno debe tener un conocimiento medio o avanzado de la t\u00e9cnica fotogr\u00e1fica.<\/p>\n<!-- \/wp:paragraph -->\n\n<!-- wp:image {\"id\":4566,\"sizeSlug\":\"large\",\"linkDestination\":\"custom\"} -->\n<figure class=\"wp-block-image size-large\"><a href=\"https:\/\/www.datecuenta.org\/escuelalibre\/inscripciones\/\" target=\"_blank\" rel=\"noopener\"><img src=\"http:\/\/www.datecuenta.org\/escuelalibre\/wp-content\/uploads\/2021\/05\/quiero-inscribirme-escuela-fotografia-datecuenta.jpg\" alt=\"inscripcion a un curso fotografia escuela datecuenta\" class=\"wp-image-4566\"\/><\/a><\/figure>\n<!-- \/wp:image -->\n\n<!-- wp:heading -->\n<h2><strong><em><span class=\"has-inline-color has-black-color\">Datos del curso de iluminaci\u00f3n en estudio y en exterior:<\/span><\/em><\/strong><\/h2>\n<!-- \/wp:heading -->\n\n<!-- wp:list -->\n<ul><li><strong>Duraci\u00f3n<\/strong>: 60 horas lectivas (es aconsejable dedicarle m\u00e1s horas para consolidar lo que expliquemos en clase) distribuidas en 7 meses y medio (desde octubre 2021 a junio 2022)<\/li><li><strong>Metodolog\u00eda<\/strong>: 100% pr\u00e1ctico y presencial <\/li><li>Horario: <strong>jueves de 19 a 21h.<\/strong> + 3 s\u00e1bados (<a href=\"http:\/\/www.datecuenta.org\/escuelalibre\/calendario-2\/\">consulta aqu\u00ed el calendario)<\/a><\/li><li><strong>Lugar<\/strong>: en el estudio fotogr\u00e1fico situado en Viladomat, 255 y en localizaciones puntuales en Barcelona<\/li><li><strong>Grupos reducidos<\/strong>: de hasta 8 personas<\/li><li><strong>Docente<\/strong>: D\u00eddac Salau <a href=\"http:\/\/www.datecuenta.org\/escuelalibre\/equipo-docente\/\">(consulta aqu\u00ed su curriculum y trayectoria docente)<\/a><\/li><li>Precio: 465 euros (<a href=\"http:\/\/www.datecuenta.org\/escuelalibre\/inscripciones\/\">consulta aqu\u00ed formas de pago e inscripci\u00f3n<\/a>)<\/li><\/ul>\n<!-- \/wp:list -->\n\n<!-- wp:embed {\"url\":\"https:\/\/www.youtube.com\/watch?v=Qm37jN7i62A\",\"type\":\"video\",\"providerNameSlug\":\"youtube\",\"responsive\":true,\"className\":\"wp-embed-aspect-16-9 wp-has-aspect-ratio\"} -->\n<figure class=\"wp-block-embed is-type-video is-provider-youtube wp-block-embed-youtube wp-embed-aspect-16-9 wp-has-aspect-ratio\"><div class=\"wp-block-embed__wrapper\">\nhttps:\/\/www.youtube.com\/watch?v=Qm37jN7i62A\n<\/div><figcaption>Gran parte de nuestro curso de iluminaci\u00f3n se impartir\u00e1 en nuestro estudio fotogr\u00e1fico colaborador, situado en la calle Viladomat, 255<\/figcaption><\/figure>\n<!-- \/wp:embed -->\n\n<!-- wp:heading -->\n<h2><strong><em><span class=\"has-inline-color has-black-color\">Temario del curso de iluminaci\u00f3n en <\/span><\/em><\/strong><em><strong><span class=\"has-inline-color has-black-color\">fotograf\u00ed<\/span><\/strong>a:<\/em><\/h2>\n<!-- \/wp:heading -->\n\n<!-- wp:paragraph -->\n<p>Nuestro <strong>curso de iluminaci\u00f3n en estudio y en exterior <\/strong>est\u00e1 dise\u00f1ado seg\u00fan nuestra experiencia de ense\u00f1anza y busca que cada alumna pueda entender y dominar la iluminaci\u00f3n en estudio para aplicarlo a sus proyectos art\u00edsticos o comerciales.<\/p>\n<!-- \/wp:paragraph -->\n\n<!-- wp:paragraph -->\n<p><strong><em>1. Conceptos generales de la iluminaci\u00f3n en estudio y en exterior (8 horas):<\/em><\/strong><\/p>\n<!-- \/wp:paragraph -->\n\n<!-- wp:list -->\n<ul><li><strong>Intensidad de la fuente de luz<\/strong> y <strong>f\u00edsica de la iluminaci\u00f3n aplicada a la fotograf\u00eda<\/strong><\/li><li>Direcci\u00f3n y calidad de la luz<\/li><li>Jerarqu\u00eda de la iluminaci\u00f3n: cantidad e importancia de las fuentes de luz<\/li><li><strong>Estudio fotogr\u00e1fico<\/strong>: tipos de fuentes de iluminaci\u00f3n y accesorios<\/li><\/ul>\n<!-- \/wp:list -->\n\n<!-- wp:image {\"id\":4092,\"sizeSlug\":\"large\"} -->\n<figure class=\"wp-block-image size-large\"><img src=\"https:\/\/www.datecuenta.org\/escuelalibre\/wp-content\/uploads\/2020\/06\/curso-de-iluminacion-barcelona-economico-2-moda-editorial.jpg\" alt=\"curso de iluminacion en estudio y exterior Barcelona\" class=\"wp-image-4092\"\/><figcaption>Ejercicio de iluminaci\u00f3n en fotograf\u00eda de moda al actor Toni Castro | FOTO: Andr\u00e9s Garc\u00eda<\/figcaption><\/figure>\n<!-- \/wp:image -->\n\n<!-- wp:paragraph -->\n<p><strong><em>2. Iluminaci\u00f3n aplicada a la fotograf\u00eda de retrato, en estudio fotogr\u00e1fico y en localizaci\u00f3n (20 horas):<\/em><\/strong><\/p>\n<!-- \/wp:paragraph -->\n\n<!-- wp:list -->\n<ul><li><strong>T\u00e9cnicas de iluminaci\u00f3n en retrato<\/strong><\/li><li>Estudio de la fisonom\u00eda y de la <strong>iluminaci\u00f3n emocional<\/strong><\/li><li>Iluminaci\u00f3n en <strong>retrato social, corporativo o documental<\/strong><\/li><li>Iluminaci\u00f3n en <strong>retrato de belleza, moda o desnudo<\/strong>. El maquillaje, la peluquer\u00eda, el estilismo y el asistente<\/li><li><strong>Esquemas de iluminaci\u00f3n<\/strong> m\u00e1s \u00fatiles para resolver fotograf\u00edas<\/li><li>Proyecto de retrato con la participaci\u00f3n de un\/a modelo<\/li><\/ul>\n<!-- \/wp:list -->\n\n<!-- wp:image {\"id\":4093,\"sizeSlug\":\"large\"} -->\n<figure class=\"wp-block-image size-large\"><img src=\"https:\/\/www.datecuenta.org\/escuelalibre\/wp-content\/uploads\/2020\/06\/curso-de-iluminacion-barcelona-economico-1-bodegon.jpg\" alt=\"curso de iluminacion en estudio y exterior Barcelona\" class=\"wp-image-4093\"\/><figcaption>Iluminaci\u00f3n aplicada a los objetos especulares | FOTO: Isabel Eudal<\/figcaption><\/figure>\n<!-- \/wp:image -->\n\n<!-- wp:paragraph -->\n<p><strong><em>3. Iluminaci\u00f3n aplicada al bodeg\u00f3n, en estudio fotogr\u00e1fico y en localizaci\u00f3n (10 horas):<\/em><\/strong><\/p>\n<!-- \/wp:paragraph -->\n\n<!-- wp:list -->\n<ul><li><strong>T\u00e9cnicas de iluminaci\u00f3n en objetos opacos<\/strong><\/li><li><strong>T\u00e9cnicas de iluminaci\u00f3n en objetos transparentes, transl\u00facidos y especulares<\/strong><\/li><li>Observaci\u00f3n de autores cl\u00e1sicos y contempor\u00e1neos del bodeg\u00f3n art\u00edstico: del bodeg\u00f3n barroco al bodeg\u00f3n conceptual<\/li><li>T\u00e9cnicas de postproducci\u00f3n digital en el bodeg\u00f3n publicitario<\/li><li><strong>Proyecto de bodeg\u00f3n art\u00edstico personal o publicitario colaborando con una marca real<\/strong><\/li><\/ul>\n<!-- \/wp:list -->\n\n<!-- wp:paragraph -->\n<p><strong><em>4. Iluminaci\u00f3n de interiores (6 horas):<\/em><\/strong><\/p>\n<!-- \/wp:paragraph -->\n\n<!-- wp:list -->\n<ul><li>Introducci\u00f3n a la<strong> fotograf\u00eda de espacios interiores<\/strong><\/li><li><strong>Fotograf\u00eda inmobiliaria<\/strong><\/li><li>T\u00e9cnica de iluminaci\u00f3n de espacios<\/li><li><strong>Ejercicio de iluminaci\u00f3n de un espacio interior<\/strong><\/li><\/ul>\n<!-- \/wp:list -->\n\n<!-- wp:image {\"id\":4094,\"sizeSlug\":\"large\"} -->\n<figure class=\"wp-block-image size-large\"><img src=\"https:\/\/www.datecuenta.org\/escuelalibre\/wp-content\/uploads\/2020\/06\/curso-de-iluminacion-barcelona-economico-3-desnudo.jpg\" alt=\"curso de iluminacion en estudio y exterior Barcelona\" class=\"wp-image-4094\"\/><figcaption>Imagen del proyecto final 'Toxicidad imprescindible', que puedes ver completo en la web <a href=\"https:\/\/nuevanormalidad.datecuenta.org\" target=\"_blank\" rel=\"noreferrer noopener\">Nueva anormalidad<\/a> | FOTO: Julio Izquierdo<\/figcaption><\/figure>\n<!-- \/wp:image -->\n\n<!-- wp:paragraph -->\n<p><\/p>\n<!-- \/wp:paragraph -->\n\n<!-- wp:image {\"id\":4566,\"sizeSlug\":\"large\",\"linkDestination\":\"custom\"} -->\n<figure class=\"wp-block-image size-large\"><a href=\"https:\/\/www.datecuenta.org\/escuelalibre\/inscripciones\/\" target=\"_blank\" rel=\"noopener\"><img src=\"http:\/\/www.datecuenta.org\/escuelalibre\/wp-content\/uploads\/2021\/05\/quiero-inscribirme-escuela-fotografia-datecuenta.jpg\" alt=\"inscripcion a un curso fotografia escuela datecuenta\" class=\"wp-image-4566\"\/><\/a><\/figure>\n<!-- \/wp:image -->\n\n<!-- wp:paragraph -->\n<p>5.<em> <strong>Proyecto grupal de iluminaci\u00f3n en estudio o exteriores<\/strong><\/em><strong><em> (8 horas)<\/em>:<\/strong> <\/p>\n<!-- \/wp:paragraph -->\n\n<!-- wp:paragraph -->\n<p>Puesta en pr\u00e1ctica de todo lo aprendido y realizaci\u00f3n de un peque\u00f1o proyecto en grupo ideado en el aula<\/p>\n<!-- \/wp:paragraph -->\n\n<!-- wp:paragraph -->\n<p><strong><em>6. Actividades complementarias (8 horas)<\/em><\/strong>:<\/p>\n<!-- \/wp:paragraph -->\n\n<!-- wp:list -->\n<ul><li>Masterclass con profesionales del \u00e1mbito de la fotograf\u00eda art\u00edstica<\/li><li>Masterclass con profesionales del \u00e1mbito del cine documental o el fotoperiodismo<\/li><li>Masterclass con profesionales del periodismo y la comunicaci\u00f3n<\/li><li>Salida a imprenta\/laboratorio o exposici\u00f3n fotogr\u00e1fica<\/li><\/ul>\n<!-- \/wp:list -->\n\n<!-- wp:embed {\"url\":\"https:\/\/www.youtube.com\/watch?v=Oa9iimaJ3xs\",\"type\":\"video\",\"providerNameSlug\":\"youtube\",\"responsive\":true,\"className\":\"wp-embed-aspect-16-9 wp-has-aspect-ratio\"} -->\n<figure class=\"wp-block-embed is-type-video is-provider-youtube wp-block-embed-youtube wp-embed-aspect-16-9 wp-has-aspect-ratio\"><div class=\"wp-block-embed__wrapper\">\nhttps:\/\/www.youtube.com\/watch?v=Oa9iimaJ3xs\n<\/div><figcaption><em>La fot\u00f3grafa de El Pa\u00eds Semanal y Vogue Sof\u00eda Moro visit\u00f3 nuestra escuela el pasado 2016.<\/em><br><em>Nos ense\u00f1\u00f3 mucho sobre el arte del retrato documental<\/em><\/figcaption><\/figure>\n<!-- \/wp:embed --><\/div>\n<!-- \/wp:column -->\n\n<!-- wp:column -->\n<div class=\"wp-block-column\"><!-- wp:image {\"id\":4030,\"width\":274,\"height\":3,\"sizeSlug\":\"large\"} -->\n<figure class=\"wp-block-image size-large is-resized\"><img src=\"https:\/\/www.datecuenta.org\/escuelalibre\/wp-content\/uploads\/2020\/06\/00.png\" alt=\"\" class=\"wp-image-4030\" width=\"274\" height=\"3\"\/><\/figure>\n<!-- \/wp:image -->\n\n<!-- wp:heading {\"style\":{\"color\":{\"text\":\"#75b634\"}}} -->\n<h2 class=\"has-text-color\" style=\"color:#75b634\"><strong><em><span class=\"has-inline-color has-black-color\">\u00bfQu\u00e9 dicen de nuestro curso de iluminaci\u00f3n en estudio?<\/span><\/em><\/strong><\/h2>\n<!-- \/wp:heading -->\n\n<!-- wp:shortcode -->\n[trustindex no-registration=google]\n<!-- \/wp:shortcode -->\n\n<!-- wp:paragraph -->\n<p>M\u00e1s rese\u00f1as en <a href=\"https:\/\/www.google.com\/search?client=firefox-b-d&amp;q=google+reviews+escuela+datecuenta#lrd=0x12a4a3a827c4a30f:0x18f3ce31d5594f92,1,,,\" target=\"_blank\" rel=\"noreferrer noopener\">Google<\/a>.<\/p>\n<!-- \/wp:paragraph -->\n\n<!-- wp:image {\"id\":4030,\"width\":274,\"height\":3,\"sizeSlug\":\"large\"} -->\n<figure class=\"wp-block-image size-large is-resized\"><img src=\"https:\/\/www.datecuenta.org\/escuelalibre\/wp-content\/uploads\/2020\/06\/00.png\" alt=\"\" class=\"wp-image-4030\" width=\"274\" height=\"3\"\/><\/figure>\n<!-- \/wp:image -->\n\n<!-- wp:heading {\"level\":3,\"style\":{\"color\":{\"text\":\"#75b634\"}}} -->\n<h3 class=\"has-text-color\" style=\"color:#75b634\"><strong><em><span class=\"has-inline-color has-black-color\">\u00bfLo tienes claro? \u00a1Reserva ya tu plaza!<\/span><\/em><\/strong><\/h3>\n<!-- \/wp:heading -->\n\n<!-- wp:shortcode -->\n[contact-form-7 id=\"389\" title=\"Formulario de contacto 1\"]\n<!-- \/wp:shortcode -->\n\n<!-- wp:image {\"id\":4030,\"width\":274,\"height\":3,\"sizeSlug\":\"large\"} -->\n<figure class=\"wp-block-image size-large is-resized\"><img src=\"https:\/\/www.datecuenta.org\/escuelalibre\/wp-content\/uploads\/2020\/06\/00.png\" alt=\"\" class=\"wp-image-4030\" width=\"274\" height=\"3\"\/><\/figure>\n<!-- \/wp:image -->\n\n<!-- wp:heading {\"level\":3,\"style\":{\"color\":{\"text\":\"#75b634\"}}} -->\n<h3 class=\"has-text-color\" style=\"color:#75b634\"><strong><em><span class=\"has-inline-color has-black-color\">\u00bfTienes dudas? <\/span><\/em><\/strong><\/h3>\n<!-- \/wp:heading -->\n\n<!-- wp:paragraph -->\n<p>No te cortes, <a href=\"https:\/\/www.datecuenta.org\/escuelalibre\/contacta\/\">\u00a1cont\u00e1ctanos!<\/a><\/p>\n<!-- \/wp:paragraph -->\n\n<!-- wp:image {\"id\":4030,\"width\":274,\"height\":3,\"sizeSlug\":\"large\"} -->\n<figure class=\"wp-block-image size-large is-resized\"><img src=\"https:\/\/www.datecuenta.org\/escuelalibre\/wp-content\/uploads\/2020\/06\/00.png\" alt=\"\" class=\"wp-image-4030\" width=\"274\" height=\"3\"\/><\/figure>\n<!-- \/wp:image -->\n\n<!-- wp:embed {\"url\":\"https:\/\/www.youtube.com\/watch?v=JZxr7cQdneQu0026t=2s\",\"type\":\"video\",\"providerNameSlug\":\"youtube\",\"responsive\":true,\"className\":\"wp-embed-aspect-16-9 wp-has-aspect-ratio\"} -->\n<figure class=\"wp-block-embed is-type-video is-provider-youtube wp-block-embed-youtube wp-embed-aspect-16-9 wp-has-aspect-ratio\"><div class=\"wp-block-embed__wrapper\">\nhttps:\/\/www.youtube.com\/watch?v=JZxr7cQdneQ&amp;t=2s\n<\/div><\/figure>\n<!-- \/wp:embed -->\n\n<!-- wp:image {\"id\":4030,\"width\":274,\"height\":3,\"sizeSlug\":\"large\"} -->\n<figure class=\"wp-block-image size-large is-resized\"><img src=\"https:\/\/www.datecuenta.org\/escuelalibre\/wp-content\/uploads\/2020\/06\/00.png\" alt=\"\" class=\"wp-image-4030\" width=\"274\" height=\"3\"\/><\/figure>\n<!-- \/wp:image -->\n\n<!-- wp:heading {\"level\":3,\"style\":{\"color\":{\"text\":\"#75b634\"}}} -->\n<h3 class=\"has-text-color\" style=\"color:#75b634\"><strong><em><span class=\"has-inline-color has-black-color\">M\u00e1s cursos 2021\/2022:<\/span><\/em><\/strong><\/h3>\n<!-- \/wp:heading -->\n\n<!-- wp:list -->\n<ul><li><a href=\"https:\/\/www.datecuenta.org\/escuelalibre\/curso-iniciacion-fotografia\/\" target=\"_blank\" rel=\"noreferrer noopener\">Curso de iniciaci\u00f3n a la fotograf\u00eda<\/a><\/li><li><a href=\"https:\/\/www.datecuenta.org\/escuelalibre\/curso-avanzado-fotografia\/\" target=\"_blank\" rel=\"noreferrer noopener\">Curso avanzado de fotograf\u00eda<\/a><\/li><li><a href=\"https:\/\/www.datecuenta.org\/escuelalibre\/curso-tratamiento-digital-imagen\/\" target=\"_blank\" rel=\"noreferrer noopener\">Curso de tratamiento digital de la imagen<\/a><\/li><li><a href=\"https:\/\/www.datecuenta.org\/escuelalibre\/curso-escritura-no-ficcion\/\" target=\"_blank\" rel=\"noreferrer noopener\">Curso de escritura narrativa de no ficci\u00f3n<\/a><\/li><li><a href=\"https:\/\/www.datecuenta.org\/escuelalibre\/curso-fotografia-documental\/\" target=\"_blank\" rel=\"noreferrer noopener\">Curso de foto documental, fotoperiodismo y reportaje<\/a><\/li><li><a href=\"https:\/\/www.datecuenta.org\/escuelalibre\/curso-fotografia-artistica\/\" target=\"_blank\" rel=\"noreferrer noopener\">Curso de fotograf\u00eda art\u00edstica<\/a><\/li><li><a href=\"https:\/\/www.datecuenta.org\/escuelalibre\/curso-cine\/\" target=\"_blank\" rel=\"noreferrer noopener\">Curso de realizaci\u00f3n y gui\u00f3n enfocado al cine documental<\/a><\/li><\/ul>\n<!-- \/wp:list -->\n\n<!-- wp:image {\"id\":4622,\"sizeSlug\":\"large\",\"linkDestination\":\"none\"} -->\n<figure class=\"wp-block-image size-large\"><img src=\"https:\/\/www.datecuenta.org\/escuelalibre\/wp-content\/uploads\/2021\/06\/plan-formativo-date-cuenta.jpg\" alt=\"\" class=\"wp-image-4622\"\/><figcaption>Plan formativo de la escuela DateCuenta: curso b\u00e1sico, cursos de nivel medio y complementarios, donde se encuentra el curso de iluminaci\u00f3n, y cursos de especializaci\u00f3n.<\/figcaption><\/figure>\n<!-- \/wp:image --><\/div>\n<!-- \/wp:column --><\/div>\n<!-- \/wp:columns -->\n\n<!-- wp:paragraph -->\n<p><\/p>\n<!-- \/wp:paragraph -->","_et_gb_content_width":"","content-type":"","_monsterinsights_skip_tracking":false,"_monsterinsights_sitenote_active":false,"_monsterinsights_sitenote_note":"","_monsterinsights_sitenote_category":0,"_joinchat":[],"footnotes":""},"class_list":["post-3428","page","type-page","status-publish","has-post-thumbnail","hentry"],"yoast_head":"<!-- This site is optimized with the Yoast SEO plugin v26.9 - https:\/\/yoast.com\/product\/yoast-seo-wordpress\/ -->\n<title>CURSO DE ILUMINACI\u00d3N EN ESTUDIO Y EN EXTERIOR<\/title>\n<meta name=\"description\" content=\"Un curso de iluminaci\u00f3n en estudio y exterior para llevar tus fotograf\u00edas al siguiente nivel. 100% presencial, pr\u00e1ctico y a precio social.\" \/>\n<meta name=\"robots\" content=\"index, follow, max-snippet:-1, max-image-preview:large, max-video-preview:-1\" \/>\n<link rel=\"canonical\" href=\"https:\/\/www.datecuenta.org\/escuelalibre\/curso-de-iluminacion-en-estudio\/\" \/>\n<meta property=\"og:locale\" content=\"es_ES\" \/>\n<meta property=\"og:type\" content=\"article\" \/>\n<meta property=\"og:title\" content=\"CURSO DE ILUMINACI\u00d3N EN ESTUDIO Y EN EXTERIOR\" \/>\n<meta property=\"og:description\" content=\"Un curso de iluminaci\u00f3n en estudio y exterior para llevar tus fotograf\u00edas al siguiente nivel. 100% presencial, pr\u00e1ctico y a precio social.\" \/>\n<meta property=\"og:url\" content=\"https:\/\/www.datecuenta.org\/escuelalibre\/curso-de-iluminacion-en-estudio\/\" \/>\n<meta property=\"og:site_name\" content=\"Escuela de fotograf\u00eda en Barcelona | DateCuenta\" \/>\n<meta property=\"article:modified_time\" content=\"2025-07-21T12:08:49+00:00\" \/>\n<meta property=\"og:image\" content=\"http:\/\/www.datecuenta.org\/escuelalibre\/wp-content\/uploads\/2025\/05\/Curso-de-fotografia-inicial-DateCuenta.jpg\" \/>\n\t<meta property=\"og:image:width\" content=\"800\" \/>\n\t<meta property=\"og:image:height\" content=\"800\" \/>\n\t<meta property=\"og:image:type\" content=\"image\/jpeg\" \/>\n<meta name=\"twitter:card\" content=\"summary_large_image\" \/>\n<meta name=\"twitter:label1\" content=\"Tiempo de lectura\" \/>\n\t<meta name=\"twitter:data1\" content=\"6 minutos\" \/>\n<script type=\"application\/ld+json\" class=\"yoast-schema-graph\">{\"@context\":\"https:\/\/schema.org\",\"@graph\":[{\"@type\":\"WebPage\",\"@id\":\"https:\/\/www.datecuenta.org\/escuelalibre\/curso-de-iluminacion-en-estudio\/\",\"url\":\"https:\/\/www.datecuenta.org\/escuelalibre\/curso-de-iluminacion-en-estudio\/\",\"name\":\"CURSO DE ILUMINACI\u00d3N EN ESTUDIO Y EN EXTERIOR\",\"isPartOf\":{\"@id\":\"https:\/\/www.datecuenta.org\/escuelalibre\/#website\"},\"primaryImageOfPage\":{\"@id\":\"https:\/\/www.datecuenta.org\/escuelalibre\/curso-de-iluminacion-en-estudio\/#primaryimage\"},\"image\":{\"@id\":\"https:\/\/www.datecuenta.org\/escuelalibre\/curso-de-iluminacion-en-estudio\/#primaryimage\"},\"thumbnailUrl\":\"https:\/\/www.datecuenta.org\/escuelalibre\/wp-content\/uploads\/2025\/05\/Curso-de-fotografia-inicial-DateCuenta.jpg\",\"datePublished\":\"2019-06-11T20:58:09+00:00\",\"dateModified\":\"2025-07-21T12:08:49+00:00\",\"description\":\"Un curso de iluminaci\u00f3n en estudio y exterior para llevar tus fotograf\u00edas al siguiente nivel. 100% presencial, pr\u00e1ctico y a precio social.\",\"breadcrumb\":{\"@id\":\"https:\/\/www.datecuenta.org\/escuelalibre\/curso-de-iluminacion-en-estudio\/#breadcrumb\"},\"inLanguage\":\"es\",\"potentialAction\":[{\"@type\":\"ReadAction\",\"target\":[\"https:\/\/www.datecuenta.org\/escuelalibre\/curso-de-iluminacion-en-estudio\/\"]}]},{\"@type\":\"ImageObject\",\"inLanguage\":\"es\",\"@id\":\"https:\/\/www.datecuenta.org\/escuelalibre\/curso-de-iluminacion-en-estudio\/#primaryimage\",\"url\":\"https:\/\/www.datecuenta.org\/escuelalibre\/wp-content\/uploads\/2025\/05\/Curso-de-fotografia-inicial-DateCuenta.jpg\",\"contentUrl\":\"https:\/\/www.datecuenta.org\/escuelalibre\/wp-content\/uploads\/2025\/05\/Curso-de-fotografia-inicial-DateCuenta.jpg\",\"width\":800,\"height\":800,\"caption\":\"Curso de iniciacion a la fotografia barcelona\"},{\"@type\":\"BreadcrumbList\",\"@id\":\"https:\/\/www.datecuenta.org\/escuelalibre\/curso-de-iluminacion-en-estudio\/#breadcrumb\",\"itemListElement\":[{\"@type\":\"ListItem\",\"position\":1,\"name\":\"Portada\",\"item\":\"https:\/\/www.datecuenta.org\/escuelalibre\/\"},{\"@type\":\"ListItem\",\"position\":2,\"name\":\"CURSO DE ILUMINACI\u00d3N EN ESTUDIO Y EN EXTERIOR\"}]},{\"@type\":\"WebSite\",\"@id\":\"https:\/\/www.datecuenta.org\/escuelalibre\/#website\",\"url\":\"https:\/\/www.datecuenta.org\/escuelalibre\/\",\"name\":\"Escuela de fotograf\u00eda en Barcelona | DateCuenta\",\"description\":\"\",\"potentialAction\":[{\"@type\":\"SearchAction\",\"target\":{\"@type\":\"EntryPoint\",\"urlTemplate\":\"https:\/\/www.datecuenta.org\/escuelalibre\/?s={search_term_string}\"},\"query-input\":{\"@type\":\"PropertyValueSpecification\",\"valueRequired\":true,\"valueName\":\"search_term_string\"}}],\"inLanguage\":\"es\"}]}<\/script>\n<!-- \/ Yoast SEO plugin. -->","yoast_head_json":{"title":"CURSO DE ILUMINACI\u00d3N EN ESTUDIO Y EN EXTERIOR","description":"Un curso de iluminaci\u00f3n en estudio y exterior para llevar tus fotograf\u00edas al siguiente nivel. 100% presencial, pr\u00e1ctico y a precio social.","robots":{"index":"index","follow":"follow","max-snippet":"max-snippet:-1","max-image-preview":"max-image-preview:large","max-video-preview":"max-video-preview:-1"},"canonical":"https:\/\/www.datecuenta.org\/escuelalibre\/curso-de-iluminacion-en-estudio\/","og_locale":"es_ES","og_type":"article","og_title":"CURSO DE ILUMINACI\u00d3N EN ESTUDIO Y EN EXTERIOR","og_description":"Un curso de iluminaci\u00f3n en estudio y exterior para llevar tus fotograf\u00edas al siguiente nivel. 100% presencial, pr\u00e1ctico y a precio social.","og_url":"https:\/\/www.datecuenta.org\/escuelalibre\/curso-de-iluminacion-en-estudio\/","og_site_name":"Escuela de fotograf\u00eda en Barcelona | DateCuenta","article_modified_time":"2025-07-21T12:08:49+00:00","og_image":[{"width":800,"height":800,"url":"http:\/\/www.datecuenta.org\/escuelalibre\/wp-content\/uploads\/2025\/05\/Curso-de-fotografia-inicial-DateCuenta.jpg","type":"image\/jpeg"}],"twitter_card":"summary_large_image","twitter_misc":{"Tiempo de lectura":"6 minutos"},"schema":{"@context":"https:\/\/schema.org","@graph":[{"@type":"WebPage","@id":"https:\/\/www.datecuenta.org\/escuelalibre\/curso-de-iluminacion-en-estudio\/","url":"https:\/\/www.datecuenta.org\/escuelalibre\/curso-de-iluminacion-en-estudio\/","name":"CURSO DE ILUMINACI\u00d3N EN ESTUDIO Y EN EXTERIOR","isPartOf":{"@id":"https:\/\/www.datecuenta.org\/escuelalibre\/#website"},"primaryImageOfPage":{"@id":"https:\/\/www.datecuenta.org\/escuelalibre\/curso-de-iluminacion-en-estudio\/#primaryimage"},"image":{"@id":"https:\/\/www.datecuenta.org\/escuelalibre\/curso-de-iluminacion-en-estudio\/#primaryimage"},"thumbnailUrl":"https:\/\/www.datecuenta.org\/escuelalibre\/wp-content\/uploads\/2025\/05\/Curso-de-fotografia-inicial-DateCuenta.jpg","datePublished":"2019-06-11T20:58:09+00:00","dateModified":"2025-07-21T12:08:49+00:00","description":"Un curso de iluminaci\u00f3n en estudio y exterior para llevar tus fotograf\u00edas al siguiente nivel. 100% presencial, pr\u00e1ctico y a precio social.","breadcrumb":{"@id":"https:\/\/www.datecuenta.org\/escuelalibre\/curso-de-iluminacion-en-estudio\/#breadcrumb"},"inLanguage":"es","potentialAction":[{"@type":"ReadAction","target":["https:\/\/www.datecuenta.org\/escuelalibre\/curso-de-iluminacion-en-estudio\/"]}]},{"@type":"ImageObject","inLanguage":"es","@id":"https:\/\/www.datecuenta.org\/escuelalibre\/curso-de-iluminacion-en-estudio\/#primaryimage","url":"https:\/\/www.datecuenta.org\/escuelalibre\/wp-content\/uploads\/2025\/05\/Curso-de-fotografia-inicial-DateCuenta.jpg","contentUrl":"https:\/\/www.datecuenta.org\/escuelalibre\/wp-content\/uploads\/2025\/05\/Curso-de-fotografia-inicial-DateCuenta.jpg","width":800,"height":800,"caption":"Curso de iniciacion a la fotografia barcelona"},{"@type":"BreadcrumbList","@id":"https:\/\/www.datecuenta.org\/escuelalibre\/curso-de-iluminacion-en-estudio\/#breadcrumb","itemListElement":[{"@type":"ListItem","position":1,"name":"Portada","item":"https:\/\/www.datecuenta.org\/escuelalibre\/"},{"@type":"ListItem","position":2,"name":"CURSO DE ILUMINACI\u00d3N EN ESTUDIO Y EN EXTERIOR"}]},{"@type":"WebSite","@id":"https:\/\/www.datecuenta.org\/escuelalibre\/#website","url":"https:\/\/www.datecuenta.org\/escuelalibre\/","name":"Escuela de fotograf\u00eda en Barcelona | DateCuenta","description":"","potentialAction":[{"@type":"SearchAction","target":{"@type":"EntryPoint","urlTemplate":"https:\/\/www.datecuenta.org\/escuelalibre\/?s={search_term_string}"},"query-input":{"@type":"PropertyValueSpecification","valueRequired":true,"valueName":"search_term_string"}}],"inLanguage":"es"}]}},"_links":{"self":[{"href":"https:\/\/www.datecuenta.org\/escuelalibre\/wp-json\/wp\/v2\/pages\/3428","targetHints":{"allow":["GET"]}}],"collection":[{"href":"https:\/\/www.datecuenta.org\/escuelalibre\/wp-json\/wp\/v2\/pages"}],"about":[{"href":"https:\/\/www.datecuenta.org\/escuelalibre\/wp-json\/wp\/v2\/types\/page"}],"author":[{"embeddable":true,"href":"https:\/\/www.datecuenta.org\/escuelalibre\/wp-json\/wp\/v2\/users\/1001002"}],"replies":[{"embeddable":true,"href":"https:\/\/www.datecuenta.org\/escuelalibre\/wp-json\/wp\/v2\/comments?post=3428"}],"version-history":[{"count":99,"href":"https:\/\/www.datecuenta.org\/escuelalibre\/wp-json\/wp\/v2\/pages\/3428\/revisions"}],"predecessor-version":[{"id":7606,"href":"https:\/\/www.datecuenta.org\/escuelalibre\/wp-json\/wp\/v2\/pages\/3428\/revisions\/7606"}],"wp:featuredmedia":[{"embeddable":true,"href":"https:\/\/www.datecuenta.org\/escuelalibre\/wp-json\/wp\/v2\/media\/7397"}],"wp:attachment":[{"href":"https:\/\/www.datecuenta.org\/escuelalibre\/wp-json\/wp\/v2\/media?parent=3428"}],"curies":[{"name":"wp","href":"https:\/\/api.w.org\/{rel}","templated":true}]}}