{"id":4202,"date":"2020-06-16T11:43:47","date_gmt":"2020-06-16T11:43:47","guid":{"rendered":"https:\/\/www.datecuenta.org\/escuelalibre\/?page_id=4202"},"modified":"2025-09-18T14:57:25","modified_gmt":"2025-09-18T14:57:25","slug":"becas-fotografia","status":"publish","type":"page","link":"https:\/\/www.datecuenta.org\/escuelalibre\/becas-fotografia\/","title":{"rendered":"BECAS PARA ESTUDIAR FOTOGRAF\u00cdA 2025\/26"},"content":{"rendered":"\n[et_pb_section fb_built=\u00bb1&#8243; disabled_on=\u00bboff|off|off\u00bb _builder_version=\u00bb4.16&#8243; _module_preset=\u00bbdefault\u00bb custom_margin=\u00bb40px||40px||true|false\u00bb custom_padding=\u00bb40px||40px||true|false\u00bb global_colors_info=\u00bb{}\u00bb][et_pb_row use_custom_gutter=\u00bbon\u00bb make_equal=\u00bbon\u00bb _builder_version=\u00bb4.16&#8243; _module_preset=\u00bbdefault\u00bb background_color=\u00bbRGBA(255,255,255,0)\u00bb width=\u00bb90%\u00bb max_width=\u00bb1725px\u00bb module_alignment=\u00bbcenter\u00bb custom_margin=\u00bb|auto|114px|auto||\u00bb custom_margin_tablet=\u00bb||69px||false|false\u00bb custom_margin_phone=\u00bb||26px||false|false\u00bb custom_margin_last_edited=\u00bbon|phone\u00bb custom_padding=\u00bb0px||0px||false|false\u00bb border_color_bottom=\u00bb#000000&#8243; global_colors_info=\u00bb{}\u00bb][et_pb_column type=\u00bb4_4&#8243; _builder_version=\u00bb4.16&#8243; _module_preset=\u00bbdefault\u00bb background_color=\u00bbRGBA(255,255,255,0)\u00bb custom_padding=\u00bb||||false|false\u00bb border_color_right=\u00bb#000000&#8243; global_colors_info=\u00bb{}\u00bb][et_pb_text disabled_on=\u00bboff|off|off\u00bb _builder_version=\u00bb4.25.1&#8243; _module_preset=\u00bbdefault\u00bb text_line_height=\u00bb1.6em\u00bb header_2_font=\u00bbInter|900|||||||\u00bb header_2_font_size=\u00bb53px\u00bb header_2_line_height=\u00bb1.1em\u00bb header_3_font_size=\u00bb32px\u00bb custom_margin=\u00bb0px||12px||false|false\u00bb header_2_font_size_tablet=\u00bb45px\u00bb header_2_font_size_phone=\u00bb33px\u00bb header_2_font_size_last_edited=\u00bbon|phone\u00bb header_2_line_height_tablet=\u00bb1.1em\u00bb header_2_line_height_phone=\u00bb1.1em\u00bb header_2_line_height_last_edited=\u00bbon|desktop\u00bb global_colors_info=\u00bb{}\u00bb]<h1><span style=\"color: #988cbe;\">CUATRO NUEVAS BECAS <\/span>DE FOTOGRAF\u00cdA Y PERIODISMO<\/h1>[\/et_pb_text][et_pb_text disabled_on=\u00bboff|off|off\u00bb _builder_version=\u00bb4.25.1&#8243; _module_preset=\u00bbdefault\u00bb text_line_height=\u00bb1.6em\u00bb header_2_font=\u00bbInter|500|||||||\u00bb header_2_font_size=\u00bb38px\u00bb header_2_line_height=\u00bb1.1em\u00bb header_3_font_size=\u00bb32px\u00bb custom_margin=\u00bb0px||12px||false|false\u00bb header_2_font_size_tablet=\u00bb31px\u00bb header_2_font_size_phone=\u00bb23px\u00bb header_2_font_size_last_edited=\u00bbon|phone\u00bb header_2_line_height_tablet=\u00bb1.3em\u00bb header_2_line_height_phone=\u00bb1.3em\u00bb header_2_line_height_last_edited=\u00bbon|desktop\u00bb global_colors_info=\u00bb{}\u00bb]<h2>Presenta tu solicitud entre el 8 y el 29 de septiembre de 2025<\/h2>[\/et_pb_text][\/et_pb_column][\/et_pb_row][et_pb_row column_structure=\u00bb2_5,3_5&#8243; use_custom_gutter=\u00bbon\u00bb gutter_width=\u00bb2&#8243; make_equal=\u00bbon\u00bb _builder_version=\u00bb4.16&#8243; _module_preset=\u00bbdefault\u00bb background_color=\u00bbRGBA(255,255,255,0)\u00bb width=\u00bb90%\u00bb max_width=\u00bb1725px\u00bb module_alignment=\u00bbcenter\u00bb custom_margin=\u00bb||0px||false|false\u00bb custom_margin_tablet=\u00bb||0px||false|false\u00bb custom_margin_phone=\u00bb||0px||false|false\u00bb custom_margin_last_edited=\u00bbon|phone\u00bb custom_padding=\u00bb0px||0px||false|false\u00bb border_color_bottom=\u00bb#000000&#8243; global_colors_info=\u00bb{}\u00bb][et_pb_column type=\u00bb2_5&#8243; _builder_version=\u00bb4.16&#8243; _module_preset=\u00bbdefault\u00bb background_color=\u00bbRGBA(255,255,255,0)\u00bb custom_padding=\u00bb||||false|false\u00bb custom_padding_tablet=\u00bb||0px||false|false\u00bb custom_padding_phone=\u00bb||0px||false|false\u00bb custom_padding_last_edited=\u00bbon|phone\u00bb border_color_right=\u00bb#000000&#8243; global_colors_info=\u00bb{}\u00bb][et_pb_text disabled_on=\u00bboff|off|off\u00bb _builder_version=\u00bb4.25.1&#8243; _module_preset=\u00bbdefault\u00bb text_line_height=\u00bb1.6em\u00bb header_2_font=\u00bbInter|900|||||||\u00bb header_2_font_size=\u00bb50px\u00bb header_2_line_height=\u00bb1.1em\u00bb header_3_font_size=\u00bb32px\u00bb custom_margin=\u00bb0px||12px||false|false\u00bb header_2_font_size_tablet=\u00bb45px\u00bb header_2_font_size_phone=\u00bb33px\u00bb header_2_font_size_last_edited=\u00bbon|phone\u00bb header_2_line_height_tablet=\u00bb1.1em\u00bb header_2_line_height_phone=\u00bb1.1em\u00bb header_2_line_height_last_edited=\u00bbon|desktop\u00bb global_colors_info=\u00bb{}\u00bb]<h2>\u00bfQU\u00c9 SON LAS <span style=\"color: #988cbe;\">BECAS DE FOTOGRAF\u00cdA<\/span> DATECUENTA 2025\/2026?<\/h2>[\/et_pb_text][\/et_pb_column][et_pb_column type=\u00bb3_5&#8243; _builder_version=\u00bb4.16&#8243; _module_preset=\u00bbdefault\u00bb custom_padding=\u00bb||||false|false\u00bb border_color_right=\u00bb#000000&#8243; global_colors_info=\u00bb{}\u00bb][et_pb_text _builder_version=\u00bb4.25.1&#8243; _module_preset=\u00bbdefault\u00bb text_font_size=\u00bb19px\u00bb text_line_height=\u00bb1.6em\u00bb header_2_font=\u00bbInter|900|||||||\u00bb header_2_font_size=\u00bb42px\u00bb header_3_font_size=\u00bb32px\u00bb custom_margin=\u00bb||0px||false|false\u00bb custom_padding=\u00bb||35px|||\u00bb global_colors_info=\u00bb{}\u00bb]<p>El equipo docente de la <a href=\"https:\/\/www.datecuenta.org\/escuelalibre\/\" target=\"_blank\" rel=\"noopener\">escuela DateCuenta<\/a> sigue considerando que <strong>la formaci\u00f3n en fotograf\u00eda no debe ser un lujo<\/strong>, por eso se esfuerza cada a\u00f1o en realizar la escuela con los <strong>precios m\u00e1s econ\u00f3micos<\/strong> posibles.<\/p>\n<p>Adem\u00e1s, nuestra <strong>escuela de fotograf\u00eda<\/strong> est\u00e1 ofreciendo un m\u00ednimo de cuatro <strong>becas fotograf\u00eda<\/strong> desde el a\u00f1o 2014. Lo hacemos porque hay personas con gran talento que por su situaci\u00f3n precaria est\u00e1n siendo privadas de la formaci\u00f3n profesional que nosotros ejercemos con pasi\u00f3n.<\/p>\n<p>Gracias a los buenos resultados obtenidos y al \u00e9xito profesional de los alumnos becados durante los a\u00f1os previos, este a\u00f1o vamos a seguir otorgando <strong>beca a cuatro personas<\/strong> para poder realizar un curso al <strong>50% de su precio<\/strong>.<\/p>\n<p>Medio centenar de personas ya han formado parte de nuestros <strong>cursos de fotograf\u00eda<\/strong> gracias a estas <strong>becas fotograf\u00eda<\/strong>. Si crees que puedes dar el perfil, an\u00edmate a presentarte. <strong>Tienes tiempo hasta el lunes 29 de septiembre de 2025.<\/strong><\/p>[\/et_pb_text][et_pb_code _builder_version=\u00bb4.25.1&#8243; _module_preset=\u00bbdefault\u00bb hover_enabled=\u00bb0&#8243; global_colors_info=\u00bb{}\u00bb sticky_enabled=\u00bb0&#8243;]<iframe loading=\"lazy\" width=\"560\" height=\"315\" src=\"https:\/\/www.youtube.com\/embed\/ZfMTKkc4k9Q?si=0DeJ540nlNW5Ksv6\" title=\"YouTube video player\" frameborder=\"0\" allow=\"accelerometer; autoplay; clipboard-write; encrypted-media; gyroscope; picture-in-picture; web-share\" referrerpolicy=\"strict-origin-when-cross-origin\" allowfullscreen><\/iframe>[\/et_pb_code][\/et_pb_column][\/et_pb_row][et_pb_row use_custom_gutter=\u00bbon\u00bb make_equal=\u00bbon\u00bb _builder_version=\u00bb4.16&#8243; _module_preset=\u00bbdefault\u00bb background_color=\u00bbRGBA(255,255,255,0)\u00bb width=\u00bb90%\u00bb max_width=\u00bb1725px\u00bb module_alignment=\u00bbcenter\u00bb custom_margin=\u00bb48px||48px||true|false\u00bb custom_margin_tablet=\u00bb25px||25px||true|false\u00bb custom_margin_phone=\u00bb18px||18px||true|false\u00bb custom_margin_last_edited=\u00bbon|phone\u00bb custom_padding=\u00bb0px||0px||false|false\u00bb border_color_bottom=\u00bb#000000&#8243; global_colors_info=\u00bb{}\u00bb][et_pb_column type=\u00bb4_4&#8243; _builder_version=\u00bb4.16&#8243; _module_preset=\u00bbdefault\u00bb background_color=\u00bbRGBA(255,255,255,0)\u00bb custom_padding=\u00bb||||false|false\u00bb border_color_right=\u00bb#000000&#8243; global_colors_info=\u00bb{}\u00bb][et_pb_divider color=\u00bb#000000&#8243; divider_position=\u00bbcenter\u00bb divider_weight=\u00bb6px\u00bb _builder_version=\u00bb4.16&#8243; _module_preset=\u00bbdefault\u00bb custom_margin=\u00bb31px||31px||true|false\u00bb custom_margin_tablet=\u00bb31px||31px||true|false\u00bb custom_margin_phone=\u00bb23px||23px||true|false\u00bb custom_margin_last_edited=\u00bbon|tablet\u00bb global_colors_info=\u00bb{}\u00bb][\/et_pb_divider][\/et_pb_column][\/et_pb_row][et_pb_row column_structure=\u00bb2_5,3_5&#8243; use_custom_gutter=\u00bbon\u00bb gutter_width=\u00bb2&#8243; make_equal=\u00bbon\u00bb _builder_version=\u00bb4.16&#8243; _module_preset=\u00bbdefault\u00bb background_color=\u00bbRGBA(255,255,255,0)\u00bb width=\u00bb90%\u00bb max_width=\u00bb1725px\u00bb module_alignment=\u00bbcenter\u00bb custom_margin=\u00bb||0px||false|false\u00bb custom_margin_tablet=\u00bb||0px||false|false\u00bb custom_margin_phone=\u00bb||0px||false|false\u00bb custom_margin_last_edited=\u00bbon|desktop\u00bb custom_padding=\u00bb0px||0px||false|false\u00bb border_color_bottom=\u00bb#000000&#8243; global_colors_info=\u00bb{}\u00bb][et_pb_column type=\u00bb2_5&#8243; _builder_version=\u00bb4.16&#8243; _module_preset=\u00bbdefault\u00bb background_color=\u00bbRGBA(255,255,255,0)\u00bb custom_padding=\u00bb||||false|false\u00bb custom_padding_tablet=\u00bb||0px||false|false\u00bb custom_padding_phone=\u00bb||0px||false|false\u00bb custom_padding_last_edited=\u00bbon|phone\u00bb border_color_right=\u00bb#000000&#8243; global_colors_info=\u00bb{}\u00bb][et_pb_text disabled_on=\u00bboff|off|off\u00bb _builder_version=\u00bb4.25.1&#8243; _module_preset=\u00bbdefault\u00bb text_line_height=\u00bb1.6em\u00bb header_2_font=\u00bbInter|900|||||||\u00bb header_2_font_size=\u00bb50px\u00bb header_2_line_height=\u00bb1.1em\u00bb header_3_font_size=\u00bb32px\u00bb custom_margin=\u00bb0px||12px||false|false\u00bb header_2_font_size_tablet=\u00bb45px\u00bb header_2_font_size_phone=\u00bb33px\u00bb header_2_font_size_last_edited=\u00bbon|phone\u00bb header_2_line_height_tablet=\u00bb1.1em\u00bb header_2_line_height_phone=\u00bb1.1em\u00bb header_2_line_height_last_edited=\u00bbon|desktop\u00bb global_colors_info=\u00bb{}\u00bb]<h2>\u00bfPARA QU\u00c9 CURSOS PUEDO <span style=\"color: #988cbe;\">SOLICITAR UNA BECA<\/span>?:<\/h2>[\/et_pb_text][\/et_pb_column][et_pb_column type=\u00bb3_5&#8243; _builder_version=\u00bb4.16&#8243; _module_preset=\u00bbdefault\u00bb custom_padding=\u00bb||||false|false\u00bb border_color_right=\u00bb#000000&#8243; global_colors_info=\u00bb{}\u00bb][et_pb_text _builder_version=\u00bb4.25.1&#8243; _module_preset=\u00bbdefault\u00bb text_font_size=\u00bb19px\u00bb text_line_height=\u00bb1.6em\u00bb header_2_font=\u00bbInter|900|||||||\u00bb header_2_font_size=\u00bb42px\u00bb header_3_font_size=\u00bb32px\u00bb custom_margin=\u00bb||0px||false|false\u00bb global_colors_info=\u00bb{}\u00bb]<p>Puedes solicitar una beca para cualquiera de los cursos de este a\u00f1o:<\/p>\n<ul>\n<li><a href=\"http:\/\/www.datecuenta.org\/escuelalibre\/curso-iniciacion-fotografia\/\" target=\"_blank\" rel=\"noopener\">Curso de iniciaci\u00f3n a la fotograf\u00eda<\/a><\/li>\n<li><a href=\"http:\/\/www.datecuenta.org\/escuelalibre\/curso-avanzado-fotografia\/\" target=\"_blank\" rel=\"noopener\">Curso avanzado de fotograf\u00eda<\/a><\/li>\n<li><a href=\"https:\/\/www.datecuenta.org\/escuelalibre\/curso-de-iluminacion-en-estudio\/\" target=\"_blank\" rel=\"noopener\">Curso de iluminaci\u00f3n en estudio y en exterior<\/a><\/li>\n<li><a href=\"https:\/\/www.datecuenta.org\/escuelalibre\/curso-fotografia-profesional\/\" target=\"_blank\" rel=\"noopener noreferrer\">Curso de proyectos de fotograf\u00eda profesional<\/a><\/li>\n<li><a href=\"https:\/\/www.datecuenta.org\/escuelalibre\/curso-fotografia-documental\/\" target=\"_blank\" rel=\"noopener noreferrer;\">Curso de fotograf\u00eda documental y reportaje audiovisual<\/a><\/li>\n<li><a href=\"https:\/\/www.datecuenta.org\/escuelalibre\/curso-fotografia-artistica\/\" target=\"_blank\" rel=\"noopener noreferrer\">Curso de fotograf\u00eda art\u00edstica<\/a><\/li>\n<\/ul>[\/et_pb_text][et_pb_text _builder_version=\u00bb4.25.1&#8243; _module_preset=\u00bbdefault\u00bb global_colors_info=\u00bb{}\u00bb]<p><iframe loading=\"lazy\" src=\"https:\/\/www.youtube.com\/embed\/JZxr7cQdneQ?si=SyzdzRN6sTA6JgIa\" title=\"YouTube video player\" allow=\"accelerometer; autoplay; clipboard-write; encrypted-media; gyroscope; picture-in-picture; web-share\" referrerpolicy=\"strict-origin-when-cross-origin\" allowfullscreen=\"\" width=\"560\" height=\"315\" frameborder=\"0\"><\/iframe><\/p>[\/et_pb_text][\/et_pb_column][\/et_pb_row][et_pb_row use_custom_gutter=\u00bbon\u00bb make_equal=\u00bbon\u00bb _builder_version=\u00bb4.16&#8243; _module_preset=\u00bbdefault\u00bb background_color=\u00bbRGBA(255,255,255,0)\u00bb width=\u00bb90%\u00bb max_width=\u00bb1725px\u00bb module_alignment=\u00bbcenter\u00bb custom_margin=\u00bb48px||48px||true|false\u00bb custom_margin_tablet=\u00bb25px||25px||true|false\u00bb custom_margin_phone=\u00bb18px||18px||true|false\u00bb custom_margin_last_edited=\u00bbon|phone\u00bb custom_padding=\u00bb0px||0px||false|false\u00bb border_color_bottom=\u00bb#000000&#8243; global_colors_info=\u00bb{}\u00bb][et_pb_column type=\u00bb4_4&#8243; _builder_version=\u00bb4.16&#8243; _module_preset=\u00bbdefault\u00bb background_color=\u00bbRGBA(255,255,255,0)\u00bb custom_padding=\u00bb||||false|false\u00bb border_color_right=\u00bb#000000&#8243; global_colors_info=\u00bb{}\u00bb][et_pb_divider color=\u00bb#000000&#8243; divider_position=\u00bbcenter\u00bb divider_weight=\u00bb6px\u00bb _builder_version=\u00bb4.16&#8243; _module_preset=\u00bbdefault\u00bb custom_margin=\u00bb31px||31px||true|false\u00bb custom_margin_tablet=\u00bb31px||31px||true|false\u00bb custom_margin_phone=\u00bb23px||23px||true|false\u00bb custom_margin_last_edited=\u00bbon|tablet\u00bb global_colors_info=\u00bb{}\u00bb][\/et_pb_divider][\/et_pb_column][\/et_pb_row][et_pb_row column_structure=\u00bb2_5,3_5&#8243; use_custom_gutter=\u00bbon\u00bb gutter_width=\u00bb2&#8243; make_equal=\u00bbon\u00bb _builder_version=\u00bb4.16&#8243; _module_preset=\u00bbdefault\u00bb background_color=\u00bbRGBA(255,255,255,0)\u00bb width=\u00bb90%\u00bb max_width=\u00bb1725px\u00bb module_alignment=\u00bbcenter\u00bb custom_margin=\u00bb||0px||false|false\u00bb custom_margin_tablet=\u00bb||0px||false|false\u00bb custom_margin_phone=\u00bb||0px||false|false\u00bb custom_margin_last_edited=\u00bbon|phone\u00bb custom_padding=\u00bb0px||0px||false|false\u00bb border_color_bottom=\u00bb#000000&#8243; global_colors_info=\u00bb{}\u00bb][et_pb_column type=\u00bb2_5&#8243; _builder_version=\u00bb4.16&#8243; _module_preset=\u00bbdefault\u00bb background_color=\u00bbRGBA(255,255,255,0)\u00bb custom_padding=\u00bb||||false|false\u00bb custom_padding_tablet=\u00bb||0px||false|false\u00bb custom_padding_phone=\u00bb||0px||false|false\u00bb custom_padding_last_edited=\u00bbon|phone\u00bb border_color_right=\u00bb#000000&#8243; global_colors_info=\u00bb{}\u00bb][et_pb_text disabled_on=\u00bboff|off|off\u00bb _builder_version=\u00bb4.25.1&#8243; _module_preset=\u00bbdefault\u00bb text_line_height=\u00bb1.6em\u00bb header_2_font=\u00bbInter|900|||||||\u00bb header_2_font_size=\u00bb50px\u00bb header_2_line_height=\u00bb1.1em\u00bb header_3_font_size=\u00bb32px\u00bb custom_margin=\u00bb0px||12px||false|false\u00bb header_2_font_size_tablet=\u00bb45px\u00bb header_2_font_size_phone=\u00bb33px\u00bb header_2_font_size_last_edited=\u00bbon|phone\u00bb header_2_line_height_tablet=\u00bb1.1em\u00bb header_2_line_height_phone=\u00bb1.1em\u00bb header_2_line_height_last_edited=\u00bbon|desktop\u00bb global_colors_info=\u00bb{}\u00bb]<h2>\u00bfC\u00d3MO PUEDO OPTAR A UNA <span style=\"color: #988cbe;\">BECA DE FOTOGRAF\u00cdA<\/span> PARA EL A\u00d1O 2025\/2026?<\/h2>[\/et_pb_text][\/et_pb_column][et_pb_column type=\u00bb3_5&#8243; _builder_version=\u00bb4.16&#8243; _module_preset=\u00bbdefault\u00bb custom_padding=\u00bb||||false|false\u00bb border_color_right=\u00bb#000000&#8243; global_colors_info=\u00bb{}\u00bb][et_pb_text _builder_version=\u00bb4.25.1&#8243; _module_preset=\u00bbdefault\u00bb text_font_size=\u00bb19px\u00bb text_line_height=\u00bb1.6em\u00bb header_2_font=\u00bbInter|900|||||||\u00bb header_2_font_size=\u00bb42px\u00bb header_3_font_size=\u00bb32px\u00bb custom_margin=\u00bb||0px||false|false\u00bb global_colors_info=\u00bb{}\u00bb]<p>La persona solicitante deber\u00e1 demostrar que <strong>tiene aptitudes para el curso elegido y que su situaci\u00f3n econ\u00f3mica es precaria<\/strong> y, por tanto, tiene dificultad para satisfacer el precio habitual del curso. Las personas aspirantes deber\u00e1n:<\/p>\n<ul>\n<li><strong>Demostrar dificultad econ\u00f3mica<\/strong> para satisfacer el precio completo del curso.<\/li>\n<ul>\n<li>El equipo docente puede pedirle la declaraci\u00f3n de la renta del a\u00f1o 2024, solicitud como demandante de empleo o DARDE o cualquier otro documento o informe que justifique la necesidad econ\u00f3mica de beca.<\/li>\n<\/ul>\n<li><strong>Tener aptitudes<\/strong> <strong>para realizar el curso<\/strong> elegido.<\/li>\n<ul>\n<li>El equipo docente solicitar\u00e1 un peque\u00f1o portfolio de trabajos realizados en formato PDF o links web.<\/li>\n<\/ul>\n<li><strong>Comprometerse <\/strong>a <strong>asistir a la totalidad del curso<\/strong>, salvo caso justificado, o por el contrario deber\u00e1n abonarlo por completo (a la obtenci\u00f3n de la beca, el alumno deber\u00e1 firmar un documento que as\u00ed lo haga constar).<\/li>\n<ul><\/ul>\n<li>En caso de <strong>estudiantes internacionales<\/strong>, deber\u00e1n tener prevista su residencia en Espa\u00f1a o estar tramitando, al menos, una visa de estudios. Acu\u00e9rdate que nuestra entidad no es una escuela homologada, sino un proyecto formativo privado sin \u00e1nimo de lucro.<\/li>\n<\/ul>[\/et_pb_text][\/et_pb_column][\/et_pb_row][et_pb_row use_custom_gutter=\u00bbon\u00bb make_equal=\u00bbon\u00bb _builder_version=\u00bb4.16&#8243; _module_preset=\u00bbdefault\u00bb background_color=\u00bbRGBA(255,255,255,0)\u00bb width=\u00bb90%\u00bb max_width=\u00bb1725px\u00bb module_alignment=\u00bbcenter\u00bb custom_margin=\u00bb48px||48px||true|false\u00bb custom_margin_tablet=\u00bb25px||25px||true|false\u00bb custom_margin_phone=\u00bb18px||18px||true|false\u00bb custom_margin_last_edited=\u00bbon|phone\u00bb custom_padding=\u00bb0px||0px||false|false\u00bb border_color_bottom=\u00bb#000000&#8243; global_colors_info=\u00bb{}\u00bb][et_pb_column type=\u00bb4_4&#8243; _builder_version=\u00bb4.16&#8243; _module_preset=\u00bbdefault\u00bb background_color=\u00bbRGBA(255,255,255,0)\u00bb custom_padding=\u00bb||||false|false\u00bb border_color_right=\u00bb#000000&#8243; global_colors_info=\u00bb{}\u00bb][et_pb_divider color=\u00bb#000000&#8243; divider_position=\u00bbcenter\u00bb divider_weight=\u00bb6px\u00bb _builder_version=\u00bb4.16&#8243; _module_preset=\u00bbdefault\u00bb custom_margin=\u00bb31px||31px||true|false\u00bb custom_margin_tablet=\u00bb31px||31px||true|false\u00bb custom_margin_phone=\u00bb23px||23px||true|false\u00bb custom_margin_last_edited=\u00bbon|tablet\u00bb global_colors_info=\u00bb{}\u00bb][\/et_pb_divider][\/et_pb_column][\/et_pb_row][et_pb_row use_custom_gutter=\u00bbon\u00bb gutter_width=\u00bb2&#8243; make_equal=\u00bbon\u00bb _builder_version=\u00bb4.16&#8243; _module_preset=\u00bbdefault\u00bb background_color=\u00bbRGBA(255,255,255,0)\u00bb width=\u00bb90%\u00bb max_width=\u00bb1725px\u00bb module_alignment=\u00bbcenter\u00bb custom_margin=\u00bb||0px||false|false\u00bb custom_margin_tablet=\u00bb||0px||false|false\u00bb custom_margin_phone=\u00bb||0px||false|false\u00bb custom_margin_last_edited=\u00bbon|phone\u00bb custom_padding=\u00bb0px||0px||false|false\u00bb border_color_bottom=\u00bb#000000&#8243; global_colors_info=\u00bb{}\u00bb][et_pb_column type=\u00bb4_4&#8243; _builder_version=\u00bb4.16&#8243; _module_preset=\u00bbdefault\u00bb background_color=\u00bbRGBA(255,255,255,0)\u00bb custom_padding=\u00bb||||false|false\u00bb custom_padding_tablet=\u00bb||0px||false|false\u00bb custom_padding_phone=\u00bb||0px||false|false\u00bb custom_padding_last_edited=\u00bbon|phone\u00bb border_color_right=\u00bb#000000&#8243; global_colors_info=\u00bb{}\u00bb][et_pb_text disabled_on=\u00bboff|off|off\u00bb _builder_version=\u00bb4.25.1&#8243; _module_preset=\u00bbdefault\u00bb text_line_height=\u00bb1.6em\u00bb header_2_font=\u00bbInter|900|||||||\u00bb header_2_font_size=\u00bb50px\u00bb header_2_line_height=\u00bb1.1em\u00bb header_3_font_size=\u00bb32px\u00bb custom_margin=\u00bb0px||12px||false|false\u00bb header_2_font_size_tablet=\u00bb45px\u00bb header_2_font_size_phone=\u00bb33px\u00bb header_2_font_size_last_edited=\u00bbon|phone\u00bb header_2_line_height_tablet=\u00bb1.1em\u00bb header_2_line_height_phone=\u00bb1.1em\u00bb header_2_line_height_last_edited=\u00bbon|desktop\u00bb global_colors_info=\u00bb{}\u00bb]<h2>\u00bfCU\u00c1NDO REALIZO <span style=\"color: #988cbe;\">LA SOLICITUD?<\/span><\/h2>[\/et_pb_text][et_pb_text _builder_version=\u00bb4.25.1&#8243; _module_preset=\u00bbdefault\u00bb text_font_size=\u00bb19px\u00bb text_line_height=\u00bb1.6em\u00bb header_2_font=\u00bbInter|900|||||||\u00bb header_2_font_size=\u00bb42px\u00bb header_3_font_size=\u00bb32px\u00bb custom_margin=\u00bb||0px||false|false\u00bb global_colors_info=\u00bb{}\u00bb]<p><span style=\"font-family: 'Arial',sans-serif;\">Entre el <strong>8 y el 29 de septiembre de 2024<\/strong>.<o:p><\/o:p><\/span><\/p>[\/et_pb_text][\/et_pb_column][\/et_pb_row][et_pb_row use_custom_gutter=\u00bbon\u00bb make_equal=\u00bbon\u00bb _builder_version=\u00bb4.16&#8243; _module_preset=\u00bbdefault\u00bb background_color=\u00bbRGBA(255,255,255,0)\u00bb width=\u00bb90%\u00bb max_width=\u00bb1725px\u00bb module_alignment=\u00bbcenter\u00bb custom_margin=\u00bb48px||48px||true|false\u00bb custom_margin_tablet=\u00bb25px||25px||true|false\u00bb custom_margin_phone=\u00bb18px||18px||true|false\u00bb custom_margin_last_edited=\u00bbon|phone\u00bb custom_padding=\u00bb0px||0px||false|false\u00bb border_color_bottom=\u00bb#000000&#8243; global_colors_info=\u00bb{}\u00bb][et_pb_column type=\u00bb4_4&#8243; _builder_version=\u00bb4.16&#8243; _module_preset=\u00bbdefault\u00bb background_color=\u00bbRGBA(255,255,255,0)\u00bb custom_padding=\u00bb||||false|false\u00bb border_color_right=\u00bb#000000&#8243; global_colors_info=\u00bb{}\u00bb][et_pb_divider color=\u00bb#000000&#8243; divider_position=\u00bbcenter\u00bb divider_weight=\u00bb6px\u00bb _builder_version=\u00bb4.16&#8243; _module_preset=\u00bbdefault\u00bb custom_margin=\u00bb31px||31px||true|false\u00bb custom_margin_tablet=\u00bb31px||31px||true|false\u00bb custom_margin_phone=\u00bb23px||23px||true|false\u00bb custom_margin_last_edited=\u00bbon|tablet\u00bb global_colors_info=\u00bb{}\u00bb][\/et_pb_divider][\/et_pb_column][\/et_pb_row][et_pb_row column_structure=\u00bb2_5,3_5&#8243; use_custom_gutter=\u00bbon\u00bb gutter_width=\u00bb2&#8243; make_equal=\u00bbon\u00bb _builder_version=\u00bb4.16&#8243; _module_preset=\u00bbdefault\u00bb background_color=\u00bbRGBA(255,255,255,0)\u00bb width=\u00bb90%\u00bb max_width=\u00bb1725px\u00bb module_alignment=\u00bbcenter\u00bb custom_margin=\u00bb||0px||false|false\u00bb custom_margin_tablet=\u00bb||0px||false|false\u00bb custom_margin_phone=\u00bb||0px||false|false\u00bb custom_margin_last_edited=\u00bbon|phone\u00bb custom_padding=\u00bb0px||0px||false|false\u00bb border_color_bottom=\u00bb#000000&#8243; global_colors_info=\u00bb{}\u00bb][et_pb_column type=\u00bb2_5&#8243; _builder_version=\u00bb4.16&#8243; _module_preset=\u00bbdefault\u00bb background_color=\u00bbRGBA(255,255,255,0)\u00bb custom_padding=\u00bb||||false|false\u00bb custom_padding_tablet=\u00bb||0px||false|false\u00bb custom_padding_phone=\u00bb||0px||false|false\u00bb custom_padding_last_edited=\u00bbon|phone\u00bb border_color_right=\u00bb#000000&#8243; global_colors_info=\u00bb{}\u00bb][et_pb_text disabled_on=\u00bboff|off|off\u00bb _builder_version=\u00bb4.25.1&#8243; _module_preset=\u00bbdefault\u00bb text_line_height=\u00bb1.6em\u00bb header_2_font=\u00bbInter|900|||||||\u00bb header_2_font_size=\u00bb50px\u00bb header_2_line_height=\u00bb1.1em\u00bb header_3_font_size=\u00bb32px\u00bb custom_margin=\u00bb0px||12px||false|false\u00bb header_2_font_size_tablet=\u00bb45px\u00bb header_2_font_size_phone=\u00bb33px\u00bb header_2_font_size_last_edited=\u00bbon|phone\u00bb header_2_line_height_tablet=\u00bb1.1em\u00bb header_2_line_height_phone=\u00bb1.1em\u00bb header_2_line_height_last_edited=\u00bbon|desktop\u00bb global_colors_info=\u00bb{}\u00bb]<h2>\u00bfC\u00d3MO REALIZO LA <span style=\"color: #988cbe;\">SOLICITUD DE LA BECA DATECUENTA 2025\/2026<\/span>?<\/h2>[\/et_pb_text][\/et_pb_column][et_pb_column type=\u00bb3_5&#8243; _builder_version=\u00bb4.16&#8243; _module_preset=\u00bbdefault\u00bb custom_padding=\u00bb||||false|false\u00bb border_color_right=\u00bb#000000&#8243; global_colors_info=\u00bb{}\u00bb][et_pb_text _builder_version=\u00bb4.25.1&#8243; _module_preset=\u00bbdefault\u00bb text_font_size=\u00bb19px\u00bb text_line_height=\u00bb1.6em\u00bb header_2_font=\u00bbInter|900|||||||\u00bb header_2_font_size=\u00bb42px\u00bb header_3_font_size=\u00bb32px\u00bb custom_margin=\u00bb||0px||false|false\u00bb global_colors_info=\u00bb{}\u00bb]<p>Todas las personas que cumplan estos requisitos deber\u00e1n enviar una solicitud al e-mail <strong>becasdatecuenta@gmail.com<\/strong> indicando:<\/p>\n<ul>\n<li>Sus <strong>datos personales<\/strong> (nombre completo, direcci\u00f3n, e-mail y tel\u00e9fono de contacto)<\/li>\n<li>El <strong>curso<\/strong> para el que quiere solicitar la beca fotograf\u00eda y la franja horaria deseada (ma\u00f1ana, tarde o indiferente)<\/li>\n<li>Una <strong>carta de motivaci\u00f3n<\/strong> explicando su inter\u00e9s por realizar el curso y su necesidad de la beca<\/li>\n<li>Un <strong>breve portfolio<\/strong> de trabajos realizados en formato PDF o link web.<\/li>\n<\/ul>\n<p>El equipo docente confirmar\u00e1 a la persona solicitante si la solicitud cumple los requisitos en un plazo de 2 d\u00edas laborables. Despu\u00e9s citar\u00e1, durante los d\u00edas 30 de septiembre y 1 de octubre, a una entrevista personal que se realizar\u00e1 los d\u00edas 2 y 3 de octubre, de forma telem\u00e1tica o presencial.<\/p>\n<p>El lunes 6 de octubre se dar\u00e1 a conocer el resultado telef\u00f3nicamente y por e-mail.<\/p>\n<p>Las personas becadas deber\u00e1n realizar el pago \u00edntegro del curso con beca (el 50% del precio final) antes del d\u00eda 13 de octubre.<\/p>[\/et_pb_text][\/et_pb_column][\/et_pb_row][et_pb_row use_custom_gutter=\u00bbon\u00bb make_equal=\u00bbon\u00bb _builder_version=\u00bb4.16&#8243; _module_preset=\u00bbdefault\u00bb background_color=\u00bbRGBA(255,255,255,0)\u00bb width=\u00bb90%\u00bb max_width=\u00bb1725px\u00bb module_alignment=\u00bbcenter\u00bb custom_margin=\u00bb48px||48px||true|false\u00bb custom_margin_tablet=\u00bb25px||25px||true|false\u00bb custom_margin_phone=\u00bb18px||18px||true|false\u00bb custom_margin_last_edited=\u00bbon|phone\u00bb custom_padding=\u00bb0px||0px||false|false\u00bb border_color_bottom=\u00bb#000000&#8243; global_colors_info=\u00bb{}\u00bb][et_pb_column type=\u00bb4_4&#8243; _builder_version=\u00bb4.16&#8243; _module_preset=\u00bbdefault\u00bb background_color=\u00bbRGBA(255,255,255,0)\u00bb custom_padding=\u00bb||||false|false\u00bb border_color_right=\u00bb#000000&#8243; global_colors_info=\u00bb{}\u00bb][et_pb_divider color=\u00bb#000000&#8243; divider_position=\u00bbcenter\u00bb divider_weight=\u00bb6px\u00bb _builder_version=\u00bb4.16&#8243; _module_preset=\u00bbdefault\u00bb custom_margin=\u00bb31px||31px||true|false\u00bb custom_margin_tablet=\u00bb31px||31px||true|false\u00bb custom_margin_phone=\u00bb23px||23px||true|false\u00bb custom_margin_last_edited=\u00bbon|tablet\u00bb global_colors_info=\u00bb{}\u00bb][\/et_pb_divider][\/et_pb_column][\/et_pb_row][et_pb_row column_structure=\u00bb2_5,3_5&#8243; use_custom_gutter=\u00bbon\u00bb gutter_width=\u00bb2&#8243; make_equal=\u00bbon\u00bb _builder_version=\u00bb4.16&#8243; _module_preset=\u00bbdefault\u00bb background_color=\u00bbRGBA(255,255,255,0)\u00bb width=\u00bb90%\u00bb max_width=\u00bb1725px\u00bb module_alignment=\u00bbcenter\u00bb custom_margin=\u00bb||0px||false|false\u00bb custom_margin_tablet=\u00bb||0px||false|false\u00bb custom_margin_phone=\u00bb||0px||false|false\u00bb custom_margin_last_edited=\u00bbon|phone\u00bb custom_padding=\u00bb0px||0px||false|false\u00bb border_color_bottom=\u00bb#000000&#8243; global_colors_info=\u00bb{}\u00bb][et_pb_column type=\u00bb2_5&#8243; _builder_version=\u00bb4.16&#8243; _module_preset=\u00bbdefault\u00bb background_color=\u00bbRGBA(255,255,255,0)\u00bb custom_padding=\u00bb||||false|false\u00bb custom_padding_tablet=\u00bb||0px||false|false\u00bb custom_padding_phone=\u00bb||0px||false|false\u00bb custom_padding_last_edited=\u00bbon|phone\u00bb border_color_right=\u00bb#000000&#8243; global_colors_info=\u00bb{}\u00bb][et_pb_text disabled_on=\u00bboff|off|off\u00bb _builder_version=\u00bb4.25.1&#8243; _module_preset=\u00bbdefault\u00bb text_line_height=\u00bb1.6em\u00bb header_2_font=\u00bbInter|900|||||||\u00bb header_2_font_size=\u00bb50px\u00bb header_2_line_height=\u00bb1.1em\u00bb header_3_font_size=\u00bb32px\u00bb custom_margin=\u00bb0px||12px||false|false\u00bb header_2_font_size_tablet=\u00bb45px\u00bb header_2_font_size_phone=\u00bb33px\u00bb header_2_font_size_last_edited=\u00bbon|phone\u00bb header_2_line_height_tablet=\u00bb1.1em\u00bb header_2_line_height_phone=\u00bb1.1em\u00bb header_2_line_height_last_edited=\u00bbon|desktop\u00bb global_colors_info=\u00bb{}\u00bb]<h2>\u00bfPOD\u00c9IS RESUMIRME EL CALENDARIO <span style=\"color: #988cbe;\">DE FECHAS PARA LAS BECAS?<\/span><\/h2>[\/et_pb_text][\/et_pb_column][et_pb_column type=\u00bb3_5&#8243; _builder_version=\u00bb4.16&#8243; _module_preset=\u00bbdefault\u00bb custom_padding=\u00bb||||false|false\u00bb border_color_right=\u00bb#000000&#8243; global_colors_info=\u00bb{}\u00bb][et_pb_text _builder_version=\u00bb4.25.1&#8243; _module_preset=\u00bbdefault\u00bb text_font_size=\u00bb19px\u00bb text_line_height=\u00bb1.6em\u00bb header_2_font=\u00bbInter|900|||||||\u00bb header_2_font_size=\u00bb42px\u00bb header_3_font_size=\u00bb32px\u00bb custom_margin=\u00bb||0px||false|false\u00bb global_colors_info=\u00bb{}\u00bb]<ul>\n<li>Entre el <strong>8 y el 29 de septiembre<\/strong>: realizar la solicitud para la beca<\/li>\n<li><strong>30 de septiembre y 1 de octubre<\/strong>: citamos por tel\u00e9fono o e-mail a las personas seleccionadas<\/li>\n<li><strong>2 y 3 de octubre<\/strong>: entrevista personal telem\u00e1tica o presencial<\/li>\n<li><strong>6 de octubre<\/strong>: comunicaci\u00f3n de resultados<\/li>\n<li><strong>13 de octubre:<\/strong> fecha l\u00edmite del pago del 50% restante del curso<\/li>\n<\/ul>[\/et_pb_text][\/et_pb_column][\/et_pb_row][et_pb_row use_custom_gutter=\u00bbon\u00bb make_equal=\u00bbon\u00bb _builder_version=\u00bb4.16&#8243; _module_preset=\u00bbdefault\u00bb background_color=\u00bbRGBA(255,255,255,0)\u00bb width=\u00bb90%\u00bb max_width=\u00bb1725px\u00bb module_alignment=\u00bbcenter\u00bb custom_margin=\u00bb48px||48px||true|false\u00bb custom_margin_tablet=\u00bb25px||25px||true|false\u00bb custom_margin_phone=\u00bb18px||18px||true|false\u00bb custom_margin_last_edited=\u00bbon|phone\u00bb custom_padding=\u00bb0px||0px||false|false\u00bb border_color_bottom=\u00bb#000000&#8243; global_colors_info=\u00bb{}\u00bb][et_pb_column type=\u00bb4_4&#8243; _builder_version=\u00bb4.16&#8243; _module_preset=\u00bbdefault\u00bb background_color=\u00bbRGBA(255,255,255,0)\u00bb custom_padding=\u00bb||||false|false\u00bb border_color_right=\u00bb#000000&#8243; global_colors_info=\u00bb{}\u00bb][et_pb_divider color=\u00bb#000000&#8243; divider_position=\u00bbcenter\u00bb divider_weight=\u00bb6px\u00bb _builder_version=\u00bb4.16&#8243; _module_preset=\u00bbdefault\u00bb custom_margin=\u00bb31px||31px||true|false\u00bb custom_margin_tablet=\u00bb31px||31px||true|false\u00bb custom_margin_phone=\u00bb23px||23px||true|false\u00bb custom_margin_last_edited=\u00bbon|tablet\u00bb global_colors_info=\u00bb{}\u00bb][\/et_pb_divider][\/et_pb_column][\/et_pb_row][et_pb_row column_structure=\u00bb2_5,3_5&#8243; use_custom_gutter=\u00bbon\u00bb gutter_width=\u00bb2&#8243; make_equal=\u00bbon\u00bb _builder_version=\u00bb4.16&#8243; _module_preset=\u00bbdefault\u00bb background_color=\u00bbRGBA(255,255,255,0)\u00bb width=\u00bb90%\u00bb max_width=\u00bb1725px\u00bb module_alignment=\u00bbcenter\u00bb custom_margin=\u00bb||0px||false|false\u00bb custom_margin_tablet=\u00bb||0px||false|false\u00bb custom_margin_phone=\u00bb||0px||false|false\u00bb custom_margin_last_edited=\u00bbon|phone\u00bb custom_padding=\u00bb0px||0px||false|false\u00bb border_color_bottom=\u00bb#000000&#8243; global_colors_info=\u00bb{}\u00bb][et_pb_column type=\u00bb2_5&#8243; _builder_version=\u00bb4.16&#8243; _module_preset=\u00bbdefault\u00bb background_color=\u00bbRGBA(255,255,255,0)\u00bb custom_padding=\u00bb||||false|false\u00bb custom_padding_tablet=\u00bb||0px||false|false\u00bb custom_padding_phone=\u00bb||0px||false|false\u00bb custom_padding_last_edited=\u00bbon|phone\u00bb border_color_right=\u00bb#000000&#8243; global_colors_info=\u00bb{}\u00bb][et_pb_text disabled_on=\u00bboff|off|off\u00bb _builder_version=\u00bb4.25.1&#8243; _module_preset=\u00bbdefault\u00bb text_line_height=\u00bb1.6em\u00bb header_2_font=\u00bbInter|900|||||||\u00bb header_2_font_size=\u00bb50px\u00bb header_2_line_height=\u00bb1.1em\u00bb header_3_font_size=\u00bb32px\u00bb custom_margin=\u00bb0px||12px||false|false\u00bb header_2_font_size_tablet=\u00bb45px\u00bb header_2_font_size_phone=\u00bb33px\u00bb header_2_font_size_last_edited=\u00bbon|phone\u00bb header_2_line_height_tablet=\u00bb1.1em\u00bb header_2_line_height_phone=\u00bb1.1em\u00bb header_2_line_height_last_edited=\u00bbon|desktop\u00bb global_colors_info=\u00bb{}\u00bb]<h2>\u00bfPUEDO <span style=\"color: #988cbe;\">OPTAR A BECA Y RESERVAR UNA PLAZA<\/span> A LA VEZ?<\/h2>[\/et_pb_text][\/et_pb_column][et_pb_column type=\u00bb3_5&#8243; _builder_version=\u00bb4.16&#8243; _module_preset=\u00bbdefault\u00bb custom_padding=\u00bb||||false|false\u00bb border_color_right=\u00bb#000000&#8243; global_colors_info=\u00bb{}\u00bb][et_pb_text _builder_version=\u00bb4.25.1&#8243; _module_preset=\u00bbdefault\u00bb text_font_size=\u00bb19px\u00bb text_line_height=\u00bb1.6em\u00bb header_2_font=\u00bbInter|900|||||||\u00bb header_2_font_size=\u00bb42px\u00bb header_3_font_size=\u00bb32px\u00bb custom_margin=\u00bb||0px||false|false\u00bb global_colors_info=\u00bb{}\u00bb]<p>S\u00ed. Si la persona solicitante tiene inter\u00e9s en realizar el curso aunque no le sea otorgada la beca, deber\u00e1 bloquear su plaza abonando la paga y se\u00f1al de 140\u20ac en el momento de la inscripci\u00f3n. En caso de que reciba la beca, realizar\u00e1 el pago restante (105\u20ac) antes del 13 de octubre. Si no es elegida, podr\u00e1 realizar el pago restante durante<a href=\"http:\/\/www.datecuenta.org\/escuelalibre\/inscripciones\/\" target=\"_blank\" rel=\"noopener\"> el calendario general.<\/a><\/p>[\/et_pb_text][\/et_pb_column][\/et_pb_row][\/et_pb_section]\n","protected":false},"excerpt":{"rendered":"<p>CUATRO NUEVAS BECAS DE FOTOGRAF\u00cdA Y PERIODISMOPresenta tu solicitud entre el 8 y el 29 de septiembre de 2025\u00bfQU\u00c9 SON LAS BECAS DE FOTOGRAF\u00cdA DATECUENTA 2025\/2026?El equipo docente de la escuela DateCuenta sigue considerando que la formaci\u00f3n en fotograf\u00eda no debe ser un lujo, por eso se esfuerza cada a\u00f1o en realizar la escuela con [&hellip;]<\/p>\n","protected":false},"author":1001002,"featured_media":7449,"parent":0,"menu_order":0,"comment_status":"closed","ping_status":"closed","template":"","meta":{"_et_pb_use_builder":"on","_et_pb_old_content":"<!-- wp:heading -->\n<h2>Cuatro nuevas becas de fotograf\u00eda, cine o fotoperiodismo <\/h2>\n<!-- \/wp:heading -->\n\n<!-- wp:heading -->\n<h2><span class=\"has-inline-color has-black-color\"><em><strong>Presenta tu solicitud entre el 1 y el 23 de septiembre de 2021<\/strong><\/em><\/span><\/h2>\n<!-- \/wp:heading -->\n\n<!-- wp:heading -->\n<h2><strong><em>\u00bfQu\u00e9 son las becas de fotograf\u00eda DateCuenta 2021\/22?<\/em><\/strong><\/h2>\n<!-- \/wp:heading -->\n\n<!-- wp:paragraph -->\n<p>El equipo docente de la <a href=\"http:\/\/www.datecuenta.org\/escuelalibre\">escuela DateCuenta<\/a> sigue considerando que la formaci\u00f3n en los \u00e1mbitos de la comunicaci\u00f3n (fotograf\u00eda, cine, fotoperiodismo) no debe ser un lujo, por eso se esfuerza cada a\u00f1o en realizar la escuela con los <strong>precios m\u00e1s econ\u00f3micos <\/strong>posibles<strong>.<\/strong><\/p>\n<!-- \/wp:paragraph -->\n\n<!-- wp:paragraph -->\n<p>Adem\u00e1s, nuestra <strong>escuela de fotograf\u00eda<\/strong> est\u00e1 ofreciendo un m\u00ednimo de cuatro <strong>becas fotografia, periodismo o cine<\/strong> desde el a\u00f1o 2014. Lo hacemos porque hay personas con gran talento que por su situaci\u00f3n precaria est\u00e1n siendo privadas de la formaci\u00f3n profesional que nosotros ejercemos con pasi\u00f3n.<\/p>\n<!-- \/wp:paragraph -->\n\n<!-- wp:paragraph -->\n<p>Gracias a los buenos resultados obtenidos y al \u00e9xito profesional de los alumnos becados durante los a\u00f1os previos, este a\u00f1o vamos a seguir otorgando <strong>beca a cuatro personas <\/strong>para poder realizar un curso al <strong>50% de su precio<\/strong>.<\/p>\n<!-- \/wp:paragraph -->\n\n<!-- wp:paragraph -->\n<p>36 alumnas y alumnos ya han formado parte de nuestros <strong>cursos de fotograf\u00eda <\/strong>y comunicaci\u00f3n gracias a estas <strong>becas fotograf\u00eda, fotoperiodismo o cine<\/strong>. Si crees que puedes dar el perfil, an\u00edmate a presentarte. <strong>Tienes tiempo hasta el jueves 23 de septiembre de 2021 a las 14 horas.<\/strong><\/p>\n<!-- \/wp:paragraph -->\n\n<!-- wp:heading -->\n<h2><strong><em><span class=\"has-inline-color has-black-color\">\u00bfPara qu\u00e9 cursos puedo solicitar una beca?:<\/span><\/em><\/strong><\/h2>\n<!-- \/wp:heading -->\n\n<!-- wp:paragraph -->\n<p>Puedes solicitar una beca para cualquiera de los cursos de este a\u00f1o:<\/p>\n<!-- \/wp:paragraph -->\n\n<!-- wp:list -->\n<ul><li><strong><a href=\"http:\/\/www.datecuenta.org\/escuelalibre\/curso-iniciacion-fotografia\/\" target=\"_blank\" rel=\"noreferrer noopener\">Curso de iniciaci\u00f3n a la fotograf\u00eda<\/a><\/strong><\/li><li><a href=\"http:\/\/www.datecuenta.org\/escuelalibre\/curso-avanzado-fotografia\/\" target=\"_blank\" rel=\"noreferrer noopener\"><strong>Curso avanzado de fotograf\u00eda <\/strong><\/a><\/li><li><a href=\"https:\/\/www.datecuenta.org\/escuelalibre\/curso-de-iluminacion-en-estudio\/\"><strong>Curso de iluminaci\u00f3n en estudio<\/strong><\/a><\/li><li><a href=\"https:\/\/www.datecuenta.org\/escuelalibre\/curso-fotografia-documental\/\" target=\"_blank\" rel=\"noreferrer noopener\"><strong>Curso de fotograf\u00eda documental, fotoperiodismo y reportaje<\/strong><\/a><\/li><li><a href=\"https:\/\/www.datecuenta.org\/escuelalibre\/curso-fotografia-artistica\/\" target=\"_blank\" rel=\"noreferrer noopener\"><strong>Curso de fotograf\u00eda art\u00edstica<\/strong><\/a><\/li><li><strong><a href=\"http:\/\/www.datecuenta.org\/escuelalibre\/curso-cine\/\">Curso de realizaci\u00f3n y gui\u00f3n enfocado al cine documental<\/a><\/strong><\/li><\/ul>\n<!-- \/wp:list -->\n\n<!-- wp:image {\"id\":4593,\"sizeSlug\":\"large\",\"linkDestination\":\"none\"} -->\n<figure class=\"wp-block-image size-large\"><img src=\"https:\/\/www.datecuenta.org\/escuelalibre\/wp-content\/uploads\/2021\/05\/becas-fotografia-barcelona-2.jpg\" alt=\"\" class=\"wp-image-4593\"\/><figcaption>Trabajos de las cuatro personas becadas el pasado curso 2020\/21<\/figcaption><\/figure>\n<!-- \/wp:image -->\n\n<!-- wp:heading -->\n<h2><strong><em><span class=\"has-inline-color has-black-color\">\u00bfC\u00f3mo puedo optar a una beca fotograf\u00eda, cine o periodismo para el a\u00f1o 2021\/22?<\/span><\/em><\/strong><\/h2>\n<!-- \/wp:heading -->\n\n<!-- wp:paragraph -->\n<p>La persona solicitante deber\u00e1 demostrar que <strong>tiene aptitudes para el curso elegido y que su situaci\u00f3n econ\u00f3mica es precaria<\/strong> y, por tanto, tiene dificultad para satisfacer el precio habitual del curso. Las personas aspirantes deber\u00e1n:<\/p>\n<!-- \/wp:paragraph -->\n\n<!-- wp:list -->\n<ul><li><strong>Demostrar dificultad econ\u00f3mica<\/strong> para satisfacer el precio completo del curso.<ul><li>El equipo docente puede pedirle la declaraci\u00f3n de la renta del a\u00f1o 2019, solicitud como demandante de empleo o DARDE o cualquier otro documento o informe que justifique la precariedad.<\/li><\/ul><\/li><li>Deber\u00e1n <strong>tener aptitudes<\/strong> <strong>para realizar el curso<\/strong> elegido.<ul><li>El equipo docente solicitar\u00e1 un peque\u00f1o portfolio de trabajos realizados en formato PDF o links web.<\/li><\/ul><\/li><li>Deber\u00e1n <strong>comprometerse <\/strong>a <strong>asistir a la totalidad del curso<\/strong> o por el contrario deber\u00e1n abonarlo por completo salvo caso justificado<ul><li>A la obtenci\u00f3n de la beca, el alumno deber\u00e1 firmar un documento que as\u00ed lo haga constar.<\/li><\/ul><\/li><li>En caso de <strong>estudiantes internacionales<\/strong>, deber\u00e1n tener prevista su residencia en Espa\u00f1a o estar tramitando, al menos, una visa de estudios. Acu\u00e9rdate que nuestra entidad no es una escuela del estado espa\u00f1ol, sino una asociaci\u00f3n sin \u00e1nimo de lucro, y de que no podemos ofrecemos cartas de matriculaci\u00f3n hasta que la beca no sea otorgada.<\/li><\/ul>\n<!-- \/wp:list -->\n\n<!-- wp:heading -->\n<h2><strong><em><span class=\"has-inline-color has-black-color\">\u00bfCu\u00e1ndo realizo la solicitud?<\/span><\/em><\/strong><\/h2>\n<!-- \/wp:heading -->\n\n<!-- wp:paragraph -->\n<p>Entre el <strong>1 y el 23 de septiembre de 2021 <\/strong>a las 14 horas.<\/p>\n<!-- \/wp:paragraph -->\n\n<!-- wp:heading -->\n<h2><strong><em><span class=\"has-inline-color has-black-color\">\u00bfC\u00f3mo realizo la solicitud?<\/span><\/em><\/strong><\/h2>\n<!-- \/wp:heading -->\n\n<!-- wp:paragraph -->\n<p>Todas las personas que cumplan estos requisitos deber\u00e1n enviar una solicitud al e-mail <strong>becasdatecuenta@gmail.com<\/strong> indicando:<\/p>\n<!-- \/wp:paragraph -->\n\n<!-- wp:list -->\n<ul><li>Sus <strong>datos personales<\/strong> (nombre completo, direcci\u00f3n, e-mail y tel\u00e9fono de contacto)<\/li><li>El <strong>curso<\/strong> para el que quiere solicitar la beca fotografia, cine o periodismo y la franja horaria deseada (ma\u00f1ana, tarde o indiferente)<\/li><li>Una <strong>carta de motivaci\u00f3n<\/strong> explicando su inter\u00e9s por realizar el curso y su necesidad de la beca<\/li><li>Un <strong>breve portfolio<\/strong> de trabajos realizados en formato PDF o link web.<\/li><\/ul>\n<!-- \/wp:list -->\n\n<!-- wp:paragraph -->\n<p>El equipo docente estudiar\u00e1 que las solicitudes cumplan los requisitos. Despu\u00e9s citar\u00e1, durante los d\u00edas 27 y 28 de septiembre, para una entrevista personal que se realizar\u00e1 los d\u00edas 30 de septiembre o 1 de octubre, de forma telem\u00e1tica o presencial.<\/p>\n<!-- \/wp:paragraph -->\n\n<!-- wp:paragraph -->\n<p>El lunes 4 de octubre se dar\u00e1 a conocer el resultado telef\u00f3nicamente y por e-mail. <\/p>\n<!-- \/wp:paragraph -->\n\n<!-- wp:paragraph -->\n<p>Las personas becadas deber\u00e1n realizar el pago \u00edntegro del curso con beca (el 50%) antes del d\u00eda 8 de octubre.<\/p>\n<!-- \/wp:paragraph -->\n\n<!-- wp:heading -->\n<h2><em><span class=\"has-inline-color has-black-color\"><strong>\u00bfPuedes resumirme el calendario de fechas para las becas?<\/strong><\/span><\/em><\/h2>\n<!-- \/wp:heading -->\n\n<!-- wp:list -->\n<ul><li>Entre el <strong>1 y el 24 de septiembre<\/strong>: realizar la solicitud para la beca fotografia, fotoperiodismo o cine (open call for entries).<\/li><li><strong>27 y el 28 de septiembre<\/strong>: citamos por tel\u00e9fono o e-mail a las personas seleccionadas<\/li><li><strong>30 de septiembre y 1 de octubre<\/strong>: entrevista personal telem\u00e1tica o presencial<\/li><li><strong>4 de octubre<\/strong>: comunicaci\u00f3n de resultados<\/li><li><strong>8 de octubre:<\/strong> fecha l\u00edmite del pago del 50% del curso<\/li><\/ul>\n<!-- \/wp:list -->\n\n<!-- wp:heading -->\n<h2><strong><em><span class=\"has-inline-color has-black-color\">\u00bfPuedo optar a beca y reservar una plaza a la vez?<\/span><\/em><\/strong><\/h2>\n<!-- \/wp:heading -->\n\n<!-- wp:paragraph -->\n<p>S\u00ed. Si la persona solicitante tiene inter\u00e9s en realizar el curso aunque no le sea otorgada la beca, deber\u00e1 bloquear su plaza abonando la paga y se\u00f1al de 115\u20ac en el momento de la inscripci\u00f3n. En caso de que reciba la beca, realizar\u00e1 el pago restante (117,50\u20ac) antes del 8 de octubre. Si no es elegida, podr\u00e1 realizar el pago restante durante<a href=\"http:\/\/www.datecuenta.org\/escuelalibre\/inscripciones\/\"> el calendario general<\/a>.<\/p>\n<!-- \/wp:paragraph -->","_et_gb_content_width":"","content-type":"","_monsterinsights_skip_tracking":false,"_monsterinsights_sitenote_active":false,"_monsterinsights_sitenote_note":"","_monsterinsights_sitenote_category":0,"_joinchat":[],"footnotes":""},"class_list":["post-4202","page","type-page","status-publish","has-post-thumbnail","hentry"],"yoast_head":"<!-- This site is optimized with the Yoast SEO plugin v26.9 - https:\/\/yoast.com\/product\/yoast-seo-wordpress\/ -->\n<title>BECAS PARA ESTUDIAR FOTOGRAF\u00cdA 2025\/26<\/title>\n<meta name=\"description\" content=\"Becas para estudiar fotografia: nuestra escuela de fotograf\u00eda otorga cuatro nuevas becas. \u00a1Convocatoria abierta hasta el 29 septiembre!\" \/>\n<meta name=\"robots\" content=\"index, follow, max-snippet:-1, max-image-preview:large, max-video-preview:-1\" \/>\n<link rel=\"canonical\" href=\"https:\/\/www.datecuenta.org\/escuelalibre\/becas-fotografia\/\" \/>\n<meta property=\"og:locale\" content=\"es_ES\" \/>\n<meta property=\"og:type\" content=\"article\" \/>\n<meta property=\"og:title\" content=\"BECAS PARA ESTUDIAR FOTOGRAF\u00cdA 2025\/26\" \/>\n<meta property=\"og:description\" content=\"Becas para estudiar fotografia: nuestra escuela de fotograf\u00eda otorga cuatro nuevas becas. \u00a1Convocatoria abierta hasta el 29 septiembre!\" \/>\n<meta property=\"og:url\" content=\"https:\/\/www.datecuenta.org\/escuelalibre\/becas-fotografia\/\" \/>\n<meta property=\"og:site_name\" content=\"Escuela de fotograf\u00eda en Barcelona | DateCuenta\" \/>\n<meta property=\"article:modified_time\" content=\"2025-09-18T14:57:25+00:00\" \/>\n<meta property=\"og:image\" content=\"http:\/\/www.datecuenta.org\/escuelalibre\/wp-content\/uploads\/2025\/05\/curso-avanzado-fotografia-barcelona.jpg\" \/>\n\t<meta property=\"og:image:width\" content=\"900\" \/>\n\t<meta property=\"og:image:height\" content=\"620\" \/>\n\t<meta property=\"og:image:type\" content=\"image\/jpeg\" \/>\n<meta name=\"twitter:card\" content=\"summary_large_image\" \/>\n<meta name=\"twitter:label1\" content=\"Tiempo de lectura\" \/>\n\t<meta name=\"twitter:data1\" content=\"4 minutos\" \/>\n<script type=\"application\/ld+json\" class=\"yoast-schema-graph\">{\"@context\":\"https:\/\/schema.org\",\"@graph\":[{\"@type\":\"WebPage\",\"@id\":\"https:\/\/www.datecuenta.org\/escuelalibre\/becas-fotografia\/\",\"url\":\"https:\/\/www.datecuenta.org\/escuelalibre\/becas-fotografia\/\",\"name\":\"BECAS PARA ESTUDIAR FOTOGRAF\u00cdA 2025\/26\",\"isPartOf\":{\"@id\":\"https:\/\/www.datecuenta.org\/escuelalibre\/#website\"},\"primaryImageOfPage\":{\"@id\":\"https:\/\/www.datecuenta.org\/escuelalibre\/becas-fotografia\/#primaryimage\"},\"image\":{\"@id\":\"https:\/\/www.datecuenta.org\/escuelalibre\/becas-fotografia\/#primaryimage\"},\"thumbnailUrl\":\"https:\/\/www.datecuenta.org\/escuelalibre\/wp-content\/uploads\/2025\/05\/curso-avanzado-fotografia-barcelona.jpg\",\"datePublished\":\"2020-06-16T11:43:47+00:00\",\"dateModified\":\"2025-09-18T14:57:25+00:00\",\"description\":\"Becas para estudiar fotografia: nuestra escuela de fotograf\u00eda otorga cuatro nuevas becas. \u00a1Convocatoria abierta hasta el 29 septiembre!\",\"breadcrumb\":{\"@id\":\"https:\/\/www.datecuenta.org\/escuelalibre\/becas-fotografia\/#breadcrumb\"},\"inLanguage\":\"es\",\"potentialAction\":[{\"@type\":\"ReadAction\",\"target\":[\"https:\/\/www.datecuenta.org\/escuelalibre\/becas-fotografia\/\"]}]},{\"@type\":\"ImageObject\",\"inLanguage\":\"es\",\"@id\":\"https:\/\/www.datecuenta.org\/escuelalibre\/becas-fotografia\/#primaryimage\",\"url\":\"https:\/\/www.datecuenta.org\/escuelalibre\/wp-content\/uploads\/2025\/05\/curso-avanzado-fotografia-barcelona.jpg\",\"contentUrl\":\"https:\/\/www.datecuenta.org\/escuelalibre\/wp-content\/uploads\/2025\/05\/curso-avanzado-fotografia-barcelona.jpg\",\"width\":900,\"height\":620,\"caption\":\"Curso avanzado de fotograf\u00eda en Barcelona Escuela DateCuenta\"},{\"@type\":\"BreadcrumbList\",\"@id\":\"https:\/\/www.datecuenta.org\/escuelalibre\/becas-fotografia\/#breadcrumb\",\"itemListElement\":[{\"@type\":\"ListItem\",\"position\":1,\"name\":\"Portada\",\"item\":\"https:\/\/www.datecuenta.org\/escuelalibre\/\"},{\"@type\":\"ListItem\",\"position\":2,\"name\":\"BECAS PARA ESTUDIAR FOTOGRAF\u00cdA 2025\/26\"}]},{\"@type\":\"WebSite\",\"@id\":\"https:\/\/www.datecuenta.org\/escuelalibre\/#website\",\"url\":\"https:\/\/www.datecuenta.org\/escuelalibre\/\",\"name\":\"Escuela de fotograf\u00eda en Barcelona | DateCuenta\",\"description\":\"\",\"potentialAction\":[{\"@type\":\"SearchAction\",\"target\":{\"@type\":\"EntryPoint\",\"urlTemplate\":\"https:\/\/www.datecuenta.org\/escuelalibre\/?s={search_term_string}\"},\"query-input\":{\"@type\":\"PropertyValueSpecification\",\"valueRequired\":true,\"valueName\":\"search_term_string\"}}],\"inLanguage\":\"es\"}]}<\/script>\n<!-- \/ Yoast SEO plugin. -->","yoast_head_json":{"title":"BECAS PARA ESTUDIAR FOTOGRAF\u00cdA 2025\/26","description":"Becas para estudiar fotografia: nuestra escuela de fotograf\u00eda otorga cuatro nuevas becas. \u00a1Convocatoria abierta hasta el 29 septiembre!","robots":{"index":"index","follow":"follow","max-snippet":"max-snippet:-1","max-image-preview":"max-image-preview:large","max-video-preview":"max-video-preview:-1"},"canonical":"https:\/\/www.datecuenta.org\/escuelalibre\/becas-fotografia\/","og_locale":"es_ES","og_type":"article","og_title":"BECAS PARA ESTUDIAR FOTOGRAF\u00cdA 2025\/26","og_description":"Becas para estudiar fotografia: nuestra escuela de fotograf\u00eda otorga cuatro nuevas becas. \u00a1Convocatoria abierta hasta el 29 septiembre!","og_url":"https:\/\/www.datecuenta.org\/escuelalibre\/becas-fotografia\/","og_site_name":"Escuela de fotograf\u00eda en Barcelona | DateCuenta","article_modified_time":"2025-09-18T14:57:25+00:00","og_image":[{"width":900,"height":620,"url":"http:\/\/www.datecuenta.org\/escuelalibre\/wp-content\/uploads\/2025\/05\/curso-avanzado-fotografia-barcelona.jpg","type":"image\/jpeg"}],"twitter_card":"summary_large_image","twitter_misc":{"Tiempo de lectura":"4 minutos"},"schema":{"@context":"https:\/\/schema.org","@graph":[{"@type":"WebPage","@id":"https:\/\/www.datecuenta.org\/escuelalibre\/becas-fotografia\/","url":"https:\/\/www.datecuenta.org\/escuelalibre\/becas-fotografia\/","name":"BECAS PARA ESTUDIAR FOTOGRAF\u00cdA 2025\/26","isPartOf":{"@id":"https:\/\/www.datecuenta.org\/escuelalibre\/#website"},"primaryImageOfPage":{"@id":"https:\/\/www.datecuenta.org\/escuelalibre\/becas-fotografia\/#primaryimage"},"image":{"@id":"https:\/\/www.datecuenta.org\/escuelalibre\/becas-fotografia\/#primaryimage"},"thumbnailUrl":"https:\/\/www.datecuenta.org\/escuelalibre\/wp-content\/uploads\/2025\/05\/curso-avanzado-fotografia-barcelona.jpg","datePublished":"2020-06-16T11:43:47+00:00","dateModified":"2025-09-18T14:57:25+00:00","description":"Becas para estudiar fotografia: nuestra escuela de fotograf\u00eda otorga cuatro nuevas becas. \u00a1Convocatoria abierta hasta el 29 septiembre!","breadcrumb":{"@id":"https:\/\/www.datecuenta.org\/escuelalibre\/becas-fotografia\/#breadcrumb"},"inLanguage":"es","potentialAction":[{"@type":"ReadAction","target":["https:\/\/www.datecuenta.org\/escuelalibre\/becas-fotografia\/"]}]},{"@type":"ImageObject","inLanguage":"es","@id":"https:\/\/www.datecuenta.org\/escuelalibre\/becas-fotografia\/#primaryimage","url":"https:\/\/www.datecuenta.org\/escuelalibre\/wp-content\/uploads\/2025\/05\/curso-avanzado-fotografia-barcelona.jpg","contentUrl":"https:\/\/www.datecuenta.org\/escuelalibre\/wp-content\/uploads\/2025\/05\/curso-avanzado-fotografia-barcelona.jpg","width":900,"height":620,"caption":"Curso avanzado de fotograf\u00eda en Barcelona Escuela DateCuenta"},{"@type":"BreadcrumbList","@id":"https:\/\/www.datecuenta.org\/escuelalibre\/becas-fotografia\/#breadcrumb","itemListElement":[{"@type":"ListItem","position":1,"name":"Portada","item":"https:\/\/www.datecuenta.org\/escuelalibre\/"},{"@type":"ListItem","position":2,"name":"BECAS PARA ESTUDIAR FOTOGRAF\u00cdA 2025\/26"}]},{"@type":"WebSite","@id":"https:\/\/www.datecuenta.org\/escuelalibre\/#website","url":"https:\/\/www.datecuenta.org\/escuelalibre\/","name":"Escuela de fotograf\u00eda en Barcelona | DateCuenta","description":"","potentialAction":[{"@type":"SearchAction","target":{"@type":"EntryPoint","urlTemplate":"https:\/\/www.datecuenta.org\/escuelalibre\/?s={search_term_string}"},"query-input":{"@type":"PropertyValueSpecification","valueRequired":true,"valueName":"search_term_string"}}],"inLanguage":"es"}]}},"_links":{"self":[{"href":"https:\/\/www.datecuenta.org\/escuelalibre\/wp-json\/wp\/v2\/pages\/4202","targetHints":{"allow":["GET"]}}],"collection":[{"href":"https:\/\/www.datecuenta.org\/escuelalibre\/wp-json\/wp\/v2\/pages"}],"about":[{"href":"https:\/\/www.datecuenta.org\/escuelalibre\/wp-json\/wp\/v2\/types\/page"}],"author":[{"embeddable":true,"href":"https:\/\/www.datecuenta.org\/escuelalibre\/wp-json\/wp\/v2\/users\/1001002"}],"replies":[{"embeddable":true,"href":"https:\/\/www.datecuenta.org\/escuelalibre\/wp-json\/wp\/v2\/comments?post=4202"}],"version-history":[{"count":51,"href":"https:\/\/www.datecuenta.org\/escuelalibre\/wp-json\/wp\/v2\/pages\/4202\/revisions"}],"predecessor-version":[{"id":7642,"href":"https:\/\/www.datecuenta.org\/escuelalibre\/wp-json\/wp\/v2\/pages\/4202\/revisions\/7642"}],"wp:featuredmedia":[{"embeddable":true,"href":"https:\/\/www.datecuenta.org\/escuelalibre\/wp-json\/wp\/v2\/media\/7449"}],"wp:attachment":[{"href":"https:\/\/www.datecuenta.org\/escuelalibre\/wp-json\/wp\/v2\/media?parent=4202"}],"curies":[{"name":"wp","href":"https:\/\/api.w.org\/{rel}","templated":true}]}}